

{"id":12663,"date":"2021-01-29T00:29:54","date_gmt":"2021-01-28T23:29:54","guid":{"rendered":"http:\/\/www.darksky.ch\/dsx\/?page_id=12663"},"modified":"2025-05-11T16:05:39","modified_gmt":"2025-05-11T14:05:39","slug":"aktuell","status":"publish","type":"page","link":"https:\/\/www.darksky.ch\/dss\/de\/aktuell\/","title":{"rendered":"Aktuell"},"content":{"rendered":"\n<div class=\"wp-block-columns is-layout-flex wp-container-core-columns-is-layout-9d6595d7 wp-block-columns-is-layout-flex\">\n<div class=\"wp-block-column is-layout-flow wp-block-column-is-layout-flow\">\n<div id=\"aktuell\"><h3>Aktuelle Medienberichte zu unseren Themen<\/h3>\n<ul><li>14.08.2026<br\/><a href=\"https:\/\/www.darksky.ch\/dss\/de\/2026\/08\/natur-de-menschliche-praesenz-foerdert-braende-in-der-arktis\/\" title=\"Der Klimawandel macht Br\u00e4nde h\u00e4ufiger und intensiver \u2013 auch in der Arktis.\">natur.de \u2013 Menschliche Pr\u00e4senz f\u00f6rdert Br\u00e4nde in der Arktis<\/a><br\/><br clear=\"both\"\/><\/li><li>16.07.2026<br\/><a href=\"https:\/\/www.darksky.ch\/dss\/de\/2026\/07\/anzeiger-vom-rottal-dunkelheit-gesucht-und-gefunden\/\" title=\"Ist das Rottal auch ein Schwarztal? Was ist eigentlich die Nacht? Unsere Autorin Martina M\u00fcller kl\u00e4rt dies in einer n\u00e4chtlichen Reise durch die Region.\">Anzeiger vom Rottal \u2013 Dunkelheit gesucht und gefunden<\/a><br\/><br clear=\"both\"\/><\/li><li>01.07.2026<br\/><a href=\"https:\/\/www.darksky.ch\/dss\/de\/2026\/07\/eso-die-grenze-ist-ueberschritten-eine-million-satelliten-und-spiegel-im-weltraum-stellen-eine-ernsthafte-bedrohung-fuer-den-nachthimmel-dar\/\" title=\"Eine neue Studie der Europ\u00e4ischen S\u00fcdsternwarte (ESO) kommt zu dem Ergebnis, dass aktuelle Pl\u00e4ne zur Platzierung von \u00fcber 1,7 Millionen Satelliten im Erdorbit \u2013 darunter extrem lichtstarke Objekte \u2013 \u201everheerende Folgen f\u00fcr die Astronomie\u201c h\u00e4tten.\">ESO \u2013\u00a0\u201eDie Grenze ist \u00fcberschritten\u201c: Eine Million Satelliten und Spiegel im Weltraum stellen eine ernsthafte Bedrohung f\u00fcr den Nachthimmel dar<\/a><br\/><br clear=\"both\"\/><\/li><li>26.06.2026<br\/><a href=\"https:\/\/www.darksky.ch\/dss\/de\/2026\/06\/tagesanzeiger-der-nachthimmel-ist-geschuetzt-erschwert-das-die-ermittlungen-im-fall-nancy-guthrie\/\" title=\"Vor f\u00fcnf Monaten wurde die Mutter der Fernsehmoderatorin Savannah Guthrie entf\u00fchrt.\">Tagesanzeiger \u2013 Der Nachthimmel ist gesch\u00fctzt \u2013 erschwert das die Ermittlungen im Fall Nancy Guthrie?<\/a><br\/><br clear=\"both\"\/><\/li><\/ul><h3>Vergangene Highlights<\/h3>\n<ul><li><img loading=\"lazy\" decoding=\"async\" width=\"150\" height=\"150\" src=\"https:\/\/www.darksky.ch\/dss\/wp-content\/uploads\/2026\/01\/concept-screenshot-150x150.png\" class=\"alignleft wp-post-image\" alt=\"\" \/><a href=\"https:\/\/www.darksky.ch\/dss\/de\/2026\/01\/darksky-international-darksky-one-concept-car-an-der-internationalen-automesse-in-detroit\/\">DarkSky International \u2013 DarkSky One Concept Car an der Internationalen Automesse in Detroit<\/a><br clear=\"both\"\/><\/li><li><a href=\"https:\/\/www.darksky.ch\/dss\/de\/2021\/01\/so-klingt-die-nacht\/\">So klingt die Nacht<\/a><br clear=\"both\"\/><\/li><li><a href=\"https:\/\/www.darksky.ch\/dss\/de\/2016\/11\/20-jahre-dark-sky-switzerland-und-preisvergabe-ritter-der-nacht-2016\/\">20 Jahre Dark-Sky Switzerland und Preisvergabe Ritter der Nacht 2016<\/a><br clear=\"both\"\/><\/li><\/ul><h3>Anl\u00e4sse von andern Organisationen<\/h3>\n<ul><li>15.09.2026<br\/><a href=\"https:\/\/www.darksky.ch\/dss\/de\/2026\/08\/universitaet-neuenburg-kurs-ueber-lichtverschmutzung-fuer-behoerden-und-personen-die-umweltrecht-umsetzen\/\">Universit\u00e4t Neuenburg \u2013 Kurs \u00fcber Lichtverschmutzung f\u00fcr Beh\u00f6rden und Personen, die Umweltrecht umsetzen<\/a><br\/>Aufgrund der guten Resonanz im 2025 wurde der Kurs wieder ausgeschrieben. Anmeldungen bitte online direkt an die Universit\u00e4t gem\u00e4ss PDF. \u00bb Programm Lichtverschmutzung 15-09-2026 \u00a0(pdf) &nbsp; &nbsp;<br clear=\"both\"\/><\/li><\/ul><h3>Der aktuelle Nachtfalter<\/h3>\n<ul><li><a href=\"https:\/\/www.darksky.ch\/dss\/de\/2025\/12\/nachtfalter-2025\/\">Nachtfalter 2025<\/a><br\/><br clear=\"both\"\/><\/li><\/ul><h3>Darauf m\u00f6chten wir Sie besonders hinweisen<\/h3>\n<ul><li><a href=\"https:\/\/www.darksky.ch\/dss\/de\/2026\/08\/universitaet-neuenburg-kurs-ueber-lichtverschmutzung-fuer-behoerden-und-personen-die-umweltrecht-umsetzen\/\">Universit\u00e4t Neuenburg \u2013 Kurs \u00fcber Lichtverschmutzung f\u00fcr Beh\u00f6rden und Personen, die Umweltrecht umsetzen<\/a><br\/><br clear=\"both\"\/><\/li><li><a href=\"https:\/\/www.darksky.ch\/dss\/de\/2026\/08\/natur-de-menschliche-praesenz-foerdert-braende-in-der-arktis\/\">natur.de \u2013 Menschliche Pr\u00e4senz f\u00f6rdert Br\u00e4nde in der Arktis<\/a><br\/><br clear=\"both\"\/><\/li><li><a href=\"https:\/\/www.darksky.ch\/dss\/de\/2026\/07\/anzeiger-vom-rottal-dunkelheit-gesucht-und-gefunden\/\">Anzeiger vom Rottal \u2013 Dunkelheit gesucht und gefunden<\/a><br\/><br clear=\"both\"\/><\/li><\/ul><\/div>\n<\/div>\n\n\n\n<div class=\"wp-block-column is-layout-flow wp-block-column-is-layout-flow\">\n<h3>Astro-News der SAG<\/h3>\n\n\n<ul class=\"wp-block-rss\"><li class='wp-block-rss__item'><div class='wp-block-rss__item-title'><a href='https:\/\/sag-sas.ch\/newsletter-202609\/'>-&gt; Die Astronomie-Szene Schweiz und international im September 2026<\/a><\/div><\/li><li class='wp-block-rss__item'><div class='wp-block-rss__item-title'><a href='https:\/\/sag-sas.ch\/astronews-202632\/'>-&gt; News aus Astronomie und Raumfahrt vom 28.08.2026<\/a><\/div><\/li><li class='wp-block-rss__item'><div class='wp-block-rss__item-title'><a href='https:\/\/events.sag-sas.ch\/event\/venusbedeckung-durch-den-mond-2\/#new_tab'>14.09.2026 \u2013 Venusbedeckung durch den Mond, Sternwarte R\u00fcmlang<\/a><\/div><\/li><li class='wp-block-rss__item'><div class='wp-block-rss__item-title'><a href='https:\/\/sag-sas.ch\/astronews-202631\/'>-&gt; News aus Astronomie und Raumfahrt vom 21.08.2026<\/a><\/div><\/li><li class='wp-block-rss__item'><div class='wp-block-rss__item-title'><a href='https:\/\/events.sag-sas.ch\/event\/nacht-der-sterne\/#new_tab'>11.09.2026 \u2013 Nacht der Sterne im SpaceEye<\/a><\/div><\/li><\/ul><\/div>\n<\/div>\n","protected":false},"excerpt":{"rendered":"<p>Astro-News der SAG<\/p>\n","protected":false},"author":2,"featured_media":0,"parent":0,"menu_order":0,"comment_status":"closed","ping_status":"closed","template":"","meta":{"_acf_changed":false,"footnotes":""},"class_list":["post-12663","page","type-page","status-publish","hentry"],"acf":[],"_links":{"self":[{"href":"https:\/\/www.darksky.ch\/dss\/de\/wp-json\/wp\/v2\/pages\/12663","targetHints":{"allow":["GET"]}}],"collection":[{"href":"https:\/\/www.darksky.ch\/dss\/de\/wp-json\/wp\/v2\/pages"}],"about":[{"href":"https:\/\/www.darksky.ch\/dss\/de\/wp-json\/wp\/v2\/types\/page"}],"author":[{"embeddable":true,"href":"https:\/\/www.darksky.ch\/dss\/de\/wp-json\/wp\/v2\/users\/2"}],"replies":[{"embeddable":true,"href":"https:\/\/www.darksky.ch\/dss\/de\/wp-json\/wp\/v2\/comments?post=12663"}],"version-history":[{"count":60,"href":"https:\/\/www.darksky.ch\/dss\/de\/wp-json\/wp\/v2\/pages\/12663\/revisions"}],"predecessor-version":[{"id":15240,"href":"https:\/\/www.darksky.ch\/dss\/de\/wp-json\/wp\/v2\/pages\/12663\/revisions\/15240"}],"wp:attachment":[{"href":"https:\/\/www.darksky.ch\/dss\/de\/wp-json\/wp\/v2\/media?parent=12663"}],"curies":[{"name":"wp","href":"https:\/\/api.w.org\/{rel}","templated":true}]}}