

{"id":846,"date":"2016-09-09T18:44:49","date_gmt":"2016-09-09T16:44:49","guid":{"rendered":"http:\/\/www.darksky.ch\/dsx\/de\/?page_id=846"},"modified":"2016-10-25T10:43:54","modified_gmt":"2016-10-25T08:43:54","slug":"medienberichte","status":"publish","type":"page","link":"https:\/\/www.darksky.ch\/dss\/de\/wissen\/medienberichte\/","title":{"rendered":"Medienberichte"},"content":{"rendered":"<p><h3>2024<\/h3><ul class=\"lcp_catlist\" id=\"lcp_instance_0\"><li><a href=\"https:\/\/www.darksky.ch\/dss\/de\/2024\/12\/srf-groesste-weihnachtsdeko-der-schweiz-ist-umstritten\/\">SRF \u2013 Gr\u00f6sste Weihnachtsdeko der Schweiz ist umstritten<\/a><span class=\"lcp_date\">  2024-12-04<\/span><\/li><li><a href=\"https:\/\/www.darksky.ch\/dss\/de\/2024\/10\/tagesanzeiger-zehn-tipps-fuer-einen-besseren-schlaf\/\">Tagesanzeiger \u2013 Zehn Tipps f\u00fcr einen besseren Schlaf<\/a><span class=\"lcp_date\">  2024-10-03<\/span><\/li><li><a href=\"https:\/\/www.darksky.ch\/dss\/de\/2024\/10\/gemeindeblatt-triesen-li-das-verschwinden-der-nacht\/\">Gemeindeblatt Triesen (LI) \u2013\u00a0Das Verschwinden der Nacht<\/a><span class=\"lcp_date\">  2024-10-01<\/span><\/li><li><a href=\"https:\/\/www.darksky.ch\/dss\/de\/2024\/10\/nzz-uebergewicht-diabetes-alzheimer-licht-kann-krank-machen\/\">NZZ \u2013 \u00dcbergewicht, Diabetes, Alzheimer: Licht kann krank machen<\/a><span class=\"lcp_date\">  2024-10-01<\/span><\/li><li><a href=\"https:\/\/www.darksky.ch\/dss\/de\/2024\/09\/t-online-forscher-finden-unerwarteten-risikofaktor-fuer-alzheimer\/\">t-online \u2013 Forscher finden unerwarteten Risikofaktor f\u00fcr Alzheimer<\/a><span class=\"lcp_date\">  2024-09-14<\/span><\/li><li><a href=\"https:\/\/www.darksky.ch\/dss\/de\/2024\/09\/relux-und-dialux-professionelle-lichtplanungstools-koennen-jetzt-lichtverschmutzung-berechnen\/\">Relux und Dialux: Professionelle Lichtplanungstools k\u00f6nnen jetzt Lichtverschmutzung berechnen.<\/a><span class=\"lcp_date\">  2024-09-10<\/span><\/li><li><a href=\"https:\/\/www.darksky.ch\/dss\/de\/2024\/09\/20minuten-experten-skeptisch-sonnenlicht-zu-jeder-uhrzeit-wie-soll-das-funktionieren\/\">20Minuten \u2013 Experten skeptisch: Sonnenlicht zu jeder Uhrzeit: Wie soll das funktionieren?<\/a><span class=\"lcp_date\">  2024-09-01<\/span><\/li><li><a href=\"https:\/\/www.darksky.ch\/dss\/de\/2024\/08\/tagesanzeiger-verrueckte-spinne-sie-lockt-mit-gluehwuermchen-weitere-opfer-an\/\">Tagesanzeiger \u2013 Verr\u00fcckte Spinne: Sie lockt mit Gl\u00fchw\u00fcrmchen weitere Opfer an<\/a><span class=\"lcp_date\">  2024-08-23<\/span><\/li><li><a href=\"https:\/\/www.darksky.ch\/dss\/de\/2024\/08\/klimafreundlich-jahrbuch-2024-wie-licht-kohle-spart\/\">klimafreundlich Jahrbuch 2024 \u2013 Wie Licht Kohle spart<\/a><span class=\"lcp_date\">  2024-08-09<\/span><\/li><li><a href=\"https:\/\/www.darksky.ch\/dss\/de\/2024\/07\/bioterra-es-werde-dunkel\/\">Bioterra \u2013 Es werde dunkel<\/a><span class=\"lcp_date\">  2024-07-04<\/span><\/li><li><a href=\"https:\/\/www.darksky.ch\/dss\/de\/2024\/06\/naturfreund-wertvolles-dunkel-schaffen\/\">Naturfreund \u2013 Wertvolles Dunkel schaffen<\/a><span class=\"lcp_date\">  2024-06-20<\/span><\/li><li><a href=\"https:\/\/www.darksky.ch\/dss\/de\/2024\/04\/buendner-woche-eine-balance-finden\/\">B\u00fcndner Woche \u2013 Eine Balance finden<\/a><span class=\"lcp_date\">  2024-04-17<\/span><\/li><li><a href=\"https:\/\/www.darksky.ch\/dss\/de\/2024\/04\/tagesanzeiger-wandern-in-der-nacht-wir-haben-uns-von-der-nacht-entfremdet\/\">Tagesanzeiger \u2013 Wandern in der Nacht \u00abWir haben uns von der Nacht entfremdet\u00bb<\/a><span class=\"lcp_date\">  2024-04-02<\/span><\/li><li><a href=\"https:\/\/www.darksky.ch\/dss\/de\/2024\/03\/watson-luzern-loescht-die-lichter-der-wahrzeichen-fuer-eine-stunde-als-geste-fuer-klimaschutz\/\">watson \u2013 Luzern l\u00f6scht die Lichter der Wahrzeichen f\u00fcr eine Stunde \u2013 als Geste f\u00fcr Klimaschutz<\/a><span class=\"lcp_date\">  2024-03-18<\/span><\/li><li><a href=\"https:\/\/www.darksky.ch\/dss\/de\/2024\/03\/andelfinger-zeitung-schweizweite-einladung-zur-earth-night\/\">Andelfinger Zeitung \u2013 Schweizweite Einladung zur \u00abEarth Night\u00bb<\/a><span class=\"lcp_date\">  2024-03-15<\/span><\/li><li><a href=\"https:\/\/www.darksky.ch\/dss\/de\/2024\/03\/limmattaler-zeitung-die-lichtverschmutzung-nimmt-zu\/\">Limmattaler Zeitung \u2013\u00a0Die Lichtverschmutzung nimmt zu<\/a><span class=\"lcp_date\">  2024-03-15<\/span><\/li><li><a href=\"https:\/\/www.darksky.ch\/dss\/de\/2024\/03\/baern-today-einzigartig-in-der-schweiz-naturpark-gantrisch-erhaelt-dark-sky-park-label\/\">B\u00e4rn today \u2013 Einzigartig in der Schweiz: Naturpark Gantrisch erh\u00e4lt \u00abDark Sky Park\u00bb-Label<\/a><span class=\"lcp_date\">  2024-03-06<\/span><\/li><li><a href=\"https:\/\/www.darksky.ch\/dss\/de\/2024\/03\/berner-zeitung-der-naturpark-hat-die-nacht-zertifizieren-lassen\/\">Berner Zeitung \u2013 Der Naturpark hat die Nacht zertifizieren lassen<\/a><span class=\"lcp_date\">  2024-03-06<\/span><\/li><li><a href=\"https:\/\/www.darksky.ch\/dss\/de\/2024\/03\/glarner-nachrichten-eine-neue-gruppe-setzt-sich-fuer-dunklere-naechte-in-glarus-ein\/\">Glarner Nachrichten \u2013 Eine neue Gruppe setzt sich fu\u0308r dunklere Na\u0308chte in Glarus ein<\/a><span class=\"lcp_date\">  2024-03-05<\/span><\/li><li><a href=\"https:\/\/www.darksky.ch\/dss\/de\/2024\/01\/tagesanzeiger-im-winter-schlafen-baeume-nur-mit-einem-auge\/\">Tagesanzeiger \u2013 \u00abIm Winter schlafen B\u00e4ume nur mit einem Auge\u00bb<\/a><span class=\"lcp_date\">  2024-01-06<\/span><\/li><li><a href=\"https:\/\/www.darksky.ch\/dss\/de\/2024\/01\/tagesanzeiger-mit-laser-gegen-kraehen\/\">Tagesanzeiger \u2013\u00a0Mit Laser gegen Kr\u00e4hen<\/a><span class=\"lcp_date\">  2024-01-06<\/span><\/li><\/ul> <h3>2023<\/h3><ul class=\"lcp_catlist\" id=\"lcp_instance_0\"><li><a href=\"https:\/\/www.darksky.ch\/dss\/de\/2023\/12\/nzz-wieso-elektrisches-licht-die-psychische-gesundheit-gefaehrdet-und-was-man-dagegen-tun-kann\/\">NZZ \u2013 Wieso elektrisches Licht die psychische Gesundheit gef\u00e4hrdet \u2013 und was man dagegen tun kann<\/a><span class=\"lcp_date\">  2023-12-31<\/span><\/li><li><a href=\"https:\/\/www.darksky.ch\/dss\/de\/2023\/12\/naturschutz-ch-dunkelheit-fuer-nachtaktive-arten\/\">naturschutz.ch \u2013 Dunkelheit f\u00fcr nachtaktive Arten<\/a><span class=\"lcp_date\">  2023-12-20<\/span><\/li><li><a href=\"https:\/\/www.darksky.ch\/dss\/de\/2023\/11\/naturpark-gantrisch-tipps-fuer-den-umgang-mit-weihnachtsbeleuchtung\/\">Naturpark Gantrisch \u2013 Tipps f\u00fcr den Umgang mit Weihnachtsbeleuchtung<\/a><span class=\"lcp_date\">  2023-11-23<\/span><\/li><li><a href=\"https:\/\/www.darksky.ch\/dss\/de\/2023\/11\/watson-auf-diesen-nacht-fuehrungen-erlebst-du-die-schweiz-wie-sonst-nie\/\">watson \u2013 Auf diesen Nacht-F\u00fchrungen erlebst du die Schweiz wie sonst nie<\/a><span class=\"lcp_date\">  2023-11-20<\/span><\/li><li><a href=\"https:\/\/www.darksky.ch\/dss\/de\/2023\/11\/tagesanzeiger-ein-fuenftel-der-arten-in-europa-ist-vom-aussterben-bedroht\/\">Tagesanzeiger \u2013 Ein F\u00fcnftel der Arten in Europa ist vom Aussterben bedroht<\/a><span class=\"lcp_date\">  2023-11-15<\/span><\/li><li><a href=\"https:\/\/www.darksky.ch\/dss\/de\/2023\/11\/tagesanzeiger-verlorener-werkzeugkoffer-umrundet-allein-die-erde\/\">Tagesanzeiger \u2013 Verlorener Werkzeugkoffer umrundet allein die Erde<\/a><span class=\"lcp_date\">  2023-11-13<\/span><\/li><li><a href=\"https:\/\/www.darksky.ch\/dss\/de\/2023\/11\/watson-warum-bleibt-das-reh-einfach-auf-der-strasse-stehen\/\">watson \u2013 Warum bleibt das Reh einfach auf der Strasse stehen?<\/a><span class=\"lcp_date\">  2023-11-12<\/span><\/li><li><a href=\"https:\/\/www.darksky.ch\/dss\/de\/2023\/10\/watson-nachtlicht-kann-einer-studie-zufolge-psychisch-krank-machen\/\">watson \u2013\u00a0Nachtlicht kann einer Studie zufolge psychisch krank machen<\/a><span class=\"lcp_date\">  2023-10-17<\/span><\/li><li><a href=\"https:\/\/www.darksky.ch\/dss\/de\/2023\/10\/20minuten-mysterioese-lichter-am-nachthimmel-das-ist-des-raetsels-loesung\/\">20Minuten \u2013 Mysteri\u00f6se Lichter am Nachthimmel \u2013 das ist des R\u00e4tsels L\u00f6sung<\/a><span class=\"lcp_date\">  2023-10-17<\/span><\/li><li><a href=\"https:\/\/www.darksky.ch\/dss\/de\/2023\/10\/watson-tierversuch-zeigt-durch-smartphones-und-tablets-koennte-die-pubertaet-frueher-einsetzen\/\">watson \u2013 Tierversuch zeigt: Durch Smartphones und Tablets k\u00f6nnte die Pubert\u00e4t fr\u00fcher einsetzen<\/a><span class=\"lcp_date\">  2023-10-10<\/span><\/li><li><a href=\"https:\/\/www.darksky.ch\/dss\/de\/2023\/09\/argovia-today-heisse-debatte-um-die-drei-hellsten-solothurner-auf-dem-weissenstein\/\">Argovia Today \u2013 Heisse Debatte um die \u00abdrei hellsten Solothurner\u00bb auf dem Weissenstein<\/a><span class=\"lcp_date\">  2023-09-16<\/span><\/li><li><a href=\"https:\/\/www.darksky.ch\/dss\/de\/2023\/09\/solothurner-zeitung-das-lichterloeschen-auf-dem-weissenstein-laesst-emotionen-hochkochen-das-ist-nicht-naturschutz-sondern-verhaeltnisbloedsinn\/\">Solothurner Zeitung \u2013 Das Lichterl\u00f6schen auf dem Weissenstein l\u00e4sst Emotionen hochkochen: \u00abDas ist nicht Naturschutz, sondern Verh\u00e4ltnisbl\u00f6dsinn\u00bb<\/a><span class=\"lcp_date\">  2023-09-15<\/span><\/li><li><a href=\"https:\/\/www.darksky.ch\/dss\/de\/2023\/09\/solothurner-zeitung-lichterloeschen-auf-dem-weissenstein-die-drei-hellsten-solothurner-werden-derzeit-um-punkt-23-uhr-ausgeschaltet\/\">Solothurner Zeitung \u2013 Lichterl\u00f6schen auf dem Weissenstein: Die \u00abdrei hellsten Solothurner\u00bb werden derzeit um Punkt 23 Uhr ausgeschaltet<\/a><span class=\"lcp_date\">  2023-09-14<\/span><\/li><li><a href=\"https:\/\/www.darksky.ch\/dss\/de\/2023\/09\/tagesanzeiger-aus-angst-vor-fluechtlingen-thurgauer-dorf-liess-strassenlampen-ganze-nacht-an\/\">Tagesanzeiger \u2013 Aus Angst vor Fl\u00fcchtlingen: Thurgauer Dorf liess Strassen\u00adlampen ganze Nacht an<\/a><span class=\"lcp_date\">  2023-09-13<\/span><\/li><li><a href=\"https:\/\/www.darksky.ch\/dss\/de\/2023\/08\/20minuten-darum-fliegen-insekten-wirklich-ins-licht\/\">20Minuten \u2013 Darum fliegen Insekten wirklich ins Licht<\/a><span class=\"lcp_date\">  2023-08-21<\/span><\/li><li><a href=\"https:\/\/www.darksky.ch\/dss\/de\/2023\/07\/infosperber-lichtverschmutzung-der-verlust-der-milchstrasse\/\">infosperber \u2013 Lichtverschmutzung: Der Verlust der Milchstrasse<\/a><span class=\"lcp_date\">  2023-07-20<\/span><\/li><li><a href=\"https:\/\/www.darksky.ch\/dss\/de\/2023\/06\/faz-wie-viel-licht-vertraegt-die-erde-und-warum-verfallen-die-sitten\/\">FAZ \u2013 Wie viel Licht vertr\u00e4gt die Erde, und warum verfallen die Sitten?<\/a><span class=\"lcp_date\">  2023-06-21<\/span><\/li><li><a href=\"https:\/\/www.darksky.ch\/dss\/de\/2023\/06\/heise-online-problem-nicht-nur-fuer-astronomie-warnung-vor-zunehmender-lichtverschmutzung\/\">heise online \u2013 Problem nicht nur f\u00fcr Astronomie: Warnung vor zunehmender Lichtverschmutzung<\/a><span class=\"lcp_date\">  2023-06-16<\/span><\/li><li><a href=\"https:\/\/www.darksky.ch\/dss\/de\/2023\/05\/nzz-der-helle-wahnsinn-wie-kunstlicht-die-nacht-verdraengt-und-was-sich-dagegen-tun-laesst\/\">NZZ \u2013 Der helle Wahnsinn: Wie Kunstlicht die Nacht verdr\u00e4ngt und was sich dagegen tun l\u00e4sst<\/a><span class=\"lcp_date\">  2023-05-27<\/span><\/li><li><a href=\"https:\/\/www.darksky.ch\/dss\/de\/2023\/05\/srf1-ratgeber-garten-beleuchtung-oder-schon-lichtverschmutzung-im-garten\/\">SRF1 \u2013 Ratgeber Garten \u2013 Beleuchtung oder schon Lichtverschmutzung im Garten?<\/a><span class=\"lcp_date\">  2023-05-19<\/span><\/li><li><a href=\"https:\/\/www.darksky.ch\/dss\/de\/2023\/04\/radio-canal3-petition-zum-erhalt-der-drei-hellsten-solothurner-auf-dem-weissenstein\/\">Radio Canal3 \u2013 Petition zum Erhalt der \u00abdrei hellsten Solothurner\u00bb auf dem Weissenstein<\/a><span class=\"lcp_date\">  2023-04-20<\/span><\/li><li><a href=\"https:\/\/www.darksky.ch\/dss\/de\/2023\/04\/nzz-lichtverschmutzung-schreitet-schneller-fort-als-bisher-angenommen-dies-hat-drastische-folgen-fuer-den-nachthimmel-und-unsere-gesundheit\/\">NZZ \u2013 Lichtverschmutzung schreitet schneller fort als bisher angenommen. Dies hat drastische Folgen f\u00fcr den Nachthimmel und unsere Gesundheit<\/a><span class=\"lcp_date\">  2023-04-18<\/span><\/li><li><a href=\"https:\/\/www.darksky.ch\/dss\/de\/2023\/02\/zueriost-im-kunstlicht-spazieren-am-greifensee\/\">z\u00fcriost &#8211; Im Kunstlicht spazieren am Greifensee<\/a><span class=\"lcp_date\">  2023-02-19<\/span><\/li><li><a href=\"https:\/\/www.darksky.ch\/dss\/de\/2023\/01\/volksstimme-baselbiet-wenn-die-nacht-zum-tag-wird\/\">Volksstimme Baselbiet \u2013 Wenn die Nacht zum Tag wird<\/a><span class=\"lcp_date\">  2023-01-27<\/span><\/li><li><a href=\"https:\/\/www.darksky.ch\/dss\/de\/2023\/01\/tagesanzeiger-an-dieser-schule-brennt-tag-und-nacht-das-licht-seit-eineinhalb-jahren\/\">Tagesanzeiger \u2013 An dieser Schule brennt Tag und Nacht das Licht seit eineinhalb Jahren<\/a><span class=\"lcp_date\">  2023-01-25<\/span><\/li><li><a href=\"https:\/\/www.darksky.ch\/dss\/de\/2023\/01\/20minuten-dunkle-strassen-wegen-sparmassnahme-was-denken-sich-politiker-dabei\/\">20Minuten \u2013 Dunkle Strassen wegen Sparmassnahme \u2013 \u00abwas denken sich Politiker dabei?\u00bb<\/a><span class=\"lcp_date\">  2023-01-23<\/span><\/li><li><a href=\"https:\/\/www.darksky.ch\/dss\/de\/2023\/01\/science-sternbilder-ertrinken-in-der-lichtverschmutzung-in-alarmierender-geschwindigkeit\/\">Science \u2013 Sternbilder ertrinken in der Lichtverschmutzung in alarmierender Geschwindigkeit<\/a><span class=\"lcp_date\">  2023-01-19<\/span><\/li><li><a href=\"https:\/\/www.darksky.ch\/dss\/de\/2023\/01\/20minuten-jetzt-muss-man-ploetzlich-keinen-strom-sparen-lichtfestival-sorgt-fuer-aerger\/\">20Minuten \u2013 \u00abJetzt muss man pl\u00f6tzlich keinen Strom sparen\u00bb \u2013 Lichtfestival sorgt f\u00fcr \u00c4rger<\/a><span class=\"lcp_date\">  2023-01-18<\/span><\/li><\/ul> <h3>2022<\/h3><ul class=\"lcp_catlist\" id=\"lcp_instance_0\"><li><a href=\"https:\/\/www.darksky.ch\/dss\/de\/2022\/12\/der-landbote-winterthur-schulhaus-wallrueti-reisst-mit-licht-nachbarschaft-aus-dem-schlaf\/\">Der Landbote \u2013 Winterthur: Schulhaus Wallr\u00fcti reisst mit Licht Nachbarschaft aus dem Schlaf<\/a><span class=\"lcp_date\">  2022-12-23<\/span><\/li><li><a href=\"https:\/\/www.darksky.ch\/dss\/de\/2022\/12\/zeit-schweiz-das-alpen-portraet-so-schoen-dunkel-hier\/\">ZEIT Schweiz \u2013 Das Alpen-Portr\u00e4t: So sch\u00f6n dunkel hier<\/a><span class=\"lcp_date\">  2022-12-22<\/span><\/li><li><a href=\"https:\/\/www.darksky.ch\/dss\/de\/2022\/12\/zugvoegel\/\">Zugv\u00f6gel<\/a><span class=\"lcp_date\">  2022-12-21<\/span><\/li><li><a href=\"https:\/\/www.darksky.ch\/dss\/de\/2022\/12\/srf-schweiz-aktuell-stromsparen-vor-weinachten-in-der-romandie\/\">SRF Schweiz aktuell \u2013 Stromsparen vor Weinachten in der Romandie<\/a><span class=\"lcp_date\">  2022-12-20<\/span><\/li><li><a href=\"https:\/\/www.darksky.ch\/dss\/de\/2022\/12\/tagesanzeiger-ohne-lichtverschmutzung-und-mobilfunk-entspannen-in-gitschenen\/\">Tagesanzeiger \u2013 Ohne Licht\u00adverschmutzung und Mobilfunk: Entspannen in Gitschenen<\/a><span class=\"lcp_date\">  2022-12-14<\/span><\/li><li><a href=\"https:\/\/www.darksky.ch\/dss\/de\/2022\/12\/srf-schweiz-aktuell-strassenlichter-loeschen-im-kanton-fribourg\/\">SRF Schweiz aktuell \u2013 Strassenlichter l\u00f6schen im Kanton Fribourg<\/a><span class=\"lcp_date\">  2022-12-11<\/span><\/li><li><a href=\"https:\/\/www.darksky.ch\/dss\/de\/2022\/12\/watson-7-punkte-die-zeigen-wie-es-um-die-biodiversitaet-in-der-schweiz-steht\/\">watson \u2013 7 Punkte, die zeigen, wie es um die Biodiversit\u00e4t in der Schweiz steht<\/a><span class=\"lcp_date\">  2022-12-11<\/span><\/li><li><a href=\"https:\/\/www.darksky.ch\/dss\/de\/2022\/11\/nzz-schnell-einschlafen-die-ganze-nacht-durchschlafen-und-morgens-erholt-aufwachen-das-kennen-viele-gar-nicht-mehr\/\">NZZ \u2013 \u00abSchnell einschlafen, die ganze Nacht durchschlafen und morgens erholt aufwachen \u2013 das kennen viele gar nicht mehr\u00bb<\/a><span class=\"lcp_date\">  2022-11-28<\/span><\/li><li><a href=\"https:\/\/www.darksky.ch\/dss\/de\/2022\/11\/nzz-eine-lichttherapie-lindert-depression-und-stimmungstief-in-der-dunklen-jahreszeit\/\">NZZ \u2013 Eine Lichttherapie lindert Depression und Stimmungstief in der dunklen Jahreszeit<\/a><span class=\"lcp_date\">  2022-11-24<\/span><\/li><li><a href=\"https:\/\/www.darksky.ch\/dss\/de\/2022\/11\/wir-langnauer-aussenbeleuchtung-aber-richtig\/\">Wir Langnauer \u2013 Aussenbeleuchtung \u2013 aber richtig<\/a><span class=\"lcp_date\">  2022-11-22<\/span><\/li><li><a href=\"https:\/\/www.darksky.ch\/dss\/de\/2022\/11\/andelfinger-zeitung-den-wert-der-dunkelheit-erhalten\/\">Andelfinger Zeitung \u2013 Den Wert der Dunkelheit erhalten<\/a><span class=\"lcp_date\">  2022-11-18<\/span><\/li><li><a href=\"https:\/\/www.darksky.ch\/dss\/de\/2022\/11\/geroldswiler-gemeindenachrichten-lichtverschmutzung-reduzieren-koennen-alle\/\">Geroldswiler Gemeindenachrichten \u2013 Lichtverschmutzung reduzieren k\u00f6nnen alle!<\/a><span class=\"lcp_date\">  2022-11-17<\/span><\/li><li><a href=\"https:\/\/www.darksky.ch\/dss\/de\/2022\/11\/schaffhauser-nachrichten-wie-hell-darf-die-nacht-sein\/\">Schaffhauser Nachrichten \u2013 Wie hell darf die Nacht sein?<\/a><span class=\"lcp_date\">  2022-11-17<\/span><\/li><li><a href=\"https:\/\/www.darksky.ch\/dss\/de\/2022\/11\/sternwarte-luzern-lichtverschmutzung-ueber-luzern\/\">Sternwarte Luzern \u2013 Lichtverschmutzung \u00fcber Luzern<\/a><span class=\"lcp_date\">  2022-11-16<\/span><\/li><li><a href=\"https:\/\/www.darksky.ch\/dss\/de\/2022\/11\/srf-energiesparen-im-warenhaus\/\">SRF \u2013 Energiesparen im Warenhaus<\/a><span class=\"lcp_date\">  2022-11-15<\/span><\/li><li><a href=\"https:\/\/www.darksky.ch\/dss\/de\/2022\/10\/srf-einbruchsaison-licht-brennen-lassen-trotz-stromspar-appell\/\">SRF \u2013 Einbruchsaison: Licht brennen lassen trotz Stromspar-Appell?<\/a><span class=\"lcp_date\">  2022-10-31<\/span><\/li><li><a href=\"https:\/\/www.darksky.ch\/dss\/de\/2022\/10\/watson-migros-coop-und-co-die-neun-groessten-detailhaendler-zeigen-wie-sie-strom-sparen\/\">watson \u2013 Migros, Coop und Co: Die neun gr\u00f6ssten Detailh\u00e4ndler zeigen, wie sie Strom sparen<\/a><span class=\"lcp_date\">  2022-10-30<\/span><\/li><li><a href=\"https:\/\/www.darksky.ch\/dss\/de\/2022\/10\/20minuten-so-kalt-und-dunkel-wird-es-diesen-winter-in-der-stadt-luzern\/\">20Minuten \u2013 So kalt und dunkel wird es diesen Winter in der Stadt Luzern<\/a><span class=\"lcp_date\">  2022-10-13<\/span><\/li><li><a href=\"https:\/\/www.darksky.ch\/dss\/de\/2022\/10\/tagesanzeiger-uster-schaltet-strassenbeleuchtung-aus\/\">Tagesanzeiger \u2013 Uster schaltet Strassenbeleuchtung aus<\/a><span class=\"lcp_date\">  2022-10-11<\/span><\/li><li><a href=\"https:\/\/www.darksky.ch\/dss\/de\/2022\/10\/20minuten-stadt-uster-schaltet-oeffentliche-beleuchtung-in-der-nacht-ab\/\">20Minuten \u2013 Stadt Uster schaltet \u00f6ffentliche Beleuchtung in der Nacht ab<\/a><span class=\"lcp_date\">  2022-10-11<\/span><\/li><li><a href=\"https:\/\/www.darksky.ch\/dss\/de\/2022\/10\/tagesanzeiger-vom-kampf-gegen-die-dunkelheit-zur-dauerbeleuchtung\/\">Tagesanzeiger \u2013 Vom Kampf gegen die Dunkelheit zur Dauerbeleuchtung<\/a><span class=\"lcp_date\">  2022-10-10<\/span><\/li><li><a href=\"https:\/\/www.darksky.ch\/dss\/de\/2022\/10\/srf-es-ist-nicht-noetig-das-licht-in-ganzen-strassen-abzustellen\/\">SRF \u2013 \u00abEs ist nicht n\u00f6tig, das Licht in ganzen Strassen abzustellen\u00bb<\/a><span class=\"lcp_date\">  2022-10-09<\/span><\/li><li><a href=\"https:\/\/www.darksky.ch\/dss\/de\/2022\/10\/srf-strassenlampen-aus-darum-scheitern-die-gemeinden-mit-dem-plan\/\">SRF \u2013 Strassenlampen aus: Darum scheitern die Gemeinden mit dem Plan<\/a><span class=\"lcp_date\">  2022-10-04<\/span><\/li><li><a href=\"https:\/\/www.darksky.ch\/dss\/de\/2022\/10\/arte-news-aus-europa-frankreich-der-leuchtreklame-den-stecker-ziehen\/\">ARTE News aus Europa \u2013 Frankreich: Der Leuchtreklame den Stecker ziehen<\/a><span class=\"lcp_date\">  2022-10-04<\/span><\/li><li><a href=\"https:\/\/www.darksky.ch\/dss\/de\/2022\/10\/20minuten-die-led-strassenlampe-bestrahlt-volle-kanne-unser-haus\/\">20Minuten \u2013 \u00abDie LED-Strassenlampe bestrahlt volle Kanne unser Haus\u00bb<\/a><span class=\"lcp_date\">  2022-10-04<\/span><\/li><li><a href=\"https:\/\/www.darksky.ch\/dss\/de\/2022\/10\/srf-mulmiges-gefuehl-wegen-weniger-licht-nun-ist-der-bund-gefragt\/\">SRF \u2013 Mulmiges Gef\u00fchl wegen weniger Licht \u2013 nun ist der Bund gefragt<\/a><span class=\"lcp_date\">  2022-10-04<\/span><\/li><li><a href=\"https:\/\/www.darksky.ch\/dss\/de\/2022\/10\/20minuten-stromsparen-heisst-dunkle-strassen-um-es-verbrechern-leichter-zu-machen\/\">20Minuten \u2013 \u00abStromsparen heisst dunkle Strassen, um es Verbrechern leichter zu machen\u00bb<\/a><span class=\"lcp_date\">  2022-10-03<\/span><\/li><li><a href=\"https:\/\/www.darksky.ch\/dss\/de\/2022\/09\/bafu-magazin-die-umwelt-3-2022-die-dunkelheit-zurueckholen\/\">BAFU \u2013 Magazin \u00abdie umwelt\u00bb 3\/2022 &#8211; Die Dunkelheit zur\u00fcckholen<\/a><span class=\"lcp_date\">  2022-09-28<\/span><\/li><li><a href=\"https:\/\/www.darksky.ch\/dss\/de\/2022\/09\/tagesanzeiger-lucy-geht-frueher-aus\/\">Tagesanzeiger \u2013 \u00abLucy\u00bb geht fr\u00fcher aus<\/a><span class=\"lcp_date\">  2022-09-22<\/span><\/li><li><a href=\"https:\/\/www.darksky.ch\/dss\/de\/2022\/09\/srf-stromsparen-in-ostschweizer-gemeinde\/\">SRF \u2013 Stromsparen in Ostschweizer Gemeinde<\/a><span class=\"lcp_date\">  2022-09-21<\/span><\/li><li><a href=\"https:\/\/www.darksky.ch\/dss\/de\/2022\/09\/20minuten-angst-vor-dunklen-parkhaeusern-haelfte-der-lichter-bleibt-zum-stromsparen-aus\/\">20Minuten \u2013 Angst vor dunklen Parkh\u00e4usern \u2013 H\u00e4lfte der Lichter bleibt zum Stromsparen aus<\/a><span class=\"lcp_date\">  2022-09-21<\/span><\/li><li><a href=\"https:\/\/www.darksky.ch\/dss\/de\/2022\/09\/tagesanzeiger-glattzentrum-verzichtet-komplett-auf-die-weihnachtsbeleuchtung\/\">Tagesanzeiger \u2013 Glattzentrum verzichtet komplett auf die Weihnachtsbeleuchtung<\/a><span class=\"lcp_date\">  2022-09-20<\/span><\/li><li><a href=\"https:\/\/www.darksky.ch\/dss\/de\/2022\/09\/migros-magazin-die-dunkle-seite-des-lichts\/\">Migros Magazin \u2013 Die dunkle Seite des Lichts<\/a><span class=\"lcp_date\">  2022-09-19<\/span><\/li><li><a href=\"https:\/\/www.darksky.ch\/dss\/de\/2022\/09\/watson-politiker-wollen-werbebildschirme-wegen-strom-stoppen-doch-die-agenturen-bauen-aus\/\">watson \u2013 Politiker wollen Werbebildschirme wegen Strom stoppen \u2013 doch die Agenturen bauen aus<\/a><span class=\"lcp_date\">  2022-09-18<\/span><\/li><li><a href=\"https:\/\/www.darksky.ch\/dss\/de\/2022\/09\/20minuten-riesiger-satellit-wird-heller-als-jeder-stern\/\">20Minuten \u2013 Riesiger Satellit wird heller als jeder Stern<\/a><span class=\"lcp_date\">  2022-09-18<\/span><\/li><li><a href=\"https:\/\/www.darksky.ch\/dss\/de\/2022\/09\/srf-gedimmtes-licht-zum-wohle-der-insekten\/\">SRF \u2013 Gedimmtes Licht zum Wohle der Insekten<\/a><span class=\"lcp_date\">  2022-09-17<\/span><\/li><li><a href=\"https:\/\/www.darksky.ch\/dss\/de\/2022\/09\/beobachter-extra-ins-rechte-licht-gerueckt\/\">Beobachter Extra \u2013 Ins rechte Licht ger\u00fcckt<\/a><span class=\"lcp_date\">  2022-09-17<\/span><\/li><li><a href=\"https:\/\/www.darksky.ch\/dss\/de\/2022\/09\/aargauer-zeitung-massnahmenpaket-ab-montag-so-will-der-kanton-aargau-15-prozent-strom-einsparen\/\">Aargauer Zeitung \u2013  Massnahmenpaket ab Montag: So will der Kanton Aargau 15 Prozent Strom einsparen<\/a><span class=\"lcp_date\">  2022-09-16<\/span><\/li><li><a href=\"https:\/\/www.darksky.ch\/dss\/de\/2022\/09\/srf-zehntausende-satelliten-im-all-beunruhigen-gar-die-nasa\/\">SRF \u2013 Zehntausende Satelliten im All beunruhigen gar die Nasa<\/a><span class=\"lcp_date\">  2022-09-14<\/span><\/li><li><a href=\"https:\/\/www.darksky.ch\/dss\/de\/2022\/09\/nzz-led-strassenlaternen-blaues-licht-birgt-laut-forschern-risiken-fuer-mensch-und-tier\/\">NZZ \u2013 LED-Strassenlaternen: Blaues Licht birgt laut Forschern Risiken f\u00fcr Mensch und Tier<\/a><span class=\"lcp_date\">  2022-09-14<\/span><\/li><li><a href=\"https:\/\/www.darksky.ch\/dss\/de\/2022\/09\/schweiz-aktuell-westschweizer-gemeinden-loeschen-strassenlampen-um-strom-zu-sparen\/\">Schweiz aktuell \u2013 Westschweizer Gemeinden l\u00f6schen Strassenlampen um Strom zu sparen<\/a><span class=\"lcp_date\">  2022-09-13<\/span><\/li><li><a href=\"https:\/\/www.darksky.ch\/dss\/de\/2022\/09\/tagesanzeiger-der-glatt-tower-leuchtet-diese-weihnachten-weniger-lang\/\">Tagesanzeiger \u2013 Der \u00abGlatt Tower\u00bb leuchtet diese Weihnachten weniger lang<\/a><span class=\"lcp_date\">  2022-09-09<\/span><\/li><li><a href=\"https:\/\/www.darksky.ch\/dss\/de\/2022\/09\/tagesanzeiger-dunkle-strasse-versiegende-brunnen-kuehlere-hallenbaeder\/\">Tagesanzeiger \u2013 Dunkle Strasse, versiegende Brunnen, k\u00fchlere Hallenb\u00e4der<\/a><span class=\"lcp_date\">  2022-09-08<\/span><\/li><li><a href=\"https:\/\/www.darksky.ch\/dss\/de\/2022\/09\/watson-blaues-licht-von-handys-co-laesst-uns-schneller-altern\/\">watson \u2013 Blaues Licht von Handys &#038; Co. l\u00e4sst uns schneller altern<\/a><span class=\"lcp_date\">  2022-09-05<\/span><\/li><li><a href=\"https:\/\/www.darksky.ch\/dss\/de\/2022\/08\/20minuten-post-zieht-grossen-leuchtreklamen-wegen-lichtverschmutzung-den-stecker\/\">20Minuten \u2013 Post zieht grossen Leuchtreklamen wegen Lichtverschmutzung den Stecker<\/a><span class=\"lcp_date\">  2022-08-31<\/span><\/li><li><a href=\"https:\/\/www.darksky.ch\/dss\/de\/2022\/08\/20minuten-geschlossenes-luxushotel-laesst-tag-und-nacht-saemtliche-lampen-brennen\/\">20Minuten \u2013 Geschlossenes Luxushotel l\u00e4sst Tag und Nacht s\u00e4mtliche Lampen brennen<\/a><span class=\"lcp_date\">  2022-08-17<\/span><\/li><li><a href=\"https:\/\/www.darksky.ch\/dss\/de\/2022\/07\/tagesanzeiger-berlin-schaltet-strahler-an-200-sehenswuerdigkeiten-ab\/\">Tagesanzeiger \u2013 Berlin schaltet Strahler an 200 Sehensw\u00fcrdigkeiten ab<\/a><span class=\"lcp_date\">  2022-07-29<\/span><\/li><li><a href=\"https:\/\/www.darksky.ch\/dss\/de\/2022\/07\/limmattaler-zeitung-das-schloss-lenzburg-bleibt-ab-sofort-vier-monate-lang-dunkel\/\">Limmattaler Zeitung \u2013 Das Schloss Lenzburg bleibt ab sofort vier Monate lang dunkel<\/a><span class=\"lcp_date\">  2022-07-12<\/span><\/li><li><a href=\"https:\/\/www.darksky.ch\/dss\/de\/2022\/07\/watson-leuchtreklamen-abloeschen-sauna-verbieten-dieser-plan-tritt-bei-strommangel-in-kraft\/\">watson \u2013 Leuchtreklamen abl\u00f6schen, Sauna verbieten: Dieser Plan tritt bei Strommangel in Kraft<\/a><span class=\"lcp_date\">  2022-07-04<\/span><\/li><li><a href=\"https:\/\/www.darksky.ch\/dss\/de\/2022\/06\/zuercher-unterlaender-unterlaender-naechte-koennen-so-hell-sein-wie-32-vollmonde\/\">Z\u00fcrcher Unterl\u00e4nder \u2013 Unterl\u00e4nder N\u00e4chte k\u00f6nnen so hell sein wie 32 Vollmonde<\/a><span class=\"lcp_date\">  2022-06-25<\/span><\/li><li><a href=\"https:\/\/www.darksky.ch\/dss\/de\/2022\/06\/tagesanzeiger-metastasen-bildende-zellen-bilden-sich-vor-allem-nachts\/\">Tagesanzeiger \u2013 Metastasen bildende Zellen bilden sich vor allem nachts<\/a><span class=\"lcp_date\">  2022-06-23<\/span><\/li><li><a href=\"https:\/\/www.darksky.ch\/dss\/de\/2022\/06\/tagungsbeitrag-umweltrecht-urp-massnahmen-fuer-einen-verbesserten-vollzug-lichtemissionen\/\">Tagungsbeitrag Umweltrecht (URP) \u2013 Massnahmen f\u00fcr einen verbesserten Vollzug Lichtemissionen<\/a><span class=\"lcp_date\">  2022-06-21<\/span><\/li><li><a href=\"https:\/\/www.darksky.ch\/dss\/de\/2022\/06\/20minuten-schweizer-lichtkuenstler-ehrt-die-queen-mit-gigantischer-berg-beleuchtung\/\">20Minuten \u2013 Schweizer Lichtk\u00fcnstler ehrt die Queen mit gigantischer Berg Beleuchtung<\/a><span class=\"lcp_date\">  2022-06-02<\/span><\/li><li><a href=\"https:\/\/www.darksky.ch\/dss\/de\/2022\/05\/luzerner-zeitung-erstmals-zeigen-das-historische-und-das-naturmuseum-luzern-gemeinsam-eine-ausstellung\/\">Luzerner Zeitung \u2013 Erstmals zeigen das Historische und das Naturmuseum Luzern gemeinsam eine Ausstellung<\/a><span class=\"lcp_date\">  2022-05-20<\/span><\/li><li><a href=\"https:\/\/www.darksky.ch\/dss\/de\/2022\/05\/schweiz-aktuell-lichtverschmutzung-freiburg-testet-neues-lichtkonzept\/\">Schweiz aktuell \u2013 Lichtverschmutzung: Freiburg testet neues Lichtkonzept<\/a><span class=\"lcp_date\">  2022-05-11<\/span><\/li><li><a href=\"https:\/\/www.darksky.ch\/dss\/de\/2022\/05\/schweiz-aktuell-lichtverschmutzung-die-drei-hellsten-solothurner-sollen-weg\/\">Schweiz aktuell \u2013 Lichtverschmutzung: Die drei \u00abhellsten\u00bb Solothurner sollen weg<\/a><span class=\"lcp_date\">  2022-05-11<\/span><\/li><li><a href=\"https:\/\/www.darksky.ch\/dss\/de\/2022\/04\/zueriost-nur-in-fischenthal-ist-es-in-der-nacht-noch-dunkel\/\">z\u00fcriost \u2013 Nur in Fischenthal ist es in der Nacht noch dunkel<\/a><span class=\"lcp_date\">  2022-04-27<\/span><\/li><li><a href=\"https:\/\/www.darksky.ch\/dss\/de\/2022\/03\/universitaet-zuerich-online-helle-naechte\/\">Universit\u00e4t Z\u00fcrich online \u2013 Helle N\u00e4chte<\/a><span class=\"lcp_date\">  2022-03-29<\/span><\/li><li><a href=\"https:\/\/www.darksky.ch\/dss\/de\/2022\/03\/naturschutz-ch-europaeische-fledermausarten-reagieren-sensibel-auf-kuenstliches-licht\/\">naturschutz.ch \u2013 Europ\u00e4ische Fledermausarten reagieren sensibel auf k\u00fcnstliches Licht<\/a><span class=\"lcp_date\">  2022-03-15<\/span><\/li><li><a href=\"https:\/\/www.darksky.ch\/dss\/de\/2022\/02\/aargauer-zeitung-es-werde-dunkelheit-der-schwierige-kampf-gegen-lichtverschmutzung\/\">Aargauer Zeitung \u2013 Es werde Dunkelheit: Der schwierige Kampf gegen Lichtverschmutzung<\/a><span class=\"lcp_date\">  2022-02-28<\/span><\/li><li><a href=\"https:\/\/www.darksky.ch\/dss\/de\/2022\/02\/tagesanzeiger-diese-bildschirme-sind-der-stadt-ein-dorn-im-auge\/\">Tagesanzeiger \u2013 Diese Bildschirme sind der Stadt ein Dorn im Auge<\/a><span class=\"lcp_date\">  2022-02-25<\/span><\/li><li><a href=\"https:\/\/www.darksky.ch\/dss\/de\/2022\/02\/berner-zeitung-bern-soll-weniger-grell-leuchten\/\">Berner Zeitung \u2013 Bern soll weniger grell leuchten<\/a><span class=\"lcp_date\">  2022-02-17<\/span><\/li><li><a href=\"https:\/\/www.darksky.ch\/dss\/de\/2022\/02\/bz-basel-der-landrat-entscheidet-es-bleibe-moeglichst-hell-in-baselland\/\">bz Basel \u2013 Der Landrat entscheidet: Es bleibe m\u00f6glichst hell in Baselland<\/a><span class=\"lcp_date\">  2022-02-11<\/span><\/li><li><a href=\"https:\/\/www.darksky.ch\/dss\/de\/2022\/02\/thuner-tagblatt-lichter-in-dunkler-nacht\/\">Thuner Tagblatt \u2013 Lichter in dunkler Nacht<\/a><span class=\"lcp_date\">  2022-02-10<\/span><\/li><li><a href=\"https:\/\/www.darksky.ch\/dss\/de\/2022\/02\/aargauer-zeitung-die-lichtverschmutzung-ruft-die-basler-politik-auf-den-plan\/\">Aargauer Zeitung \u2013 Die Lichtverschmutzung ruft die Basler Politik auf den Plan<\/a><span class=\"lcp_date\">  2022-02-05<\/span><\/li><li><a href=\"https:\/\/www.darksky.ch\/dss\/de\/2022\/02\/die-weltwoche-licht-aus-zuerich-will-die-gesetzlich-verordnete-dunkelheit-einfuehren-das-koennte-in-der-groessten-stadt-des-landes-schwierig-werden\/\">Die Weltwoche \u2013 Licht aus! Z\u00fcrich will die gesetzlich verordnete Dunkelheit einf\u00fchren. Das k\u00f6nnte in der gr\u00f6ssten Stadt des Landes schwierig werden<\/a><span class=\"lcp_date\">  2022-02-02<\/span><\/li><li><a href=\"https:\/\/www.darksky.ch\/dss\/de\/2022\/02\/tagesanzeiger-die-schweiz-gratuliert-zum-jahr-des-tigers\/\">Tagesanzeiger \u2013 Die Schweiz gratuliert zum Jahr des Tigers<\/a><span class=\"lcp_date\">  2022-02-01<\/span><\/li><li><a href=\"https:\/\/www.darksky.ch\/dss\/de\/2022\/01\/radio-zuerisee-zuercher-baudirektion-soll-die-lichtverschmutzung-ausknipsen\/\">Radio Z\u00fcrisee \u2013 Z\u00fcrcher Baudirektion soll die Lichtverschmutzung ausknipsen<\/a><span class=\"lcp_date\">  2022-01-31<\/span><\/li><li><a href=\"https:\/\/www.darksky.ch\/dss\/de\/2022\/01\/zueri-oberland-24-zuercher-baudirektion-soll-die-lichtverschmutzung-ausknipsen\/\">Z\u00fcri Oberland 24 \u2013 Z\u00fcrcher Baudirektion soll die Lichtverschmutzung ausknipsen<\/a><span class=\"lcp_date\">  2022-01-31<\/span><\/li><li><a href=\"https:\/\/www.darksky.ch\/dss\/de\/2022\/01\/nzz-schutz-fuer-die-dunkelheit-der-zuercher-kantonsrat-fordert-grossflaechige-massnahmen-gegen-lichtverschmutzung\/\">NZZ \u2013 Schutz f\u00fcr die Dunkelheit: Der Z\u00fcrcher Kantonsrat fordert grossfl\u00e4chige Massnahmen gegen Lichtverschmutzung<\/a><span class=\"lcp_date\">  2022-01-31<\/span><\/li><li><a href=\"https:\/\/www.darksky.ch\/dss\/de\/2022\/01\/20minuten-die-satelliten-von-elon-musk-versperren-forschern-den-blick-auf-die-sterne\/\">20Minuten \u2013 Die Satelliten von Elon Musk versperren Forschern den Blick auf die Sterne<\/a><span class=\"lcp_date\">  2022-01-21<\/span><\/li><li><a href=\"https:\/\/www.darksky.ch\/dss\/de\/2022\/01\/watson-schlummern-im-rotlicht-so-sieht-es-in-swiss-fliegern-in-zukunft-aus\/\">watson \u2013 Schlummern im Rotlicht \u2013 so sieht es in Swiss-Fliegern in Zukunft aus<\/a><span class=\"lcp_date\">  2022-01-20<\/span><\/li><li><a href=\"https:\/\/www.darksky.ch\/dss\/de\/2022\/01\/ist-lausanne-gezwungen-leuchtende-werbebildschirme-aufstellen-zu-lassen\/\">Ist Lausanne gezwungen, leuchtende Werbebildschirme aufstellen zu lassen?<\/a><span class=\"lcp_date\">  2022-01-18<\/span><\/li><li><a href=\"https:\/\/www.darksky.ch\/dss\/de\/2022\/01\/luzerner-zeitung-wauwil-als-licht-pionierin-die-gemeinde-inspiriert-auch-den-nachbarort\/\">Luzerner Zeitung \u2013 Wauwil als Licht-Pionierin \u2013 die Gemeinde inspiriert auch den Nachbarort<\/a><span class=\"lcp_date\">  2022-01-06<\/span><\/li><li><a href=\"https:\/\/www.darksky.ch\/dss\/de\/2022\/01\/20minuten-kriens-news-scout-raetselt-ueber-ungewoehnliche-lichterscheinung\/\">20Minuten \u2013 Kriens: News-Scout r\u00e4tselt \u00fcber ungew\u00f6hnliche Lichterscheinung<\/a><span class=\"lcp_date\">  2022-01-05<\/span><\/li><li><a href=\"https:\/\/www.darksky.ch\/dss\/de\/2022\/01\/tele-z-adliswil-langnau-a-a-thalwil-mit-intelligenten-strassenlampen-gegen-lichtverschmutzung\/\">Tele Z \u2013 Adliswil\/Langnau a.A.\/Thalwil: Mit intelligenten Strassenlampen gegen Lichtverschmutzung<\/a><span class=\"lcp_date\">  2022-01-05<\/span><\/li><li><a href=\"https:\/\/www.darksky.ch\/dss\/de\/2022\/01\/ekz-blue-10-jahre-led-die-wichtigsten-entwicklungen\/\">EKZ blue \u2013 10 Jahre LED: Die wichtigsten Entwicklungen<\/a><span class=\"lcp_date\">  2022-01-03<\/span><\/li><li><a href=\"https:\/\/www.darksky.ch\/dss\/de\/2022\/01\/tagesanzeiger-mit-der-maske-durch-die-nacht\/\">Tagesanzeiger \u2013 Mit der Maske durch die Nacht<\/a><span class=\"lcp_date\">  2022-01-02<\/span><\/li><\/ul> <h3>2021<\/h3><ul class=\"lcp_catlist\" id=\"lcp_instance_0\"><li><a href=\"https:\/\/www.darksky.ch\/dss\/de\/2021\/12\/umwelt-basel-der-himmel-ueber-basel-soll-wieder-dunkel-werden\/\">Umwelt Basel \u2013 Der Himmel \u00fcber Basel soll wieder dunkel werden<\/a><span class=\"lcp_date\">  2021-12-31<\/span><\/li><li><a href=\"https:\/\/www.darksky.ch\/dss\/de\/2021\/12\/tagesanzeiger-forscherinnen-kuemmern-sich-um-die-underdogs-der-tierwelt\/\">Tagesanzeiger \u2013 Forscherinnen k\u00fcmmern sich um die \u00abUnderdogs\u00bb der Tierwelt<\/a><span class=\"lcp_date\">  2021-12-29<\/span><\/li><li><a href=\"https:\/\/www.darksky.ch\/dss\/de\/2021\/12\/watson-blinkt-das-rentier-zu-recht-in-mein-schlafzimmer\/\">Watson \u2013 Blinkt das Rentier zu Recht in mein Schlafzimmer?<\/a><span class=\"lcp_date\">  2021-12-22<\/span><\/li><li><a href=\"https:\/\/www.darksky.ch\/dss\/de\/2021\/12\/limmattaler-zeitung-das-steckte-hinter-dem-riesigen-lichtschein-ueber-dem-weininger-richi-areal-am-sonntag\/\">Limmattaler Zeitung \u2013 Das steckte hinter dem riesigen Lichtschein \u00fcber dem Weininger Richi-Areal am Sonntag<\/a><span class=\"lcp_date\">  2021-12-22<\/span><\/li><li><a href=\"https:\/\/www.darksky.ch\/dss\/de\/2021\/12\/zuerichsee-zeitung-sie-kaempfen-zusammen-fuer-weniger-licht\/\">Z\u00fcrichsee-Zeitung \u2013 Sie k\u00e4mpfen zusammen f\u00fcr weniger Licht<\/a><span class=\"lcp_date\">  2021-12-15<\/span><\/li><li><a href=\"https:\/\/www.darksky.ch\/dss\/de\/2021\/12\/etrends-lichtemissionen\/\">eTrends \u2013 Lichtemissionen<\/a><span class=\"lcp_date\">  2021-12-08<\/span><\/li><li><a href=\"https:\/\/www.darksky.ch\/dss\/de\/2021\/11\/20minuten-das-licht-zuendet-direkt-auf-mein-haus-die-ganze-nacht\/\">20Minuten \u2013 \u00abDas Licht z\u00fcndet direkt auf mein Haus die ganze Nacht\u00bb<\/a><span class=\"lcp_date\">  2021-11-26<\/span><\/li><li><a href=\"https:\/\/www.darksky.ch\/dss\/de\/2021\/11\/luzerner-zeitung-regierung-findet-beleuchtung-am-lopper-unnoetig\/\">Luzerner Zeitung \u2013 Regierung findet Beleuchtung am Lopper unn\u00f6tig<\/a><span class=\"lcp_date\">  2021-11-22<\/span><\/li><li><a href=\"https:\/\/www.darksky.ch\/dss\/de\/2021\/11\/schweizer-gemeinde-wie-gemeinden-die-nacht-wieder-nacht-werden-lassen\/\">Schweizer Gemeinde \u2013 Wie Gemeinden die Nacht wieder Nacht werden lassen<\/a><span class=\"lcp_date\">  2021-11-22<\/span><\/li><li><a href=\"https:\/\/www.darksky.ch\/dss\/de\/2021\/11\/schweizer-gemeinde-informationsoffensive-zur-begrenzung-von-lichtemissionen\/\">Schweizer Gemeinde \u2013 Informationsoffensive zur Begrenzung von Lichtemissionen<\/a><span class=\"lcp_date\">  2021-11-22<\/span><\/li><li><a href=\"https:\/\/www.darksky.ch\/dss\/de\/2021\/11\/reussbote-so-viel-licht-wie-noetig-so-wenig-wie-moeglich\/\">Reussbote \u2013 \u00abSo viel Licht wie n\u00f6tig, so wenig wie m\u00f6glich\u00bb<\/a><span class=\"lcp_date\">  2021-11-19<\/span><\/li><li><a href=\"https:\/\/www.darksky.ch\/dss\/de\/2021\/11\/srf-wundern-sie-sich-derzeit-auch-ueber-singende-amseln\/\">SRF \u2013 Wundern Sie sich derzeit auch \u00fcber singende Amseln?<\/a><span class=\"lcp_date\">  2021-11-19<\/span><\/li><li><a href=\"https:\/\/www.darksky.ch\/dss\/de\/2021\/11\/der-grosse-rat-genf-erlaesst-gesetze-gegen-privat-verursachte-lichtverschmutzung\/\">Der Grosse Rat Genf erl\u00e4sst Gesetze gegen privat verursachte Lichtverschmutzung<\/a><span class=\"lcp_date\">  2021-11-18<\/span><\/li><li><a href=\"https:\/\/www.darksky.ch\/dss\/de\/2021\/11\/20minuten-es-ist-unfassbar-dass-so-viel-geld-und-strom-verschwendet-werden\/\">20Minuten \u2013 \u00abEs ist unfassbar, dass so viel Geld und Strom verschwendet werden\u00bb<\/a><span class=\"lcp_date\">  2021-11-17<\/span><\/li><li><a href=\"https:\/\/www.darksky.ch\/dss\/de\/2021\/11\/20minuten-wegen-weihnachtsbeleuchtung-stand-die-polizei-vor-meiner-tuer\/\">20Minuten \u2013 \u00abWegen Weihnachtsbeleuchtung stand die Polizei vor meiner T\u00fcr\u00bb<\/a><span class=\"lcp_date\">  2021-11-17<\/span><\/li><li><a href=\"https:\/\/www.darksky.ch\/dss\/de\/2021\/11\/zueriberg-zuerich-nord-aus-dem-gemeinderat-lichtverschmutzung-ein-vernachlaessigtes-problem\/\">Z\u00fcriberg\/Z\u00fcrich Nord \u2013 Aus dem Gemeinderat \u2013 Lichtverschmutzung: Ein vernachl\u00e4ssigtes Problem<\/a><span class=\"lcp_date\">  2021-11-11<\/span><\/li><li><a href=\"https:\/\/www.darksky.ch\/dss\/de\/2021\/11\/casa-nostra-beleuchtung-mit-koepfchen\/\">casa nostra \u2013 Beleuchtung mit K\u00f6pfchen<\/a><span class=\"lcp_date\">  2021-11-01<\/span><\/li><li><a href=\"https:\/\/www.darksky.ch\/dss\/de\/2021\/10\/zuercher-oberlaender-anzeiger-von-uster-das-verlangen-nach-mehr-dunkelheit\/\">Z\u00fcrcher Oberl\u00e4nder \/ Anzeiger von Uster \u2013 Das Verlangen nach mehr Dunkelheit<\/a><span class=\"lcp_date\">  2021-10-22<\/span><\/li><li><a href=\"https:\/\/www.darksky.ch\/dss\/de\/2021\/10\/20minuten-politikerin-will-lichter-in-der-stadt-luzern-waehrend-einer-nacht-ausknipsen\/\">20Minuten \u2013 Politikerin will Lichter in der Stadt Luzern w\u00e4hrend einer Nacht ausknipsen<\/a><span class=\"lcp_date\">  2021-10-19<\/span><\/li><li><a href=\"https:\/\/www.darksky.ch\/dss\/de\/2021\/09\/srf-kanton-aargau-will-kuenftig-alle-schloesser-nach-gesetz-beleuchten\/\">SRF \u2013 Kanton Aargau will k\u00fcnftig alle Schl\u00f6sser nach Gesetz beleuchten<\/a><span class=\"lcp_date\">  2021-09-29<\/span><\/li><li><a href=\"https:\/\/www.darksky.ch\/dss\/de\/2021\/09\/srf1-regionaljournal-ag-so-in-den-kantonen-aargau-und-solothurn-wird-viel-gebaut\/\">SRF1 Regionaljournal AG SO \u2013 In den Kantonen Aargau und Solothurn wird viel gebaut<\/a><span class=\"lcp_date\">  2021-09-23<\/span><\/li><li><a href=\"https:\/\/www.darksky.ch\/dss\/de\/2021\/09\/lokal-nachrichten-muri-guemligen-ein-vielfaeltiges-programm-mit-sinnlich-besinnlichen-abenteuern\/\">Lokal-Nachrichten Muri-G\u00fcmligen: Ein vielf\u00e4ltiges Programm mit sinnlich-besinnlichen Abenteuern<\/a><span class=\"lcp_date\">  2021-09-23<\/span><\/li><li><a href=\"https:\/\/www.darksky.ch\/dss\/de\/2021\/09\/lokal-nachrichten-muri-guemligen-freie-sicht-auf-die-milchstrasse\/\">Lokal-Nachrichten Muri-G\u00fcmligen: Freie Sicht auf die Milchstrasse<\/a><span class=\"lcp_date\">  2021-09-16<\/span><\/li><li><a href=\"https:\/\/www.darksky.ch\/dss\/de\/2021\/09\/tagesanzeiger-sbb-und-der-kanton-zuerich-krebsen-bei-mega-bau-projekten-zurueck\/\">Tagesanzeiger \u2013 SBB und der Kanton Z\u00fcrich krebsen bei Mega-Bau-Projekten zur\u00fcck<\/a><span class=\"lcp_date\">  2021-09-14<\/span><\/li><li><a href=\"https:\/\/www.darksky.ch\/dss\/de\/2021\/09\/20minuten-wir-haben-immer-noch-taghell-in-unseren-wohnzimmern\/\">20Minuten \u2013 \u00abWir haben immer noch taghell in unseren Wohnzimmern\u00bb<\/a><span class=\"lcp_date\">  2021-09-12<\/span><\/li><li><a href=\"https:\/\/www.darksky.ch\/dss\/de\/2021\/09\/nzz-es-kreucht-und-fleucht-zu-wenig\/\">NZZ \u2013 Es kreucht und fleucht zu wenig<\/a><span class=\"lcp_date\">  2021-09-08<\/span><\/li><li><a href=\"https:\/\/www.darksky.ch\/dss\/de\/2021\/09\/20minuten-bergkreuz-in-walliser-alpen-darf-nachts-nicht-leuchten\/\">20Minuten \u2013 Bergkreuz in Walliser Alpen darf nachts nicht leuchten<\/a><span class=\"lcp_date\">  2021-09-06<\/span><\/li><li><a href=\"https:\/\/www.darksky.ch\/dss\/de\/2021\/08\/birdlife-ornis-2021-4-kampagne-oekologische-infrastruktur-das-lebensnetz-der-dunkelheit\/\">Birdlife Ornis 2021\/4 \u2013 Kampagne \u00d6kologische Infrastruktur: Das Lebensnetz der Dunkelheit<\/a><span class=\"lcp_date\">  2021-08-08<\/span><\/li><li><a href=\"https:\/\/www.darksky.ch\/dss\/de\/2021\/07\/srf1-treffpunkt-helle-naechte-stress-fuer-die-natur\/\">SRF1 Treffpunkt \u2013 Helle N\u00e4chte &#8211; Stress f\u00fcr die Natur<\/a><span class=\"lcp_date\">  2021-07-16<\/span><\/li><li><a href=\"https:\/\/www.darksky.ch\/dss\/de\/2021\/06\/20minuten-elon-musk-will-42000-satelliten-ins-all-schiessen-kritiker-laufen-sturm\/\">20Minuten \u2013 Elon Musk will 42\u2019000 Satelliten ins All schiessen \u2013 Kritiker laufen Sturm<\/a><span class=\"lcp_date\">  2021-06-29<\/span><\/li><li><a href=\"https:\/\/www.darksky.ch\/dss\/de\/2021\/06\/srf-schweiz-aktuell-insektenkiller-strassenlampe\/\">SRF Schweiz aktuell \u2013 Insektenkiller Strassenlampe<\/a><span class=\"lcp_date\">  2021-06-28<\/span><\/li><li><a href=\"https:\/\/www.darksky.ch\/dss\/de\/2021\/06\/tagesanzeiger-auch-die-augen-koennen-einen-sonnenbrand-bekommen\/\">Tagesanzeiger \u2013 Auch die Augen k\u00f6nnen einen Sonnenbrand bekommen<\/a><span class=\"lcp_date\">  2021-06-28<\/span><\/li><li><a href=\"https:\/\/www.darksky.ch\/dss\/de\/2021\/06\/limmattaler-zeitung-welche-beleuchtung-schont-die-tierwelt-am-besten-forschende-wollen-in-uitikon-licht-ins-dunkel-bringen\/\">Limmattaler Zeitung \u2013 Welche Beleuchtung schont die Tierwelt am besten? Forschende wollen in Uitikon Licht ins Dunkel bringen<\/a><span class=\"lcp_date\">  2021-06-19<\/span><\/li><li><a href=\"https:\/\/www.darksky.ch\/dss\/de\/2021\/06\/sr-de-lichtverschmutzung-neues-konzept-gegen-helle-naechte-im-saarland\/\">SR.de \u2013 Lichtverschmutzung &#8211; Neues Konzept gegen helle N\u00e4chte im Saarland<\/a><span class=\"lcp_date\">  2021-06-17<\/span><\/li><li><a href=\"https:\/\/www.darksky.ch\/dss\/de\/2021\/06\/srf-news-abstimmung-kanton-schaffhausen-keine-griffigen-massnahmen-gegen-lichtverschmutzung\/\">SRF News \u2013 Abstimmung Kanton Schaffhausen \u2013 Keine griffigen Massnahmen gegen Lichtverschmutzung<\/a><span class=\"lcp_date\">  2021-06-13<\/span><\/li><li><a href=\"https:\/\/www.darksky.ch\/dss\/de\/2021\/06\/aargauer-zeitung-aarau-naturama-wird-fuer-natur-findet-stadt-mit-hoechstdotiertem-naturschutzpreis-geadelt\/\">Aargauer Zeitung \u2013 Aarau: Naturama wird f\u00fcr \u00abNatur findet Stadt\u00bb mit h\u00f6chstdotiertem Naturschutzpreis geadelt<\/a><span class=\"lcp_date\">  2021-06-09<\/span><\/li><li><a href=\"https:\/\/www.darksky.ch\/dss\/de\/2021\/06\/schaffhauser-nachrichten-was-stort-dich-daran\/\">Schaffhauser Nachrichten \u2013 \u00abWas st\u00f5rt dich daran?\u00bb<\/a><span class=\"lcp_date\">  2021-06-02<\/span><\/li><li><a href=\"https:\/\/www.darksky.ch\/dss\/de\/2021\/05\/tagesanzeiger-walliser-dorf-loescht-lichter-fuer-fledermaeuse\/\">Tagesanzeiger \u2013 Walliser Dorf l\u00f6scht Lichter f\u00fcr Flederm\u00e4use<\/a><span class=\"lcp_date\">  2021-05-29<\/span><\/li><li><a href=\"https:\/\/www.darksky.ch\/dss\/de\/2021\/05\/badener-tagblatt-badener-wahrzeichen-stehen-zu-stark-im-scheinwerferlicht-das-soll-sich-aendern\/\">Badener Tagblatt \u2013 Badener Wahrzeichen stehen zu stark im Scheinwerferlicht \u2013 das soll sich \u00e4ndern<\/a><span class=\"lcp_date\">  2021-05-25<\/span><\/li><li><a href=\"https:\/\/www.darksky.ch\/dss\/de\/2021\/05\/reformiert-kirche-soll-in-neuem-licht-erstrahlen\/\">reformiert. \u2013 Kirche soll in neuem Licht erstrahlen<\/a><span class=\"lcp_date\">  2021-05-17<\/span><\/li><li><a href=\"https:\/\/www.darksky.ch\/dss\/de\/2021\/05\/das-schoene-wetter-im-mai-bis-juli-2021-zum-beobachten-nutzen\/\">Das sch\u00f6ne Wetter im Mai bis Juli 2021 zum Beobachten nutzen<\/a><span class=\"lcp_date\">  2021-05-14<\/span><\/li><li><a href=\"https:\/\/www.darksky.ch\/dss\/de\/2021\/05\/20minuten-weniger-strom-post-macht-mit-smartem-licht-insekten-gluecklich\/\">20Minuten \u2013 Weniger Strom \u2013 Post macht mit smartem Licht Insekten gl\u00fccklich<\/a><span class=\"lcp_date\">  2021-05-10<\/span><\/li><li><a href=\"https:\/\/www.darksky.ch\/dss\/de\/2021\/05\/tagesanzeiger-blitzeinschlaege-mit-laser-lenken-saentis-test-soll-durchbruch-bei-blitz-ableitung-bringen\/\">Tagesanzeiger \u2013 Blitzeinschl\u00e4ge mit Laser lenken \u2013 S\u00e4ntis-Test soll \u00abDurchbruch\u00bb bei Blitz-Ableitung bringen<\/a><span class=\"lcp_date\">  2021-05-10<\/span><\/li><li><a href=\"https:\/\/www.darksky.ch\/dss\/de\/2021\/05\/20minuten-himmelsbeobachter-halten-musks-satelliten-fuer-ufos-und-sternschnuppen\/\">20Minuten \u2013 Himmelsbeobachter halten Musks Satelliten f\u00fcr Ufos und Sternschnuppen<\/a><span class=\"lcp_date\">  2021-05-10<\/span><\/li><li><a href=\"https:\/\/www.darksky.ch\/dss\/de\/2021\/05\/sonntagszeitung-nachts-alleine-unterwegs-oder-im-leeren-zug-so-verhalten-sie-sich-richtig\/\">Sonntagszeitung \u2013 Nachts alleine unterwegs oder im leeren Zug? So verhalten Sie sich richtig<\/a><span class=\"lcp_date\">  2021-05-09<\/span><\/li><li><a href=\"https:\/\/www.darksky.ch\/dss\/de\/2021\/05\/20minuten-haeufung-von-wildunfaellen-wer-das-nicht-meldet-macht-sich-strafbar\/\">20Minuten \u2013 H\u00e4ufung von Wildunf\u00e4llen \u2013 Wer das nicht meldet, macht sich strafbar<\/a><span class=\"lcp_date\">  2021-05-03<\/span><\/li><li><a href=\"https:\/\/www.darksky.ch\/dss\/de\/2021\/04\/der-landbote-nach-geaeusserten-befuerchtungen-neu-beleuchtetes-schloss-soll-tiere-weniger-stoeren\/\">Der Landbote \u2013 Nach ge\u00e4usserten Bef\u00fcrchtungen \u2013 Neu beleuchtetes Schloss soll Tiere weniger st\u00f6ren<\/a><span class=\"lcp_date\">  2021-04-28<\/span><\/li><li><a href=\"https:\/\/www.darksky.ch\/dss\/de\/2021\/04\/orf-erster-sternenpark-in-oesterreich-region-attersee-traunsee-wird-sternenpark\/\">ORF \u2013 Erster Sternenpark in \u00d6sterreich: Region Attersee-Traunsee wird \u00abSternenpark\u00bb<\/a><span class=\"lcp_date\">  2021-04-08<\/span><\/li><li><a href=\"https:\/\/www.darksky.ch\/dss\/de\/2021\/04\/tagesanzeiger-fledermaeuse-lieben-zuerich-mehr-als-paris-oder-antwerpen-2\/\">Tagesanzeiger \u2013 Flederm\u00e4use lieben Z\u00fcrich \u2013 mehr als Paris oder Antwerpen<\/a><span class=\"lcp_date\">  2021-04-07<\/span><\/li><li><a href=\"https:\/\/www.darksky.ch\/dss\/de\/2021\/04\/tagesanzeiger-fledermaeuse-lieben-zuerich-mehr-als-paris-oder-antwerpen\/\">Tagesanzeiger \u2013 Flederm\u00e4use lieben Z\u00fcrich \u2013 mehr als Paris oder Antwerpen<\/a><span class=\"lcp_date\">  2021-04-07<\/span><\/li><li><a href=\"https:\/\/www.darksky.ch\/dss\/de\/2021\/03\/symposium-ueber-lichtverschmutzung\/\">Symposium \u00fcber Lichtverschmutzung<\/a><span class=\"lcp_date\">  2021-03-31<\/span><\/li><li><a href=\"https:\/\/www.darksky.ch\/dss\/de\/2021\/03\/tagesanzeiger-lichterloeschen-fuers-klima-rekord-in-deutschland\/\">Tagesanzeiger \u2013 Lichterl\u00f6schen f\u00fcrs Klima \u2013 Rekord in Deutschland<\/a><span class=\"lcp_date\">  2021-03-27<\/span><\/li><li><a href=\"https:\/\/www.darksky.ch\/dss\/de\/2021\/03\/solothurner-zeitung-wie-viel-licht-in-der-nacht-das-fordern-die-gruenen-mit-vorstoss-und-das-sagen-tourismusdirektor-und-lichtexperten-dazu\/\">Solothurner Zeitung \u2013 Wie viel Licht in der Nacht? Das fordern die Gr\u00fcnen mit Vorstoss \u2013 und das sagen Tourismusdirektor und Lichtexperten dazu<\/a><span class=\"lcp_date\">  2021-03-22<\/span><\/li><li><a href=\"https:\/\/www.darksky.ch\/dss\/de\/2021\/03\/tagesanzeiger-lichtverschmutzung-stoert-insekten-auch-tagsueber\/\">Tagesanzeiger \u2013\u00a0Lichtverschmutzung st\u00f6rt Insekten auch tags\u00fcber<\/a><span class=\"lcp_date\">  2021-03-17<\/span><\/li><li><a href=\"https:\/\/www.darksky.ch\/dss\/de\/2021\/02\/jungfrau-zeitung-leserbrief-solche-aktionen-nicht-mehr-bewilligen-zum-artikel-astronaut-landet-an-der-eigernordwand\/\">Jungfrau Zeitung \u2013 Leserbrief: Solche Aktionen nicht mehr bewilligen: Zum Artikel \u00abAstronaut landet an der Eigernordwand\u00bb<\/a><span class=\"lcp_date\">  2021-02-23<\/span><\/li><li><a href=\"https:\/\/www.darksky.ch\/dss\/de\/2021\/02\/20minuten-lichtkuenstler-laesst-mars-roboter-auf-eigernordwand-landen\/\">20Minuten \u2013 Lichtk\u00fcnstler l\u00e4sst Mars-Roboter auf Eigernordwand landen<\/a><span class=\"lcp_date\">  2021-02-18<\/span><\/li><li><a href=\"https:\/\/www.darksky.ch\/dss\/de\/2021\/02\/der-bund-astronaut-auf-eigernordwand-gelandet\/\">Der Bund \u2013 Astronaut auf Eigernordwand gelandet<\/a><span class=\"lcp_date\">  2021-02-18<\/span><\/li><li><a href=\"https:\/\/www.darksky.ch\/dss\/de\/2021\/02\/sueddeutsche-zeitung-gemeinden-im-nordsaarland-wollen-sternenland-werden\/\">S\u00fcddeutsche Zeitung \u2013 Gemeinden im Nordsaarland wollen Sternenland werden<\/a><span class=\"lcp_date\">  2021-02-14<\/span><\/li><li><a href=\"https:\/\/www.darksky.ch\/dss\/de\/2021\/02\/deutsches-bundesministerium-schulze-insekten-schuetzt-jetzt-ein-gesetz\/\">Deutsches Bundesministerium \u2013 Schulze: Insekten sch\u00fctzt jetzt ein Gesetz<\/a><span class=\"lcp_date\">  2021-02-10<\/span><\/li><li><a href=\"https:\/\/www.darksky.ch\/dss\/de\/2021\/01\/tagesanzeiger-und-der-vollmond-stoert-unseren-schlaf-doch\/\">Tagesanzeiger \u2013 Und der Vollmond st\u00f6rt unseren Schlaf doch<\/a><span class=\"lcp_date\">  2021-01-31<\/span><\/li><li><a href=\"https:\/\/www.darksky.ch\/dss\/de\/2021\/01\/anzeiger-von-wallisellen-bund-soll-das-insektensterben-stoppen\/\">Anzeiger von Wallisellen \u2013 Bund soll das Insektensterben stoppen<\/a><span class=\"lcp_date\">  2021-01-28<\/span><\/li><li><a href=\"https:\/\/www.darksky.ch\/dss\/de\/2021\/01\/limmattaler-zeitung-ueetliberg-kanton-gibt-gruenes-licht-der-winterzauber-auf-dem-uto-kulm-darf-weitergehen\/\">Limmattaler Zeitung \u2013 \u00dcetliberg \u2013 Kanton gibt gr\u00fcnes Licht: Der Winterzauber auf dem Uto Kulm darf weitergehen<\/a><span class=\"lcp_date\">  2021-01-26<\/span><\/li><li><a href=\"https:\/\/www.darksky.ch\/dss\/de\/2021\/01\/tagesanzeiger-es-werde-weniger-licht-fordert-der-zuercher-kantonsrat\/\">Tagesanzeiger \u2013 Es werde weniger Licht, fordert der Z\u00fcrcher Kantonsrat<\/a><span class=\"lcp_date\">  2021-01-26<\/span><\/li><li><a href=\"https:\/\/www.darksky.ch\/dss\/de\/2021\/01\/zuerichsee-zeitung-streit-um-einschaltzeit-der-lichterzoff-in-langnau-geht-weiter\/\">Z\u00fcrichsee-Zeitung \u2013 Streit um Einschaltzeit \u2013 Der Lichterzoff in Langnau geht weiter<\/a><span class=\"lcp_date\">  2021-01-25<\/span><\/li><li><a href=\"https:\/\/www.darksky.ch\/dss\/de\/2021\/01\/regionaljournal-aargau-solothurn-weissenstein-widerstand-gegen-die-neuen-scheinwerfer\/\">Regionaljournal Aargau Solothurn \u2013 Weissenstein: Widerstand gegen die neuen Scheinwerfer<\/a><span class=\"lcp_date\">  2021-01-25<\/span><\/li><li><a href=\"https:\/\/www.darksky.ch\/dss\/de\/2021\/01\/solothurner-zeitung-weissenstein-umweltverbaende-erheben-einspruch-die-drei-hellsten-sollen-nicht-die-ganze-nacht-leuchten\/\">Solothurner Zeitung \u2013 Weissenstein: Umweltverb\u00e4nde erheben Einspruch: Die drei Hellsten sollen nicht die ganze Nacht leuchten<\/a><span class=\"lcp_date\">  2021-01-21<\/span><\/li><li><a href=\"https:\/\/www.darksky.ch\/dss\/de\/2021\/01\/20minuten-astronomen-sorgen-sich-wegen-satelliten-um-den-sternenhimmel\/\">20Minuten \u2013 Astronomen sorgen sich wegen Satelliten um den Sternenhimmel<\/a><span class=\"lcp_date\">  2021-01-20<\/span><\/li><li><a href=\"https:\/\/www.darksky.ch\/dss\/de\/2021\/01\/solothurner-zeitung-weissenstein-fuer-die-drei-hellsten-solothurner-braucht-es-eine-baubewilligung\/\">Solothurner Zeitung \u2013 Weissenstein: F\u00fcr die drei hellsten Solothurner braucht es eine Baubewilligung<\/a><span class=\"lcp_date\">  2021-01-20<\/span><\/li><\/ul> <h3>2020<\/h3><ul class=\"lcp_catlist\" id=\"lcp_instance_0\"><li><a href=\"https:\/\/www.darksky.ch\/dss\/de\/2020\/12\/tagesanzeiger-zuercher-haltestellen-werden-smart\/\">Tagesanzeiger \u2013 Z\u00fcrcher Haltestellen werden \u00absmart\u00bb<\/a><span class=\"lcp_date\">  2020-12-15<\/span><\/li><li><a href=\"https:\/\/www.darksky.ch\/dss\/de\/2020\/12\/zuerichsee-zeitung-hickhack-um-strassenlichter-der-rekurrent-gibt-im-lichterzoff-zermuerbt-auf\/\">Z\u00fcrichsee-Zeitung \u2013 Hickhack um Strassenlichter \u2013 Der Rekurrent gibt im Lichterzoff zerm\u00fcrbt auf<\/a><span class=\"lcp_date\">  2020-12-09<\/span><\/li><li><a href=\"https:\/\/www.darksky.ch\/dss\/de\/2020\/12\/nzz-weisst-du-wie-viel-sternlein-stehen-oder-die-vermessung-der-milchstrasse\/\">NZZ \u2013 Weisst du, wie viel Sternlein stehen? Oder: Die Vermessung der Milchstrasse<\/a><span class=\"lcp_date\">  2020-12-03<\/span><\/li><li><a href=\"https:\/\/www.darksky.ch\/dss\/de\/2020\/11\/anzeiger-von-wallisellen-aus-dem-gemeinderat-erneuerung-strassenbeleuchtung\/\">Anzeiger von Wallisellen \u2013 Aus dem Gemeinderat: Erneuerung Strassenbeleuchtung<\/a><span class=\"lcp_date\">  2020-11-26<\/span><\/li><li><a href=\"https:\/\/www.darksky.ch\/dss\/de\/2020\/11\/andelfinger-zeitung-alte-bruecke-in-neuem-licht\/\">Andelfinger Zeitung \u2013 Alte Br\u00fccke in neuem Licht<\/a><span class=\"lcp_date\">  2020-11-20<\/span><\/li><li><a href=\"https:\/\/www.darksky.ch\/dss\/de\/2020\/11\/nzz-die-vitrine-die-das-stadtbild-stoert\/\">NZZ \u2013 Die Vitrine, die das Stadtbild st\u00f6rt<\/a><span class=\"lcp_date\">  2020-11-12<\/span><\/li><li><a href=\"https:\/\/www.darksky.ch\/dss\/de\/2020\/11\/tagesanzeiger-kuenstliches-licht-stoert-den-lebensrhythmus-der-tiere\/\">Tagesanzeiger \u2013\u00a0K\u00fcnstliches Licht st\u00f6rt den Lebensrhythmus der Tiere<\/a><span class=\"lcp_date\">  2020-11-04<\/span><\/li><li><a href=\"https:\/\/www.darksky.ch\/dss\/de\/2020\/11\/nzz-am-sonntag-strassenlaternen-weniger-schaedlich\/\">NZZ am Sonntag \u2013 Strassenlaternen weniger sch\u00e4dlich<\/a><span class=\"lcp_date\">  2020-11-01<\/span><\/li><li><a href=\"https:\/\/www.darksky.ch\/dss\/de\/2020\/11\/wsl-fiat-nox-naturschutzgebiete-brauchen-pufferzonen-fuer-licht\/\">WSL \u2013 \u00abFiat Nox\u00bb: Naturschutzgebiete brauchen Pufferzonen f\u00fcr Licht<\/a><span class=\"lcp_date\">  2020-11-01<\/span><\/li><li><a href=\"https:\/\/www.darksky.ch\/dss\/de\/2020\/10\/ekz-blue-eine-lampe-sorgt-fuer-laempe\/\">EKZ blue \u2013 Eine Lampe sorgt f\u00fcr L\u00e4mpe<\/a><span class=\"lcp_date\">  2020-10-30<\/span><\/li><li><a href=\"https:\/\/www.darksky.ch\/dss\/de\/2020\/10\/coopzeitung-faszination-nacht-die-macht-der-nacht\/\">Coopzeitung \u2013 Faszination Nacht: Die Macht der Nacht<\/a><span class=\"lcp_date\">  2020-10-28<\/span><\/li><li><a href=\"https:\/\/www.darksky.ch\/dss\/de\/2020\/10\/buchhinweis-streifzuege-durch-die-nacht\/\">Buchhinweis \u2013 Streifz\u00fcge durch die Nacht<\/a><span class=\"lcp_date\">  2020-10-26<\/span><\/li><li><a href=\"https:\/\/www.darksky.ch\/dss\/de\/2020\/10\/brugger-general-anzeiger-die-langen-naechte-der-winterzeit\/\">Brugger General-Anzeiger \u2013 Die langen N\u00e4chte der Winterzeit<\/a><span class=\"lcp_date\">  2020-10-22<\/span><\/li><li><a href=\"https:\/\/www.darksky.ch\/dss\/de\/2020\/10\/beilage-basler-zeitung-licht-aus-besonders-draussen\/\">Beilage Basler Zeitung \u2013 Licht aus, besonders draussen!<\/a><span class=\"lcp_date\">  2020-10-17<\/span><\/li><li><a href=\"https:\/\/www.darksky.ch\/dss\/de\/2020\/10\/andelfinger-zeitung-stammheim-zwischen-1-und-5-uhr-wirds-dunkel\/\">Andelfinger Zeitung \u2013 Stammheim: Zwischen 1 und 5 Uhr wirds dunkel<\/a><span class=\"lcp_date\">  2020-10-16<\/span><\/li><li><a href=\"https:\/\/www.darksky.ch\/dss\/de\/2020\/10\/nzz-hoffentlich-sehen-wir-die-sterne-wieder\/\">NZZ \u2013 \u00abHoffentlich sehen wir die Sterne wieder\u00bb<\/a><span class=\"lcp_date\">  2020-10-01<\/span><\/li><li><a href=\"https:\/\/www.darksky.ch\/dss\/de\/2020\/09\/anzeiger-von-wallisellen-gemeindeversammlung-mehr-nacht-fuer-wallisellen\/\">Anzeiger von Wallisellen \u2013 Gemeindeversammlung: Mehr Nacht f\u00fcr Wallisellen<\/a><span class=\"lcp_date\">  2020-09-24<\/span><\/li><li><a href=\"https:\/\/www.darksky.ch\/dss\/de\/2020\/09\/higgs-die-dunkle-seite-des-lichts\/\">higgs \u2013 Die dunkle Seite des Lichts<\/a><span class=\"lcp_date\">  2020-09-23<\/span><\/li><li><a href=\"https:\/\/www.darksky.ch\/dss\/de\/2020\/09\/swr2-wissen-lichtverschmutzung-wie-tiere-unter-hellen-naechten-leiden\/\">SWR2 Wissen \u2013 Lichtverschmutzung \u2013 Wie Tiere unter hellen N\u00e4chten leiden<\/a><span class=\"lcp_date\">  2020-09-14<\/span><\/li><li><a href=\"https:\/\/www.darksky.ch\/dss\/de\/2020\/09\/seetaler-bote-unterschriften-gegen-lichtemissionen\/\">Seetaler Bote \u2013 Unterschriften gegen Lichtemissionen<\/a><span class=\"lcp_date\">  2020-09-10<\/span><\/li><li><a href=\"https:\/\/www.darksky.ch\/dss\/de\/2020\/09\/watson-sbb-verbessern-kundeninformation-am-bahnhof\/\">watson \u2013 SBB verbessern Kundeninformation am Bahnhof<\/a><span class=\"lcp_date\">  2020-09-09<\/span><\/li><li><a href=\"https:\/\/www.darksky.ch\/dss\/de\/2020\/09\/srf-1-schweiz-aktuell-wandern-in-der-nacht\/\">SRF 1 Schweiz Aktuell \u2013 Wandern in der Nacht<\/a><span class=\"lcp_date\">  2020-09-08<\/span><\/li><li><a href=\"https:\/\/www.darksky.ch\/dss\/de\/2020\/08\/nzz-licht-ist-das-neue-chrom-am-auto\/\">NZZ \u2013\u00a0Licht ist das neue Chrom am Auto<\/a><span class=\"lcp_date\">  2020-08-30<\/span><\/li><li><a href=\"https:\/\/www.darksky.ch\/dss\/de\/2020\/08\/anzeiger-von-wallisellen-initiative-mehr-nacht-fuer-wallisellen\/\">Anzeiger von Wallisellen \u2013 Initiative Mehr Nacht f\u00fcr Wallisellen<\/a><span class=\"lcp_date\">  2020-08-27<\/span><\/li><li><a href=\"https:\/\/www.darksky.ch\/dss\/de\/2020\/08\/watson-studie-zeigt-kolibris-sehen-deutlich-mehr-farben-als-wir\/\">watson \u2013 Studie zeigt: Kolibris sehen deutlich mehr Farben als wir<\/a><span class=\"lcp_date\">  2020-08-24<\/span><\/li><li><a href=\"https:\/\/www.darksky.ch\/dss\/de\/2020\/08\/anzeiger-von-wallisellen-abstimmung-am-21-september-ueber-kommunale-erlasse-gegen-lichtverschmutzung\/\">Anzeiger von Wallisellen \u2013 Abstimmung am 21. September \u00fcber kommunale Erlasse gegen Lichtverschmutzung<\/a><span class=\"lcp_date\">  2020-08-20<\/span><\/li><li><a href=\"https:\/\/www.darksky.ch\/dss\/de\/2020\/08\/fledermausschutz-schaffhausen-wasserfledermaeuse-erhalten-jagdgebiet-zurueck\/\">Fledermausschutz Schaffhausen \u2013\u00a0Wasserflederm\u00e4use erhalten Jagdgebiet zur\u00fcck<\/a><span class=\"lcp_date\">  2020-08-16<\/span><\/li><li><a href=\"https:\/\/www.darksky.ch\/dss\/de\/2020\/08\/pro-natura-zug-dem-licht-in-der-stadt-zug-auf-der-spur\/\">Pro Natura Zug \u2013 Dem Licht in der Stadt Zug auf der Spur<\/a><span class=\"lcp_date\">  2020-08-15<\/span><\/li><li><a href=\"https:\/\/www.darksky.ch\/dss\/de\/2020\/08\/thurgauer-zeitung-der-fledermaus-hotspot-liegt-in-bischofszell\/\">Thurgauer Zeitung \u2013 Der Fledermaus-Hotspot liegt in Bischofszell<\/a><span class=\"lcp_date\">  2020-08-15<\/span><\/li><li><a href=\"https:\/\/www.darksky.ch\/dss\/de\/2020\/08\/spiegel-vorlage-insektenschutzgesetz-in-deutschland-umweltministerium-will-nutzung-von-himmelsscheinwerfern-einschraenken\/\">Spiegel \u2013 Vorlage Insektenschutzgesetz in Deutschland: Umweltministerium will Nutzung von Himmelsscheinwerfern einschr\u00e4nken<\/a><span class=\"lcp_date\">  2020-08-05<\/span><\/li><li><a href=\"https:\/\/www.darksky.ch\/dss\/de\/2020\/08\/zeit-online-warum-die-motte-ins-licht-fliegt\/\">Zeit online \u2013 Warum die Motte ins Licht fliegt<\/a><span class=\"lcp_date\">  2020-08-02<\/span><\/li><li><a href=\"https:\/\/www.darksky.ch\/dss\/de\/2020\/08\/20minuten-spektakulaeres-blitz-foto-so-entstand-das-matterhorn-bild\/\">20Minuten \u2013 Spektakul\u00e4res Blitz-Foto: So entstand das Matterhorn-Bild<\/a><span class=\"lcp_date\">  2020-08-01<\/span><\/li><li><a href=\"https:\/\/www.darksky.ch\/dss\/de\/2020\/07\/kurzbesuch-am-sommerhimmel-komet-neowise-und-seine-sichtbarkeit\/\">Kurzbesuch am Sommerhimmel: Komet Neowise und seine Sichtbarkeit<\/a><span class=\"lcp_date\">  2020-07-30<\/span><\/li><li><a href=\"https:\/\/www.darksky.ch\/dss\/de\/2020\/07\/linthzeitung-gruenes-licht-fuer-mehr-licht-ueber-dem-rasen-im-gruenfeld\/\">Linthzeitung \u2013 Gr\u00fcnes Licht f\u00fcr mehr Licht \u00fcber dem Rasen im Gr\u00fcnfeld<\/a><span class=\"lcp_date\">  2020-07-15<\/span><\/li><li><a href=\"https:\/\/www.darksky.ch\/dss\/de\/2020\/07\/tagesanzeiger-wunderbare-und-bizarre-geschoepfe\/\">Tagesanzeiger \u2013 Wunderbare und bizarre Gesch\u00f6pfe<\/a><span class=\"lcp_date\">  2020-07-13<\/span><\/li><li><a href=\"https:\/\/www.darksky.ch\/dss\/de\/2020\/07\/aargauer-zeitung-stromverbrauch-winterthur-ersetzt-alte-strassenlampen-durch-led-leuchten\/\">Aargauer Zeitung \u2013 Stromverbrauch: Winterthur ersetzt alte Strassenlampen durch LED-Leuchten<\/a><span class=\"lcp_date\">  2020-07-09<\/span><\/li><li><a href=\"https:\/\/www.darksky.ch\/dss\/de\/2020\/07\/aargauer-zeitung-kein-licht-ab-22-uhr-eigenaemter-ziehen-den-stecker-zum-wohl-der-tiere\/\">Aargauer Zeitung \u2013 Kein Licht ab 22 Uhr: Eigen\u00e4mter ziehen den Stecker zum Wohl der Tiere<\/a><span class=\"lcp_date\">  2020-07-08<\/span><\/li><li><a href=\"https:\/\/www.darksky.ch\/dss\/de\/2020\/07\/nzz-das-fledertier-kann-nichts-dafuer-zuerichs-faszinierende-nachtschwaermer-tilgen-tausende-insekten-in-ein-paar-stunden\/\">NZZ \u2013 Das Fledertier kann nichts daf\u00fcr \u2013 Z\u00fcrichs faszinierende Nachtschw\u00e4rmer tilgen Tausende Insekten in ein paar Stunden<\/a><span class=\"lcp_date\">  2020-07-04<\/span><\/li><li><a href=\"https:\/\/www.darksky.ch\/dss\/de\/2020\/06\/nzz-warum-pflanzen-gruen-sind\/\">NZZ \u2013 Warum Pflanzen gr\u00fcn sind<\/a><span class=\"lcp_date\">  2020-06-26<\/span><\/li><li><a href=\"https:\/\/www.darksky.ch\/dss\/de\/2020\/06\/tagesanzeiger-warum-diese-fassaden-heute-nacht-rot-leuchteten\/\">Tagesanzeiger \u2013 Warum diese Fassaden heute Nacht rot leuchteten<\/a><span class=\"lcp_date\">  2020-06-23<\/span><\/li><li><a href=\"https:\/\/www.darksky.ch\/dss\/de\/2020\/06\/nzz-reisen-im-kopf-die-den-mond-fuettert-die-byers-insel-im-nordpazifik\/\">NZZ \u2013 Reisen im Kopf \u2013 Die den Mond f\u00fcttert: die Byers-Insel im Nordpazifik<\/a><span class=\"lcp_date\">  2020-06-20<\/span><\/li><li><a href=\"https:\/\/www.darksky.ch\/dss\/de\/2020\/06\/nzz-auch-was-man-erklaeren-kann-bleibt-manchmal-ein-raetsel-otto-piene-hat-kunst-gemacht-um-zu-verstehen-was-licht-ist\/\">NZZ \u2013 Auch was man erkl\u00e4ren kann, bleibt manchmal ein R\u00e4tsel: Otto Piene hat Kunst gemacht, um zu verstehen, was Licht ist<\/a><span class=\"lcp_date\">  2020-06-19<\/span><\/li><li><a href=\"https:\/\/www.darksky.ch\/dss\/de\/2020\/06\/schaffhauser-az-kampf-um-die-nacht\/\">Schaffhauser AZ \u2013 Kampf um die Nacht<\/a><span class=\"lcp_date\">  2020-06-18<\/span><\/li><li><a href=\"https:\/\/www.darksky.ch\/dss\/de\/2020\/06\/schaffhauser-nachrichten-im-kanton-soll-es-dunkler-werden\/\">Schaffhauser Nachrichten \u2013 Im Kanton soll es dunkler werden<\/a><span class=\"lcp_date\">  2020-06-18<\/span><\/li><li><a href=\"https:\/\/www.darksky.ch\/dss\/de\/2020\/06\/zueriberg-zuerich-nord-lokalinfo-unter-lichtverschmutzung-leiden-mensch-und-tier\/\">Z\u00fcriberg\/Z\u00fcrich Nord Lokalinfo \u2013 Unter Lichtverschmutzung leiden Mensch und Tier<\/a><span class=\"lcp_date\">  2020-06-11<\/span><\/li><li><a href=\"https:\/\/www.darksky.ch\/dss\/de\/2020\/06\/nzz-der-verborgenste-vogel-australiens-ist-ein-nachtaktiver-papagei-mit-einem-menschengemachten-problem\/\">NZZ \u2013\u00a0Der verborgenste Vogel Australiens ist ein nachtaktiver Papagei \u2013 mit einem menschengemachten Problem<\/a><span class=\"lcp_date\">  2020-06-09<\/span><\/li><li><a href=\"https:\/\/www.darksky.ch\/dss\/de\/2020\/05\/naturschutz-ch-lichtverschmutzung-beeinflusst-schlaf-von-stadt-fischen\/\">naturschutz.ch \u2013\u00a0Lichtverschmutzung beeinflusst Schlaf von Stadt-Fischen<\/a><span class=\"lcp_date\">  2020-05-26<\/span><\/li><li><a href=\"https:\/\/www.darksky.ch\/dss\/de\/2020\/05\/anzeiger-von-wallisellen-schaedlich-fuer-mensch-und-tier\/\">Anzeiger von Wallisellen \u2013 Sch\u00e4dlich f\u00fcr Mensch und Tier<\/a><span class=\"lcp_date\">  2020-05-20<\/span><\/li><li><a href=\"https:\/\/www.darksky.ch\/dss\/de\/2020\/04\/vcs-magazin-lichter-loeschen\/\">VCS-Magazin \u2013 Lichter l\u00f6schen!<\/a><span class=\"lcp_date\">  2020-04-30<\/span><\/li><li><a href=\"https:\/\/www.darksky.ch\/dss\/de\/2020\/04\/20minuten-pilz-gen-sorgt-fuer-intensiver-leuchtende-pflanzen\/\">20Minuten \u2013\u00a0Pilz-Gen sorgt f\u00fcr intensiver leuchtende Pflanzen<\/a><span class=\"lcp_date\">  2020-04-28<\/span><\/li><li><a href=\"https:\/\/www.darksky.ch\/dss\/de\/2020\/04\/srf-tagesschau-elon-musk-satelliten-leuchten-am-nachthimmel\/\">SRF Tagesschau \u2013 Elon Musk \u2013 Satelliten leuchten am Nachthimmel<\/a><span class=\"lcp_date\">  2020-04-23<\/span><\/li><li><a href=\"https:\/\/www.darksky.ch\/dss\/de\/2020\/04\/nzz-also-spricht-das-matterhorn-zermatt-erhebt-sein-wahrzeichen-zum-botschafter-in-duesteren-zeiten\/\">NZZ \u2013 Also spricht das Matterhorn: Zermatt erhebt sein Wahrzeichen zum Botschafter in d\u00fcsteren Zeiten<\/a><span class=\"lcp_date\">  2020-04-15<\/span><\/li><li><a href=\"https:\/\/www.darksky.ch\/dss\/de\/2020\/04\/nzz-die-insekten-sterben-warum-das-zu-einer-schlimmen-kettenreaktion-fuehren-kann-und-was-die-schweiz-dagegen-unternimmt\/\">NZZ \u2013 Die Insekten sterben \u2013 warum das zu einer schlimmen Kettenreaktion f\u00fchren kann und was die Schweiz dagegen unternimmt<\/a><span class=\"lcp_date\">  2020-04-15<\/span><\/li><li><a href=\"https:\/\/www.darksky.ch\/dss\/de\/2020\/04\/tagesanzeiger-matterhorn-beleuchtung-eckt-an\/\">Tagesanzeiger \u2013 Matterhorn-Beleuchtung eckt an<\/a><span class=\"lcp_date\">  2020-04-10<\/span><\/li><li><a href=\"https:\/\/www.darksky.ch\/dss\/de\/2020\/04\/20minuten-alle-drei-minuten-eine-sternschnuppe-21-22-4-2020\/\">20minuten \u2013 Alle drei Minuten eine Sternschnuppe (21.-22.4.2020)<\/a><span class=\"lcp_date\">  2020-04-07<\/span><\/li><li><a href=\"https:\/\/www.darksky.ch\/dss\/de\/2020\/04\/tagesanzeiger-wie-umweltzerstoerung-neue-epidemien-beguenstigt\/\">Tagesanzeiger \u2013 Wie Umweltzerst\u00f6rung neue Epidemien beg\u00fcnstigt<\/a><span class=\"lcp_date\">  2020-04-03<\/span><\/li><li><a href=\"https:\/\/www.darksky.ch\/dss\/de\/2020\/04\/20minuten-new-york-ehrt-mediziner-mit-erleuchtetem-empire\/\">20minuten \u2013\u00a0New York ehrt Mediziner mit erleuchtetem Empire<\/a><span class=\"lcp_date\">  2020-04-02<\/span><\/li><li><a href=\"https:\/\/www.darksky.ch\/dss\/de\/2020\/03\/nzz-zur-earth-hour-wird-die-welt-heute-abend-fuer-eine-stunde-dunkel-fuer-die-umwelt\/\">NZZ \u2013 Zur \u00abEarth Hour\u00bb wird die Welt heute Abend f\u00fcr eine Stunde dunkel \u2013 f\u00fcr die Umwelt<\/a><span class=\"lcp_date\">  2020-03-28<\/span><\/li><li><a href=\"https:\/\/www.darksky.ch\/dss\/de\/2020\/03\/nzz-die-befuerchtung-dass-am-himmel-bald-mehr-satelliten-als-sterne-zu-sehen-sind-ist-unbegruendet\/\">NZZ \u2013 Die Bef\u00fcrchtung, dass am Himmel bald mehr Satelliten als Sterne zu sehen sind, ist unbegr\u00fcndet<\/a><span class=\"lcp_date\">  2020-03-06<\/span><\/li><li><a href=\"https:\/\/www.darksky.ch\/dss\/de\/2020\/03\/eso-neue-eso-studie-bewertet-den-einfluss-von-satellitenkonstellationen-auf-astronomische-beobachtungen\/\">ESO \u2013 Neue ESO-Studie bewertet den Einfluss von Satellitenkonstellationen auf astronomische Beobachtungen<\/a><span class=\"lcp_date\">  2020-03-05<\/span><\/li><li><a href=\"https:\/\/www.darksky.ch\/dss\/de\/2020\/02\/aargauer-zeitung-mittels-steuerung-in-scherz-werden-die-strassenlampen-schlau\/\">Aargauer Zeitung \u2013 Mittels Steuerung: In Scherz werden die Strassenlampen schlau<\/a><span class=\"lcp_date\">  2020-02-28<\/span><\/li><li><a href=\"https:\/\/www.darksky.ch\/dss\/de\/2020\/02\/20minuten-kuenstliche-blitze-fuehren-zu-flugverbot\/\">20minuten \u2013\u00a0K\u00fcnstliche Blitze f\u00fchren zu Flugverbot<\/a><span class=\"lcp_date\">  2020-02-26<\/span><\/li><li><a href=\"https:\/\/www.darksky.ch\/dss\/de\/2020\/02\/meilener-anzeiger-die-nacht-braucht-dunkelheit\/\">Meilener Anzeiger \u2013 Die Nacht braucht Dunkelheit<\/a><span class=\"lcp_date\">  2020-02-20<\/span><\/li><li><a href=\"https:\/\/www.darksky.ch\/dss\/de\/2020\/02\/petition-in-nrw-foerderung-belastungsarmer-nachhaltiger-beleuchtung-zur-vermeidung-von-lichtverschmutzung\/\">Petition in NRW \u2013 F\u00f6rderung belastungsarmer, nachhaltiger Beleuchtung zur Vermeidung von Lichtverschmutzung<\/a><span class=\"lcp_date\">  2020-02-19<\/span><\/li><li><a href=\"https:\/\/www.darksky.ch\/dss\/de\/2020\/02\/tagesanzeiger-der-himmel-gehoert-der-menschheit\/\">Tagesanzeiger \u2013 \u00abDer Himmel geh\u00f6rt der Menschheit\u00bb<\/a><span class=\"lcp_date\">  2020-02-11<\/span><\/li><li><a href=\"https:\/\/www.darksky.ch\/dss\/de\/2020\/02\/ecowatch-gluehwuermchen-sind-durch-lebensraum-verlust-lichtverschmutzung-und-pestizide-vom-aussterben-bedroht\/\">EcoWatch \u2013 Gl\u00fchw\u00fcrmchen sind durch Lebensraum-Verlust, Lichtverschmutzung und Pestizide vom Aussterben bedroht<\/a><span class=\"lcp_date\">  2020-02-05<\/span><\/li><li><a href=\"https:\/\/www.darksky.ch\/dss\/de\/2020\/02\/nzz-kommentar-viele-nutzen-das-weltall-fuer-ihre-geschaefte-der-platz-ist-gratis-den-schrott-kann-man-zuruecklassen-es-ist-deshalb-hoechste-zeit-die-nutzung-des-weltraums-klar-z\/\">NZZ Kommentar \u2013 Viele nutzen das Weltall f\u00fcr ihre Gesch\u00e4fte \u2013 der Platz ist gratis, den Schrott kann man zur\u00fccklassen. Es ist deshalb h\u00f6chste Zeit, die Nutzung des Weltraums klar zu regeln und mit einem Preisschild zu versehen<\/a><span class=\"lcp_date\">  2020-02-05<\/span><\/li><li><a href=\"https:\/\/www.darksky.ch\/dss\/de\/2020\/01\/luzerner-zeitung-welche-beleuchtung-ist-die-richtige\/\">Luzerner Zeitung \u2013 Welche Beleuchtung ist die \u00abrichtige\u00bb?<\/a><span class=\"lcp_date\">  2020-01-28<\/span><\/li><li><a href=\"https:\/\/www.darksky.ch\/dss\/de\/2020\/01\/swr-podcast-ueberfuellung-im-all\/\">SWR Podcast \u2013 \u00dcberf\u00fcllung im All<\/a><span class=\"lcp_date\">  2020-01-23<\/span><\/li><li><a href=\"https:\/\/www.darksky.ch\/dss\/de\/2020\/01\/luzerner-zeitung-das-lilu-lichtfestival-wird-in-luzern-auch-im-kommenden-jahr-durchgefuehrt\/\">Luzerner Zeitung \u2013 Das Lilu Lichtfestival wird in Luzern auch im kommenden Jahr durchgef\u00fchrt<\/a><span class=\"lcp_date\">  2020-01-20<\/span><\/li><li><a href=\"https:\/\/www.darksky.ch\/dss\/de\/2020\/01\/20minuten-starlink-elon-musks-satelliten-ziehen-ueber-die-schweiz\/\">20minuten \u2013 Starlink: Elon Musks Satelliten ziehen \u00fcber die Schweiz<\/a><span class=\"lcp_date\">  2020-01-18<\/span><\/li><li><a href=\"https:\/\/www.darksky.ch\/dss\/de\/2020\/01\/20minuten-5g-gefaehrdet-genauigkeit-der-wettervorhersagen\/\">20minuten \u2013 5G gef\u00e4hrdet Genauigkeit der Wettervorhersagen<\/a><span class=\"lcp_date\">  2020-01-10<\/span><\/li><li><a href=\"https:\/\/www.darksky.ch\/dss\/de\/2020\/01\/tagesanzeiger-ploetzlich-blinkt-es-an-der-vbz-haltestelle-hektisch\/\">Tagesanzeiger \u2013 Pl\u00f6tzlich blinkt es an der VBZ-Haltestelle hektisch<\/a><span class=\"lcp_date\">  2020-01-09<\/span><\/li><li><a href=\"https:\/\/www.darksky.ch\/dss\/de\/2020\/01\/tagesanzeiger-zuerichs-seltene-armleuchter\/\">Tagesanzeiger \u2013 Z\u00fcrichs seltene \u00abArmleuchter\u00bb<\/a><span class=\"lcp_date\">  2020-01-08<\/span><\/li><li><a href=\"https:\/\/www.darksky.ch\/dss\/de\/2020\/01\/20minuten-in-fukushimas-todeszone-wimmelt-es-von-tieren\/\">20minuten \u2013 In Fukushimas Todeszone wimmelt es von Tieren<\/a><span class=\"lcp_date\">  2020-01-07<\/span><\/li><li><a href=\"https:\/\/www.darksky.ch\/dss\/de\/2020\/01\/sonntagszeitung-demut-macht-gluecklich\/\">SonntagsZeitung \u2013 Demut macht gl\u00fccklich<\/a><span class=\"lcp_date\">  2020-01-05<\/span><\/li><li><a href=\"https:\/\/www.darksky.ch\/dss\/de\/2020\/01\/srf-stromausfall-in-bruettisellen-10h\/\">SRF \u2013 Stromausfall in Br\u00fcttisellen (10h)<\/a><span class=\"lcp_date\">  2020-01-03<\/span><\/li><li><a href=\"https:\/\/www.darksky.ch\/dss\/de\/2020\/01\/nzz-wenn-es-nacht-wird-im-alentejo\/\">NZZ \u2013 Wenn es Nacht wird im Alentejo<\/a><span class=\"lcp_date\">  2020-01-03<\/span><\/li><\/ul> <h3>2019<\/h3><ul class=\"lcp_catlist\" id=\"lcp_instance_0\"><li><a href=\"https:\/\/www.darksky.ch\/dss\/de\/2019\/12\/telez-zuerich-vermehrte-beleuchtung-fuehrt-zu-lichtverschmutzung\/\">TeleZ \u2013 Z\u00fcrich: Vermehrte Beleuchtung f\u00fchrt zu Lichtverschmutzung<\/a><span class=\"lcp_date\">  2019-12-23<\/span><\/li><li><a href=\"https:\/\/www.darksky.ch\/dss\/de\/2019\/12\/20minuten-ist-das-blaue-handylicht-gar-nicht-schaedlich\/\">20Minuten \u2013 Ist das blaue Handylicht gar nicht sch\u00e4dlich?<\/a><span class=\"lcp_date\">  2019-12-21<\/span><\/li><li><a href=\"https:\/\/www.darksky.ch\/dss\/de\/2019\/12\/nzz-astronomen-fuerchten-elon-musks-megasatellitenkonstellation\/\">NZZ \u2013 Astronomen f\u00fcrchten Elon Musks Megasatellitenkonstellation<\/a><span class=\"lcp_date\">  2019-12-19<\/span><\/li><li><a href=\"https:\/\/www.darksky.ch\/dss\/de\/2019\/12\/nzz-bei-29%e2%80%85000-led-leuchten-ist-dann-mal-schluss-auch-das-grenzenlose-weihnaechtliche-feiern-kennt-grenzen\/\">NZZ \u2013 Bei 29\u2005000 LED-Leuchten ist dann mal Schluss. Auch das grenzenlose weihn\u00e4chtliche Feiern kennt Grenzen<\/a><span class=\"lcp_date\">  2019-12-17<\/span><\/li><li><a href=\"https:\/\/www.darksky.ch\/dss\/de\/2019\/12\/20minuten-nachbarn-toben-wegen-weihnachts-beleuchtung\/\">20Minuten \u2013 Nachbarn toben wegen Weihnachts-Beleuchtung<\/a><span class=\"lcp_date\">  2019-12-16<\/span><\/li><li><a href=\"https:\/\/www.darksky.ch\/dss\/de\/2019\/12\/thuner-tagblatt-parlaments-krimi-um-neuen-grossanlass\/\">Thuner Tagblatt \u2013 Parlaments-Krimi um neuen Grossanlass<\/a><span class=\"lcp_date\">  2019-12-14<\/span><\/li><li><a href=\"https:\/\/www.darksky.ch\/dss\/de\/2019\/12\/pflanzenfreund-die-schattenseiten-des-lichts\/\">Pflanzenfreund \u2013 Die Schattenseiten des Lichts<\/a><span class=\"lcp_date\">  2019-12-07<\/span><\/li><li><a href=\"https:\/\/www.darksky.ch\/dss\/de\/2019\/12\/infosperber-rettet-die-nacht\/\">Infosperber \u2013 Rettet die Nacht!<\/a><span class=\"lcp_date\">  2019-12-01<\/span><\/li><li><a href=\"https:\/\/www.darksky.ch\/dss\/de\/2019\/11\/thuner-tagblatt-im-aarebecken-ist-ein-neuer-grossanlass-geplant\/\">Thuner Tagblatt \u2013 Im Aarebecken ist ein neuer Grossanlass geplant<\/a><span class=\"lcp_date\">  2019-11-29<\/span><\/li><li><a href=\"https:\/\/www.darksky.ch\/dss\/de\/2019\/11\/aargauer-zeitung-baden-es-wird-doch-noch-licht-am-oelrain-wie-die-beleuchtung-aussehen-wird-liegt-aber-noch-im-dunkeln\/\">Aargauer Zeitung \u2013 Baden: Es wird doch noch Licht am Oelrain \u2013 wie die Beleuchtung aussehen wird, liegt aber noch im Dunkeln<\/a><span class=\"lcp_date\">  2019-11-29<\/span><\/li><li><a href=\"https:\/\/www.darksky.ch\/dss\/de\/2019\/11\/heise-satelliten-internet-starlink-immer-mehr-spuren-in-astronomischen-aufnahmen\/\">Heise \u2013 Satelliten-Internet Starlink: Immer mehr Spuren in astronomischen Aufnahmen<\/a><span class=\"lcp_date\">  2019-11-27<\/span><\/li><li><a href=\"https:\/\/www.darksky.ch\/dss\/de\/2019\/11\/the-guardian-lichtverschmutzung-ist-ein-schluesselfaktor-des-insektensterbens-uebersetzung\/\">The Guardian \u2013 Lichtverschmutzung ist ein Schl\u00fcsselfaktor des Insektensterbens (\u00dcbersetzung)<\/a><span class=\"lcp_date\">  2019-11-24<\/span><\/li><li><a href=\"https:\/\/www.darksky.ch\/dss\/de\/2019\/11\/orf-lichtverschmutzung-beschleunigt-insektenschwund\/\">ORF \u2013 Lichtverschmutzung beschleunigt Insektenschwund<\/a><span class=\"lcp_date\">  2019-11-22<\/span><\/li><li><a href=\"https:\/\/www.darksky.ch\/dss\/de\/2019\/11\/20minuten-wie-stadt-bern-insekten-vor-dem-tod-bewahren-will\/\">20Minuten \u2013 Wie Stadt Bern Insekten vor dem Tod bewahren will<\/a><span class=\"lcp_date\">  2019-11-22<\/span><\/li><li><a href=\"https:\/\/www.darksky.ch\/dss\/de\/2019\/11\/berner-zeitung-stadt-bern-erstrahlt-kuenftig-nachts-nur-noch-warmweiss\/\">Berner Zeitung \u2013 Stadt Bern erstrahlt k\u00fcnftig nachts nur noch \u00abwarmweiss\u00bb<\/a><span class=\"lcp_date\">  2019-11-21<\/span><\/li><li><a href=\"https:\/\/www.darksky.ch\/dss\/de\/2019\/11\/schaffhauser-nachrichten-mehr-dunkelheit-fuer-stein-am-rhein\/\">Schaffhauser Nachrichten \u2013 Mehr Dunkelheit f\u00fcr Stein am Rhein<\/a><span class=\"lcp_date\">  2019-11-20<\/span><\/li><li><a href=\"https:\/\/www.darksky.ch\/dss\/de\/2019\/11\/schweizer-revue-nur-wer-das-licht-loescht-wird-von-sternen-erleuchtet\/\">Schweizer Revue \u2013 Nur wer das Licht l\u00f6scht, wird von Sternen erleuchtet<\/a><span class=\"lcp_date\">  2019-11-20<\/span><\/li><li><a href=\"https:\/\/www.darksky.ch\/dss\/de\/2019\/11\/tagblatt-egnach-die-nacht-nicht-zum-tag-machen\/\">Tagblatt \u2013 Egnach: Die Nacht nicht zum Tag machen<\/a><span class=\"lcp_date\">  2019-11-18<\/span><\/li><li><a href=\"https:\/\/www.darksky.ch\/dss\/de\/2019\/11\/nzz-am-sonntag-der-letzte-loescht-das-strassenlicht\/\">NZZ am Sonntag \u2013 Der Letzte l\u00f6scht das Strassenlicht<\/a><span class=\"lcp_date\">  2019-11-17<\/span><\/li><li><a href=\"https:\/\/www.darksky.ch\/dss\/de\/2019\/11\/zueriost-zuercher-oberland-dark-sky-kritisiert-nutzlose-lichtverschmutzung\/\">Z\u00fcriost Z\u00fcrcher Oberland \u2013 Dark Sky kritisiert nutzlose Lichtverschmutzung<\/a><span class=\"lcp_date\">  2019-11-07<\/span><\/li><li><a href=\"https:\/\/www.darksky.ch\/dss\/de\/2019\/11\/hev-schweiz-lichtemissionen-des-einen-freud-des-anderen-leid\/\">HEV Schweiz \u2013 Lichtemissionen: Des einen Freud \u2013 des anderen Leid<\/a><span class=\"lcp_date\">  2019-11-01<\/span><\/li><li><a href=\"https:\/\/www.darksky.ch\/dss\/de\/2019\/10\/tagesanzeiger-das-insektensterben-ist-noch-schlimmer-als-befuerchtet\/\">Tagesanzeiger \u2013 Das Insektensterben ist noch schlimmer als bef\u00fcrchtet<\/a><span class=\"lcp_date\">  2019-10-31<\/span><\/li><li><a href=\"https:\/\/www.darksky.ch\/dss\/de\/2019\/10\/nzz-biodiversitaet-weitere-belege-fuer-starken-insektenschwund-in-deutschland\/\">NZZ \u2013 Biodiversit\u00e4t: weitere Belege f\u00fcr starken Insektenschwund in Deutschland<\/a><span class=\"lcp_date\">  2019-10-31<\/span><\/li><li><a href=\"https:\/\/www.darksky.ch\/dss\/de\/2019\/10\/luzerner-zeitung-das-licht-der-bildschirme-laesst-uns-schneller-altern\/\">Luzerner Zeitung \u2013 Das Licht der Bildschirme l\u00e4sst uns schneller altern<\/a><span class=\"lcp_date\">  2019-10-30<\/span><\/li><li><a href=\"https:\/\/www.darksky.ch\/dss\/de\/2019\/10\/tagesanzeiger-77-fragen-zum-schlaf\/\">Tagesanzeiger \u2013 77 Fragen zum Schlaf<\/a><span class=\"lcp_date\">  2019-10-29<\/span><\/li><li><a href=\"https:\/\/www.darksky.ch\/dss\/de\/2019\/10\/20minuten-wozu-ist-dieser-blinker-am-strassenleitpfosten\/\">20Minuten \u2013 Wozu ist dieser Blinker am Strassenleitpfosten?<\/a><span class=\"lcp_date\">  2019-10-24<\/span><\/li><li><a href=\"https:\/\/www.darksky.ch\/dss\/de\/2019\/10\/nzz-die-geplante-abschaffung-der-zeitumstellung-in-der-eu-geraet-ins-stocken\/\">NZZ \u2013 Die geplante Abschaffung der Zeitumstellung in der EU ger\u00e4t ins Stocken<\/a><span class=\"lcp_date\">  2019-10-23<\/span><\/li><li><a href=\"https:\/\/www.darksky.ch\/dss\/de\/2019\/10\/nzz-zugvoegel-die-wichtigsten-fragen-und-antworten-zum-vogelzug\/\">NZZ \u2013 Zugv\u00f6gel &#8211; die wichtigsten Fragen und Antworten zum Vogelzug<\/a><span class=\"lcp_date\">  2019-10-18<\/span><\/li><li><a href=\"https:\/\/www.darksky.ch\/dss\/de\/2019\/10\/20minuten-digitale-werbung-betreiber-halten-grenzwerte-nicht-ein\/\">20Minuten \u2013 Digitale Werbung \u2013 \u00abBetreiber halten Grenzwerte nicht ein\u00bb<\/a><span class=\"lcp_date\">  2019-10-17<\/span><\/li><li><a href=\"https:\/\/www.darksky.ch\/dss\/de\/2019\/10\/nzz-schutz-von-klima-und-umwelt-vorgebracht-wird-vieles-nur-das-wort-verzicht-faellt-nicht\/\">NZZ \u2013 Schutz von Klima und Umwelt \u2013 vorgebracht wird vieles, nur das Wort \u00abVerzicht\u00bb f\u00e4llt nicht<\/a><span class=\"lcp_date\">  2019-10-17<\/span><\/li><li><a href=\"https:\/\/www.darksky.ch\/dss\/de\/2019\/10\/nzz-wenn-die-natur-eigene-rechte-bekommt\/\">NZZ \u2013 Wenn die Natur eigene Rechte bekommt<\/a><span class=\"lcp_date\">  2019-10-16<\/span><\/li><li><a href=\"https:\/\/www.darksky.ch\/dss\/de\/2019\/10\/srf-schweiz-aktuell-insekten-freundlichere-strassenbeleuchtung\/\">SRF Schweiz aktuell \u2013 Insekten-freundlichere Strassenbeleuchtung<\/a><span class=\"lcp_date\">  2019-10-14<\/span><\/li><li><a href=\"https:\/\/www.darksky.ch\/dss\/de\/2019\/10\/spiegel-reise-reisefuehrer-fuer-sterngucker-die-dunkelsten-orte-der-welt\/\">Spiegel Reise \u2013 Reisef\u00fchrer f\u00fcr Sterngucker: Die dunkelsten Orte der Welt<\/a><span class=\"lcp_date\">  2019-10-13<\/span><\/li><li><a href=\"https:\/\/www.darksky.ch\/dss\/de\/2019\/10\/coopzeitung-als-der-welt-ein-licht-aufging\/\">Coopzeitung \u2013 Als der Welt ein Licht aufging<\/a><span class=\"lcp_date\">  2019-10-08<\/span><\/li><li><a href=\"https:\/\/www.darksky.ch\/dss\/de\/2019\/10\/swr2-wissen-region-genf-setzt-zeichen-gegen-licht-verschmutzung\/\">SWR2 Wissen \u2013 Region Genf setzt Zeichen gegen Licht-Verschmutzung<\/a><span class=\"lcp_date\">  2019-10-07<\/span><\/li><li><a href=\"https:\/\/www.darksky.ch\/dss\/de\/2019\/09\/das-magazin-muell-im-all\/\">Das Magazin \u2013\u00a0M\u00fcll im All<\/a><span class=\"lcp_date\">  2019-09-27<\/span><\/li><li><a href=\"https:\/\/www.darksky.ch\/dss\/de\/2019\/09\/20minuten-zuerich-neues-licht-fuer-den-hauptbahnhof\/\">20Minuten \u2013 Z\u00fcrich: Neues Licht f\u00fcr den Hauptbahnhof<\/a><span class=\"lcp_date\">  2019-09-23<\/span><\/li><li><a href=\"https:\/\/www.darksky.ch\/dss\/de\/2019\/09\/sonntagszeitung-smartphones-sorgen-bei-schuelern-fuer-schlafstoerungen\/\">Sonntagszeitung \u2013 Smartphones sorgen bei Sch\u00fclern f\u00fcr Schlafst\u00f6rungen<\/a><span class=\"lcp_date\">  2019-09-22<\/span><\/li><li><a href=\"https:\/\/www.darksky.ch\/dss\/de\/2019\/09\/20minuten-smartphones-rauben-schuelern-den-schlaf\/\">20Minuten \u2013 Smartphones rauben Sch\u00fclern den Schlaf<\/a><span class=\"lcp_date\">  2019-09-22<\/span><\/li><li><a href=\"https:\/\/www.darksky.ch\/dss\/de\/2019\/09\/nzz-grosses-vogelsterben-in-den-usa-und-kanada\/\">NZZ \u2013 Grosses Vogelsterben in den USA und Kanada<\/a><span class=\"lcp_date\">  2019-09-20<\/span><\/li><li><a href=\"https:\/\/www.darksky.ch\/dss\/de\/2019\/09\/tagesanzeiger-kinder-sollten-unbedingt-ausschlafen-koennen\/\">Tagesanzeiger \u2013 \u00abKinder sollten unbedingt ausschlafen k\u00f6nnen\u00bb<\/a><span class=\"lcp_date\">  2019-09-17<\/span><\/li><li><a href=\"https:\/\/www.darksky.ch\/dss\/de\/2019\/09\/20minuten-9-11-mahnlichter-toeten-laut-experten-tausende-von-voegeln\/\">20Minuten \u2013 9\/11-Mahnlichter t\u00f6ten laut Experten Tausende von V\u00f6geln<\/a><span class=\"lcp_date\">  2019-09-11<\/span><\/li><li><a href=\"https:\/\/www.darksky.ch\/dss\/de\/2019\/09\/umweltperspektiven-zum-spatenstich-des-observatoriums-von-mario-botta\/\">UmweltPerspektiven \u2013 Zum Spatenstich des Observatoriums von Mario Botta<\/a><span class=\"lcp_date\">  2019-09-10<\/span><\/li><li><a href=\"https:\/\/www.darksky.ch\/dss\/de\/2019\/09\/tagesanzeiger-sternenzelt-in-der-unterwelt\/\">Tagesanzeiger \u2013 Sternenzelt in der Unterwelt<\/a><span class=\"lcp_date\">  2019-09-09<\/span><\/li><li><a href=\"https:\/\/www.darksky.ch\/dss\/de\/2019\/09\/freiburger-nachrichten-zu-viel-licht-am-himmel\/\">Freiburger Nachrichten \u2013 Zu viel Licht am Himmel<\/a><span class=\"lcp_date\">  2019-09-05<\/span><\/li><li><a href=\"https:\/\/www.darksky.ch\/dss\/de\/2019\/09\/nzz-drei-millionen-dollar-fuer-das-erste-bild-eines-schwarzen-lochs\/\">NZZ \u2013 Drei Millionen Dollar f\u00fcr das erste Bild eines Schwarzen Lochs<\/a><span class=\"lcp_date\">  2019-09-05<\/span><\/li><li><a href=\"https:\/\/www.darksky.ch\/dss\/de\/2019\/09\/freiburger-nachrichten-lichterloeschen-fuer-den-sternenpark\/\">Freiburger Nachrichten \u2013 Lichterl\u00f6schen f\u00fcr den Sternenpark<\/a><span class=\"lcp_date\">  2019-09-05<\/span><\/li><li><a href=\"https:\/\/www.darksky.ch\/dss\/de\/2019\/09\/natur-im-siedlungsraum-insekten-schlafplaetze\/\">Natur im Siedlungsraum \u2013 Insekten-Schlafpl\u00e4tze<\/a><span class=\"lcp_date\">  2019-09-05<\/span><\/li><li><a href=\"https:\/\/www.darksky.ch\/dss\/de\/2019\/09\/20minuten-unbeleuchtete-treppe-diese-passerelle-ist-eine-katastrophe\/\">20Minuten \u2013 Unbeleuchtete Treppe: \u00abDiese Passerelle ist eine Katastrophe\u00bb<\/a><span class=\"lcp_date\">  2019-09-03<\/span><\/li><li><a href=\"https:\/\/www.darksky.ch\/dss\/de\/2019\/08\/jungfrau-zeitung-lichter-aus-erster-sternenpark-eroeffnet\/\">Jungfrau Zeitung \u2013 Lichter aus \u2013 erster Sternenpark er\u00f6ffnet<\/a><span class=\"lcp_date\">  2019-08-31<\/span><\/li><li><a href=\"https:\/\/www.darksky.ch\/dss\/de\/2019\/08\/berner-zeitung-auf-der-jagd-nach-der-dunkelheit\/\">Berner Zeitung \u2013 Auf der Jagd nach der Dunkelheit<\/a><span class=\"lcp_date\">  2019-08-28<\/span><\/li><li><a href=\"https:\/\/www.darksky.ch\/dss\/de\/2019\/08\/srf-regionaljournal-bern-ruf-in-die-woche-der-lange-weg-zum-lichtschutzgebiet\/\">SRF Regionaljournal Bern \u2013 Ruf in die Woche: der lange Weg zum Lichtschutzgebiet<\/a><span class=\"lcp_date\">  2019-08-26<\/span><\/li><li><a href=\"https:\/\/www.darksky.ch\/dss\/de\/2019\/08\/srf-mission-b-warum-licht-uns-den-schlaf-und-tieren-den-lebensraum-raubt\/\">SRF Mission B \u2013 Warum Licht uns den Schlaf und Tieren den Lebensraum raubt<\/a><span class=\"lcp_date\">  2019-08-23<\/span><\/li><li><a href=\"https:\/\/www.darksky.ch\/dss\/de\/2019\/08\/nzz-ein-frosch-macht-noch-keinen-fruehling-diese-einheimischen-arten-sind-bedroht\/\">NZZ \u2013 Ein Frosch macht noch keinen Fr\u00fchling: Diese einheimischen Arten sind bedroht<\/a><span class=\"lcp_date\">  2019-08-23<\/span><\/li><li><a href=\"https:\/\/www.darksky.ch\/dss\/de\/2019\/08\/20minuten-nachtarbeit-koennte-krebsrisiko-erhoehen\/\">20Minuten \u2013 Nachtarbeit k\u00f6nnte Krebsrisiko erh\u00f6hen<\/a><span class=\"lcp_date\">  2019-08-23<\/span><\/li><li><a href=\"https:\/\/www.darksky.ch\/dss\/de\/2019\/08\/heise-online-fuenf-jahre-sternenpark-kampf-gegen-lichtverschmutzung-geht-weiter\/\">heise online \u2013 F\u00fcnf Jahre Sternenpark \u2013 Kampf gegen Lichtverschmutzung geht weiter<\/a><span class=\"lcp_date\">  2019-08-18<\/span><\/li><li><a href=\"https:\/\/www.darksky.ch\/dss\/de\/2019\/08\/solothurner-zeitung-die-hellsten-solothurner-das-sind-die-neuen-led-strahler-auf-dem-weissenstein\/\">Solothurner Zeitung \u2013 Die hellsten Solothurner &#8211; das sind die neuen LED-Strahler auf dem Weissenstein<\/a><span class=\"lcp_date\">  2019-08-17<\/span><\/li><li><a href=\"https:\/\/www.darksky.ch\/dss\/de\/2019\/08\/db-mobil-wirds-noch-dunkel\/\">DB Mobil \u2013 Wird\u2019s noch dunkel?<\/a><span class=\"lcp_date\">  2019-08-14<\/span><\/li><li><a href=\"https:\/\/www.darksky.ch\/dss\/de\/2019\/08\/20minuten-darum-leuchtet-dieser-katzenhai-gruen\/\">20Minuten \u2013 Darum leuchtet dieser Katzenhai gr\u00fcn<\/a><span class=\"lcp_date\">  2019-08-13<\/span><\/li><li><a href=\"https:\/\/www.darksky.ch\/dss\/de\/2019\/08\/srf-kultur-aus-umweltsicht-ist-es-sinnvoll-dunkle-zonen-zu-machen\/\">SRF Kultur &#8211; \u00abAus Umweltsicht ist es sinnvoll, dunkle Zonen zu machen\u00bb<\/a><span class=\"lcp_date\">  2019-08-12<\/span><\/li><li><a href=\"https:\/\/www.darksky.ch\/dss\/de\/2019\/08\/freiburger-nachrichten-licht-dunkel\/\">Freiburger Nachrichten \u2013\u00a0Licht &#038; Dunkel<\/a><span class=\"lcp_date\">  2019-08-08<\/span><\/li><li><a href=\"https:\/\/www.darksky.ch\/dss\/de\/2019\/08\/der-bund-im-gantrisch-wird-die-nacht-verteidigt\/\">Der Bund \u2013 Im Gantrisch wird die Nacht verteidigt<\/a><span class=\"lcp_date\">  2019-08-08<\/span><\/li><li><a href=\"https:\/\/www.darksky.ch\/dss\/de\/2019\/08\/der-bund-kaltweisses-led-licht-ist-fuer-insekten-fatal\/\">Der Bund \u2013 \u00abKaltweisses LED-Licht ist f\u00fcr Insekten fatal\u00bb<\/a><span class=\"lcp_date\">  2019-08-08<\/span><\/li><li><a href=\"https:\/\/www.darksky.ch\/dss\/de\/2019\/08\/le-monde-diplomatique-deutsch-es-werde-nacht\/\">Le Monde diplomatique (deutsch) \u2013 Es werde Nacht<\/a><span class=\"lcp_date\">  2019-08-01<\/span><\/li><li><a href=\"https:\/\/www.darksky.ch\/dss\/de\/2019\/07\/nzz-militaerschiessplatz-auf-dem-simplon-unter-beschuss\/\">NZZ \u2013 Milit\u00e4rschiessplatz auf dem Simplon unter Beschuss<\/a><span class=\"lcp_date\">  2019-07-26<\/span><\/li><li><a href=\"https:\/\/www.darksky.ch\/dss\/de\/2019\/07\/20minuten-je-weniger-elektronik-desto-besser-der-schlaf\/\">20minuten \u2013 Je weniger Elektronik, desto besser der Schlaf<\/a><span class=\"lcp_date\">  2019-07-26<\/span><\/li><li><a href=\"https:\/\/www.darksky.ch\/dss\/de\/2019\/07\/srf-10vor10-serie-rastlos-die-24-stunden-gesellschaft-teil-2\/\">SRF 10vor10 \u2013 Serie Rastlos \u2013 Die 24-Stunden-Gesellschaft (Teil 2)<\/a><span class=\"lcp_date\">  2019-07-23<\/span><\/li><li><a href=\"https:\/\/www.darksky.ch\/dss\/de\/2019\/07\/frankfurter-allgemeine-zeitung-lichtverschmutzung-wir-schaffen-die-nacht-ab\/\">Frankfurter Allgemeine Zeitung \u2013 Lichtverschmutzung: Wir schaffen die Nacht ab!<\/a><span class=\"lcp_date\">  2019-07-17<\/span><\/li><li><a href=\"https:\/\/www.darksky.ch\/dss\/de\/2019\/07\/tagesanzeiger-sie-koennen-viel-und-leben-kurz\/\">Tagesanzeiger \u2013 Sie k\u00f6nnen viel und leben kurz<\/a><span class=\"lcp_date\">  2019-07-16<\/span><\/li><li><a href=\"https:\/\/www.darksky.ch\/dss\/de\/2019\/07\/bauernzeitung-insekten-sind-wichtig-so-will-der-bauernverband-biodiversitaet-und-kleinstlebewesen-foerdern\/\">BauernZeitung \u2013 Insekten sind wichtig: So will der Bauernverband Biodiversit\u00e4t und Kleinstlebewesen f\u00f6rdern<\/a><span class=\"lcp_date\">  2019-07-07<\/span><\/li><li><a href=\"https:\/\/www.darksky.ch\/dss\/de\/2019\/07\/sonntagszeitung-meckern-im-mondlicht\/\">Sonntagszeitung \u2013 Meckern im Mondlicht<\/a><span class=\"lcp_date\">  2019-07-07<\/span><\/li><li><a href=\"https:\/\/www.darksky.ch\/dss\/de\/2019\/07\/reportage-tessiner-zeitung-leuchten-fuer-die-liebe-wie-lange-noch\/\">Reportage: Tessiner Zeitung &#8211; Leuchten f\u00fcr die liebe- Wie lange noch?<\/a><span class=\"lcp_date\">  2019-07-05<\/span><\/li><li><a href=\"https:\/\/www.darksky.ch\/dss\/de\/2019\/06\/luzerner-zeitung-die-flutlichtanlage-in-walchwil-wird-konkret\/\">Luzerner Zeitung \u2013 Die Flutlichtanlage in Walchwil wird konkret<\/a><span class=\"lcp_date\">  2019-06-24<\/span><\/li><li><a href=\"https:\/\/www.darksky.ch\/dss\/de\/2019\/06\/tagesanzeiger-gibt-es-bald-mehr-satelliten-als-sichtbare-sterne\/\">Tagesanzeiger \u2013 Gibt es bald mehr Satelliten als sichtbare Sterne?<\/a><span class=\"lcp_date\">  2019-06-23<\/span><\/li><li><a href=\"https:\/\/www.darksky.ch\/dss\/de\/2019\/06\/20minuten-wer-vorm-tv-einschlaeft-nimmt-schneller-zu\/\">20Minuten \u2013 Wer vorm TV einschl\u00e4ft, nimmt schneller zu<\/a><span class=\"lcp_date\">  2019-06-22<\/span><\/li><li><a href=\"https:\/\/www.darksky.ch\/dss\/de\/2019\/06\/srf-mission-b-das-spektakulaere-liebesspiel-der-gluehwuermchen\/\">SRF \u2013 Mission B: Das spektakul\u00e4re Liebesspiel der Gl\u00fchw\u00fcrmchen<\/a><span class=\"lcp_date\">  2019-06-21<\/span><\/li><li><a href=\"https:\/\/www.darksky.ch\/dss\/de\/2019\/06\/limmattaler-zeitung-ein-insektentest-mit-verschiedenen-strassenlampen\/\">Limmattaler Zeitung \u2013 Ein Insektentest mit verschiedenen Strassenlampen<\/a><span class=\"lcp_date\">  2019-06-20<\/span><\/li><li><a href=\"https:\/\/www.darksky.ch\/dss\/de\/2019\/06\/ekz-blue-orange-weiss-oder-warmweiss-insekten-duerfen-waehlen\/\">EKZ blue \u2013 Orange, Weiss oder Warmweiss \u2013 Insekten d\u00fcrfen w\u00e4hlen<\/a><span class=\"lcp_date\">  2019-06-19<\/span><\/li><li><a href=\"https:\/\/www.darksky.ch\/dss\/de\/2019\/06\/radio-srf1-treffpunkt-dunkelheit-ist-fuer-die-artenvielfalt-unverzichtbar\/\">Radio SRF1 \u2013 Treffpunkt: Dunkelheit ist f\u00fcr die Artenvielfalt unverzichtbar<\/a><span class=\"lcp_date\">  2019-06-17<\/span><\/li><li><a href=\"https:\/\/www.darksky.ch\/dss\/de\/2019\/06\/nzz-begegnungen-mit-dem-groessten-nager-des-landes-biberalarm-im-bad\/\">NZZ \u2013 Begegnungen mit dem gr\u00f6ssten Nager des Landes: Biberalarm im Bad<\/a><span class=\"lcp_date\">  2019-06-15<\/span><\/li><li><a href=\"https:\/\/www.darksky.ch\/dss\/de\/2019\/06\/tagesanzeiger-der-mensch-stirbt-wenn-er-nicht-schlaeft\/\">Tagesanzeiger \u2013 \u00abDer Mensch stirbt, wenn er nicht schl\u00e4ft\u00bb<\/a><span class=\"lcp_date\">  2019-06-13<\/span><\/li><li><a href=\"https:\/\/www.darksky.ch\/dss\/de\/2019\/06\/pro-natura-elisabeth-und-oscar-beugger-preis-2020\/\">Pro Natura \u2013 Elisabeth und Oscar Beugger Preis 2020<\/a><span class=\"lcp_date\">  2019-06-13<\/span><\/li><li><a href=\"https:\/\/www.darksky.ch\/dss\/de\/2019\/06\/zuercher-unterlaender-fuer-dunklere-naechte\/\">Z\u00fcrcher Unterl\u00e4nder \u2013 F\u00fcr dunklere N\u00e4chte<\/a><span class=\"lcp_date\">  2019-06-12<\/span><\/li><li><a href=\"https:\/\/www.darksky.ch\/dss\/de\/2019\/06\/srf-2-wissen-starlink-satelliten-am-nachthimmel\/\">Radio SRF 2 Kultur Wissenschaftsmagazin \u2013 Starlink Satelliten am Nachthimmel<\/a><span class=\"lcp_date\">  2019-06-08<\/span><\/li><li><a href=\"https:\/\/www.darksky.ch\/dss\/de\/2019\/06\/zuerichsee-zeitung-verein-darf-jetzt-gegen-lichtverschmutzung-klagen\/\">Z\u00fcrichsee-Zeitung \u2013 Verein darf jetzt gegen Lichtverschmutzung klagen<\/a><span class=\"lcp_date\">  2019-06-04<\/span><\/li><li><a href=\"https:\/\/www.darksky.ch\/dss\/de\/2019\/05\/20minuten-so-gefaehrlich-ist-led-licht-fuer-deine-augen\/\">20Minuten \u2013 So gef\u00e4hrlich ist LED-Licht f\u00fcr deine Augen<\/a><span class=\"lcp_date\">  2019-05-27<\/span><\/li><li><a href=\"https:\/\/www.darksky.ch\/dss\/de\/2019\/05\/spiegel-online-starlink-satelliten-vermuellt-spacex-den-nachthimmel\/\">Spiegel online \u2013 Starlink Satelliten: Verm\u00fcllt SpaceX den Nachthimmel?<\/a><span class=\"lcp_date\">  2019-05-26<\/span><\/li><li><a href=\"https:\/\/www.darksky.ch\/dss\/de\/2019\/05\/nzz-schwindet-die-biologische-vielfalt-hat-der-mensch-ein-problem\/\">NZZ \u2013 Schwindet die biologische Vielfalt, hat der Mensch ein Problem<\/a><span class=\"lcp_date\">  2019-05-21<\/span><\/li><li><a href=\"https:\/\/www.darksky.ch\/dss\/de\/2019\/05\/pro-natura-magazin-zeit-zum-lichterloeschen-von-dunklen-himmeln-profitieren-alle\/\">Pro Natura Magazin \u2013 Zeit zum Lichterl\u00f6schen: Von dunklen Himmeln profitieren alle<\/a><span class=\"lcp_date\">  2019-05-09<\/span><\/li><li><a href=\"https:\/\/www.darksky.ch\/dss\/de\/2019\/05\/pro-natura-licht-aus-fuer-nachttiere\/\">Pro Natura \u2013 Licht aus f\u00fcr Nachttiere<\/a><span class=\"lcp_date\">  2019-05-09<\/span><\/li><li><a href=\"https:\/\/www.darksky.ch\/dss\/de\/2019\/05\/srf-tagesschau-kampagne-gegen-das-insektensterben\/\">SRF Tagesschau \u2013 Kampagne gegen das Insektensterben<\/a><span class=\"lcp_date\">  2019-05-02<\/span><\/li><li><a href=\"https:\/\/www.darksky.ch\/dss\/de\/2019\/04\/t-online-fassaden-in-bayern-sollen-nachts-finster-bleiben\/\">T online \u2013 Fassaden in Bayern sollen nachts finster bleiben<\/a><span class=\"lcp_date\">  2019-04-30<\/span><\/li><li><a href=\"https:\/\/www.darksky.ch\/dss\/de\/2019\/04\/schaffhauser-nachrichten-fledermaeuse-kehren-zurueck-guenstiger-strom-verleitet-zum-verschwenden\/\">Schaffhauser Nachrichten \u2013 Flederm\u00e4use kehren zur\u00fcck \/ G\u00fcnstiger Strom verleitet zum Verschwenden<\/a><span class=\"lcp_date\">  2019-04-30<\/span><\/li><li><a href=\"https:\/\/www.darksky.ch\/dss\/de\/2019\/04\/20minuten-mit-laser-geblendet-tramfahrer-weigern-sich-diese-strecke-zu-fahren\/\">20Minuten \u2013 Mit Laser geblendet: \u00abTramfahrer weigern sich, diese Strecke zu fahren\u00bb<\/a><span class=\"lcp_date\">  2019-04-29<\/span><\/li><li><a href=\"https:\/\/www.darksky.ch\/dss\/de\/2019\/04\/srf-1-rendez-vous-vom-mittag-kaempfer-gegen-lichtverschmutzung-erhalten-beschwerderecht\/\">SRF 1 \u2013 Rendez-vous vom Mittag \u2013 K\u00e4mpfer gegen Lichtverschmutzung erhalten Beschwerderecht<\/a><span class=\"lcp_date\">  2019-04-26<\/span><\/li><li><a href=\"https:\/\/www.darksky.ch\/dss\/de\/2019\/04\/srf-1-rendez-vous-das-phaenomen-der-sogenannten-lichtverschmutzung\/\">SRF 1 \u2013 Rendez-vous: Das Ph\u00e4nomen der sogenannten \u00abLichtverschmutzung\u00bb<\/a><span class=\"lcp_date\">  2019-04-25<\/span><\/li><li><a href=\"https:\/\/www.darksky.ch\/dss\/de\/2019\/04\/srf-3-info-3-ueber-dark-sky-switzerland\/\">SRF 3 \u2013 Info 3 \u00fcber Dark-Sky Switzerland<\/a><span class=\"lcp_date\">  2019-04-25<\/span><\/li><li><a href=\"https:\/\/www.darksky.ch\/dss\/de\/2019\/04\/nzz-lichtverschmutzung-so-beeinflussen-strassenlampen-die-nachtaktiven-insekten\/\">NZZ \u2013 Lichtverschmutzung: So beeinflussen Strassenlampen die nachtaktiven Insekten<\/a><span class=\"lcp_date\">  2019-04-24<\/span><\/li><li><a href=\"https:\/\/www.darksky.ch\/dss\/de\/2019\/04\/20minuten-zuercher-erfinden-intelligentes-licht\/\">20Minuten \u2013 Z\u00fcrcher erfinden intelligentes Licht<\/a><span class=\"lcp_date\">  2019-04-15<\/span><\/li><li><a href=\"https:\/\/www.darksky.ch\/dss\/de\/2019\/04\/tagesanzeiger-insektenschwund-es-sind-nicht-nur-die-pestizide\/\">Tagesanzeiger \u2013 Insektenschwund: Es sind nicht nur die Pestizide<\/a><span class=\"lcp_date\">  2019-04-12<\/span><\/li><li><a href=\"https:\/\/www.darksky.ch\/dss\/de\/2019\/04\/akademien-der-wissenschaften-und-forum-biodiversitaet-insektenschwund-in-der-schweiz\/\">Akademien der Wissenschaften und Forum Biodiversit\u00e4t \u2013 Insektenschwund in der Schweiz<\/a><span class=\"lcp_date\">  2019-04-11<\/span><\/li><li><a href=\"https:\/\/www.darksky.ch\/dss\/de\/2019\/04\/nzz-ein-bild-fuer-die-geschichtsbuecher-astronomen-erhaschen-den-schatten-eines-schwarzen-lochs\/\">NZZ \u2013 Ein Bild f\u00fcr die Geschichtsb\u00fccher: Astronomen erhaschen den Schatten eines Schwarzen Lochs<\/a><span class=\"lcp_date\">  2019-04-10<\/span><\/li><li><a href=\"https:\/\/www.darksky.ch\/dss\/de\/2019\/04\/schaffhauser-nachrichten-im-einsatz-gegen-die-zu-helle-beleuchtung\/\">Schaffhauser Nachrichten \u2013 Im Einsatz gegen die zu helle Beleuchtung<\/a><span class=\"lcp_date\">  2019-04-10<\/span><\/li><li><a href=\"https:\/\/www.darksky.ch\/dss\/de\/2019\/04\/orion-wir-missachten-unseren-biorhythmus\/\">Orion \u2013 Wir missachten unseren Biorhythmus<\/a><span class=\"lcp_date\">  2019-04-01<\/span><\/li><li><a href=\"https:\/\/www.darksky.ch\/dss\/de\/2019\/03\/nzz-symbolischer-lichtverzicht-earth-hour-fuer-den-klimaschutz\/\">NZZ \u2013 Symbolischer Lichtverzicht \u2013 \u00abEarth Hour\u00bb f\u00fcr den Klimaschutz<\/a><span class=\"lcp_date\">  2019-03-29<\/span><\/li><li><a href=\"https:\/\/www.darksky.ch\/dss\/de\/2019\/03\/tagblatt-die-lichtverschmutzung-nimmt-zu-der-kampf-dagegen-erweist-sich-als-zaeh\/\">Tagblatt \u2013 Die Lichtverschmutzung nimmt zu \u2013 der Kampf dagegen erweist sich als z\u00e4h<\/a><span class=\"lcp_date\">  2019-03-28<\/span><\/li><li><a href=\"https:\/\/www.darksky.ch\/dss\/de\/2019\/03\/aargauer-zeitung-die-dunkle-seite-des-lichts-die-lichtverschmutzung-in-der-schweiz-nimmt-zu\/\">Aargauer Zeitung \u2013 Die dunkle Seite des Lichts: Die Lichtverschmutzung in der Schweiz nimmt zu<\/a><span class=\"lcp_date\">  2019-03-28<\/span><\/li><li><a href=\"https:\/\/www.darksky.ch\/dss\/de\/2019\/03\/luzerner-zeitung-die-lichtverschmutzung-nimmt-zu-der-kampf-dagegen-erweist-sich-als-zaeh\/\">Luzerner Zeitung \u2013 Die Lichtverschmutzung nimmt zu &#8211; der Kampf dagegen erweist sich als z\u00e4h<\/a><span class=\"lcp_date\">  2019-03-28<\/span><\/li><li><a href=\"https:\/\/www.darksky.ch\/dss\/de\/2019\/03\/tagesanzeiger-mit-laempchen-gegen-das-hardbruecke-chaos\/\">Tagesanzeiger \u2013 Mit L\u00e4mpchen gegen das Hardbr\u00fccke-Chaos<\/a><span class=\"lcp_date\">  2019-03-27<\/span><\/li><li><a href=\"https:\/\/www.darksky.ch\/dss\/de\/2019\/03\/aargauer-zeitung-nach-kritik-von-anwohnern-sbb-stellen-bahnhofbeleuchtung-in-der-nacht-ab\/\">Aargauer Zeitung \u2013 Nach Kritik von Anwohnern: SBB stellen Bahnhofbeleuchtung in der Nacht ab<\/a><span class=\"lcp_date\">  2019-03-26<\/span><\/li><li><a href=\"https:\/\/www.darksky.ch\/dss\/de\/2019\/03\/tagesanzeiger-der-natur-in-der-schweiz-geht-es-schlecht\/\">Tagesanzeiger \u2013 \u00abDer Natur in der Schweiz geht es schlecht\u00bb<\/a><span class=\"lcp_date\">  2019-03-26<\/span><\/li><li><a href=\"https:\/\/www.darksky.ch\/dss\/de\/2019\/03\/20minuten-so-krass-veraendert-die-earth-hour-eine-stadt\/\">20Minuten \u2013 So krass ver\u00e4ndert die Earth Hour eine Stadt<\/a><span class=\"lcp_date\">  2019-03-26<\/span><\/li><li><a href=\"https:\/\/www.darksky.ch\/dss\/de\/2019\/03\/20minuten-eu-stimmt-fuer-ende-der-zeitumstellung-ab-2021\/\">20Minuten \u2013 EU stimmt f\u00fcr Ende der Zeitumstellung ab 2021<\/a><span class=\"lcp_date\">  2019-03-26<\/span><\/li><li><a href=\"https:\/\/www.darksky.ch\/dss\/de\/2019\/03\/nzz-aggressive-partygaenger-bereiten-der-polizei-sorgen\/\">NZZ \u2013 Aggressive Partyg\u00e4nger bereiten der Polizei Sorgen<\/a><span class=\"lcp_date\">  2019-03-25<\/span><\/li><li><a href=\"https:\/\/www.darksky.ch\/dss\/de\/2019\/03\/cnn-money-switzerland-lights-out-how-lumen-budgets-could-bring-back-the-stars\/\">CNN Money Switzerland \u2013 Lights out? How lumen budgets could bring back the stars<\/a><span class=\"lcp_date\">  2019-03-20<\/span><\/li><li><a href=\"https:\/\/www.darksky.ch\/dss\/de\/2019\/03\/focus-hunderte-forscher-schlagen-alarm-wenn-wir-nicht-sofort-handeln-kollabiert-uns-oekosystem\/\">FOCUS \u2013 Hunderte Forscher schlagen Alarm: Wenn wir nicht sofort handeln, kollabiert uns \u00d6kosystem<\/a><span class=\"lcp_date\">  2019-03-19<\/span><\/li><li><a href=\"https:\/\/www.darksky.ch\/dss\/de\/2019\/03\/der-bund-mehr-licht-mehr-sicherheit\/\">Der Bund \u2013 Mehr Licht, mehr Sicherheit<\/a><span class=\"lcp_date\">  2019-03-18<\/span><\/li><li><a href=\"https:\/\/www.darksky.ch\/dss\/de\/2019\/03\/20minuten-vollmond-licht-soll-vor-sextaetern-schuetzen\/\">20Minuten \u2013 \u00abVollmond-Licht\u00bb soll vor Sext\u00e4tern sch\u00fctzen<\/a><span class=\"lcp_date\">  2019-03-18<\/span><\/li><li><a href=\"https:\/\/www.darksky.ch\/dss\/de\/2019\/03\/nzz-uno-umweltbericht-entweder-wir-verbessern-den-umweltschutz-drastisch-oder-millionen-von-menschen-werden-bis-mitte-des-jahrhunderts-vorzeitig-sterben\/\">NZZ \u2013 Uno-Umweltbericht: \u00abEntweder wir verbessern den Umweltschutz drastisch, oder Millionen von Menschen werden bis Mitte des Jahrhunderts vorzeitig sterben\u00bb<\/a><span class=\"lcp_date\">  2019-03-13<\/span><\/li><li><a href=\"https:\/\/www.darksky.ch\/dss\/de\/2019\/03\/tagesanzeiger-zuerich-hat-ganz-neue-plaene\/\">Tagesanzeiger \u2013 Z\u00fcrich hat ganz neue Pl\u00e4ne<\/a><span class=\"lcp_date\">  2019-03-11<\/span><\/li><li><a href=\"https:\/\/www.darksky.ch\/dss\/de\/2019\/03\/tagblatt-rheinfall-erstrahlt-am-irischen-nationalfeiertag-in-gruenem-licht\/\">Tagblatt \u2013 Rheinfall erstrahlt am irischen Nationalfeiertag in gr\u00fcnem Licht<\/a><span class=\"lcp_date\">  2019-03-08<\/span><\/li><li><a href=\"https:\/\/www.darksky.ch\/dss\/de\/2019\/03\/tagesanzeiger-rezepte-gegen-den-jetlag\/\">Tagesanzeiger \u2013 Rezepte gegen den Jetlag<\/a><span class=\"lcp_date\">  2019-03-07<\/span><\/li><li><a href=\"https:\/\/www.darksky.ch\/dss\/de\/2019\/03\/pro-natura-magazin-spezial-gluehwuermchen-es-werde-licht-aber-nicht-immer-und-ueberall\/\">Pro Natura Magazin Spezial Gl\u00fchw\u00fcrmchen \u2013\u00a0Es werde Licht \u2014 aber nicht immer und \u00fcberall<\/a><span class=\"lcp_date\">  2019-03-07<\/span><\/li><li><a href=\"https:\/\/www.darksky.ch\/dss\/de\/2019\/03\/spiegel-online-warum-ist-lichtverschmutzung-so-gefaehrlich\/\">Spiegel online \u2013 Warum ist Lichtverschmutzung so gef\u00e4hrlich?<\/a><span class=\"lcp_date\">  2019-03-06<\/span><\/li><li><a href=\"https:\/\/www.darksky.ch\/dss\/de\/2019\/03\/tagesanzeiger-zuerich-testet-blinkende-pfosten-gegen-wildunfaelle\/\">Tagesanzeiger \u2013 Z\u00fcrich testet blinkende Pfosten gegen Wildunf\u00e4lle<\/a><span class=\"lcp_date\">  2019-03-05<\/span><\/li><li><a href=\"https:\/\/www.darksky.ch\/dss\/de\/2019\/03\/srf-abschaffung-der-zeitumstellung-nimmt-eine-weitere-huerde\/\">SRF \u2013 Abschaffung der Zeitumstellung nimmt eine weitere H\u00fcrde<\/a><span class=\"lcp_date\">  2019-03-04<\/span><\/li><li><a href=\"https:\/\/www.darksky.ch\/dss\/de\/2019\/03\/luxemburger-journal-kampf-der-lichtverschmutzung\/\">Luxemburger Journal \u2013 Kampf der Lichtverschmutzung<\/a><span class=\"lcp_date\">  2019-03-01<\/span><\/li><li><a href=\"https:\/\/www.darksky.ch\/dss\/de\/2019\/03\/kaufdorf-be-guet-nacht-eine-ausstellung-zu-licht-und-laerm-in-der-nacht\/\">Kaufdorf (BE) \u2013 &#8222;Guet&#8216; Nacht&#8230;?&#8220; &#8211; Eine Ausstellung zu Licht und L\u00e4rm in der Nacht<\/a><span class=\"lcp_date\">  2019-03-01<\/span><\/li><li><a href=\"https:\/\/www.darksky.ch\/dss\/de\/2019\/02\/limmattaler-zeitung-der-himmel-ueber-dietikon-soll-nachts-wieder-dunkler-werden\/\">Limmattaler Zeitung \u2013 Der Himmel \u00fcber Dietikon soll nachts wieder dunkler werden<\/a><span class=\"lcp_date\">  2019-02-26<\/span><\/li><li><a href=\"https:\/\/www.darksky.ch\/dss\/de\/2019\/02\/espacesuisse-der-kanton-jura-reduziert-die-lichtverschmutzung\/\">EspaceSuisse \u2013 Der Kanton Jura reduziert die Lichtverschmutzung<\/a><span class=\"lcp_date\">  2019-02-26<\/span><\/li><li><a href=\"https:\/\/www.darksky.ch\/dss\/de\/2019\/02\/srf-kassensturz-led-lampen-im-test-grosse-unterschiede-bei-der-lichtqualitaet\/\">SRF Kassensturz \u2013 LED-Lampen im Test: Grosse Unterschiede bei der Lichtqualit\u00e4t<\/a><span class=\"lcp_date\">  2019-02-19<\/span><\/li><li><a href=\"https:\/\/www.darksky.ch\/dss\/de\/2019\/02\/tagesanzeiger-insekten-sterben-weltweit-forscher-warnen-vor-katastrophe\/\">Tagesanzeiger \u2013 Insekten sterben weltweit \u2013 Forscher warnen vor Katastrophe<\/a><span class=\"lcp_date\">  2019-02-13<\/span><\/li><li><a href=\"https:\/\/www.darksky.ch\/dss\/de\/2019\/02\/fdp-bezirk-meilen-licht-aus-%e2%88%92-die-gluehwuermchen-freuen-sich\/\">FDP Bezirk Meilen \u2013 Licht aus \u2212 die Gl\u00fchw\u00fcrmchen freuen sich<\/a><span class=\"lcp_date\">  2019-02-12<\/span><\/li><li><a href=\"https:\/\/www.darksky.ch\/dss\/de\/2019\/02\/20minuten-insektensterben-koennte-zu-kollaps-der-natur-fuehren\/\">20Minuten \u2013 Insektensterben k\u00f6nnte zu Kollaps der Natur f\u00fchren<\/a><span class=\"lcp_date\">  2019-02-11<\/span><\/li><li><a href=\"https:\/\/www.darksky.ch\/dss\/de\/2019\/02\/nzz-katastrophale-folgen-fuer-die-umwelt-40-prozent-aller-insektenarten-koennten-innerhalb-der-naechsten-jahrzehnte-aussterben-schreiben-forscher-in-einer-neuen-studie\/\">NZZ \u2013 \u00abKatastrophale Folgen\u00bb f\u00fcr die Umwelt \u2013 40 Prozent aller Insektenarten k\u00f6nnten innerhalb der n\u00e4chsten Jahrzehnte aussterben, schreiben Forscher in einer neuen Studie<\/a><span class=\"lcp_date\">  2019-02-11<\/span><\/li><li><a href=\"https:\/\/www.darksky.ch\/dss\/de\/2019\/02\/zuerichsee-zeitung-grosser-kampf-um-die-richtige-beleuchtung\/\">Z\u00fcrichsee-Zeitung \u2013 Grosser Kampf um die richtige Beleuchtung<\/a><span class=\"lcp_date\">  2019-02-09<\/span><\/li><li><a href=\"https:\/\/www.darksky.ch\/dss\/de\/2019\/02\/nzz-dieser-mann-hat-eine-360-grad-rundum-sicht-obwohl-er-blind-ist\/\">NZZ \u2013 Dieser Mann hat eine 360-Grad-Rundum-\u00abSicht\u00bb \u2013 obwohl er blind ist<\/a><span class=\"lcp_date\">  2019-02-09<\/span><\/li><li><a href=\"https:\/\/www.darksky.ch\/dss\/de\/2019\/02\/rtl-weniger-licht-ist-mehr-in-luxemburg\/\">RTL \u2013 Weniger Licht ist mehr in Luxemburg<\/a><span class=\"lcp_date\">  2019-02-07<\/span><\/li><li><a href=\"https:\/\/www.darksky.ch\/dss\/de\/2019\/01\/20minuten-heizung-loest-lichtsensor-aus-nachbarn-genervt\/\">20minuten \u2013 Heizung l\u00f6st Lichtsensor aus \u2013 Nachbarn genervt<\/a><span class=\"lcp_date\">  2019-01-30<\/span><\/li><li><a href=\"https:\/\/www.darksky.ch\/dss\/de\/2019\/01\/anzeiger-luzern-kriens-laeden-werden-frueher-dunkel\/\">Anzeiger Luzern \u2013\u00a0Kriens: L\u00e4den werden fr\u00fcher dunkel<\/a><span class=\"lcp_date\">  2019-01-30<\/span><\/li><li><a href=\"https:\/\/www.darksky.ch\/dss\/de\/2019\/01\/tagesanzeiger-die-profiteure-der-klugen-strassenlampen\/\">Tagesanzeiger \u2013 Die Profiteure der klugen Strassenlampen<\/a><span class=\"lcp_date\">  2019-01-28<\/span><\/li><li><a href=\"https:\/\/www.darksky.ch\/dss\/de\/2019\/01\/aargauer-zeitung-strassenbeleuchtung-die-gemeinde-hat-das-letzte-wort-weil-die-gesetzliche-grundlage-fehlt\/\">Aargauer Zeitung \u2013 Strassenbeleuchtung: Die Gemeinde hat das letzte Wort \u2013 weil die gesetzliche Grundlage fehlt<\/a><span class=\"lcp_date\">  2019-01-22<\/span><\/li><li><a href=\"https:\/\/www.darksky.ch\/dss\/de\/2019\/01\/tagesanzeiger-wie-wir-durch-farben-unterbewusst-beeinflusst-werden\/\">Tagesanzeiger \u2013 Wie wir durch Farben unterbewusst beeinflusst werden<\/a><span class=\"lcp_date\">  2019-01-08<\/span><\/li><li><a href=\"https:\/\/www.darksky.ch\/dss\/de\/2019\/01\/tagesanzeiger-mythos-melatonin\/\">Tagesanzeiger \u2013 Mythos Melatonin<\/a><span class=\"lcp_date\">  2019-01-07<\/span><\/li><li><a href=\"https:\/\/www.darksky.ch\/dss\/de\/2019\/01\/nzz-ab-ins-all-wie-das-planetarium-vom-sternen-zum-raumtheater-wurde\/\">NZZ \u2013 Ab ins All: Wie das Planetarium vom Sternen- zum Raumtheater wurde<\/a><span class=\"lcp_date\">  2019-01-04<\/span><\/li><li><a href=\"https:\/\/www.darksky.ch\/dss\/de\/2019\/01\/20minuten-hier-leuchten-die-tiere-des-jahres\/\">20Minuten \u2013 Hier leuchten die \u00abTiere des Jahres\u00bb<\/a><span class=\"lcp_date\">  2019-01-04<\/span><\/li><li><a href=\"https:\/\/www.darksky.ch\/dss\/de\/2019\/01\/srf-1-tagesgespraech-stefan-ineichen-ueber-das-tier-des-jahres-das-gluehwuermchen\/\">SRF 1 Tagesgespr\u00e4ch \u2013 Stefan Ineichen \u00fcber das Tier des Jahres, das Gl\u00fchw\u00fcrmchen<\/a><span class=\"lcp_date\">  2019-01-03<\/span><\/li><li><a href=\"https:\/\/www.darksky.ch\/dss\/de\/2019\/01\/tagesanzeiger-das-gluehwuermchen-wird-seltener\/\">Tagesanzeiger \u2013 Das Gl\u00fchw\u00fcrmchen wird seltener<\/a><span class=\"lcp_date\">  2019-01-02<\/span><\/li><\/ul> <h3>2018<\/h3><ul class=\"lcp_catlist\" id=\"lcp_instance_0\"><li><a href=\"https:\/\/www.darksky.ch\/dss\/de\/2018\/12\/sonntagszeitung-traeumen-frauen-anders-als-maenner\/\">SonntagsZeitung \u2013 Tr\u00e4umen Frauen anders als M\u00e4nner?<\/a><span class=\"lcp_date\">  2018-12-26<\/span><\/li><li><a href=\"https:\/\/www.darksky.ch\/dss\/de\/2018\/12\/tagesanzeiger-immer-mehr-nachtarbeit-in-der-schweiz\/\">Tagesanzeiger \u2013 Immer mehr Nachtarbeit in der Schweiz<\/a><span class=\"lcp_date\">  2018-12-24<\/span><\/li><li><a href=\"https:\/\/www.darksky.ch\/dss\/de\/2018\/12\/tagesanzeiger-allergiker-leiden-wegen-weihnachtsbeleuchtungen\/\">Tagesanzeiger \u2013 Allergiker leiden wegen Weihnachtsbeleuchtungen<\/a><span class=\"lcp_date\">  2018-12-21<\/span><\/li><li><a href=\"https:\/\/www.darksky.ch\/dss\/de\/2018\/12\/20minuten-bald-gehen-in-luzern-die-lichter-an\/\">20Minuten \u2013 Bald gehen in Luzern die Lichter an<\/a><span class=\"lcp_date\">  2018-12-20<\/span><\/li><li><a href=\"https:\/\/www.darksky.ch\/dss\/de\/2018\/12\/orf-salzburg-starke-lichtverschmutzung-zu-weihnachten\/\">ORF Salzburg \u2013 Starke Lichtverschmutzung zu Weihnachten<\/a><span class=\"lcp_date\">  2018-12-20<\/span><\/li><li><a href=\"https:\/\/www.darksky.ch\/dss\/de\/2018\/12\/hev-schweiz-laempli-laempe\/\">HEV Schweiz \u2013 L\u00e4mpli-L\u00e4mpe<\/a><span class=\"lcp_date\">  2018-12-18<\/span><\/li><li><a href=\"https:\/\/www.darksky.ch\/dss\/de\/2018\/12\/aargauer-zeitung-wegen-sicherheit-aargauer-kantonsstrassen-bleiben-vorerst-beleuchtet\/\">Aargauer Zeitung \u2013 Wegen Sicherheit: Aargauer Kantonsstrassen bleiben vorerst beleuchtet<\/a><span class=\"lcp_date\">  2018-12-17<\/span><\/li><li><a href=\"https:\/\/www.darksky.ch\/dss\/de\/2018\/12\/suedostschweiz-stadt-weist-einsprachen-gegen-die-flutlichtanlage-ab\/\">S\u00fcdostschweiz \u2013 Stadt weist Einsprachen gegen die Flutlichtanlage ab<\/a><span class=\"lcp_date\">  2018-12-17<\/span><\/li><li><a href=\"https:\/\/www.darksky.ch\/dss\/de\/2018\/12\/sonntagszeitung-der-fischotter-kehrt-zurueck\/\">Sonntagszeitung \u2013 Der Fischotter kehrt zur\u00fcck<\/a><span class=\"lcp_date\">  2018-12-16<\/span><\/li><li><a href=\"https:\/\/www.darksky.ch\/dss\/de\/2018\/12\/20minuten-165-512-wollen-die-insekten-retten\/\">20Minuten \u2013 165 512 wollen die Insekten retten<\/a><span class=\"lcp_date\">  2018-12-14<\/span><\/li><li><a href=\"https:\/\/www.darksky.ch\/dss\/de\/2018\/12\/schweizer-bauer-165512-sind-gegen-insektensterben\/\">Schweizer Bauer \u2013 165&#8217;512 sind gegen Insektensterben<\/a><span class=\"lcp_date\">  2018-12-13<\/span><\/li><li><a href=\"https:\/\/www.darksky.ch\/dss\/de\/2018\/12\/aargauer-zeitung-165512-unterschriften-gegen-insektensterben-gesammelt\/\">Aargauer Zeitung \u2013 165&#8217;512 Unterschriften gegen Insektensterben gesammelt<\/a><span class=\"lcp_date\">  2018-12-13<\/span><\/li><li><a href=\"https:\/\/www.darksky.ch\/dss\/de\/2018\/12\/swissinfo-165512-unterschriften-gegen-insektensterben-gesammelt\/\">swissinfo \u2013 165&#8217;512 Unterschriften gegen Insektensterben gesammelt<\/a><span class=\"lcp_date\">  2018-12-13<\/span><\/li><li><a href=\"https:\/\/www.darksky.ch\/dss\/de\/2018\/12\/tagblatt-165512-unterschriften-gegen-insektensterben-gesammelt\/\">Tagblatt \u2013 165&#8217;512 Unterschriften gegen Insektensterben gesammelt<\/a><span class=\"lcp_date\">  2018-12-13<\/span><\/li><li><a href=\"https:\/\/www.darksky.ch\/dss\/de\/2018\/12\/zuercher-unterlaender-sind-aufwendige-weihnachtsbeleuchtungen-noch-zeitgemaess\/\">Z\u00fcrcher Unterl\u00e4nder \u2013 Sind aufwendige Weihnachtsbeleuchtungen noch zeitgem\u00e4ss?<\/a><span class=\"lcp_date\">  2018-12-08<\/span><\/li><li><a href=\"https:\/\/www.darksky.ch\/dss\/de\/2018\/12\/tierwelt-insektensterben-bald-fall-fuers-parlament\/\">Tierwelt \u2013 Insektensterben: Bald Fall f\u00fcrs Parlament<\/a><span class=\"lcp_date\">  2018-12-07<\/span><\/li><li><a href=\"https:\/\/www.darksky.ch\/dss\/de\/2018\/12\/tagesanzeiger-ende-der-zeitumstellung-kommt-fruehestens-in-zwei-jahren\/\">Tagesanzeiger \u2013 Ende der Zeitumstellung kommt fr\u00fchestens in zwei Jahren<\/a><span class=\"lcp_date\">  2018-12-03<\/span><\/li><li><a href=\"https:\/\/www.darksky.ch\/dss\/de\/2018\/12\/birdlife-aargau-milan-voegel-die-schattenseite-des-lichts\/\">birdlife aargau milan \u2013 V\u00f6gel: Die Schattenseite des Lichts<\/a><span class=\"lcp_date\">  2018-12-03<\/span><\/li><li><a href=\"https:\/\/www.darksky.ch\/dss\/de\/2018\/12\/umwelt-schweiz-2018-bericht-des-bundesrates\/\">Umwelt Schweiz 2018 \u2013 Bericht des Bundesrates<\/a><span class=\"lcp_date\">  2018-12-03<\/span><\/li><li><a href=\"https:\/\/www.darksky.ch\/dss\/de\/2018\/12\/zuercher-unterlaender-ein-problem-das-einleuchtet\/\">Z\u00fcrcher Unterl\u00e4nder \u2013 Ein Problem, das einleuchtet<\/a><span class=\"lcp_date\">  2018-12-03<\/span><\/li><li><a href=\"https:\/\/www.darksky.ch\/dss\/de\/2018\/12\/nzz-hochhaeuser-sollen-laenger-schatten-werfen-duerfen\/\">NZZ \u2013 Hochh\u00e4user sollen l\u00e4nger Schatten werfen d\u00fcrfen<\/a><span class=\"lcp_date\">  2018-12-01<\/span><\/li><li><a href=\"https:\/\/www.darksky.ch\/dss\/de\/2018\/11\/nzz-der-zustand-von-zuerichs-natur-und-tierwelt-verschlechtert-sich-weiter\/\">NZZ \u2013 Der Zustand von Z\u00fcrichs Natur- und Tierwelt verschlechtert sich weiter<\/a><span class=\"lcp_date\">  2018-11-29<\/span><\/li><li><a href=\"https:\/\/www.darksky.ch\/dss\/de\/2018\/11\/spiegel-online-anwohner-klagten-gemeinde-muss-strassenbeleuchtung-dimmen\/\">Spiegel online \u2013 Anwohner klagten &#8211; Gemeinde muss Stra\u00dfenbeleuchtung dimmen<\/a><span class=\"lcp_date\">  2018-11-28<\/span><\/li><li><a href=\"https:\/\/www.darksky.ch\/dss\/de\/2018\/11\/zuerichsee-zeitung-in-staefa-soll-ein-neues-licht-aufgehen\/\">Z\u00fcrichsee-Zeitung \u2013 In St\u00e4fa soll ein neues Licht aufgehen<\/a><span class=\"lcp_date\">  2018-11-27<\/span><\/li><li><a href=\"https:\/\/www.darksky.ch\/dss\/de\/2018\/11\/20minuten-aerger-wegen-verfruehter-festbeleuchtung\/\">20Minuten \u2013 \u00c4rger wegen verfr\u00fchter Festbeleuchtung<\/a><span class=\"lcp_date\">  2018-11-23<\/span><\/li><li><a href=\"https:\/\/www.darksky.ch\/dss\/de\/2018\/11\/zuercher-unterlaender-initiative-fuer-mehr-nacht-eingereicht\/\">Z\u00fcrcher Unterl\u00e4nder \u2013 Initiative f\u00fcr \u00abMehr Nacht\u00bb eingereicht<\/a><span class=\"lcp_date\">  2018-11-22<\/span><\/li><li><a href=\"https:\/\/www.darksky.ch\/dss\/de\/2018\/11\/nzz-lichtbilder-ohne-licht\/\">NZZ \u2013 Lichtbilder ohne Licht<\/a><span class=\"lcp_date\">  2018-11-20<\/span><\/li><li><a href=\"https:\/\/www.darksky.ch\/dss\/de\/2018\/11\/spektrum-insektensterben-der-globale-insektenzusammenbruch\/\">Spektrum \u2013 Insektensterben: Der globale Insektenzusammenbruch<\/a><span class=\"lcp_date\">  2018-11-18<\/span><\/li><li><a href=\"https:\/\/www.darksky.ch\/dss\/de\/2018\/11\/nzz-was-man-erlebt-wenn-man-in-der-zwischensaison-eine-nacht-in-einem-verlassenen-hotel-verbringt\/\">NZZ \u2013 Was man erlebt, wenn man in der Zwischensaison eine Nacht in einem verlassenen Hotel verbringt<\/a><span class=\"lcp_date\">  2018-11-16<\/span><\/li><li><a href=\"https:\/\/www.darksky.ch\/dss\/de\/2018\/11\/tagesanzeiger-abschied-vom-letzten-artefakt\/\">Tagesanzeiger \u2013 Abschied vom letzten Artefakt<\/a><span class=\"lcp_date\">  2018-11-16<\/span><\/li><li><a href=\"https:\/\/www.darksky.ch\/dss\/de\/2018\/11\/20minuten-auch-die-nervigen-insekten-sind-wichtig\/\">20Minuten \u2013 \u00abAuch die nervigen Insekten sind wichtig\u00bb<\/a><span class=\"lcp_date\">  2018-11-15<\/span><\/li><li><a href=\"https:\/\/www.darksky.ch\/dss\/de\/2018\/11\/watson-zu-frueh-dunkel-4-life-hacks-um-mehr-licht-in-dein-leben-zu-bekommen\/\">watson \u2013\u00a0Zu fr\u00fch dunkel? 4 Life-Hacks, um mehr Licht in dein Leben zu bekommen<\/a><span class=\"lcp_date\">  2018-11-15<\/span><\/li><li><a href=\"https:\/\/www.darksky.ch\/dss\/de\/2018\/11\/tagesanzeiger-lampen-sind-ihnen-nur-laestig\/\">Tagesanzeiger \u2013 Lampen sind ihnen nur l\u00e4stig<\/a><span class=\"lcp_date\">  2018-11-15<\/span><\/li><li><a href=\"https:\/\/www.darksky.ch\/dss\/de\/2018\/11\/20minuten-mir-ist-bewusst-dass-es-fahrlaessig-ist\/\">20Minuten \u2013 \u00abMir ist bewusst, dass es fahrl\u00e4ssig ist\u00bb<\/a><span class=\"lcp_date\">  2018-11-15<\/span><\/li><li><a href=\"https:\/\/www.darksky.ch\/dss\/de\/2018\/11\/der-glattfelder-zu-viel-licht-schadet-mensch-und-umwelt\/\">Der Glattfelder \u2013 Zu viel Licht schadet Mensch und Umwelt<\/a><span class=\"lcp_date\">  2018-11-15<\/span><\/li><li><a href=\"https:\/\/www.darksky.ch\/dss\/de\/2018\/11\/huuser-spiegel-lichtverschmutzung-die-kuenstliche-aufhellung-des-nachthimmels\/\">Huuser Spiegel \u2013\u00a0Lichtverschmutzung \u2013 die k\u00fcnstliche Aufhellung des Nachthimmels<\/a><span class=\"lcp_date\">  2018-11-08<\/span><\/li><li><a href=\"https:\/\/www.darksky.ch\/dss\/de\/2018\/11\/freiburger-nachrichten-naturpark-forciert-kampf-gegen-zu-viel-licht\/\">Freiburger Nachrichten \u2013 Naturpark forciert Kampf gegen zu viel Licht<\/a><span class=\"lcp_date\">  2018-11-08<\/span><\/li><li><a href=\"https:\/\/www.darksky.ch\/dss\/de\/2018\/11\/elisabeth-und-oscar-beugger-preis-2018-geht-an-gemeinde-flaesch-und-naturpark-gantrisch\/\">Elisabeth und Oscar Beugger-Preis 2018 geht an Gemeinde Fl\u00e4sch und Naturpark Gantrisch<\/a><span class=\"lcp_date\">  2018-11-07<\/span><\/li><li><a href=\"https:\/\/www.darksky.ch\/dss\/de\/2018\/11\/suedostschweiz-flaescher-beleuchtungskonzept-gewinnt-beugger-preis\/\">S\u00fcdostschweiz \u2013 Fl\u00e4scher Beleuchtungskonzept gewinnt Beugger-Preis<\/a><span class=\"lcp_date\">  2018-11-07<\/span><\/li><li><a href=\"https:\/\/www.darksky.ch\/dss\/de\/2018\/11\/pro-natura-es-werde-weniger-licht\/\">Pro Natura \u2013 Es werde \u2026 weniger Licht!<\/a><span class=\"lcp_date\">  2018-11-07<\/span><\/li><li><a href=\"https:\/\/www.darksky.ch\/dss\/de\/2018\/11\/1815-ch-naechtliches-lichterloeschen-im-val-de-ruz\/\">1815.ch \u2013 N\u00e4chtliches Lichterl\u00f6schen im Val-de-Ruz<\/a><span class=\"lcp_date\">  2018-11-06<\/span><\/li><li><a href=\"https:\/\/www.darksky.ch\/dss\/de\/2018\/11\/bulletin-ch-das-richtige-licht-zur-richtigen-zeit\/\">bulletin.ch \u2013\u00a0Das richtige Licht, zur richtigen Zeit<\/a><span class=\"lcp_date\">  2018-11-01<\/span><\/li><li><a href=\"https:\/\/www.darksky.ch\/dss\/de\/2018\/10\/sonntagszeitung-dem-urkilogramm-gehts-an-den-kragen\/\">SonntagsZeitung \u2013 Dem Urkilogramm gehts an den Kragen<\/a><span class=\"lcp_date\">  2018-10-28<\/span><\/li><li><a href=\"https:\/\/www.darksky.ch\/dss\/de\/2018\/10\/nzz-zeitumstellung-es-gibt-eine-kurzzeitige-desynchronisation-zwischen-dem-licht-dunkel-wechsel-und-unserer-inneren-uhr\/\">NZZ \u2013 Zeitumstellung: \u00abEs gibt eine kurzzeitige Desynchronisation zwischen dem Licht-Dunkel-Wechsel und unserer inneren Uhr\u00bb<\/a><span class=\"lcp_date\">  2018-10-26<\/span><\/li><li><a href=\"https:\/\/www.darksky.ch\/dss\/de\/2018\/10\/zuerichsee-zeitung-sportplatzbeleuchtung-wird-installiert\/\">Z\u00fcrichsee-Zeitung \u2013 Sportplatzbeleuchtung wird installiert<\/a><span class=\"lcp_date\">  2018-10-26<\/span><\/li><li><a href=\"https:\/\/www.darksky.ch\/dss\/de\/2018\/10\/srf-pflaster-mit-lichtschalter\/\">SRF \u2013 Pflaster mit Lichtschalter<\/a><span class=\"lcp_date\">  2018-10-25<\/span><\/li><li><a href=\"https:\/\/www.darksky.ch\/dss\/de\/2018\/10\/oltner-tagblatt-bei-erneuter-beschwerde-gehts-nicht-nur-ums-goldene-dach-auch-die-giebelfassade-ist-betroffen\/\">Oltner Tagblatt \u2013 Bei erneuter Beschwerde gehts nicht nur ums Goldene Dach \u2013 auch die Giebelfassade ist betroffen<\/a><span class=\"lcp_date\">  2018-10-24<\/span><\/li><li><a href=\"https:\/\/www.darksky.ch\/dss\/de\/2018\/10\/blick-am-abend-wild-reflektoren-sind-nutzlos\/\">Blick am Abend \u2013 Wild-Reflektoren sind nutzlos<\/a><span class=\"lcp_date\">  2018-10-24<\/span><\/li><li><a href=\"https:\/\/www.darksky.ch\/dss\/de\/2018\/10\/wir-langnauer-ig-flutlichtanlage-brand-ein-zwischenbericht\/\">Wir Langnauer \u2013 IG Flutlichtanlage Brand \u2013 ein Zwischenbericht<\/a><span class=\"lcp_date\">  2018-10-24<\/span><\/li><li><a href=\"https:\/\/www.darksky.ch\/dss\/de\/2018\/10\/20minuten-kunstmond-soll-strassenlampen-ersetzen\/\">20Minuten \u2013 Kunstmond soll Strassenlampen ersetzen<\/a><span class=\"lcp_date\">  2018-10-23<\/span><\/li><li><a href=\"https:\/\/www.darksky.ch\/dss\/de\/2018\/10\/tagesanzeiger-mehr-schatten-von-zuercher-hochhaeusern\/\">Tagesanzeiger \u2013 Mehr Schatten von Z\u00fcrcher Hochh\u00e4usern<\/a><span class=\"lcp_date\">  2018-10-22<\/span><\/li><li><a href=\"https:\/\/www.darksky.ch\/dss\/de\/2018\/10\/tagesanzeiger-langschlaefer-sind-so-eingeschraenkt-wie-uebermuedete\/\">Tagesanzeiger \u2013 Langschl\u00e4fer sind so eingeschr\u00e4nkt wie \u00dcberm\u00fcdete<\/a><span class=\"lcp_date\">  2018-10-13<\/span><\/li><li><a href=\"https:\/\/www.darksky.ch\/dss\/de\/2018\/10\/20minuten-so-spektakulaer-ist-der-planetengarten-von-oben\/\">20Minuten \u2013 So spektakul\u00e4r ist der Planetengarten von oben<\/a><span class=\"lcp_date\">  2018-10-12<\/span><\/li><li><a href=\"https:\/\/www.darksky.ch\/dss\/de\/2018\/10\/srf-einstein-sind-unsere-insekten-noch-zu-retten\/\">SRF Einstein \u2013 Sind unsere Insekten noch zu retten?<\/a><span class=\"lcp_date\">  2018-10-11<\/span><\/li><li><a href=\"https:\/\/www.darksky.ch\/dss\/de\/2018\/10\/srf-kassensturz-mit-licht-tattoos-gegen-ueberfluessige-verpackungen\/\">SRF Kassensturz \u2013 Mit Licht-Tattoos gegen \u00fcberfl\u00fcssige Verpackungen<\/a><span class=\"lcp_date\">  2018-10-10<\/span><\/li><li><a href=\"https:\/\/www.darksky.ch\/dss\/de\/2018\/10\/20minuten-behoerde-bekaempft-pflanze-laeden-bieten-sie-an\/\">20Minuten \u2013\u00a0Beh\u00f6rde bek\u00e4mpft Pflanze \u2013 L\u00e4den bieten sie an<\/a><span class=\"lcp_date\">  2018-10-09<\/span><\/li><li><a href=\"https:\/\/www.darksky.ch\/dss\/de\/2018\/10\/tagesanzeiger-insomnia-du-alte-schlampe\/\">Tagesanzeiger \u2013 Insomnia, du alte Schlampe<\/a><span class=\"lcp_date\">  2018-10-04<\/span><\/li><li><a href=\"https:\/\/www.darksky.ch\/dss\/de\/2018\/10\/nzz-wenn-arten-sang-und-klanglos-verschwinden\/\">NZZ \u2013 Wenn Arten sang- und klanglos verschwinden<\/a><span class=\"lcp_date\">  2018-10-04<\/span><\/li><li><a href=\"https:\/\/www.darksky.ch\/dss\/de\/2018\/10\/nzz-vielseitige-werkzeuge-aus-laserlicht\/\">NZZ \u2013 Vielseitige Werkzeuge aus Laserlicht<\/a><span class=\"lcp_date\">  2018-10-03<\/span><\/li><li><a href=\"https:\/\/www.darksky.ch\/dss\/de\/2018\/10\/tagesanzeiger-werkzeuge-aus-licht\/\">Tagesanzeiger \u2013 Werkzeuge aus Licht<\/a><span class=\"lcp_date\">  2018-10-03<\/span><\/li><li><a href=\"https:\/\/www.darksky.ch\/dss\/de\/2018\/10\/nzz-der-nobelpreis-fuer-physik-geht-an-arthur-ashkin-gerard-mourou-und-donna-strickland-fuer-wichtige-entwicklungen-in-der-lasertechnologie\/\">NZZ \u2013 Der Nobelpreis f\u00fcr Physik geht an Arthur Ashkin, G\u00e9rard Mourou und Donna Strickland f\u00fcr wichtige Entwicklungen in der Lasertechnologie<\/a><span class=\"lcp_date\">  2018-10-02<\/span><\/li><li><a href=\"https:\/\/www.darksky.ch\/dss\/de\/2018\/09\/20minuten-warum-sind-bananen-gelb-und-kirschen-rot\/\">20Minuten \u2013 Warum sind Bananen gelb und Kirschen rot?<\/a><span class=\"lcp_date\">  2018-09-29<\/span><\/li><li><a href=\"https:\/\/www.darksky.ch\/dss\/de\/2018\/09\/tagesanzeiger-freispruch-fuer-autolenker-der-fussgaenger-uebersah\/\">Tagesanzeiger \u2013 Freispruch f\u00fcr Autolenker, der Fussg\u00e4nger \u00fcbersah<\/a><span class=\"lcp_date\">  2018-09-28<\/span><\/li><li><a href=\"https:\/\/www.darksky.ch\/dss\/de\/2018\/09\/anzeiger-von-wallisellen-mit-einer-initiative-gegen-die-lichtverschmutzung\/\">Anzeiger von Wallisellen \u2013 Mit einer Initiative gegen die Lichtverschmutzung<\/a><span class=\"lcp_date\">  2018-09-27<\/span><\/li><li><a href=\"https:\/\/www.darksky.ch\/dss\/de\/2018\/09\/tagesanzeiger-um-den-blick-nach-innen-zu-richten-brauchen-wir-dunkelheit\/\">Tagesanzeiger \u2013\u00a0\u00abUm den Blick nach innen zu richten brauchen wir Dunkelheit\u00bb<\/a><span class=\"lcp_date\">  2018-09-25<\/span><\/li><li><a href=\"https:\/\/www.darksky.ch\/dss\/de\/2018\/09\/20minuten-fussballverband-warnt-vor-ramschware-aus-china\/\">20Minuten \u2013 Fussballverband warnt vor Ramschware aus China<\/a><span class=\"lcp_date\">  2018-09-22<\/span><\/li><li><a href=\"https:\/\/www.darksky.ch\/dss\/de\/2018\/09\/nzz-schnaps-und-schlaegereien-wie-zuerichs-jugend-die-seepromenade-in-eine-partymeile-verwandelt\/\">NZZ \u2013 Schnaps und Schl\u00e4gereien: Wie Z\u00fcrichs Jugend die Seepromenade in eine Partymeile verwandelt<\/a><span class=\"lcp_date\">  2018-09-22<\/span><\/li><li><a href=\"https:\/\/www.darksky.ch\/dss\/de\/2018\/09\/nzz-ein-ballon-filmt-leuchtende-nachtwolken-ueber-der-arktis\/\">NZZ \u2013 Ein Ballon filmt leuchtende Nachtwolken \u00fcber der Arktis<\/a><span class=\"lcp_date\">  2018-09-21<\/span><\/li><li><a href=\"https:\/\/www.darksky.ch\/dss\/de\/2018\/09\/tagblatt-umweltschuetzer-kritisieren-insekten-petition-des-bauernverbands\/\">Tagblatt \u2013 Umweltsch\u00fctzer kritisieren Insekten-Petition des Bauernverbands<\/a><span class=\"lcp_date\">  2018-09-16<\/span><\/li><li><a href=\"https:\/\/www.darksky.ch\/dss\/de\/2018\/09\/stadt-anzeiger-intelligentes-licht-opfikons-lampen-steuern-sich-selber\/\">Stadt-Anzeiger \u2013 Intelligentes Licht: Opfikons Lampen steuern sich selber<\/a><span class=\"lcp_date\">  2018-09-13<\/span><\/li><li><a href=\"https:\/\/www.darksky.ch\/dss\/de\/2018\/09\/nzz-ewige-sommerzeit-wir-europaeer-werden-dicker-duemmer-und-grantiger\/\">NZZ \u2013 Ewige Sommerzeit \u2013 \u00abWir Europ\u00e4er werden dicker, d\u00fcmmer und grantiger\u00bb<\/a><span class=\"lcp_date\">  2018-09-12<\/span><\/li><li><a href=\"https:\/\/www.darksky.ch\/dss\/de\/2018\/09\/nzz-die-blattlaus-ist-oekologisch-wichtiger-als-der-hirsch\/\">NZZ \u2013 Die Blattlaus ist \u00f6kologisch wichtiger als der Hirsch<\/a><span class=\"lcp_date\">  2018-09-10<\/span><\/li><li><a href=\"https:\/\/www.darksky.ch\/dss\/de\/2018\/09\/tagesanzeiger-wenn-sterne-am-himmel-tango-tanzen\/\">Tagesanzeiger \u2013 Wenn Sterne am Himmel Tango tanzen<\/a><span class=\"lcp_date\">  2018-09-06<\/span><\/li><li><a href=\"https:\/\/www.darksky.ch\/dss\/de\/2018\/09\/lokalinfo-petition-fordert-untersuchung-des-insektensterbens\/\">Lokalinfo \u2013 Petition fordert Untersuchung des Insektensterbens<\/a><span class=\"lcp_date\">  2018-09-05<\/span><\/li><li><a href=\"https:\/\/www.darksky.ch\/dss\/de\/2018\/09\/watson-ch-bauern-und-imker-machen-sich-sorgen-wegen-dem-insektensterben-und-fordern-aufklaerung\/\">watson.ch \u2013 Bauern und Imker machen sich Sorgen wegen dem Insektensterben und fordern Aufkl\u00e4rung<\/a><span class=\"lcp_date\">  2018-09-04<\/span><\/li><li><a href=\"https:\/\/www.darksky.ch\/dss\/de\/2018\/09\/srf-bauern-fordern-aufklaerung-zum-insektensterben\/\">SRF \u2013 Bauern fordern Aufkl\u00e4rung zum Insektensterben<\/a><span class=\"lcp_date\">  2018-09-04<\/span><\/li><li><a href=\"https:\/\/www.darksky.ch\/dss\/de\/2018\/09\/bauernzeitung-zusammen-aufklaeren-wieso-insekten-sterben\/\">BauernZeitung \u2013 Zusammen aufkl\u00e4ren, wieso Insekten sterben<\/a><span class=\"lcp_date\">  2018-09-04<\/span><\/li><li><a href=\"https:\/\/www.darksky.ch\/dss\/de\/2018\/09\/blick-verbaende-reichen-petition-zur-aufklaerung-des-insektensterbens-ein\/\">Blick \u2013 Verb\u00e4nde reichen Petition zur Aufkl\u00e4rung des Insektensterbens ein<\/a><span class=\"lcp_date\">  2018-09-04<\/span><\/li><li><a href=\"https:\/\/www.darksky.ch\/dss\/de\/2018\/09\/schweiz-am-wochenende-kein-herz-fuer-plaggeister\/\">Schweiz am Wochenende \u2013\u00a0Kein Herz f\u00fcr Plaggeister<\/a><span class=\"lcp_date\">  2018-09-01<\/span><\/li><li><a href=\"https:\/\/www.darksky.ch\/dss\/de\/2018\/09\/aargauer-zeitung-insektensterben-bestand-ist-um-die-haelfte-geschrumpft-jetzt-hagelt-es-initiativen\/\">Aargauer Zeitung \u2013 Insektensterben: Bestand ist um die H\u00e4lfte geschrumpft \u2013 jetzt hagelt es Initiativen<\/a><span class=\"lcp_date\">  2018-09-01<\/span><\/li><li><a href=\"https:\/\/www.darksky.ch\/dss\/de\/2018\/08\/nzz-jeder-begruesst-es-wenn-es-abends-laenger-hell-ist-aber-wenn-die-sonne-im-winter-erst-um-9-aufgeht-wird-es-noch-lange-gesichter-geben\/\">NZZ \u2013 Jeder begr\u00fcsst es, wenn es abends l\u00e4nger hell ist. Aber wenn die Sonne im Winter erst um 9 aufgeht, wird es noch lange Gesichter geben<\/a><span class=\"lcp_date\">  2018-08-31<\/span><\/li><li><a href=\"https:\/\/www.darksky.ch\/dss\/de\/2018\/08\/nzz-die-abschaffung-der-zeitumstellung-rueckt-naeher-auch-in-der-schweiz\/\">NZZ \u2013 Die Abschaffung der Zeitumstellung r\u00fcckt n\u00e4her \u2013 auch in der Schweiz<\/a><span class=\"lcp_date\">  2018-08-31<\/span><\/li><li><a href=\"https:\/\/www.darksky.ch\/dss\/de\/2018\/08\/20minuten-die-ewige-sommerzeit-wird-kommen\/\">20Minuten \u2013 \u00abDie ewige Sommerzeit wird kommen\u00bb<\/a><span class=\"lcp_date\">  2018-08-31<\/span><\/li><li><a href=\"https:\/\/www.darksky.ch\/dss\/de\/2018\/08\/tagesanzeiger-wo-sind-die-voegel-hin\/\">Tagesanzeiger \u2013 Wo sind die V\u00f6gel hin?<\/a><span class=\"lcp_date\">  2018-08-31<\/span><\/li><li><a href=\"https:\/\/www.darksky.ch\/dss\/de\/2018\/08\/watson-wann-schafft-die-eu-die-zeitumstellung-ab-und-7-weitere-wichtige-fragen\/\">watson \u2013 Wann schafft die EU die Zeitumstellung ab \u2013 und 7 weitere wichtige Fragen<\/a><span class=\"lcp_date\">  2018-08-29<\/span><\/li><li><a href=\"https:\/\/www.darksky.ch\/dss\/de\/2018\/08\/20minuten-mehrheit-fuer-abschaffung-der-zeitumstellung\/\">20Minuten \u2013 Mehrheit f\u00fcr Abschaffung der Zeitumstellung<\/a><span class=\"lcp_date\">  2018-08-29<\/span><\/li><li><a href=\"https:\/\/www.darksky.ch\/dss\/de\/2018\/08\/20minuten-bahnhof-luzern-erhaelt-monster-anzeigetafel\/\">20Minuten \u2013 Bahnhof Luzern erh\u00e4lt Monster-Anzeigetafel<\/a><span class=\"lcp_date\">  2018-08-28<\/span><\/li><li><a href=\"https:\/\/www.darksky.ch\/dss\/de\/2018\/08\/20minuten-naturfreunde-wollen-insektensterben-stoppen\/\">20Minuten \u2013 Naturfreunde wollen Insektensterben stoppen<\/a><span class=\"lcp_date\">  2018-08-23<\/span><\/li><li><a href=\"https:\/\/www.darksky.ch\/dss\/de\/2018\/08\/20minuten-eu-umfrage-zur-sommerzeit-ist-zu-ende\/\">20Minuten \u2013 EU-Umfrage zur Sommerzeit ist zu Ende<\/a><span class=\"lcp_date\">  2018-08-17<\/span><\/li><li><a href=\"https:\/\/www.darksky.ch\/dss\/de\/2018\/08\/suedostschweiz-streit-um-flutlicht-im-stadion-stadt-zieht-die-reissleine\/\">S\u00fcdostschweiz \u2013 Streit um Flutlicht im Stadion: Stadt zieht die Reissleine<\/a><span class=\"lcp_date\">  2018-08-14<\/span><\/li><li><a href=\"https:\/\/www.darksky.ch\/dss\/de\/2018\/08\/nzz-ueberwachung-aus-dem-all-eine-neue-antenne-soll-tierbeobachtungen-erleichtern\/\">NZZ \u2013 \u00dcberwachung aus dem All \u2013 eine neue Antenne soll Tierbeobachtungen erleichtern<\/a><span class=\"lcp_date\">  2018-08-14<\/span><\/li><li><a href=\"https:\/\/www.darksky.ch\/dss\/de\/2018\/08\/tagesanzeiger-es-wird-sternschnuppen-regnen\/\">Tagesanzeiger \u2013 Es wird Sternschnuppen regnen<\/a><span class=\"lcp_date\">  2018-08-11<\/span><\/li><li><a href=\"https:\/\/www.darksky.ch\/dss\/de\/2018\/08\/blick-am-abend-so-geht-sternschnuppen-gucken\/\">Blick am Abend \u2013 So geht Sternschnuppen-Gucken<\/a><span class=\"lcp_date\">  2018-08-09<\/span><\/li><li><a href=\"https:\/\/www.darksky.ch\/dss\/de\/2018\/08\/nzz-wo-es-der-schweizer-natur-frueher-schlechter-ging\/\">NZZ &#8211; Wo es der Schweizer Natur fr\u00fcher schlechter ging<\/a><span class=\"lcp_date\">  2018-08-08<\/span><\/li><li><a href=\"https:\/\/www.darksky.ch\/dss\/de\/2018\/08\/20minuten-schoene-aussicht-dank-strassenlampen\/\">20Minuten \u2013 Sch\u00f6ne Aussicht dank Strassenlampen<\/a><span class=\"lcp_date\">  2018-08-06<\/span><\/li><li><a href=\"https:\/\/www.darksky.ch\/dss\/de\/2018\/08\/nzz-so-will-das-bafu-die-schweizer-wirtschaft-umweltfreundlicher-machen\/\">NZZ \u2013 So will das Bafu die Schweizer Wirtschaft umweltfreundlicher machen<\/a><span class=\"lcp_date\">  2018-08-06<\/span><\/li><li><a href=\"https:\/\/www.darksky.ch\/dss\/de\/2018\/08\/nzz-besser-peter-pan-als-kapitaen-hook\/\">NZZ \u2013 Besser Peter Pan als Kapit\u00e4n Hook<\/a><span class=\"lcp_date\">  2018-08-03<\/span><\/li><li><a href=\"https:\/\/www.darksky.ch\/dss\/de\/2018\/08\/nzz-wie-wir-erstmals-nach-bergalga-wandern-und-unter-dem-sternenhimmel-den-reichtum-des-lebens-entdecken\/\">NZZ \u2013 Wie wir erstmals nach Bergalga wandern und unter dem Sternenhimmel den Reichtum des Lebens entdecken<\/a><span class=\"lcp_date\">  2018-08-02<\/span><\/li><li><a href=\"https:\/\/www.darksky.ch\/dss\/de\/2018\/07\/20minuten-diese-strassenlampe-erkennt-sogar-buesi\/\">20Minuten \u2013 Diese Strassenlampe erkennt sogar B\u00fcsi<\/a><span class=\"lcp_date\">  2018-07-30<\/span><\/li><li><a href=\"https:\/\/www.darksky.ch\/dss\/de\/2018\/07\/20minuten-gluehbirnen-verbot-das-ist-bevormundung-wie-im-kommunismus\/\">20Minuten \u2013 Gl\u00fchbirnen Verbot \u00abDas ist Bevormundung wie im Kommunismus\u00bb<\/a><span class=\"lcp_date\">  2018-07-29<\/span><\/li><li><a href=\"https:\/\/www.darksky.ch\/dss\/de\/2018\/07\/nzz-sommerzeitgegner-koennen-auf-eu-hoffen\/\">NZZ \u2013 Sommerzeitgegner k\u00f6nnen auf EU hoffen<\/a><span class=\"lcp_date\">  2018-07-29<\/span><\/li><li><a href=\"https:\/\/www.darksky.ch\/dss\/de\/2018\/07\/aargauer-zeitung-mehr-sterne-in-oberrohrdorf-petition-fuer-dunkle-naechte-eingereicht\/\">Aargauer Zeitung \u2013 \u00abMehr Sterne in Oberrohrdorf\u00bb: Petition f\u00fcr dunkle N\u00e4chte eingereicht<\/a><span class=\"lcp_date\">  2018-07-23<\/span><\/li><li><a href=\"https:\/\/www.darksky.ch\/dss\/de\/2018\/07\/tagesanzeiger-handystrahlung-beeintraechtigt-gedaechtnis-von-jugendlichen\/\">Tagesanzeiger \u2013\u00a0Handystrahlung beeintr\u00e4chtigt Ged\u00e4chtnis von Jugendlichen<\/a><span class=\"lcp_date\">  2018-07-19<\/span><\/li><li><a href=\"https:\/\/www.darksky.ch\/dss\/de\/2018\/07\/nzz-licht-laesst-taube-maeuse-aufhorchen\/\">NZZ \u2013\u00a0Licht l\u00e4sst taube M\u00e4use aufhorchen<\/a><span class=\"lcp_date\">  2018-07-13<\/span><\/li><li><a href=\"https:\/\/www.darksky.ch\/dss\/de\/2018\/07\/tageblatt-die-dunkle-seite-der-nacht\/\">Tageblatt \u2013 Die dunkle Seite der Nacht<\/a><span class=\"lcp_date\">  2018-07-13<\/span><\/li><li><a href=\"https:\/\/www.darksky.ch\/dss\/de\/2018\/07\/nzz-es-werde-nacht-warum-wir-moeglichst-abgedunkelt-schlafen-sollten\/\">NZZ \u2013 Es werde Nacht \u2013 warum wir m\u00f6glichst abgedunkelt schlafen sollten<\/a><span class=\"lcp_date\">  2018-07-09<\/span><\/li><li><a href=\"https:\/\/www.darksky.ch\/dss\/de\/2018\/07\/blick-am-abend-jetzt-geht-chauffeuren-ein-licht-auf\/\">Blick am Abend \u2013 Jetzt geht Chauffeuren ein Licht auf<\/a><span class=\"lcp_date\">  2018-07-06<\/span><\/li><li><a href=\"https:\/\/www.darksky.ch\/dss\/de\/2018\/07\/tagesanzeiger-familie-biber-fuehlt-sich-in-zuerich-heimisch\/\">Tagesanzeiger \u2013\u00a0Familie Biber f\u00fchlt sich in Z\u00fcrich heimisch<\/a><span class=\"lcp_date\">  2018-07-06<\/span><\/li><li><a href=\"https:\/\/www.darksky.ch\/dss\/de\/2018\/07\/tagesanzeiger-fussball-kids-in-der-hoehle-am-schlimmsten-ist-die-dunkelheit\/\">Tagesanzeiger \u2013 Fussball-Kids in der H\u00f6hle: Am schlimmsten ist die Dunkelheit<\/a><span class=\"lcp_date\">  2018-07-04<\/span><\/li><li><a href=\"https:\/\/www.darksky.ch\/dss\/de\/2018\/07\/tagesanzeiger-naturschuetzer-blitzen-ab-weg-frei-fuer-kino-am-berg\/\">Tagesanzeiger \u2013 Natursch\u00fctzer blitzen ab \u2013 Weg frei f\u00fcr \u00abKino am Berg\u00bb<\/a><span class=\"lcp_date\">  2018-07-03<\/span><\/li><li><a href=\"https:\/\/www.darksky.ch\/dss\/de\/2018\/07\/tagesanzeiger-hunde-sehen-mit-der-nase\/\">Tagesanzeiger \u2013 Hunde sehen mit der Nase<\/a><span class=\"lcp_date\">  2018-07-02<\/span><\/li><li><a href=\"https:\/\/www.darksky.ch\/dss\/de\/2018\/07\/20minuten-radioastronomie-die-polizei-fahndet-nach-handys\/\">20Minuten \u2013 Radioastronomie: Die Polizei fahndet nach Handys<\/a><span class=\"lcp_date\">  2018-07-02<\/span><\/li><li><a href=\"https:\/\/www.darksky.ch\/dss\/de\/2018\/07\/nzz-astronomen-werden-zeugen-wie-ein-planet-waechst-und-gedeiht\/\">NZZ \u2013 Astronomen werden Zeugen, wie ein Planet w\u00e4chst und gedeiht<\/a><span class=\"lcp_date\">  2018-07-02<\/span><\/li><li><a href=\"https:\/\/www.darksky.ch\/dss\/de\/2018\/06\/20minuten-so-bunt-sieht-das-openair-st-gallen-von-oben-aus\/\">20Minuten \u2013 So bunt sieht das Openair St. Gallen von oben aus<\/a><span class=\"lcp_date\">  2018-06-30<\/span><\/li><li><a href=\"https:\/\/www.darksky.ch\/dss\/de\/2018\/06\/20minuten-60-forscher-suchen-nach-tier-und-pflanzenarten\/\">20Minuten \u2013 60 Forscher suchen nach Tier- und Pflanzenarten<\/a><span class=\"lcp_date\">  2018-06-29<\/span><\/li><li><a href=\"https:\/\/www.darksky.ch\/dss\/de\/2018\/06\/luxemburger-wort-wenn-es-nicht-mehr-dunkel-wird\/\">Luxemburger Wort \u2013 Wenn es nicht mehr Dunkel wird<\/a><span class=\"lcp_date\">  2018-06-28<\/span><\/li><li><a href=\"https:\/\/www.darksky.ch\/dss\/de\/2018\/06\/lessentiel-luxemburg-soll-in-der-nacht-weniger-glitzern\/\">L&#8217;essentiel \u2013 Luxemburg soll in der Nacht weniger glitzern<\/a><span class=\"lcp_date\">  2018-06-28<\/span><\/li><li><a href=\"https:\/\/www.darksky.ch\/dss\/de\/2018\/06\/radio-silbergrau-die-nacht-braucht-ihre-dunkelheit\/\">Radio Silbergrau \u2013 Die Nacht braucht Ihre Dunkelheit<\/a><span class=\"lcp_date\">  2018-06-26<\/span><\/li><li><a href=\"https:\/\/www.darksky.ch\/dss\/de\/2018\/06\/ekz-blue-nachtschwaermer-moegen-es-schummrig\/\">EKZ blue \u2013 Nachtschw\u00e4rmer m\u00f6gen es schummrig<\/a><span class=\"lcp_date\">  2018-06-22<\/span><\/li><li><a href=\"https:\/\/www.darksky.ch\/dss\/de\/2018\/06\/tagesanzeiger-diese-blume-ist-nur-eine-nacht-lang-zu-sehen\/\">Tagesanzeiger \u2013 Diese Blume ist nur eine Nacht lang zu sehen<\/a><span class=\"lcp_date\">  2018-06-21<\/span><\/li><li><a href=\"https:\/\/www.darksky.ch\/dss\/de\/2018\/06\/schaffhauser-nachrichten-wir-sind-aber-fuer-fair-play-am-rheinfall\/\">Schaffhauser Nachrichten \u2013\u00a0\u00abWir sind aber f\u00fcr Fair Play am Rheinfall\u00bb<\/a><span class=\"lcp_date\">  2018-06-20<\/span><\/li><li><a href=\"https:\/\/www.darksky.ch\/dss\/de\/2018\/06\/spiegel-online-so-will-die-deutsche-bundesregierung-insekten-schuetzen\/\">Spiegel online \u2013\u00a0So will die Bundesregierung Insekten sch\u00fctzen<\/a><span class=\"lcp_date\">  2018-06-20<\/span><\/li><li><a href=\"https:\/\/www.darksky.ch\/dss\/de\/2018\/06\/idw-igb-insektensterben-durch-lichtverschmutzung\/\">idw\/IGB \u2013 Insektensterben durch Lichtverschmutzung<\/a><span class=\"lcp_date\">  2018-06-19<\/span><\/li><li><a href=\"https:\/\/www.darksky.ch\/dss\/de\/2018\/06\/tagesanzeiger-jetzt-rauben-wir-den-wildtieren-auch-noch-den-tag\/\">Tagesanzeiger \u2013 Jetzt rauben wir den Wildtieren auch noch den Tag<\/a><span class=\"lcp_date\">  2018-06-15<\/span><\/li><li><a href=\"https:\/\/www.darksky.ch\/dss\/de\/2018\/06\/solothurner-zeitung-birdlife-und-bauherrin-einigen-sich-glaskubus-bekommt-dekor-das-voegel-schuetzt\/\">Solothurner Zeitung \u2013 BirdLife und Bauherrin einigen sich: Glaskubus bekommt Dekor, das V\u00f6gel sch\u00fctzt<\/a><span class=\"lcp_date\">  2018-06-15<\/span><\/li><li><a href=\"https:\/\/www.darksky.ch\/dss\/de\/2018\/06\/tagesanzeiger-zuerich-erhaelt-neuen-springbrunnen\/\">Tagesanzeiger \u2013 Z\u00fcrich erh\u00e4lt neuen Springbrunnen<\/a><span class=\"lcp_date\">  2018-06-15<\/span><\/li><li><a href=\"https:\/\/www.darksky.ch\/dss\/de\/2018\/06\/tagesanzeiger-no-go-areas-gibt-es-auch-in-der-schweiz\/\">Tagesanzeiger \u2013 No-go-Areas gibt es auch in der Schweiz<\/a><span class=\"lcp_date\">  2018-06-15<\/span><\/li><li><a href=\"https:\/\/www.darksky.ch\/dss\/de\/2018\/06\/schaffhausen-demonstration-fuer-den-schutz-der-fledermauskolonie-am-rheinfall\/\">Schaffhausen \u2013 Demonstration f\u00fcr den Schutz der Fledermauskolonie am Rheinfall<\/a><span class=\"lcp_date\">  2018-06-15<\/span><\/li><li><a href=\"https:\/\/www.darksky.ch\/dss\/de\/2018\/06\/beobachter-so-finden-sie-aus-der-krise\/\">Beobachter \u2013 So finden Sie aus der Krise<\/a><span class=\"lcp_date\">  2018-06-14<\/span><\/li><li><a href=\"https:\/\/www.darksky.ch\/dss\/de\/2018\/06\/zuerichsee-zeitung-thalwil-will-mit-led-lampen-den-flutlichtstreit-beenden\/\">Z\u00fcrichsee-Zeitung \u2013 Thalwil will mit LED-Lampen den Flutlichtstreit beenden<\/a><span class=\"lcp_date\">  2018-06-14<\/span><\/li><li><a href=\"https:\/\/www.darksky.ch\/dss\/de\/2018\/06\/20minuten-echse-vertreibt-feinde-mit-zungerausstrecken\/\">20Minuten \u2013 Echse vertreibt Feinde mit Zungerausstrecken<\/a><span class=\"lcp_date\">  2018-06-12<\/span><\/li><li><a href=\"https:\/\/www.darksky.ch\/dss\/de\/2018\/06\/20minuten-batwoman-helen-29-schuetzt-jetzt-fledermaeuse\/\">20Minuten \u2013 Batwoman Helen (29) sch\u00fctzt jetzt Flederm\u00e4use<\/a><span class=\"lcp_date\">  2018-06-11<\/span><\/li><li><a href=\"https:\/\/www.darksky.ch\/dss\/de\/2018\/06\/20minuten-wir-werden-in-zukunft-strenger-sein\/\">20Minuten \u2013 \u00abWir werden in Zukunft strenger sein\u00bb<\/a><span class=\"lcp_date\">  2018-06-08<\/span><\/li><li><a href=\"https:\/\/www.darksky.ch\/dss\/de\/2018\/06\/zueriost-ch-die-autos-sind-im-dunkeln-kaum-zu-erkennen\/\">z\u00fcriost.ch \u2013 \u00abDie Autos sind im Dunkeln kaum zu erkennen\u00bb<\/a><span class=\"lcp_date\">  2018-06-07<\/span><\/li><li><a href=\"https:\/\/www.darksky.ch\/dss\/de\/2018\/06\/20minuten-bei-dieser-sightseeing-tour-gibts-nichts-zu-sehen\/\">20Minuten \u2013 Bei dieser Sightseeing-Tour gibts nichts zu sehen<\/a><span class=\"lcp_date\">  2018-06-07<\/span><\/li><li><a href=\"https:\/\/www.darksky.ch\/dss\/de\/2018\/06\/20minuten-kleine-gemeinde-setzt-nun-voll-auf-led-beleuchtung\/\">20Minuten \u2013 Kleine Gemeinde setzt nun voll auf LED-Beleuchtung<\/a><span class=\"lcp_date\">  2018-06-05<\/span><\/li><li><a href=\"https:\/\/www.darksky.ch\/dss\/de\/2018\/05\/birdlife-aargau-milan-schwerpunkt-lichtverschmutzung\/\">birdlife aargau milan \u2013 Schwerpunkt \u00abLichtverschmutzung\u00bb<\/a><span class=\"lcp_date\">  2018-05-30<\/span><\/li><li><a href=\"https:\/\/www.darksky.ch\/dss\/de\/2018\/05\/nzz-diese-voegel-sind-in-der-schweiz-gefaehrdet-oder-schon-ausgestorben\/\">NZZ \u2013 Diese V\u00f6gel sind in der Schweiz gef\u00e4hrdet oder schon ausgestorben<\/a><span class=\"lcp_date\">  2018-05-28<\/span><\/li><li><a href=\"https:\/\/www.darksky.ch\/dss\/de\/2018\/05\/blick-schadet-led-licht-den-augen\/\">Blick \u2013 Schadet LED-Licht den Augen?<\/a><span class=\"lcp_date\">  2018-05-17<\/span><\/li><li><a href=\"https:\/\/www.darksky.ch\/dss\/de\/2018\/05\/nzz-klimawandel-und-biodiversitaet-die-haelfte-aller-insekten-und-pflanzen-koennte-grossflaechig-verschwinden\/\">NZZ \u2013 Klimawandel und Biodiversit\u00e4t: Die H\u00e4lfte aller Insekten und Pflanzen k\u00f6nnte grossfl\u00e4chig verschwinden<\/a><span class=\"lcp_date\">  2018-05-17<\/span><\/li><li><a href=\"https:\/\/www.darksky.ch\/dss\/de\/2018\/05\/20minuten-sbb-prueft-werbespots-auf-lift-tueren\/\">20Minuten \u2013 SBB pr\u00fcft Werbespots auf Lift-T\u00fcren<\/a><span class=\"lcp_date\">  2018-05-17<\/span><\/li><li><a href=\"https:\/\/www.darksky.ch\/dss\/de\/2018\/05\/nzz-gefaehrdung-von-voegeln-die-schweiz-ist-spitzenreiterin\/\">NZZ \u2013 Gef\u00e4hrdung von V\u00f6geln: Die Schweiz ist Spitzenreiterin<\/a><span class=\"lcp_date\">  2018-05-17<\/span><\/li><li><a href=\"https:\/\/www.darksky.ch\/dss\/de\/2018\/05\/20minuten-so-saehe-ein-supermarkt-ohne-bienen-aus\/\">20Minuten \u2013 So s\u00e4he ein Supermarkt ohne Bienen aus<\/a><span class=\"lcp_date\">  2018-05-15<\/span><\/li><li><a href=\"https:\/\/www.darksky.ch\/dss\/de\/2018\/05\/luxemburger-wort-der-helle-wahnsinn\/\">Luxemburger Wort \u2013 Der helle Wahnsinn<\/a><span class=\"lcp_date\">  2018-05-14<\/span><\/li><li><a href=\"https:\/\/www.darksky.ch\/dss\/de\/2018\/04\/tagesanzeiger-5-sterne-natur-statt-luxusvillen\/\">Tagesanzeiger \u2013\u00a0\u00ab5-Sterne-Natur\u00bb statt Luxusvillen<\/a><span class=\"lcp_date\">  2018-04-27<\/span><\/li><li><a href=\"https:\/\/www.darksky.ch\/dss\/de\/2018\/04\/blick-am-abend-kuckuck-ohne-nahrung\/\">Blick am Abend \u2013 Kuckuck ohne Nahrung<\/a><span class=\"lcp_date\">  2018-04-26<\/span><\/li><li><a href=\"https:\/\/www.darksky.ch\/dss\/de\/2018\/04\/umwelt-gesundheit-perspektiven-studie-ueber-kunstlicht-und-brust-und-prostatakrebsrisiko-in-spanien\/\">Umwelt Gesundheit Perspektiven \u2013 Studie \u00fcber Kunstlicht und Brust- und Prostatakrebsrisiko in Spanien<\/a><span class=\"lcp_date\">  2018-04-25<\/span><\/li><li><a href=\"https:\/\/www.darksky.ch\/dss\/de\/2018\/04\/20minuten-dachgaerten-koennten-ganze-schweizer-stadt-ernaehren\/\">20Minuten \u2013 Dachg\u00e4rten k\u00f6nnten ganze Schweizer Stadt ern\u00e4hren<\/a><span class=\"lcp_date\">  2018-04-25<\/span><\/li><li><a href=\"https:\/\/www.darksky.ch\/dss\/de\/2018\/04\/tagesanzeiger-hurra-es-ist-ein-tram\/\">Tagesanzeiger \u2013 Hurra, es ist ein Tram!<\/a><span class=\"lcp_date\">  2018-04-25<\/span><\/li><li><a href=\"https:\/\/www.darksky.ch\/dss\/de\/2018\/04\/schaffhauser-nachrichten-buesinger-bergkirche-leuchtet-neu-bis-ein-uhr-nachts-zum-aerger-des-fledermausexperten\/\">Schaffhauser Nachrichten \u2013 B\u00fcsinger Bergkirche leuchtet neu bis ein Uhr nachts: Zum \u00c4rger des Fledermausexperten<\/a><span class=\"lcp_date\">  2018-04-24<\/span><\/li><li><a href=\"https:\/\/www.darksky.ch\/dss\/de\/2018\/04\/schaffhauser-nachrichten-kirche-bis-ein-uhr-beleuchtet\/\">Schaffhauser Nachrichten \u2013\u00a0Kirche bis ein Uhr beleuchtet<\/a><span class=\"lcp_date\">  2018-04-20<\/span><\/li><li><a href=\"https:\/\/www.darksky.ch\/dss\/de\/2018\/04\/tagesanzeiger-wer-spaet-ins-bett-geht-stirbt-frueher\/\">Tagesanzeiger \u2013 Wer sp\u00e4t ins Bett geht, stirbt fr\u00fcher<\/a><span class=\"lcp_date\">  2018-04-12<\/span><\/li><li><a href=\"https:\/\/www.darksky.ch\/dss\/de\/2018\/04\/beobachter-das-stille-sterben\/\">Beobachter \u2013 Das stille Sterben<\/a><span class=\"lcp_date\">  2018-04-12<\/span><\/li><li><a href=\"https:\/\/www.darksky.ch\/dss\/de\/2018\/04\/ekz-blue-emmi-hell-begeistert\/\">EKZ blue \u2013 Emmi: hell begeistert<\/a><span class=\"lcp_date\">  2018-04-11<\/span><\/li><li><a href=\"https:\/\/www.darksky.ch\/dss\/de\/2018\/04\/tagesanzeiger-es-drohen-seilbahnen-parkplaetze-und-funparks-in-schutzgebieten\/\">Tagesanzeiger \u2013 Es drohen Seilbahnen, Parkpl\u00e4tze und Funparks in Schutzgebieten<\/a><span class=\"lcp_date\">  2018-04-09<\/span><\/li><li><a href=\"https:\/\/www.darksky.ch\/dss\/de\/2018\/04\/tagesanzeiger-strahlengefahr-im-flugzeug\/\">Tagesanzeiger \u2013 Strahlengefahr im Flugzeug<\/a><span class=\"lcp_date\">  2018-04-07<\/span><\/li><li><a href=\"https:\/\/www.darksky.ch\/dss\/de\/2018\/04\/20minuten-koennen-sie-von-dieser-uhr-die-zeit-ablesen\/\">20Minuten \u2013 K\u00f6nnen Sie von dieser Uhr die Zeit ablesen?<\/a><span class=\"lcp_date\">  2018-04-05<\/span><\/li><li><a href=\"https:\/\/www.darksky.ch\/dss\/de\/2018\/04\/naturschutz-ch-herzlich-willkommen-dark-sky-switzerland\/\">naturschutz.ch \u2013 Herzlich willkommen Dark-Sky Switzerland!<\/a><span class=\"lcp_date\">  2018-04-04<\/span><\/li><li><a href=\"https:\/\/www.darksky.ch\/dss\/de\/2018\/04\/20minuten-insektensterben-muessen-wir-bald-ohne-obst-auskommen\/\">20Minuten \u2013 Insektensterben: M\u00fcssen wir bald ohne Obst auskommen?<\/a><span class=\"lcp_date\">  2018-04-04<\/span><\/li><li><a href=\"https:\/\/www.darksky.ch\/dss\/de\/2018\/03\/orion-der-wechsel-der-farbtemperatur-des-vollmondes\/\">ORION \u2013 Der Wechsel der Farbtemperatur des Vollmondes<\/a><span class=\"lcp_date\">  2018-03-29<\/span><\/li><li><a href=\"https:\/\/www.darksky.ch\/dss\/de\/2018\/03\/20minuten-ein-naturschauspiel-wie-von-einem-anderen-stern\/\">20Minuten \u2013 Ein Naturschauspiel wie von einem anderen Stern<\/a><span class=\"lcp_date\">  2018-03-27<\/span><\/li><li><a href=\"https:\/\/www.darksky.ch\/dss\/de\/2018\/03\/20minuten-bundesamt-fuer-umwelt-sammelt-zu-viele-daten\/\">20Minuten \u2013 Bundesamt f\u00fcr Umwelt sammelt zu viele Daten<\/a><span class=\"lcp_date\">  2018-03-27<\/span><\/li><li><a href=\"https:\/\/www.darksky.ch\/dss\/de\/2018\/03\/tagesanzeiger-wie-gefaehrlich-ist-led-licht\/\">Tagesanzeiger \u2013 Wie gef\u00e4hrlich ist LED-Licht?<\/a><span class=\"lcp_date\">  2018-03-26<\/span><\/li><li><a href=\"https:\/\/www.darksky.ch\/dss\/de\/2018\/03\/nzz-bildstrecke-earth-hour-24-maerz-2018\/\">NZZ Bildstrecke \u2013 Earth Hour 24. M\u00e4rz 2018<\/a><span class=\"lcp_date\">  2018-03-25<\/span><\/li><li><a href=\"https:\/\/www.darksky.ch\/dss\/de\/2018\/03\/20minuten-forscher-filmen-erstmals-leuchtenden-anglerfisch\/\">20Minuten \u2013 Forscher filmen erstmals leuchtenden Anglerfisch<\/a><span class=\"lcp_date\">  2018-03-24<\/span><\/li><li><a href=\"https:\/\/www.darksky.ch\/dss\/de\/2018\/03\/nzz-experten-stellen-alarmierenden-rueckgang-der-biodiversitaet-fest\/\">NZZ \u2013 Experten stellen alarmierenden R\u00fcckgang der Biodiversit\u00e4t fest<\/a><span class=\"lcp_date\">  2018-03-23<\/span><\/li><li><a href=\"https:\/\/www.darksky.ch\/dss\/de\/2018\/03\/tagesanzeiger-ist-eine-schoene-blume-mehr-wert-als-ein-gras\/\">Tagesanzeiger \u2013 \u00abIst eine sch\u00f6ne Blume mehr wert als ein Gras?\u00bb<\/a><span class=\"lcp_date\">  2018-03-23<\/span><\/li><li><a href=\"https:\/\/www.darksky.ch\/dss\/de\/2018\/03\/20minuten-jeder-dritte-vogel-ist-verschwunden\/\">20Minuten \u2013 Jeder dritte Vogel ist verschwunden<\/a><span class=\"lcp_date\">  2018-03-23<\/span><\/li><li><a href=\"https:\/\/www.darksky.ch\/dss\/de\/2018\/03\/blick-am-abend-helle-nacht-duestere-stimmung\/\">Blick am Abend \u2013 Helle Nacht, d\u00fcstere Stimmung<\/a><span class=\"lcp_date\">  2018-03-22<\/span><\/li><li><a href=\"https:\/\/www.darksky.ch\/dss\/de\/2018\/03\/migros-magazin-auf-hasensafari\/\">Migros Magazin \u2013 Auf Hasensafari<\/a><span class=\"lcp_date\">  2018-03-22<\/span><\/li><li><a href=\"https:\/\/www.darksky.ch\/dss\/de\/2018\/03\/20minuten-ich-finde-es-nicht-das-beste-bild\/\">20Minuten \u2013 \u00abIch finde es nicht das beste Bild\u00bb<\/a><span class=\"lcp_date\">  2018-03-22<\/span><\/li><li><a href=\"https:\/\/www.darksky.ch\/dss\/de\/2018\/03\/nzz-wenn-moderne-bauweisen-tierische-untermieter-bedrohen\/\">NZZ \u2013 Wenn moderne Bauweisen tierische Untermieter bedrohen<\/a><span class=\"lcp_date\">  2018-03-22<\/span><\/li><li><a href=\"https:\/\/www.darksky.ch\/dss\/de\/2018\/03\/anzeiger-von-wallisellen-keine-nachtruhe-fuer-den-biber\/\">Anzeiger von Wallisellen \u2013 Keine Nachtruhe f\u00fcr den Biber<\/a><span class=\"lcp_date\">  2018-03-22<\/span><\/li><li><a href=\"https:\/\/www.darksky.ch\/dss\/de\/2018\/03\/aargauer-zeitung-lichterloeschen-bei-den-aargauer-schloessern-lichtplaner-fordert-abschaltung-um-22-uhr\/\">Aargauer Zeitung \u2013 Lichterl\u00f6schen bei den Aargauer Schl\u00f6ssern? Lichtplaner fordert Abschaltung um 22 Uhr<\/a><span class=\"lcp_date\">  2018-03-21<\/span><\/li><li><a href=\"https:\/\/www.darksky.ch\/dss\/de\/2018\/03\/aargauer-zeitung-lichtzauber-im-gartenreich\/\">Aargauer Zeitung \u2013 Lichtzauber im Gartenreich<\/a><span class=\"lcp_date\">  2018-03-20<\/span><\/li><li><a href=\"https:\/\/www.darksky.ch\/dss\/de\/2018\/03\/blick-blick-am-abend-vogler-schlaegt-wegen-insektensterben-alarm\/\">Blick\/Blick am Abend \u2013 Vogler schl\u00e4gt wegen Insektensterben Alarm<\/a><span class=\"lcp_date\">  2018-03-19<\/span><\/li><li><a href=\"https:\/\/www.darksky.ch\/dss\/de\/2018\/03\/20minuten-wie-kommt-denn-dieser-heiligenschein-dahin\/\">20Minuten \u2013 Wie kommt denn dieser Heiligenschein dahin?<\/a><span class=\"lcp_date\">  2018-03-19<\/span><\/li><li><a href=\"https:\/\/www.darksky.ch\/dss\/de\/2018\/03\/beobachter-ein-fall-fuer-batwoman\/\">Beobachter \u2013 Ein Fall f\u00fcr Batwoman<\/a><span class=\"lcp_date\">  2018-03-19<\/span><\/li><li><a href=\"https:\/\/www.darksky.ch\/dss\/de\/2018\/03\/internationale-dark-sky-woche-freiwillige-forscherinnen-zur-lichtverschmutzung-gesucht\/\">Internationale Dark-Sky Woche: Freiwillige ForscherInnen zur Lichtverschmutzung gesucht<\/a><span class=\"lcp_date\">  2018-03-18<\/span><\/li><li><a href=\"https:\/\/www.darksky.ch\/dss\/de\/2018\/03\/spektrum-der-wissenschaft-insektensterben-sorgt-fuer-nahrungsmangel\/\">Spektrum der Wissenschaft \u2013 Insektensterben sorgt f\u00fcr Nahrungsmangel<\/a><span class=\"lcp_date\">  2018-03-16<\/span><\/li><li><a href=\"https:\/\/www.darksky.ch\/dss\/de\/2018\/03\/aargauer-zeitung-lichtverschmutzung-ist-stadt-bei-leuchtreklamen-zu-lasch\/\">Aargauer Zeitung \u2013 Lichtverschmutzung: Ist Stadt bei Leuchtreklamen zu lasch?<\/a><span class=\"lcp_date\">  2018-03-16<\/span><\/li><li><a href=\"https:\/\/www.darksky.ch\/dss\/de\/2018\/03\/beobachter-im-takt-der-inneren-uhr\/\">Beobachter \u2013 Im Takt der inneren Uhr<\/a><span class=\"lcp_date\">  2018-03-15<\/span><\/li><li><a href=\"https:\/\/www.darksky.ch\/dss\/de\/2018\/03\/aargauer-zeitung-kommentar-der-kanton-ist-kein-leuchtendes-vorbild\/\">Aargauer Zeitung \u2013 Kommentar: Der Kanton ist kein leuchtendes Vorbild<\/a><span class=\"lcp_date\">  2018-03-15<\/span><\/li><li><a href=\"https:\/\/www.darksky.ch\/dss\/de\/2018\/03\/aargauer-zeitung-kanton-missachtet-eigene-regeln-aargau-beleuchtet-seine-schloesser-illegal\/\">Aargauer Zeitung \u2013 Kanton missachtet eigene Regeln: Aargau beleuchtet seine Schl\u00f6sser illegal<\/a><span class=\"lcp_date\">  2018-03-15<\/span><\/li><li><a href=\"https:\/\/www.darksky.ch\/dss\/de\/2018\/03\/nzz-eine-neue-form-von-polarlicht-verbluefft-die-forscher\/\">NZZ \u2013 Eine neue Form von Polarlicht verbl\u00fcfft die Forscher<\/a><span class=\"lcp_date\">  2018-03-15<\/span><\/li><li><a href=\"https:\/\/www.darksky.ch\/dss\/de\/2018\/03\/anzeiger-von-wallisellen-leserbrief-nahes-gruen\/\">Anzeiger von Wallisellen \u2013 Leserbrief: Nahes Gr\u00fcn<\/a><span class=\"lcp_date\">  2018-03-15<\/span><\/li><li><a href=\"https:\/\/www.darksky.ch\/dss\/de\/2018\/03\/20minuten-st-galler-strassenlampen-gehen-via-usa-viral\/\">20Minuten \u2013 St. Galler Strassenlampen gehen via USA viral<\/a><span class=\"lcp_date\">  2018-03-14<\/span><\/li><li><a href=\"https:\/\/www.darksky.ch\/dss\/de\/2018\/03\/birdlife-aargau-milan-vielseitig-unterwegs-im-kampf-gegen-zu-viel-licht\/\">birdlife aargau milan \u2013 Vielseitig unterwegs im Kampf gegen zu viel Licht<\/a><span class=\"lcp_date\">  2018-03-13<\/span><\/li><li><a href=\"https:\/\/www.darksky.ch\/dss\/de\/2018\/03\/birdlife-aargau-milan-amphibien-aus-dem-schutz-der-dunkelheit\/\">birdlife aargau milan \u2013 Amphibien: Aus dem Schutz der Dunkelheit<\/a><span class=\"lcp_date\">  2018-03-13<\/span><\/li><li><a href=\"https:\/\/www.darksky.ch\/dss\/de\/2018\/03\/20minuten-berner-sollen-mit-tunneln-igelspuren-sichern\/\">20Minuten \u2013 Berner sollen mit Tunneln Igelspuren sichern<\/a><span class=\"lcp_date\">  2018-03-11<\/span><\/li><li><a href=\"https:\/\/www.darksky.ch\/dss\/de\/2018\/03\/design-elektronik-sunlike-led-technologie-laeutet-die-aera-der-lichtqualitaet-ein\/\">Design &#038; Elektronik \u2013 SunLike-LED-Technologie l\u00e4utet die \u00c4ra der Lichtqualit\u00e4t ein<\/a><span class=\"lcp_date\">  2018-03-09<\/span><\/li><li><a href=\"https:\/\/www.darksky.ch\/dss\/de\/2018\/03\/der-bund-auf-berner-sportplaetzen-wird-es-licht\/\">Der Bund \u2013 Auf Berner Sportpl\u00e4tzen wird es Licht<\/a><span class=\"lcp_date\">  2018-03-08<\/span><\/li><li><a href=\"https:\/\/www.darksky.ch\/dss\/de\/2018\/03\/tagesanzeiger-leuchten-fuer-die-waldtiere\/\">Tagesanzeiger \u2013 Leuchten f\u00fcr die Waldtiere<\/a><span class=\"lcp_date\">  2018-03-06<\/span><\/li><li><a href=\"https:\/\/www.darksky.ch\/dss\/de\/2018\/03\/tagesanzeiger-wie-sie-gegen-das-licht-des-nachbarn-vorgehen\/\">Tagesanzeiger \u2013\u00a0Wie Sie gegen das Licht des Nachbarn vorgehen<\/a><span class=\"lcp_date\">  2018-03-05<\/span><\/li><li><a href=\"https:\/\/www.darksky.ch\/dss\/de\/2018\/03\/birdlife-aargau-milan-die-nacht-ins-rechte-licht-ruecken\/\">birdlife aargau milan \u2013 Die Nacht ins rechte Licht r\u00fccken<\/a><span class=\"lcp_date\">  2018-03-05<\/span><\/li><li><a href=\"https:\/\/www.darksky.ch\/dss\/de\/2018\/03\/spektrum-der-wissenschaft-was-wir-ueber-das-insektensterben-wissen-und-was-nicht\/\">Spektrum der Wissenschaft \u2013 Was wir \u00fcber das Insektensterben wissen &#8211; und was nicht<\/a><span class=\"lcp_date\">  2018-03-02<\/span><\/li><li><a href=\"https:\/\/www.darksky.ch\/dss\/de\/2018\/03\/tagesanzeiger-geld-besiegt-natur\/\">Tagesanzeiger \u2013 Geld besiegt Natur<\/a><span class=\"lcp_date\">  2018-03-02<\/span><\/li><li><a href=\"https:\/\/www.darksky.ch\/dss\/de\/2018\/02\/nzz-was-die-allerersten-sterne-im-universum-ueber-die-dunkle-materie-verraten\/\">NZZ \u2013 Was die allerersten Sterne im Universum \u00fcber die Dunkle Materie verraten<\/a><span class=\"lcp_date\">  2018-02-28<\/span><\/li><li><a href=\"https:\/\/www.darksky.ch\/dss\/de\/2018\/02\/20minuten-insektenzaehler-und-froschkenner-gesucht\/\">20Minuten \u2013 Insektenz\u00e4hler und Froschkenner gesucht<\/a><span class=\"lcp_date\">  2018-02-28<\/span><\/li><li><a href=\"https:\/\/www.darksky.ch\/dss\/de\/2018\/02\/tages-anzeiger-was-farben-mit-uns-machen\/\">Tages-Anzeiger \u2013 Was Farben mit uns machen<\/a><span class=\"lcp_date\">  2018-02-28<\/span><\/li><li><a href=\"https:\/\/www.darksky.ch\/dss\/de\/2018\/02\/nzz-die-fast-absolute-finsternis-hat-einen-namen-vantablack\/\">NZZ \u2013 Die fast absolute Finsternis hat einen Namen: Vantablack<\/a><span class=\"lcp_date\">  2018-02-26<\/span><\/li><li><a href=\"https:\/\/www.darksky.ch\/dss\/de\/2018\/02\/nzz-millionen-winziger-spiegel-lenken-licht-ins-haus\/\">NZZ \u2013\u00a0Millionen winziger Spiegel lenken Licht ins Haus<\/a><span class=\"lcp_date\">  2018-02-23<\/span><\/li><li><a href=\"https:\/\/www.darksky.ch\/dss\/de\/2018\/02\/zuerichsee-zeitung-trotz-autobahn-ist-naturschutz-wichtiger-als-leuchtreklame\/\">Z\u00fcrichsee Zeitung \u2013 Trotz Autobahn ist Naturschutz wichtiger als Leuchtreklame<\/a><span class=\"lcp_date\">  2018-02-23<\/span><\/li><li><a href=\"https:\/\/www.darksky.ch\/dss\/de\/2018\/02\/20minuten-basler-fasnacht-hier-geht-es-lichtsuendern-an-den-kragen\/\">20Minuten \u2013 Basler Fasnacht: Hier geht es Lichts\u00fcndern an den Kragen<\/a><span class=\"lcp_date\">  2018-02-19<\/span><\/li><li><a href=\"https:\/\/www.darksky.ch\/dss\/de\/2018\/02\/20minuten-morgestraich-2018-schicken-sie-uns-bilder-von-den-licht-suendern\/\">20Minuten \u2013 Morgestraich 2018: Schicken Sie uns Bilder von den Licht-S\u00fcndern<\/a><span class=\"lcp_date\">  2018-02-18<\/span><\/li><li><a href=\"https:\/\/www.darksky.ch\/dss\/de\/2018\/02\/bluewin-stadt-winterthur-setzt-auf-autarke-lampen-und-neue-led-leuchten\/\">bluewin \u2013 Stadt Winterthur setzt auf autarke Lampen und neue LED-Leuchten<\/a><span class=\"lcp_date\">  2018-02-16<\/span><\/li><li><a href=\"https:\/\/www.darksky.ch\/dss\/de\/2018\/02\/20minuten-schlechtes-licht-macht-auf-dauer-dumm\/\">20Minuten \u2013 Schlechtes Licht macht auf Dauer dumm<\/a><span class=\"lcp_date\">  2018-02-12<\/span><\/li><li><a href=\"https:\/\/www.darksky.ch\/dss\/de\/2018\/02\/20minuten-sinnlose-zeitumstellung-wird-endlich-zum-thema\/\">20Minuten \u2013 \u00abSinnlose Zeitumstellung wird endlich zum Thema\u00bb<\/a><span class=\"lcp_date\">  2018-02-08<\/span><\/li><li><a href=\"https:\/\/www.darksky.ch\/dss\/de\/2018\/02\/20minuten-das-alles-stellt-die-zeitumstellung-mit-uns-an\/\">20Minuten \u2013 Das alles stellt die Zeitumstellung mit uns an<\/a><span class=\"lcp_date\">  2018-02-08<\/span><\/li><li><a href=\"https:\/\/www.darksky.ch\/dss\/de\/2018\/02\/basler-zeitung-eu-denkt-ueber-ende-der-sommerzeit-nach\/\">Basler Zeitung \u2013 EU denkt \u00fcber Ende der Sommerzeit nach<\/a><span class=\"lcp_date\">  2018-02-08<\/span><\/li><li><a href=\"https:\/\/www.darksky.ch\/dss\/de\/2018\/02\/aargauer-zeitung-es-werde-licht-wo-noetig-die-intelligente-strassenbeleuchtung-soll-erweitert-werden\/\">Aargauer Zeitung \u2013\u00a0Es werde Licht \u2013 wo n\u00f6tig: Die intelligente Strassenbeleuchtung soll erweitert werden<\/a><span class=\"lcp_date\">  2018-02-01<\/span><\/li><li><a href=\"https:\/\/www.darksky.ch\/dss\/de\/2018\/02\/watson-in-diesem-dorf-kann-jeder-per-handy-die-strassenlaternen-einschalten\/\">Watson \u2013 In diesem Dorf kann jeder per Handy die Strassenlaternen einschalten<\/a><span class=\"lcp_date\">  2018-02-01<\/span><\/li><li><a href=\"https:\/\/www.darksky.ch\/dss\/de\/2018\/01\/zuerichsee-zeitung-thalwil-will-in-sachen-licht-auf-die-dunkle-seite\/\">Z\u00fcrichsee-Zeitung \u2013 Thalwil will in Sachen Licht auf die dunkle Seite<\/a><span class=\"lcp_date\">  2018-01-31<\/span><\/li><li><a href=\"https:\/\/www.darksky.ch\/dss\/de\/2018\/01\/schlussbericht-uvp-workshop-be-so-mit-thema-licht-erschienen\/\">Schlussbericht UVP-Workshop BE\/SO mit Thema Licht erschienen<\/a><span class=\"lcp_date\">  2018-01-25<\/span><\/li><li><a href=\"https:\/\/www.darksky.ch\/dss\/de\/2018\/01\/nature-die-dunkle-seite-des-lichts\/\">Nature \u2013 Die dunkle Seite des Lichts<\/a><span class=\"lcp_date\">  2018-01-20<\/span><\/li><li><a href=\"https:\/\/www.darksky.ch\/dss\/de\/2018\/01\/schaffhauser-nachrichten-warmes-weisses-licht-fuer-die-altstadt\/\">Schaffhauser Nachrichten \u2013 Warmes, weisses Licht f\u00fcr die Altstadt<\/a><span class=\"lcp_date\">  2018-01-19<\/span><\/li><li><a href=\"https:\/\/www.darksky.ch\/dss\/de\/2018\/01\/tagesanzeiger-lichtblick-fuer-aknegeplagte\/\">Tagesanzeiger \u2013 Lichtblick f\u00fcr Aknegeplagte<\/a><span class=\"lcp_date\">  2018-01-19<\/span><\/li><li><a href=\"https:\/\/www.darksky.ch\/dss\/de\/2018\/01\/tagesanzeiger-die-lange-leitung-der-eltern\/\">Tagesanzeiger \u2013 Die lange Leitung der Eltern<\/a><span class=\"lcp_date\">  2018-01-19<\/span><\/li><li><a href=\"https:\/\/www.darksky.ch\/dss\/de\/2018\/01\/nature-licht-gesuender-machen\/\">Nature \u2013 Licht ges\u00fcnder machen<\/a><span class=\"lcp_date\">  2018-01-16<\/span><\/li><li><a href=\"https:\/\/www.darksky.ch\/dss\/de\/2018\/01\/tagesanzeiger-warum-fussgaenger-zu-spaet-gesehen-werden\/\">Tagesanzeiger \u2013 Warum Fussg\u00e4nger zu sp\u00e4t gesehen werden<\/a><span class=\"lcp_date\">  2018-01-16<\/span><\/li><li><a href=\"https:\/\/www.darksky.ch\/dss\/de\/2018\/01\/nzz-chamaeleons-leuchten-unter-uv-licht-um-die-wette\/\">NZZ \u2013 Cham\u00e4leons leuchten unter UV-Licht um die Wette<\/a><span class=\"lcp_date\">  2018-01-16<\/span><\/li><li><a href=\"https:\/\/www.darksky.ch\/dss\/de\/2018\/01\/nzz-naechtliche-wunden-heilen-langsamer\/\">NZZ \u2013 N\u00e4chtliche Wunden heilen langsamer<\/a><span class=\"lcp_date\">  2018-01-15<\/span><\/li><li><a href=\"https:\/\/www.darksky.ch\/dss\/de\/2018\/01\/20minuten-die-voegel-muessen-einen-siebten-sinn-haben\/\">20Minuten \u2013 \u00abDie V\u00f6gel m\u00fcssen einen siebten Sinn haben\u00bb<\/a><span class=\"lcp_date\">  2018-01-15<\/span><\/li><li><a href=\"https:\/\/www.darksky.ch\/dss\/de\/2018\/01\/20minuten-rotes-leuchtsignal-warnt-vor-schlechter-luft\/\">20Minuten \u2013 Rotes Leuchtsignal warnt vor schlechter Luft<\/a><span class=\"lcp_date\">  2018-01-12<\/span><\/li><li><a href=\"https:\/\/www.darksky.ch\/dss\/de\/2018\/01\/to-do-liste-baut-stress-ab\/\">To-do-Liste baut Stress ab<\/a><span class=\"lcp_date\">  2018-01-12<\/span><\/li><li><a href=\"https:\/\/www.darksky.ch\/dss\/de\/2018\/01\/20minuten-bei-schlechter-sicht-fahren-mehr-autos-zu-schnell\/\">20Minuten \u2013 Bei schlechter Sicht fahren mehr Autos zu schnell<\/a><span class=\"lcp_date\">  2018-01-11<\/span><\/li><li><a href=\"https:\/\/www.darksky.ch\/dss\/de\/2018\/01\/20minuten-diese-lampe-erkennt-vorbeifahrende-autos\/\">20Minuten \u2013 Diese Lampe erkennt vorbeifahrende Autos<\/a><span class=\"lcp_date\">  2018-01-11<\/span><\/li><li><a href=\"https:\/\/www.darksky.ch\/dss\/de\/2018\/01\/limmattaler-zeitung-zuercher-elektrizitaetswerke-erhalten-preis-fuer-verkehrsbeobachtendes-licht-in-urdorf\/\">Limmattaler Zeitung \u2013 Z\u00fcrcher Elektrizit\u00e4tswerke erhalten Preis f\u00fcr \u00abverkehrsbeobachtendes Licht\u00bb in Urdorf<\/a><span class=\"lcp_date\">  2018-01-11<\/span><\/li><li><a href=\"https:\/\/www.darksky.ch\/dss\/de\/2018\/01\/bundesamt-fuer-energie-watt-dor-2018-zukunftslicht\/\">Bundesamt f\u00fcr Energie \u2013 Watt d&#8217;Or 2018: Zukunftslicht<\/a><span class=\"lcp_date\">  2018-01-11<\/span><\/li><li><a href=\"https:\/\/www.darksky.ch\/dss\/de\/2018\/01\/st-galler-tagblatt-watt-dor-2018-fuer-verkehrsbeobachtendes-strassenlicht\/\">St. Galler Tagblatt \u2013 Watt d&#8217;Or 2018 f\u00fcr verkehrsbeobachtendes Strassenlicht<\/a><span class=\"lcp_date\">  2018-01-11<\/span><\/li><li><a href=\"https:\/\/www.darksky.ch\/dss\/de\/2018\/01\/srf-kommt-ein-fahrzeug-wird-es-hell\/\">SRF \u2013 Kommt ein Fahrzeug, wird es hell<\/a><span class=\"lcp_date\">  2018-01-11<\/span><\/li><li><a href=\"https:\/\/www.darksky.ch\/dss\/de\/2018\/01\/vertiefungsarbeit-jessica-anes-lichtverschmutzung\/\">Vertiefungsarbeit Jessica Anes: Lichtverschmutzung<\/a><span class=\"lcp_date\">  2018-01-11<\/span><\/li><li><a href=\"https:\/\/www.darksky.ch\/dss\/de\/2018\/01\/tagesanzeiger-strassenbeleuchtung-in-urdorf-erkennt-auto\/\">Tagesanzeiger \u2013 Strassenbeleuchtung in Urdorf erkennt Auto<\/a><span class=\"lcp_date\">  2018-01-11<\/span><\/li><li><a href=\"https:\/\/www.darksky.ch\/dss\/de\/2018\/01\/nzz-mikrostrukturen-machen-den-paradiesvogel-unwiderstehlich\/\">NZZ \u2013 Mikrostrukturen machen den Paradiesvogel unwiderstehlich<\/a><span class=\"lcp_date\">  2018-01-10<\/span><\/li><li><a href=\"https:\/\/www.darksky.ch\/dss\/de\/2018\/01\/luzerner-zeitung-studie-zeigt-je-dunkler-die-strassen-desto-schneller-die-autofahrer\/\">Luzerner Zeitung \u2013 Studie zeigt: Je dunkler die Strassen, desto schneller die Autofahrer<\/a><span class=\"lcp_date\">  2018-01-10<\/span><\/li><li><a href=\"https:\/\/www.darksky.ch\/dss\/de\/2018\/01\/wald-und-holz-lichtverschmutzung\/\">Wald und Holz \u2013 \u00abLichtverschmutzung\u00bb<\/a><span class=\"lcp_date\">  2018-01-10<\/span><\/li><li><a href=\"https:\/\/www.darksky.ch\/dss\/de\/2018\/01\/tagesanzeiger-schlafen-sie-sich-gluecklich\/\">Tagesanzeiger \u2013 Schlafen Sie sich gl\u00fccklich!<\/a><span class=\"lcp_date\">  2018-01-09<\/span><\/li><li><a href=\"https:\/\/www.darksky.ch\/dss\/de\/2018\/01\/20minuten-freerider-gleitet-nachts-ueber-gletscher\/\">20Minuten \u2013 Freerider gleitet nachts \u00fcber Gletscher<\/a><span class=\"lcp_date\">  2018-01-07<\/span><\/li><li><a href=\"https:\/\/www.darksky.ch\/dss\/de\/2018\/01\/luzerner-zeitung-fotobuch-zum-plan-lumiere\/\">Luzerner Zeitung \u2013 Fotobuch zum Plan Lumi\u00e8re<\/a><span class=\"lcp_date\">  2018-01-05<\/span><\/li><\/ul> <h3>2017<\/h3><ul class=\"lcp_catlist\" id=\"lcp_instance_0\"><li><a href=\"https:\/\/www.darksky.ch\/dss\/de\/2017\/12\/zuerichsee-zeitung-thalwil-geht-im-flutlichtstreit-mit-langnau-nochmals-ueber-die-buecher\/\">Z\u00fcrichsee-Zeitung \u2013 Thalwil geht im Flutlichtstreit mit Langnau nochmals \u00fcber die B\u00fccher<\/a><span class=\"lcp_date\">  2017-12-28<\/span><\/li><li><a href=\"https:\/\/www.darksky.ch\/dss\/de\/2017\/12\/naturschutz-ch-uferbeleuchtung-der-fatale-insektenstaubsauger\/\">naturschutz.ch \u2013 Uferbeleuchtung: Der fatale Insektenstaubsauger<\/a><span class=\"lcp_date\">  2017-12-28<\/span><\/li><li><a href=\"https:\/\/www.darksky.ch\/dss\/de\/2017\/12\/nzz-ein-lichtschwert-mit-der-leistung-von-70-autos\/\">NZZ \u2013 Ein Lichtschwert mit der Leistung von 70 Autos<\/a><span class=\"lcp_date\">  2017-12-27<\/span><\/li><li><a href=\"https:\/\/www.darksky.ch\/dss\/de\/2017\/12\/tagesanzeiger-werbefreie-staedte-ein-trend-erreicht-die-schweiz\/\">Tagesanzeiger \u2013 Werbefreie St\u00e4dte \u2013 ein Trend erreicht die Schweiz<\/a><span class=\"lcp_date\">  2017-12-26<\/span><\/li><li><a href=\"https:\/\/www.darksky.ch\/dss\/de\/2017\/12\/nzz-am-sonntag-der-arbeitstag-reicht-zunehmend-bis-weit-in-die-nacht\/\">NZZ am Sonntag \u2013 Der Arbeitstag reicht zunehmend bis weit in die Nacht<\/a><span class=\"lcp_date\">  2017-12-24<\/span><\/li><li><a href=\"https:\/\/www.darksky.ch\/dss\/de\/2017\/12\/tagesanzeiger-vom-raketenbauer-zum-chef-astronom\/\">Tagesanzeiger \u2013 Vom Raketenbauer zum Chef-Astronom<\/a><span class=\"lcp_date\">  2017-12-23<\/span><\/li><li><a href=\"https:\/\/www.darksky.ch\/dss\/de\/2017\/12\/tagesanzeiger-geheimnisvolle-bergschatten\/\">Tagesanzeiger \u2013 Geheimnisvolle Bergschatten<\/a><span class=\"lcp_date\">  2017-12-23<\/span><\/li><li><a href=\"https:\/\/www.darksky.ch\/dss\/de\/2017\/12\/tagesanzeiger-juhui-es-wird-wieder-heller\/\">Tagesanzeiger \u2013 Juhui, es wird wieder heller!<\/a><span class=\"lcp_date\">  2017-12-20<\/span><\/li><li><a href=\"https:\/\/www.darksky.ch\/dss\/de\/2017\/12\/zuerichsee-zeitung-thalwil-laedt-langnau-zum-gespraech-im-flutlichtstreit-ein\/\">Z\u00fcrichsee-Zeitung \u2013 Thalwil l\u00e4dt Langnau zum Gespr\u00e4ch im Flutlichtstreit ein<\/a><span class=\"lcp_date\">  2017-12-19<\/span><\/li><li><a href=\"https:\/\/www.darksky.ch\/dss\/de\/2017\/12\/aargauer-zeitung-led-lampen-bringen-unsere-innere-uhr-durcheinander-so-erhalten-wir-unseren-schlaf-zurueck\/\">Aargauer Zeitung \u2013 LED-Lampen bringen unsere innere Uhr durcheinander: So erhalten wir unseren Schlaf zur\u00fcck<\/a><span class=\"lcp_date\">  2017-12-17<\/span><\/li><li><a href=\"https:\/\/www.darksky.ch\/dss\/de\/2017\/12\/tagesanzeiger-im-falschen-licht\/\">Tagesanzeiger \u2013 Im falschen Licht<\/a><span class=\"lcp_date\">  2017-12-16<\/span><\/li><li><a href=\"https:\/\/www.darksky.ch\/dss\/de\/2017\/12\/20minuten-diese-pflanzen-leuchten-wie-gluehwuermchen\/\">20Minuten \u2013 Diese Pflanzen leuchten wie Gl\u00fchw\u00fcrmchen<\/a><span class=\"lcp_date\">  2017-12-15<\/span><\/li><li><a href=\"https:\/\/www.darksky.ch\/dss\/de\/2017\/12\/tagesanzeiger-handystrahlung-veraendert-die-hirnaktivitaet-im-schlaf\/\">Tagesanzeiger \u2013 Handystrahlung ver\u00e4ndert die Hirnaktivit\u00e4t im Schlaf<\/a><span class=\"lcp_date\">  2017-12-15<\/span><\/li><li><a href=\"https:\/\/www.darksky.ch\/dss\/de\/2017\/12\/zeit-online-led-scheinwerfer-blendende-aussichten\/\">Zeit online \u2013 LED-Scheinwerfer: Blendende Aussichten<\/a><span class=\"lcp_date\">  2017-12-14<\/span><\/li><li><a href=\"https:\/\/www.darksky.ch\/dss\/de\/2017\/12\/20minuten-igel-zieht-sich-aus-der-stadt-zurueck\/\">20Minuten \u2013 Igel zieht sich aus der Stadt zur\u00fcck<\/a><span class=\"lcp_date\">  2017-12-14<\/span><\/li><li><a href=\"https:\/\/www.darksky.ch\/dss\/de\/2017\/12\/nzz-drastischer-rueckgang-die-igel-verschwinden-aus-zuerich\/\">NZZ \u2013 Drastischer R\u00fcckgang: Die Igel verschwinden aus Z\u00fcrich<\/a><span class=\"lcp_date\">  2017-12-14<\/span><\/li><li><a href=\"https:\/\/www.darksky.ch\/dss\/de\/2017\/12\/tagesanzeiger-raetselhaftes-verschwinden-der-igel-aus-der-stadt\/\">Tagesanzeiger \u2013 R\u00e4tselhaftes Verschwinden der Igel aus der Stadt<\/a><span class=\"lcp_date\">  2017-12-14<\/span><\/li><li><a href=\"https:\/\/www.darksky.ch\/dss\/de\/2017\/12\/20minuten-teilsieg-fuer-schweizerhof-im-fensterlichter-streit\/\">20Minuten \u2013 Teilsieg f\u00fcr Schweizerhof im Fensterlichter-Streit<\/a><span class=\"lcp_date\">  2017-12-14<\/span><\/li><li><a href=\"https:\/\/www.darksky.ch\/dss\/de\/2017\/12\/20minuten-herrliberger-protestieren-gegen-fussballplatz-klaeger\/\">20Minuten \u2013 Herrliberger protestieren gegen Fussballplatz-Kl\u00e4ger<\/a><span class=\"lcp_date\">  2017-12-14<\/span><\/li><li><a href=\"https:\/\/www.darksky.ch\/dss\/de\/2017\/12\/20minuten-strassenlampe-schafft-es-bis-vor-bundesgericht\/\">20Minuten \u2013 Strassenlampe schafft es bis vor Bundesgericht<\/a><span class=\"lcp_date\">  2017-12-14<\/span><\/li><li><a href=\"https:\/\/www.darksky.ch\/dss\/de\/2017\/12\/srf-10vor10-die-lichtverschmutzung-in-der-weihnachtszeit\/\">SRF 10vor10 \u2013 Die Lichtverschmutzung in der Weihnachtszeit<\/a><span class=\"lcp_date\">  2017-12-14<\/span><\/li><li><a href=\"https:\/\/www.darksky.ch\/dss\/de\/2017\/12\/migros-magazin-warum-werden-beim-weihnachtsstern-nur-die-obersten-blaetter-rot\/\">Migros-Magazin \u2013 Warum werden beim Weihnachtsstern nur die obersten Bl\u00e4tter rot?<\/a><span class=\"lcp_date\">  2017-12-11<\/span><\/li><li><a href=\"https:\/\/www.darksky.ch\/dss\/de\/2017\/12\/fm1-sued-mehr-lichtverschmutzung-im-advent\/\">FM1 S\u00fcd \u2013 Mehr Lichtverschmutzung im Advent<\/a><span class=\"lcp_date\">  2017-12-09<\/span><\/li><li><a href=\"https:\/\/www.darksky.ch\/dss\/de\/2017\/12\/20minuten-erster-cyborg-der-welt-kann-farben-hoeren\/\">20Minuten \u2013 Erster Cyborg der Welt kann Farben h\u00f6ren<\/a><span class=\"lcp_date\">  2017-12-05<\/span><\/li><li><a href=\"https:\/\/www.darksky.ch\/dss\/de\/2017\/12\/tagesanzeiger-herzliche-adventsgruesse-aus-sternenberg\/\">Tagesanzeiger \u2013 Herzliche Adventsgr\u00fcsse aus Sternenberg<\/a><span class=\"lcp_date\">  2017-12-03<\/span><\/li><li><a href=\"https:\/\/www.darksky.ch\/dss\/de\/2017\/12\/tagesanzeiger-der-hellste-mond-im-jahr\/\">Tagesanzeiger \u2013 Der hellste Mond im Jahr<\/a><span class=\"lcp_date\">  2017-12-03<\/span><\/li><li><a href=\"https:\/\/www.darksky.ch\/dss\/de\/2017\/12\/stenkelfeld-weihnachtsbeleuchtung-aktueller-denn-je\/\">Stenkelfeld \u2013 Weihnachtsbeleuchtung aktueller denn je<\/a><span class=\"lcp_date\">  2017-12-03<\/span><\/li><li><a href=\"https:\/\/www.darksky.ch\/dss\/de\/2017\/11\/nzz-schau-mir-in-die-spiegel-kleines\/\">NZZ \u2013 Schau mir in die Spiegel, Kleines!<\/a><span class=\"lcp_date\">  2017-11-30<\/span><\/li><li><a href=\"https:\/\/www.darksky.ch\/dss\/de\/2017\/11\/der-standard-oberoesterreich-hat-ein-messnetz-fuer-lichtverschmutzung\/\">Der Standard \u2013 Ober\u00f6sterreich hat ein Messnetz f\u00fcr Lichtverschmutzung<\/a><span class=\"lcp_date\">  2017-11-30<\/span><\/li><li><a href=\"https:\/\/www.darksky.ch\/dss\/de\/2017\/11\/tagesanzeiger-flieg-uhu-flieg\/\">Tagesanzeiger \u2013 Flieg Uhu, flieg<\/a><span class=\"lcp_date\">  2017-11-30<\/span><\/li><li><a href=\"https:\/\/www.darksky.ch\/dss\/de\/2017\/11\/20minuten-kunst-weihnachtsbaum-provoziert-passanten\/\">20Minuten \u2013 Kunst-Weihnachtsbaum provoziert Passanten<\/a><span class=\"lcp_date\">  2017-11-30<\/span><\/li><li><a href=\"https:\/\/www.darksky.ch\/dss\/de\/2017\/11\/nzz-in-der-schweiz-gibt-es-kaum-noch-unbelastete-boeden\/\">NZZ \u2013 In der Schweiz gibt es kaum noch unbelastete B\u00f6den<\/a><span class=\"lcp_date\">  2017-11-30<\/span><\/li><li><a href=\"https:\/\/www.darksky.ch\/dss\/de\/2017\/11\/watson-in-basel-und-luzern-brennt-die-weihnachtsbeleuchtung-jetzt-auch-am-tag-wozu\/\">Watson \u2013 In Basel und Luzern brennt die Weihnachtsbeleuchtung jetzt auch am Tag \u2013 wozu?<\/a><span class=\"lcp_date\">  2017-11-30<\/span><\/li><li><a href=\"https:\/\/www.darksky.ch\/dss\/de\/2017\/11\/coopzeitung-es-werde-licht-ein-quartier-ruestet-auf\/\">Coopzeitung \u2013 Es werde Licht, ein Quartier r\u00fcstet auf<\/a><span class=\"lcp_date\">  2017-11-28<\/span><\/li><li><a href=\"https:\/\/www.darksky.ch\/dss\/de\/2017\/11\/bls-diskutierte-licht-nach-bedarf-an-einer-fachtagung\/\">BLS diskutierte Licht nach Bedarf an einer Fachtagung<\/a><span class=\"lcp_date\">  2017-11-28<\/span><\/li><li><a href=\"https:\/\/www.darksky.ch\/dss\/de\/2017\/11\/tele-top-im-top-talk-geht-ein-lichtlein-auf\/\">Tele Top \u2013 Im TOP TALK geht ein Lichtlein auf<\/a><span class=\"lcp_date\">  2017-11-28<\/span><\/li><li><a href=\"https:\/\/www.darksky.ch\/dss\/de\/2017\/11\/nzz-gewaesser-sind-stark-belastet-und-viele-arten-vom-aussterben-bedroht\/\">NZZ \u2013 Gew\u00e4sser sind stark belastet und viele Arten vom Aussterben bedroht<\/a><span class=\"lcp_date\">  2017-11-27<\/span><\/li><li><a href=\"https:\/\/www.darksky.ch\/dss\/de\/2017\/11\/20minuten-schweizer-produzieren-zu-viel-abfall\/\">20Minuten \u2013 \u00abSchweizer produzieren zu viel Abfall\u00bb<\/a><span class=\"lcp_date\">  2017-11-27<\/span><\/li><li><a href=\"https:\/\/www.darksky.ch\/dss\/de\/2017\/11\/nzz-die-schweiz-soll-bei-artenvielfalt-und-gewaesserschutz-nachbessern\/\">NZZ \u2013 Die Schweiz soll bei Artenvielfalt und Gew\u00e4sserschutz nachbessern<\/a><span class=\"lcp_date\">  2017-11-27<\/span><\/li><li><a href=\"https:\/\/www.darksky.ch\/dss\/de\/2017\/11\/nzz-kolumne-ausschalten-im-stand-by-zeitalter\/\">NZZ Kolumne \u2013 Ausschalten im Stand-by-Zeitalter<\/a><span class=\"lcp_date\">  2017-11-25<\/span><\/li><li><a href=\"https:\/\/www.darksky.ch\/dss\/de\/2017\/11\/tagesanzeiger-krach-in-herrliberg\/\">Tagesanzeiger \u2013 Krach in Herrliberg<\/a><span class=\"lcp_date\">  2017-11-25<\/span><\/li><li><a href=\"https:\/\/www.darksky.ch\/dss\/de\/2017\/11\/tagesanzeiger-das-luxusprodukt-ruhe\/\">Tagesanzeiger \u2013 Das Luxusprodukt Ruhe<\/a><span class=\"lcp_date\">  2017-11-25<\/span><\/li><li><a href=\"https:\/\/www.darksky.ch\/dss\/de\/2017\/11\/televista-mehr-nacht-fuer-wallisellen\/\">Televista \u2013 Mehr Nacht f\u00fcr Wallisellen<\/a><span class=\"lcp_date\">  2017-11-24<\/span><\/li><li><a href=\"https:\/\/www.darksky.ch\/dss\/de\/2017\/11\/srf-tagesschau-schaedliche-lichtverschmutzung-nimmt-zu\/\">SRF Tagesschau \u2013 Sch\u00e4dliche Lichtverschmutzung nimmt zu<\/a><span class=\"lcp_date\">  2017-11-24<\/span><\/li><li><a href=\"https:\/\/www.darksky.ch\/dss\/de\/2017\/11\/tagesanzeiger-toedliche-stille\/\">Tagesanzeiger \u2013 T\u00f6dliche Stille<\/a><span class=\"lcp_date\">  2017-11-24<\/span><\/li><li><a href=\"https:\/\/www.darksky.ch\/dss\/de\/2017\/11\/nzz-eigentlich-umweltfreundliche-led-fuehren-zu-noch-mehr-lichtverschmutzung\/\">NZZ \u2013 Eigentlich umweltfreundliche LED f\u00fchren zu noch mehr Lichtverschmutzung<\/a><span class=\"lcp_date\">  2017-11-23<\/span><\/li><li><a href=\"https:\/\/www.darksky.ch\/dss\/de\/2017\/11\/science-orf-at-paradox-led-spart-doch-keine-energie\/\">science ORF.at \u2013 Paradox: LED spart doch keine Energie<\/a><span class=\"lcp_date\">  2017-11-23<\/span><\/li><li><a href=\"https:\/\/www.darksky.ch\/dss\/de\/2017\/11\/spektrum-der-wissenschaft-die-gescheiterte-led-revolution\/\">Spektrum der Wissenschaft \u2013 Die gescheiterte LED-Revolution<\/a><span class=\"lcp_date\">  2017-11-23<\/span><\/li><li><a href=\"https:\/\/www.darksky.ch\/dss\/de\/2017\/11\/oe1morgenjournal-zuviel-kunstlicht-auf-der-erde\/\">\u00d61Morgenjournal \u2013 Zuviel Kunstlicht auf der Erde<\/a><span class=\"lcp_date\">  2017-11-23<\/span><\/li><li><a href=\"https:\/\/www.darksky.ch\/dss\/de\/2017\/11\/tagesanzeiger-solariumverbot-fuer-jugendliche-war-ein-versehen\/\">Tagesanzeiger \u2013 Solariumverbot f\u00fcr Jugendliche war ein Versehen<\/a><span class=\"lcp_date\">  2017-11-20<\/span><\/li><li><a href=\"https:\/\/www.darksky.ch\/dss\/de\/2017\/11\/20minuten-wer-unter-18-ist-soll-nicht-mehr-ins-solarium\/\">20Minuten \u2013 Wer unter 18 ist, soll nicht mehr ins Solarium<\/a><span class=\"lcp_date\">  2017-11-19<\/span><\/li><li><a href=\"https:\/\/www.darksky.ch\/dss\/de\/2017\/11\/quartiermagazin-kreis-8-kontacht-im-dunkeln\/\">Quartiermagazin Kreis 8 Kontacht \u2013 Im Dunkeln<\/a><span class=\"lcp_date\">  2017-11-17<\/span><\/li><li><a href=\"https:\/\/www.darksky.ch\/dss\/de\/2017\/11\/20minuten-solche-lichter-stoeren-den-schlaf-der-nachbarn\/\">20Minuten \u2013\u00a0\u00abSolche Lichter st\u00f6ren den Schlaf der Nachbarn\u00bb<\/a><span class=\"lcp_date\">  2017-11-17<\/span><\/li><li><a href=\"https:\/\/www.darksky.ch\/dss\/de\/2017\/11\/20minuten-jetzt-kommen-lichtshows-aus-dem-projektor\/\">20Minuten \u2013 Jetzt kommen Lichtshows aus dem Projektor<\/a><span class=\"lcp_date\">  2017-11-17<\/span><\/li><li><a href=\"https:\/\/www.darksky.ch\/dss\/de\/2017\/11\/gantrischpost-fuers-perfekte-bild-braucht-es-planung-und-spontaneitaet\/\">Gantrischpost \u2013 F\u00fcrs perfekte Bild braucht es Planung \u2013 und Spontaneit\u00e4t<\/a><span class=\"lcp_date\">  2017-11-16<\/span><\/li><li><a href=\"https:\/\/www.darksky.ch\/dss\/de\/2017\/11\/gantrischpost-das-dunkle-herz-der-region\/\">Gantrischpost \u2013 Das dunkle Herz der Region<\/a><span class=\"lcp_date\">  2017-11-16<\/span><\/li><li><a href=\"https:\/\/www.darksky.ch\/dss\/de\/2017\/11\/20minuten-15000-forscher-warnen-die-menschheit\/\">20Minuten \u2013 15&#8217;000 Forscher warnen die Menschheit<\/a><span class=\"lcp_date\">  2017-11-13<\/span><\/li><li><a href=\"https:\/\/www.darksky.ch\/dss\/de\/2017\/11\/nzz-wissenschafter-warnen-die-umwelt-wird-viel-zu-wenig-geschuetzt\/\">NZZ \u2013 Wissenschafter warnen: Die Umwelt wird viel zu wenig gesch\u00fctzt<\/a><span class=\"lcp_date\">  2017-11-13<\/span><\/li><li><a href=\"https:\/\/www.darksky.ch\/dss\/de\/2017\/11\/nzz-factchecking-ist-besser-als-jammern\/\">NZZ \u2013 Factchecking ist besser als jammern<\/a><span class=\"lcp_date\">  2017-11-13<\/span><\/li><li><a href=\"https:\/\/www.darksky.ch\/dss\/de\/2017\/11\/anzeiger-aus-dem-bezirk-affoltern-sicherheit-und-dunkelheit-dank-lichtsteuerung\/\">Anzeiger aus dem Bezirk Affoltern \u2013 Sicherheit und Dunkelheit dank Lichtsteuerung<\/a><span class=\"lcp_date\">  2017-11-09<\/span><\/li><li><a href=\"https:\/\/www.darksky.ch\/dss\/de\/2017\/11\/anzeiger-von-wallisellen-mehr-nacht-fuer-wallisellen\/\">Anzeiger von Wallisellen \u2013 Mehr Nacht f\u00fcr Wallisellen<\/a><span class=\"lcp_date\">  2017-11-09<\/span><\/li><li><a href=\"https:\/\/www.darksky.ch\/dss\/de\/2017\/11\/20minuten-laermklage-wegen-fussball-kommt-vor-bundesgericht\/\">20Minuten \u2013 L\u00e4rmklage wegen Fussball kommt vor Bundesgericht<\/a><span class=\"lcp_date\">  2017-11-09<\/span><\/li><li><a href=\"https:\/\/www.darksky.ch\/dss\/de\/2017\/11\/20minuten-so-gefaehrlich-ist-die-dunkelheit-fuer-fussgaenger\/\">20Minuten \u2013 So gef\u00e4hrlich ist die Dunkelheit f\u00fcr Fussg\u00e4nger<\/a><span class=\"lcp_date\">  2017-11-09<\/span><\/li><li><a href=\"https:\/\/www.darksky.ch\/dss\/de\/2017\/11\/tagesanzeiger-auf-der-jagd-nach-dem-polarlicht\/\">Tagesanzeiger \u2013 Auf der Jagd nach dem Polarlicht<\/a><span class=\"lcp_date\">  2017-11-09<\/span><\/li><li><a href=\"https:\/\/www.darksky.ch\/dss\/de\/2017\/11\/saldo-stopp-der-lichtverschmutzung\/\">saldo \u2013 Stopp der Lichtverschmutzung<\/a><span class=\"lcp_date\">  2017-11-07<\/span><\/li><li><a href=\"https:\/\/www.darksky.ch\/dss\/de\/2017\/11\/migros-magazin-ein-kreativer-stoerenfried\/\">Migros Magazin \u2013 Ein kreativer St\u00f6renfried<\/a><span class=\"lcp_date\">  2017-11-06<\/span><\/li><li><a href=\"https:\/\/www.darksky.ch\/dss\/de\/2017\/11\/leserbrief-schaffhauser-nachrichten-im-widerspruch-zur-bewahrung-der-scho%cc%88pfung\/\">Leserbrief Schaffhauser Nachrichten \u2013 Im Widerspruch zur Bewahrung der Scho\u0308pfung<\/a><span class=\"lcp_date\">  2017-11-04<\/span><\/li><li><a href=\"https:\/\/www.darksky.ch\/dss\/de\/2017\/11\/20minuten-led-jacke\/\">20Minuten \u2013 LED-Jacke<\/a><span class=\"lcp_date\">  2017-11-02<\/span><\/li><li><a href=\"https:\/\/www.darksky.ch\/dss\/de\/2017\/11\/nzz-die-insekten-verschwinden-das-ist-auch-fuer-uns-menschen-katastrophal\/\">NZZ \u2013 Die Insekten verschwinden \u2013 das ist auch f\u00fcr uns Menschen katastrophal<\/a><span class=\"lcp_date\">  2017-11-01<\/span><\/li><li><a href=\"https:\/\/www.darksky.ch\/dss\/de\/2017\/10\/20minuten-sbb-testet-in-zuerich-digitale-abfahrtsplakate\/\">20Minuten \u2013 SBB testet in Z\u00fcrich digitale Abfahrtsplakate<\/a><span class=\"lcp_date\">  2017-10-31<\/span><\/li><li><a href=\"https:\/\/www.darksky.ch\/dss\/de\/2017\/10\/20minuten-die-gefahr-fuer-insekten-lauert-auch-im-wasser\/\">20Minuten \u2013 Die Gefahr f\u00fcr Insekten lauert auch im Wasser<\/a><span class=\"lcp_date\">  2017-10-31<\/span><\/li><li><a href=\"https:\/\/www.darksky.ch\/dss\/de\/2017\/10\/20minuten-nanu-wer-tanzt-denn-da-am-prime-tower\/\">20Minuten \u2013 Nanu, wer tanzt denn da am Prime Tower?<\/a><span class=\"lcp_date\">  2017-10-30<\/span><\/li><li><a href=\"https:\/\/www.darksky.ch\/dss\/de\/2017\/10\/nzz-laenger-leben-trotz-kindern\/\">NZZ \u2013 L\u00e4nger leben trotz Kindern<\/a><span class=\"lcp_date\">  2017-10-30<\/span><\/li><li><a href=\"https:\/\/www.darksky.ch\/dss\/de\/2017\/10\/tagesanzeiger-so-nutzen-sie-ihre-innere-uhr\/\">Tagesanzeiger \u2013 So nutzen Sie Ihre innere Uhr<\/a><span class=\"lcp_date\">  2017-10-29<\/span><\/li><li><a href=\"https:\/\/www.darksky.ch\/dss\/de\/2017\/10\/tagesanzeiger-teure-wild-warngeraete-nuetzen-nichts-mehr\/\">Tagesanzeiger \u2013 Teure Wild-Warnger\u00e4te n\u00fctzen nichts mehr<\/a><span class=\"lcp_date\">  2017-10-28<\/span><\/li><li><a href=\"https:\/\/www.darksky.ch\/dss\/de\/2017\/10\/tagesanzeiger-wie-die-zeitumstellung-unserer-gesundheit-schadet\/\">Tagesanzeiger \u2013 Wie die Zeitumstellung unserer Gesundheit schadet<\/a><span class=\"lcp_date\">  2017-10-28<\/span><\/li><li><a href=\"https:\/\/www.darksky.ch\/dss\/de\/2017\/10\/20minuten-wildunfaelle-und-fahrerflucht-nehmen-zu\/\">20Minuten \u2013 Wildunf\u00e4lle und Fahrerflucht nehmen zu<\/a><span class=\"lcp_date\">  2017-10-27<\/span><\/li><li><a href=\"https:\/\/www.darksky.ch\/dss\/de\/2017\/10\/igel-bulletin-bitte-licht-loeschen\/\">Igel Bulletin \u2013 Bitte Licht lo\u0308schen<\/a><span class=\"lcp_date\">  2017-10-25<\/span><\/li><li><a href=\"https:\/\/www.darksky.ch\/dss\/de\/2017\/10\/nzz-ein-schimmereffekt-lockt-bienen-an\/\">NZZ \u2013 Ein Schimmereffekt lockt Bienen an<\/a><span class=\"lcp_date\">  2017-10-22<\/span><\/li><li><a href=\"https:\/\/www.darksky.ch\/dss\/de\/2017\/10\/tagesanzeiger-umweltverschmutzung-fordert-15-mal-mehr-tote-als-krieg\/\">Tagesanzeiger \u2013 Umweltverschmutzung fordert 15-mal mehr Tote als Krieg<\/a><span class=\"lcp_date\">  2017-10-22<\/span><\/li><li><a href=\"https:\/\/www.darksky.ch\/dss\/de\/2017\/10\/20minuten-so-helfen-sie-bei-der-rettung-der-insekten-mit\/\">20Minuten \u2013 So helfen Sie bei der Rettung der Insekten mit<\/a><span class=\"lcp_date\">  2017-10-22<\/span><\/li><li><a href=\"https:\/\/www.darksky.ch\/dss\/de\/2017\/10\/20minuten-das-steht-auf-dem-spiel-wenn-die-insekten-sterben\/\">20Minuten \u2013 Das steht auf dem Spiel, wenn die Insekten sterben<\/a><span class=\"lcp_date\">  2017-10-22<\/span><\/li><li><a href=\"https:\/\/www.darksky.ch\/dss\/de\/2017\/10\/uvp-workshops-der-kantone-bern-und-solothurn-mit-dem-thema-licht\/\">UVP-Workshops der Kantone Bern und Solothurn mit dem Thema Licht<\/a><span class=\"lcp_date\">  2017-10-20<\/span><\/li><li><a href=\"https:\/\/www.darksky.ch\/dss\/de\/2017\/10\/20minuten-in-arbon-ist-schon-im-oktober-weihnachten\/\">20Minuten \u2013 In Arbon ist schon im Oktober Weihnachten<\/a><span class=\"lcp_date\">  2017-10-19<\/span><\/li><li><a href=\"https:\/\/www.darksky.ch\/dss\/de\/2017\/10\/wir-ahnen-bereits-warum-die-insekten-verschwunden-sind\/\">Wir ahnen bereits, warum die Insekten verschwunden sind<\/a><span class=\"lcp_date\">  2017-10-19<\/span><\/li><li><a href=\"https:\/\/www.darksky.ch\/dss\/de\/2017\/10\/tagesanzeiger-es-trifft-nicht-nur-die-bienen\/\">Tagesanzeiger \u2013 Es trifft nicht nur die Bienen<\/a><span class=\"lcp_date\">  2017-10-19<\/span><\/li><li><a href=\"https:\/\/www.darksky.ch\/dss\/de\/2017\/10\/20minuten-insektenbestand-geht-um-dreiviertel-zurueck\/\">20Minuten \u2013 Insektenbestand geht um Dreiviertel zur\u00fcck<\/a><span class=\"lcp_date\">  2017-10-19<\/span><\/li><li><a href=\"https:\/\/www.darksky.ch\/dss\/de\/2017\/10\/nzz-wo-sind-die-insekten-hin\/\">NZZ \u2013 Wo sind die Insekten hin?<\/a><span class=\"lcp_date\">  2017-10-18<\/span><\/li><li><a href=\"https:\/\/www.darksky.ch\/dss\/de\/2017\/10\/tagesanzeiger-man-sieht-sie-nie-und-darf-sie-doch-jagen\/\">Tagesanzeiger \u2013 Man sieht sie nie \u2013 und darf sie doch jagen<\/a><span class=\"lcp_date\">  2017-10-14<\/span><\/li><li><a href=\"https:\/\/www.darksky.ch\/dss\/de\/2017\/10\/nzz-die-digitalen-verfuehrungen-sind-schlecht-fuer-ihre-gesundheit\/\">NZZ \u2013 Die digitalen Verf\u00fchrungen sind schlecht f\u00fcr Ihre Gesundheit<\/a><span class=\"lcp_date\">  2017-10-13<\/span><\/li><li><a href=\"https:\/\/www.darksky.ch\/dss\/de\/2017\/10\/tagesanzeiger-wenn-skelette-das-bundeshaus-zieren\/\">Tagesanzeiger \u2013 Wenn Skelette das Bundeshaus zieren<\/a><span class=\"lcp_date\">  2017-10-13<\/span><\/li><li><a href=\"https:\/\/www.darksky.ch\/dss\/de\/2017\/10\/blick-am-abend-internet-aus-dem-licht\/\">Blick am Abend \u2013 Internet aus dem Licht<\/a><span class=\"lcp_date\">  2017-10-10<\/span><\/li><li><a href=\"https:\/\/www.darksky.ch\/dss\/de\/2017\/10\/tagesanzeiger-die-lichtgestalt\/\">Tagesanzeiger \u2013 Die Lichtgestalt<\/a><span class=\"lcp_date\">  2017-10-07<\/span><\/li><li><a href=\"https:\/\/www.darksky.ch\/dss\/de\/2017\/10\/nzz-kommentar-ausgestorben-fuer-die-ewigkeit\/\">NZZ Kommentar \u2013 Ausgestorben \u2013 f\u00fcr die Ewigkeit<\/a><span class=\"lcp_date\">  2017-10-07<\/span><\/li><li><a href=\"https:\/\/www.darksky.ch\/dss\/de\/2017\/10\/oltner-tagblatt-effizientere-strassenbeleuchtung-so-halten-es-die-solothurner-gemeinden\/\">Oltner Tagblatt \u2013 Effizientere Strassenbeleuchtung: So halten es die Solothurner Gemeinden<\/a><span class=\"lcp_date\">  2017-10-06<\/span><\/li><li><a href=\"https:\/\/www.darksky.ch\/dss\/de\/2017\/10\/tagesanzeiger-wie-unsere-innere-uhr-tickt\/\">Tagesanzeiger \u2013 Wie unsere innere Uhr tickt<\/a><span class=\"lcp_date\">  2017-10-02<\/span><\/li><li><a href=\"https:\/\/www.darksky.ch\/dss\/de\/2017\/10\/nzz-jeffrey-c-hall-michael-rosbash-und-michael-w-young-gewinnen-den-medizinnobelpreis\/\">NZZ \u2013 Jeffrey C. Hall, Michael Rosbash und Michael W. Young gewinnen den Medizinnobelpreis<\/a><span class=\"lcp_date\">  2017-10-02<\/span><\/li><li><a href=\"https:\/\/www.darksky.ch\/dss\/de\/2017\/10\/tagesanzeiger-exklusiver-einblick-in-zuerichs-hoechstes-sitzungszimmer\/\">Tagesanzeiger \u2013 Exklusiver Einblick in Z\u00fcrichs h\u00f6chstes Sitzungszimmer<\/a><span class=\"lcp_date\">  2017-10-02<\/span><\/li><li><a href=\"https:\/\/www.darksky.ch\/dss\/de\/2017\/09\/beobachter-wie-findet-man-das-richtige-licht-fuer-einen-raum\/\">Beobachter \u2013 Wie findet man das richtige Licht f\u00fcr einen Raum?<\/a><span class=\"lcp_date\">  2017-09-29<\/span><\/li><li><a href=\"https:\/\/www.darksky.ch\/dss\/de\/2017\/09\/tagesanzeiger-die-leuchte-die-alles-kann\/\">Tagesanzeiger \u2013 Die Leuchte, die alles kann<\/a><span class=\"lcp_date\">  2017-09-28<\/span><\/li><li><a href=\"https:\/\/www.darksky.ch\/dss\/de\/2017\/09\/tagesanzeiger-aufruhr-im-ekz-land\/\">Tagesanzeiger \u2013 Aufruhr im EKZ-Land<\/a><span class=\"lcp_date\">  2017-09-28<\/span><\/li><li><a href=\"https:\/\/www.darksky.ch\/dss\/de\/2017\/09\/20minuten-kiwis-erblinden-weil-sie-sich-weiterentwickeln\/\">20Minuten \u2013 Kiwis erblinden \u2013 weil sie sich weiterentwickeln?<\/a><span class=\"lcp_date\">  2017-09-27<\/span><\/li><li><a href=\"https:\/\/www.darksky.ch\/dss\/de\/2017\/09\/top-online-landschaftsschutz-moniert-unnoetige-naechtliche-strassenbeleuchtungen\/\">Top online \u2013 Landschaftsschutz moniert unn\u00f6tige n\u00e4chtliche Strassenbeleuchtungen<\/a><span class=\"lcp_date\">  2017-09-26<\/span><\/li><li><a href=\"https:\/\/www.darksky.ch\/dss\/de\/2017\/09\/nzz-auch-hirnlose-tiere-brauchen-schlaf\/\">NZZ \u2013 Auch hirnlose Tiere brauchen Schlaf<\/a><span class=\"lcp_date\">  2017-09-26<\/span><\/li><li><a href=\"https:\/\/www.darksky.ch\/dss\/de\/2017\/09\/20minuten-quallen-sind-nachweislich-hirnlose-schlafmuetzen\/\">20Minuten \u2013 Quallen sind nachweislich hirnlose Schlafm\u00fctzen<\/a><span class=\"lcp_date\">  2017-09-25<\/span><\/li><li><a href=\"https:\/\/www.darksky.ch\/dss\/de\/2017\/09\/nzz-warum-rot-die-rampensau-unter-den-farben-ist\/\">NZZ \u2013 Warum Rot die Rampensau unter den Farben ist<\/a><span class=\"lcp_date\">  2017-09-23<\/span><\/li><li><a href=\"https:\/\/www.darksky.ch\/dss\/de\/2017\/09\/20minuten-was-es-mit-den-schlieren-vor-dem-auge-auf-sich-hat\/\">20Minuten \u2013 Was es mit den Schlieren vor dem Auge auf sich hat<\/a><span class=\"lcp_date\">  2017-09-23<\/span><\/li><li><a href=\"https:\/\/www.darksky.ch\/dss\/de\/2017\/09\/20minuten-so-faszinierend-schoen-ist-die-schweiz-bei-nacht\/\">20Minuten \u2013 So faszinierend sch\u00f6n ist die Schweiz bei Nacht<\/a><span class=\"lcp_date\">  2017-09-21<\/span><\/li><li><a href=\"https:\/\/www.darksky.ch\/dss\/de\/2017\/09\/20minuten-achtung-reh-erstes-warnsystem-auf-zuerichs-strassen\/\">20Minuten \u2013 Achtung Reh! Erstes Warnsystem auf Z\u00fcrichs Strassen<\/a><span class=\"lcp_date\">  2017-09-19<\/span><\/li><li><a href=\"https:\/\/www.darksky.ch\/dss\/de\/2017\/09\/migros-magazin-seltsames-leuchten\/\">Migros Magazin \u2013 Seltsames Leuchten<\/a><span class=\"lcp_date\">  2017-09-18<\/span><\/li><li><a href=\"https:\/\/www.darksky.ch\/dss\/de\/2017\/09\/20minuten-genf-radar-warnt-vor-bruenstigen-hirschen\/\">20Minuten \u2013 Genf: Radar warnt vor br\u00fcnstigen Hirschen<\/a><span class=\"lcp_date\">  2017-09-18<\/span><\/li><li><a href=\"https:\/\/www.darksky.ch\/dss\/de\/2017\/09\/tagesanzeiger-ein-ganzer-eisenbahntunnel-fuer-die-fledermaeuse\/\">Tagesanzeiger \u2013 Ein ganzer Eisenbahntunnel f\u00fcr die Flederm\u00e4use<\/a><span class=\"lcp_date\">  2017-09-18<\/span><\/li><li><a href=\"https:\/\/www.darksky.ch\/dss\/de\/2017\/09\/20minuten-so-sieht-zuerich-ohne-fest-beleuchtung-aus\/\">20Minuten \u2013 So sieht Z\u00fcrich ohne Fest-Beleuchtung aus<\/a><span class=\"lcp_date\">  2017-09-15<\/span><\/li><li><a href=\"https:\/\/www.darksky.ch\/dss\/de\/2017\/09\/20minuten-kommt-das-internet-bald-aus-der-gluehbirne\/\">20Minuten \u2013 Kommt das Internet bald aus der Gl\u00fchbirne?<\/a><span class=\"lcp_date\">  2017-09-14<\/span><\/li><li><a href=\"https:\/\/www.darksky.ch\/dss\/de\/2017\/09\/20minuten-jetzt-machen-wir-mal-dunkel-in-der-city\/\">20Minuten \u2013 Jetzt machen wir mal dunkel in der City!<\/a><span class=\"lcp_date\">  2017-09-14<\/span><\/li><li><a href=\"https:\/\/www.darksky.ch\/dss\/de\/2017\/09\/rhonezeitung-schluss-mit-kuenstlicher-braeune-fuer-jugendliche\/\">Rhonezeitung \u2013 Schluss mit k\u00fcnstlicher Br\u00e4une f\u00fcr Jugendliche<\/a><span class=\"lcp_date\">  2017-09-14<\/span><\/li><li><a href=\"https:\/\/www.darksky.ch\/dss\/de\/2017\/09\/20minuten-sonneneruption-iss-crew-geht-in-deckung\/\">20Minuten \u2013 Sonneneruption \u2013 ISS-Crew geht in Deckung<\/a><span class=\"lcp_date\">  2017-09-12<\/span><\/li><li><a href=\"https:\/\/www.darksky.ch\/dss\/de\/2017\/09\/20minuten-ewz-beleuchtung-des-grossmuensters-abschalten-und-preise-gewinnen\/\">20Minuten \u2013 EWZ: Beleuchtung des Grossm\u00fcnsters abschalten und Preise gewinnen<\/a><span class=\"lcp_date\">  2017-09-12<\/span><\/li><li><a href=\"https:\/\/www.darksky.ch\/dss\/de\/2017\/09\/outdoor-blog-werbung-in-den-bergen-nein-danke\/\">Outdoor Blog \u2013 Werbung in den Bergen? Nein, danke<\/a><span class=\"lcp_date\">  2017-09-10<\/span><\/li><li><a href=\"https:\/\/www.darksky.ch\/dss\/de\/2017\/09\/tagesanzeiger-raetsel-um-mysterioese-lichter-waehrend-beben-in-mexiko\/\">Tagesanzeiger \u2013 R\u00e4tsel um mysteri\u00f6se Lichter w\u00e4hrend Beben in Mexiko<\/a><span class=\"lcp_date\">  2017-09-09<\/span><\/li><li><a href=\"https:\/\/www.darksky.ch\/dss\/de\/2017\/09\/20minuten-mexiko-raetsel-um-mysterioese-lichter-waehrend-beben\/\">20Minuten \u2013\u00a0Mexiko: R\u00e4tsel um mysteri\u00f6se Lichter w\u00e4hrend Beben<\/a><span class=\"lcp_date\">  2017-09-09<\/span><\/li><li><a href=\"https:\/\/www.darksky.ch\/dss\/de\/2017\/09\/nzz-glasfassaden-sind-fuer-fledermaeuse-lebensgefaehrlich\/\">NZZ \u2013 Glasfassaden sind f\u00fcr Flederm\u00e4use lebensgef\u00e4hrlich<\/a><span class=\"lcp_date\">  2017-09-07<\/span><\/li><li><a href=\"https:\/\/www.darksky.ch\/dss\/de\/2017\/09\/nzz-der-bund-will-die-biodiversitaet-mit-80-millionen-franken-schuetzen\/\">NZZ \u2013 Der Bund will die Biodiversit\u00e4t mit 80 Millionen Franken sch\u00fctzen<\/a><span class=\"lcp_date\">  2017-09-07<\/span><\/li><li><a href=\"https:\/\/www.darksky.ch\/dss\/de\/2017\/09\/fotowettbewerb-nachts-im-naturpark-gantrisch\/\">Fotowettbewerb \u00abNachts im Naturpark Gantrisch\u00bb<\/a><span class=\"lcp_date\">  2017-09-07<\/span><\/li><li><a href=\"https:\/\/www.darksky.ch\/dss\/de\/2017\/09\/20minuten-diese-strassenlampen-sind-intelligent\/\">20Minuten \u2013 Diese Strassenlampen sind intelligent<\/a><span class=\"lcp_date\">  2017-09-01<\/span><\/li><li><a href=\"https:\/\/www.darksky.ch\/dss\/de\/2017\/08\/20minuten-ewz-wettbewerb-zuerichs-erste-gluehbirnen-beleuchteten-noble-hotels\/\">20Minuten: EWZ Wettbewerb \u2013 Z\u00fcrichs erste Gl\u00fchbirnen beleuchteten noble Hotels<\/a><span class=\"lcp_date\">  2017-08-31<\/span><\/li><li><a href=\"https:\/\/www.darksky.ch\/dss\/de\/2017\/08\/tagesanzeiger-voruebergehende-schlafprobleme-sind-normal\/\">Tagesanzeiger \u2013 \u00abVor\u00fcbergehende Schlafprobleme sind normal\u00bb<\/a><span class=\"lcp_date\">  2017-08-28<\/span><\/li><li><a href=\"https:\/\/www.darksky.ch\/dss\/de\/2017\/08\/tagesanzeiger-sie-sucht-nach-fehlern-im-schlaf\/\">Tagesanzeiger \u2013 Sie sucht nach Fehlern im Schlaf<\/a><span class=\"lcp_date\">  2017-08-24<\/span><\/li><li><a href=\"https:\/\/www.darksky.ch\/dss\/de\/2017\/08\/umweltbericht-der-stadt-zuerich-licht\/\">Umweltbericht der Stadt Z\u00fcrich \u2013 Licht<\/a><span class=\"lcp_date\">  2017-08-24<\/span><\/li><li><a href=\"https:\/\/www.darksky.ch\/dss\/de\/2017\/08\/naturschutz-ch-wie-reagieren-tiere-auf-eine-sonnenfinsternis\/\">naturschutz.ch \u2013 Wie reagieren Tiere auf eine Sonnenfinsternis?<\/a><span class=\"lcp_date\">  2017-08-21<\/span><\/li><li><a href=\"https:\/\/www.darksky.ch\/dss\/de\/2017\/08\/20minuten-energy-challenge-welche-gluehbirnen-sind-am-sinnvollsten\/\">20Minuten \u2013 Energy Challenge: Welche Gl\u00fchbirnen sind am sinnvollsten?<\/a><span class=\"lcp_date\">  2017-08-17<\/span><\/li><li><a href=\"https:\/\/www.darksky.ch\/dss\/de\/2017\/08\/20minuten-das-grosse-insektensterben\/\">20Minuten \u2013 Das grosse Insektensterben<\/a><span class=\"lcp_date\">  2017-08-13<\/span><\/li><li><a href=\"https:\/\/www.darksky.ch\/dss\/de\/2017\/08\/von-kopf-bis-fuss-warum-die-sorgen-nachts-groesser-erscheinen\/\">Von Kopf bis Fuss \u2013 Warum die Sorgen nachts gr\u00f6sser erscheinen<\/a><span class=\"lcp_date\">  2017-08-13<\/span><\/li><li><a href=\"https:\/\/www.darksky.ch\/dss\/de\/2017\/08\/nzz-die-kurzen-naechte-der-laurentius-traenen\/\">NZZ \u2013 Die kurzen N\u00e4chte der \u00abLaurentius-Tr\u00e4nen\u00bb<\/a><span class=\"lcp_date\">  2017-08-11<\/span><\/li><li><a href=\"https:\/\/www.darksky.ch\/dss\/de\/2017\/08\/20minuten-17-hotspots-fuer-sternschnuppen-gucker\/\">20Minuten \u2013 17 Hotspots f\u00fcr Sternschnuppen-Gucker<\/a><span class=\"lcp_date\">  2017-08-10<\/span><\/li><li><a href=\"https:\/\/www.darksky.ch\/dss\/de\/2017\/08\/limmattaler-zeitung-diese-led-lampen-blenden-hier-zu-stark-wieso-ein-elektroplaner-waermeres-licht-an-der-bergstrasse-fordert\/\">Limmattaler Zeitung \u2013 \u00abDiese LED-Lampen blenden hier zu stark\u00bb \u2013 wieso ein Elektroplaner w\u00e4rmeres Licht an der Bergstrasse fordert<\/a><span class=\"lcp_date\">  2017-08-10<\/span><\/li><li><a href=\"https:\/\/www.darksky.ch\/dss\/de\/2017\/08\/nzz-am-sonntag-kunstlicht-stoert-pflanzenbestaeubung\/\">NZZ am Sonntag \u2013 Kunstlicht st\u00f6rt Pflanzenbest\u00e4ubung<\/a><span class=\"lcp_date\">  2017-08-06<\/span><\/li><li><a href=\"https:\/\/www.darksky.ch\/dss\/de\/2017\/08\/orion-in-welchem-licht-strahlt-der-vollmond\/\">ORION \u2013 In welchem Licht strahlt der Vollmond?<\/a><span class=\"lcp_date\">  2017-08-05<\/span><\/li><li><a href=\"https:\/\/www.darksky.ch\/dss\/de\/2017\/08\/spiegel-online-laternen-stoeren-bestaeuber\/\">Spiegel Online \u2013 Laternen st\u00f6ren Best\u00e4uber<\/a><span class=\"lcp_date\">  2017-08-04<\/span><\/li><li><a href=\"https:\/\/www.darksky.ch\/dss\/de\/2017\/08\/naturschutz-ch-lichtverschmutzung-schlaegt-nachtbestaeuber-in-die-flucht\/\">Naturschutz.ch \u2013 Lichtverschmutzung schl\u00e4gt Nachtbest\u00e4uber in die Flucht<\/a><span class=\"lcp_date\">  2017-08-04<\/span><\/li><li><a href=\"https:\/\/www.darksky.ch\/dss\/de\/2017\/08\/20minuten-im-august-gibt-es-action-am-himmel\/\">20Minuten \u2013 Im August gibt es Action am Himmel<\/a><span class=\"lcp_date\">  2017-08-03<\/span><\/li><li><a href=\"https:\/\/www.darksky.ch\/dss\/de\/2017\/08\/scinexx-de-kuenstliches-licht-stoert-bestaeubung\/\">scinexx.de \u2013 K\u00fcnstliches Licht st\u00f6rt Best\u00e4ubung<\/a><span class=\"lcp_date\">  2017-08-03<\/span><\/li><li><a href=\"https:\/\/www.darksky.ch\/dss\/de\/2017\/08\/20minuten-strassenlichter-gefaehrden-die-natur\/\">20Minuten \u2013 Strassenlichter gef\u00e4hrden die Natur<\/a><span class=\"lcp_date\">  2017-08-03<\/span><\/li><li><a href=\"https:\/\/www.darksky.ch\/dss\/de\/2017\/08\/blick-licht-in-der-nacht-stoert-nachtaktive-insekten-beim-bestaeuben\/\">Blick \u2013 Licht in der Nacht st\u00f6rt nachtaktive Insekten beim Best\u00e4uben<\/a><span class=\"lcp_date\">  2017-08-02<\/span><\/li><li><a href=\"https:\/\/www.darksky.ch\/dss\/de\/2017\/08\/bote-der-urschweiz-lichtverschmutzung-bedroht-bestaeubung\/\">Bote der Urschweiz \u2013 Lichtverschmutzung bedroht Best\u00e4ubung<\/a><span class=\"lcp_date\">  2017-08-02<\/span><\/li><li><a href=\"https:\/\/www.darksky.ch\/dss\/de\/2017\/08\/wdr-lichtverschmutzung-gefaehrdet-bestaeubung-von-pflanzen\/\">WDR \u2013 Lichtverschmutzung gef\u00e4hrdet Best\u00e4ubung von Pflanzen<\/a><span class=\"lcp_date\">  2017-08-02<\/span><\/li><li><a href=\"https:\/\/www.darksky.ch\/dss\/de\/2017\/08\/universitaet-bern-lichtverschmutzung-bedroht-die-bestaeubung\/\">Universit\u00e4t Bern \u2013 Lichtverschmutzung bedroht die Best\u00e4ubung<\/a><span class=\"lcp_date\">  2017-08-02<\/span><\/li><li><a href=\"https:\/\/www.darksky.ch\/dss\/de\/2017\/08\/aargauer-zeitung-licht-in-der-nacht-stoert-nachtaktive-insekten-beim-bestaeuben\/\">Aargauer Zeitung \u2013 Licht in der Nacht st\u00f6rt nachtaktive Insekten beim Best\u00e4uben<\/a><span class=\"lcp_date\">  2017-08-02<\/span><\/li><li><a href=\"https:\/\/www.darksky.ch\/dss\/de\/2017\/08\/luzerner-zeitung-lichtverschmutzung-bedroht-bestaeubung\/\">Luzerner Zeitung \u2013 Lichtverschmutzung bedroht Best\u00e4ubung<\/a><span class=\"lcp_date\">  2017-08-02<\/span><\/li><li><a href=\"https:\/\/www.darksky.ch\/dss\/de\/2017\/07\/20-minuten-energy-challenge-wenn-es-dunkel-wird\/\">20 Minuten \u2013 Energy Challenge: Wenn es dunkel wird &#8230;<\/a><span class=\"lcp_date\">  2017-07-31<\/span><\/li><li><a href=\"https:\/\/www.darksky.ch\/dss\/de\/2017\/07\/20minuten-dafuer-lohnt-sich-der-blick-ins-all\/\">20Minuten \u2013 Daf\u00fcr lohnt sich der Blick ins All<\/a><span class=\"lcp_date\">  2017-07-29<\/span><\/li><li><a href=\"https:\/\/www.darksky.ch\/dss\/de\/2017\/07\/ekz-blue-jagd-nach-faltern-und-fledermaeusen\/\">EKZ blue \u2013 Jagd nach Faltern und Flederm\u00e4usen<\/a><span class=\"lcp_date\">  2017-07-24<\/span><\/li><li><a href=\"https:\/\/www.darksky.ch\/dss\/de\/2017\/07\/zuerichsee-zeitung-staefner-gemeinderat-ueberprueft-sein-led-konzept\/\">Z\u00fcrichsee-Zeitung \u2013 St\u00e4fner Gemeinderat \u00fcberpr\u00fcft sein LED-Konzept<\/a><span class=\"lcp_date\">  2017-07-19<\/span><\/li><li><a href=\"https:\/\/www.darksky.ch\/dss\/de\/2017\/07\/tagesanzeiger-licht-aus-auf-dem-uetliberg\/\">Tagesanzeiger \u2013 Licht aus auf dem Uetliberg<\/a><span class=\"lcp_date\">  2017-07-18<\/span><\/li><li><a href=\"https:\/\/www.darksky.ch\/dss\/de\/2017\/07\/20minuten-fuer-diesen-trip-braucht-es-keine-drogen\/\">20Minuten \u2013 \u00abF\u00fcr diesen Trip braucht es keine Drogen\u00bb<\/a><span class=\"lcp_date\">  2017-07-18<\/span><\/li><li><a href=\"https:\/\/www.darksky.ch\/dss\/de\/2017\/07\/20minuten-fuellinsdorf-erste-uv-minigolf-anlage-der-region-eroeffnet\/\">20Minuten \u2013 F\u00fcllinsdorf: Erste UV-Minigolf-Anlage der Region er\u00f6ffnet<\/a><span class=\"lcp_date\">  2017-07-17<\/span><\/li><li><a href=\"https:\/\/www.darksky.ch\/dss\/de\/2017\/07\/srf-regional-dimmbare-zuercher-laternen-fuer-glueckliche-kaefer\/\">SRF Regional \u2013 Dimmbare Z\u00fcrcher Laternen f\u00fcr gl\u00fcckliche K\u00e4fer<\/a><span class=\"lcp_date\">  2017-07-14<\/span><\/li><li><a href=\"https:\/\/www.darksky.ch\/dss\/de\/2017\/07\/nzz-das-muenstertal-kaempft-gegen-den-niedergang\/\">NZZ \u2013 Das M\u00fcnstertal k\u00e4mpft gegen den Niedergang<\/a><span class=\"lcp_date\">  2017-07-14<\/span><\/li><li><a href=\"https:\/\/www.darksky.ch\/dss\/de\/2017\/07\/nzz-magische-nachbarn-am-waldrand\/\">NZZ \u2013 Magische Nachbarn am Waldrand<\/a><span class=\"lcp_date\">  2017-07-09<\/span><\/li><li><a href=\"https:\/\/www.darksky.ch\/dss\/de\/2017\/07\/20-minuten-das-feuerwerk-schreckt-tausende-voegel-auf\/\">20 Minuten \u2013 \u00abDas Feuerwerk schreckt tausende V\u00f6gel auf\u00bb<\/a><span class=\"lcp_date\">  2017-07-06<\/span><\/li><li><a href=\"https:\/\/www.darksky.ch\/dss\/de\/2017\/07\/aeugschter-licht-intelligent-nutzen\/\">Aeugschter \u2013 Licht intelligent nutzen<\/a><span class=\"lcp_date\">  2017-07-06<\/span><\/li><li><a href=\"https:\/\/www.darksky.ch\/dss\/de\/2017\/07\/blick-am-abend-witz-ueber-weihnachtsbeleuchtung\/\">Blick am Abend \u2013 Witz \u00fcber Weihnachtsbeleuchtung<\/a><span class=\"lcp_date\">  2017-07-05<\/span><\/li><li><a href=\"https:\/\/www.darksky.ch\/dss\/de\/2017\/07\/tagesanzeiger-zuerich-testet-boden-ampel-auf-der-hardbruecke\/\">Tagesanzeiger \u2013 Z\u00fcrich testet Boden-Ampel auf der Hardbr\u00fccke<\/a><span class=\"lcp_date\">  2017-07-05<\/span><\/li><li><a href=\"https:\/\/www.darksky.ch\/dss\/de\/2017\/07\/20minuten-fotograf-loest-mit-lampe-rega-einsatz-aus\/\">20Minuten \u2013 Fotograf l\u00f6st mit Lampe Rega-Einsatz aus<\/a><span class=\"lcp_date\">  2017-07-04<\/span><\/li><li><a href=\"https:\/\/www.darksky.ch\/dss\/de\/2017\/07\/sonntagsblick-lichtes-paradies\/\">Sonntagsblick \u2013 Lichtes Paradies<\/a><span class=\"lcp_date\">  2017-07-02<\/span><\/li><li><a href=\"https:\/\/www.darksky.ch\/dss\/de\/2017\/06\/20minuten-wie-ein-lsd-trip-nur-ohne-drogen\/\">20Minuten \u2013 Wie ein LSD-Trip, nur ohne Drogen<\/a><span class=\"lcp_date\">  2017-06-29<\/span><\/li><li><a href=\"https:\/\/www.darksky.ch\/dss\/de\/2017\/06\/zuerichsee-zeitung-langnauer-setzen-thalwil-im-flutlichtstreit-ein-ultimatum\/\">Z\u00fcrichsee-Zeitung \u2013 Langnauer setzen Thalwil im Flutlichtstreit ein Ultimatum<\/a><span class=\"lcp_date\">  2017-06-27<\/span><\/li><li><a href=\"https:\/\/www.darksky.ch\/dss\/de\/2017\/06\/20minuten-gluehwuermchen-sorgen-fuer-magisches-licht\/\">20Minuten \u2013 Gl\u00fchw\u00fcrmchen sorgen f\u00fcr \u00abmagisches Licht\u00bb<\/a><span class=\"lcp_date\">  2017-06-23<\/span><\/li><li><a href=\"https:\/\/www.darksky.ch\/dss\/de\/2017\/06\/pro-natura-praemiert-tierschutz-der-nacht\/\">Pro Natura pr\u00e4miert Tierschutz der Nacht<\/a><span class=\"lcp_date\">  2017-06-18<\/span><\/li><li><a href=\"https:\/\/www.darksky.ch\/dss\/de\/2017\/06\/nzz-ein-satellit-liefert-verschraenkte-photonen-auf-bestellung\/\">NZZ \u2013 Ein Satellit liefert verschr\u00e4nkte Photonen auf Bestellung<\/a><span class=\"lcp_date\">  2017-06-16<\/span><\/li><li><a href=\"https:\/\/www.darksky.ch\/dss\/de\/2017\/06\/20minuten-himmelslaternen-sind-jetzt-illegal\/\">20Minuten \u2013 Himmelslaternen sind jetzt illegal<\/a><span class=\"lcp_date\">  2017-06-14<\/span><\/li><li><a href=\"https:\/\/www.darksky.ch\/dss\/de\/2017\/06\/20minuten-smarter-lichtkreis-macht-velofahren-sicherer\/\">20Minuten \u2013 Smarter Lichtkreis macht Velofahren sicherer<\/a><span class=\"lcp_date\">  2017-06-14<\/span><\/li><li><a href=\"https:\/\/www.darksky.ch\/dss\/de\/2017\/06\/tagesanzeiger-raetselhafte-schieflage\/\">Tagesanzeiger \u2013 R\u00e4tselhafte Schieflage<\/a><span class=\"lcp_date\">  2017-06-09<\/span><\/li><li><a href=\"https:\/\/www.darksky.ch\/dss\/de\/2017\/06\/blick-neues-gesetz-zum-schutz-vor-gefaehrlichen-strahlen-unter-dach\/\">Blick \u2013 Neues Gesetz zum Schutz vor gef\u00e4hrlichen Strahlen unter Dach<\/a><span class=\"lcp_date\">  2017-06-07<\/span><\/li><li><a href=\"https:\/\/www.darksky.ch\/dss\/de\/2017\/06\/tagesanzeiger-leuchtendes-zuerich-fehlendes-geld\/\">Tagesanzeiger \u2013 Leuchtendes Z\u00fcrich, fehlendes Geld<\/a><span class=\"lcp_date\">  2017-06-07<\/span><\/li><li><a href=\"https:\/\/www.darksky.ch\/dss\/de\/2017\/06\/20minuten-fledermaeuse-sterben-wegen-garten-giften-aus\/\">20Minuten \u2013 Flederm\u00e4use sterben wegen Garten-Giften aus<\/a><span class=\"lcp_date\">  2017-06-06<\/span><\/li><li><a href=\"https:\/\/www.darksky.ch\/dss\/de\/2017\/06\/nzz-mehr-stadt-und-wald-weniger-landschaft\/\">NZZ \u2013 Mehr Stadt und Wald, weniger Landschaft<\/a><span class=\"lcp_date\">  2017-06-02<\/span><\/li><li><a href=\"https:\/\/www.darksky.ch\/dss\/de\/2017\/06\/nzz-wir-betreiben-misswirtschaft-mit-unserer-biodiversitaet\/\">NZZ \u2013 \u00abWir betreiben Misswirtschaft mit unserer Biodiversit\u00e4t\u00bb<\/a><span class=\"lcp_date\">  2017-06-02<\/span><\/li><li><a href=\"https:\/\/www.darksky.ch\/dss\/de\/2017\/06\/20minuten-schlucht-wird-zu-farbenfroher-3d-leinwand\/\">20Minuten \u2013 Schlucht wird zu farbenfroher 3D-Leinwand<\/a><span class=\"lcp_date\">  2017-06-01<\/span><\/li><li><a href=\"https:\/\/www.darksky.ch\/dss\/de\/2017\/06\/bafu-landschaften-unter-anhaltendem-druck\/\">BAFU \u2013 Landschaften unter anhaltendem Druck<\/a><span class=\"lcp_date\">  2017-06-01<\/span><\/li><li><a href=\"https:\/\/www.darksky.ch\/dss\/de\/2017\/05\/migros-magazin-leuchtende-fische\/\">Migros-Magazin \u2013 Leuchtende Fische<\/a><span class=\"lcp_date\">  2017-05-29<\/span><\/li><li><a href=\"https:\/\/www.darksky.ch\/dss\/de\/2017\/05\/nzz-tiefschlaf-hilft-dem-gehirn-beim-lernen\/\">NZZ \u2013 Tiefschlaf hilft dem Gehirn beim Lernen<\/a><span class=\"lcp_date\">  2017-05-22<\/span><\/li><li><a href=\"https:\/\/www.darksky.ch\/dss\/de\/2017\/05\/20minuten-testen-sie-hier-wie-gut-sie-farben-sehen-koennen\/\">20Minuten \u2013 Testen Sie hier, wie gut Sie Farben sehen k\u00f6nnen<\/a><span class=\"lcp_date\">  2017-05-20<\/span><\/li><li><a href=\"https:\/\/www.darksky.ch\/dss\/de\/2017\/05\/quartier-anzeiger-fuer-witikon-und-umgebung-der-balgrist-nervt-weiter\/\">Quartier-Anzeiger f\u00fcr Witikon und Umgebung \u2013 \u00abDer Balgrist\u00bb nervt weiter<\/a><span class=\"lcp_date\">  2017-05-20<\/span><\/li><li><a href=\"https:\/\/www.darksky.ch\/dss\/de\/2017\/05\/nzz-zwischen-physik-und-philosophie-vom-wesen-der-farben\/\">NZZ \u2013 Zwischen Physik und Philosophie: Vom Wesen der Farben<\/a><span class=\"lcp_date\">  2017-05-19<\/span><\/li><li><a href=\"https:\/\/www.darksky.ch\/dss\/de\/2017\/05\/20minuten-lichtshow-zaubert-riesen-legos-auf-hochhaus\/\">20Minuten \u2013 Lichtshow zaubert Riesen-Legos auf Hochhaus<\/a><span class=\"lcp_date\">  2017-05-19<\/span><\/li><li><a href=\"https:\/\/www.darksky.ch\/dss\/de\/2017\/05\/20minuten-thuner-feiert-das-ganze-jahr-weihnachten\/\">20Minuten \u2013 Thuner feiert das ganze Jahr Weihnachten<\/a><span class=\"lcp_date\">  2017-05-17<\/span><\/li><li><a href=\"https:\/\/www.darksky.ch\/dss\/de\/2017\/05\/20minuten-wenig-schlaf-macht-unbeliebt\/\">20Minuten \u2013 Wenig Schlaf macht unbeliebt<\/a><span class=\"lcp_date\">  2017-05-17<\/span><\/li><li><a href=\"https:\/\/www.darksky.ch\/dss\/de\/2017\/05\/20minuten-warum-sie-endlich-laenger-schlafen-sollten\/\">20Minuten \u2013 Warum Sie endlich l\u00e4nger schlafen sollten<\/a><span class=\"lcp_date\">  2017-05-13<\/span><\/li><li><a href=\"https:\/\/www.darksky.ch\/dss\/de\/2017\/05\/limmattaler-zeitung-forschungsprojekt-sucht-nach-dem-wohlfuehl-licht-fuer-insekten-und-fledermaeusen\/\">Limmattaler Zeitung \u2013 Forschungsprojekt sucht nach dem Wohlf\u00fchl-Licht f\u00fcr Insekten und Flederm\u00e4usen<\/a><span class=\"lcp_date\">  2017-05-12<\/span><\/li><li><a href=\"https:\/\/www.darksky.ch\/dss\/de\/2017\/05\/nzz-gebrauchsanweisung-fuer-ofenhandschuhe-das-duemmste-gesetz-des-jahres\/\">NZZ \u2013 Gebrauchsanweisung f\u00fcr Ofenhandschuhe: Das d\u00fcmmste Gesetz des Jahres<\/a><span class=\"lcp_date\">  2017-05-12<\/span><\/li><li><a href=\"https:\/\/www.darksky.ch\/dss\/de\/2017\/05\/20minuten-gesetz-fuer-grillhandschuhe-ist-das-duemmste\/\">20Minuten \u2013 Gesetz f\u00fcr Grillhandschuhe ist \u00abdas d\u00fcmmste\u00bb<\/a><span class=\"lcp_date\">  2017-05-11<\/span><\/li><li><a href=\"https:\/\/www.darksky.ch\/dss\/de\/2017\/05\/nationalbank-licht-als-thema-auf-neuer-20er-note\/\">Nationalbank \u2013 Licht als Thema auf neuer 20er Note<\/a><span class=\"lcp_date\">  2017-05-10<\/span><\/li><li><a href=\"https:\/\/www.darksky.ch\/dss\/de\/2017\/05\/20minuten-jeder-dritte-schweizer-haelt-sich-fuer-schlafgestoert\/\">20Minuten \u2013 Jeder dritte Schweizer h\u00e4lt sich f\u00fcr schlafgest\u00f6rt<\/a><span class=\"lcp_date\">  2017-05-08<\/span><\/li><li><a href=\"https:\/\/www.darksky.ch\/dss\/de\/2017\/05\/tagesanzeiger-warum-die-schweiz-bald-doppelt-so-stark-leuchten-koennte\/\">Tagesanzeiger \u2013 Warum die Schweiz bald doppelt so stark leuchten k\u00f6nnte<\/a><span class=\"lcp_date\">  2017-05-04<\/span><\/li><li><a href=\"https:\/\/www.darksky.ch\/dss\/de\/2017\/05\/tagesanzeiger-zuercher-klinik-balgrist-nervt-anwohner-mit-leuchtreklame\/\">Tagesanzeiger \u2013 Z\u00fcrcher Klinik Balgrist nervt Anwohner mit Leuchtreklame<\/a><span class=\"lcp_date\">  2017-05-04<\/span><\/li><li><a href=\"https:\/\/www.darksky.ch\/dss\/de\/2017\/05\/schweizer-gemeinde-die-nacht-geniessen\/\">Schweizer Gemeinde \u2013 Die Nacht geniessen<\/a><span class=\"lcp_date\">  2017-05-01<\/span><\/li><li><a href=\"https:\/\/www.darksky.ch\/dss\/de\/2017\/04\/nzz-dem-sternenfunkeln-ein-schnippchen-schlagen\/\">NZZ &#8211; Dem Sternenfunkeln ein Schnippchen schlagen<\/a><span class=\"lcp_date\">  2017-04-30<\/span><\/li><li><a href=\"https:\/\/www.darksky.ch\/dss\/de\/2017\/04\/beobachter-zu-wenig-schlaf-macht-kinder-krank\/\">Beobachter \u2013 Zu wenig Schlaf macht Kinder krank<\/a><span class=\"lcp_date\">  2017-04-27<\/span><\/li><li><a href=\"https:\/\/www.darksky.ch\/dss\/de\/2017\/04\/blick-am-abend-witz-des-abends\/\">Blick am Abend &#8211; Witz des Abends<\/a><span class=\"lcp_date\">  2017-04-24<\/span><\/li><li><a href=\"https:\/\/www.darksky.ch\/dss\/de\/2017\/04\/langenthaler-tagblatt-das-leid-mit-den-leuchten\/\">Langenthaler Tagblatt &#8211; Das Leid mit den Leuchten<\/a><span class=\"lcp_date\">  2017-04-20<\/span><\/li><li><a href=\"https:\/\/www.darksky.ch\/dss\/de\/2017\/04\/zuerichsee-zeitung-sueditalienische-lampenmuetzen-daemmen-stoerendes-licht\/\">Z\u00fcrichsee-Zeitung &#8211; S\u00fcditalienische Lampenm\u00fctzen d\u00e4mmen st\u00f6rendes Licht<\/a><span class=\"lcp_date\">  2017-04-19<\/span><\/li><li><a href=\"https:\/\/www.darksky.ch\/dss\/de\/2017\/04\/20-minuten-werbung-nachts-dunkel\/\">20 Minuten &#8211; Werbung nachts dunkel<\/a><span class=\"lcp_date\">  2017-04-18<\/span><\/li><li><a href=\"https:\/\/www.darksky.ch\/dss\/de\/2017\/04\/20minuten-an-der-kanti-olten-weihnachtet-es-sehr\/\">20Minuten &#8211; An der Kanti Olten weihnachtet es sehr<\/a><span class=\"lcp_date\">  2017-04-14<\/span><\/li><li><a href=\"https:\/\/www.darksky.ch\/dss\/de\/2017\/04\/tagesanzeiger-autohaendler-muss-werbung-nachts-abschalten\/\">Tagesanzeiger &#8211; Autoh\u00e4ndler muss Werbung nachts abschalten<\/a><span class=\"lcp_date\">  2017-04-13<\/span><\/li><li><a href=\"https:\/\/www.darksky.ch\/dss\/de\/2017\/04\/zuerichsee-zeitung-lichtverschmutzung-autohaendler-muss-werbung-an-autobahn-nachts-abschalten\/\">Z\u00fcrichsee-Zeitung &#8211; Lichtverschmutzung: Autoh\u00e4ndler muss Werbung an Autobahn nachts abschalten<\/a><span class=\"lcp_date\">  2017-04-13<\/span><\/li><li><a href=\"https:\/\/www.darksky.ch\/dss\/de\/2017\/04\/bz-basellandschaftliche-zeitung-nomination-der-rostige-paragraph-2017-zweifelhafte-ehre-fuer-binningen\/\">bz Basellandschaftliche Zeitung &#8211; Nomination: Der \u00abRostige Paragraph 2017\u00bb: Zweifelhafte Ehre f\u00fcr Binningen<\/a><span class=\"lcp_date\">  2017-04-11<\/span><\/li><li><a href=\"https:\/\/www.darksky.ch\/dss\/de\/2017\/04\/tagesanzeiger-fifa-zieht-am-hauptsitz-den-stecker\/\">Tagesanzeiger &#8211; Fifa zieht am Hauptsitz den Stecker<\/a><span class=\"lcp_date\">  2017-04-11<\/span><\/li><li><a href=\"https:\/\/www.darksky.ch\/dss\/de\/2017\/04\/blick-am-abend-welches-ist-das-duemmste-gesetz-des-jahres\/\">Blick am Abend &#8211; Welches ist das \u00abd\u00fcmmste Gesetz des Jahres?\u00bb<\/a><span class=\"lcp_date\">  2017-04-10<\/span><\/li><li><a href=\"https:\/\/www.darksky.ch\/dss\/de\/2017\/04\/nzz-warum-manche-menschen-nachteulen-sind\/\">NZZ &#8211; Warum manche Menschen Nachteulen sind<\/a><span class=\"lcp_date\">  2017-04-08<\/span><\/li><li><a href=\"https:\/\/www.darksky.ch\/dss\/de\/2017\/04\/quartier-anzeiger-fuer-witikon-und-umgebung-nervige-leuchtreklame\/\">Quartier-Anzeiger f\u00fcr Witikon und Umgebung &#8211; Nervige Leuchtreklame<\/a><span class=\"lcp_date\">  2017-04-08<\/span><\/li><li><a href=\"https:\/\/www.darksky.ch\/dss\/de\/2017\/04\/nzz-wie-ein-urbanes-milieu-die-evolution-beeinflusst\/\">NZZ &#8211; Wie ein urbanes Milieu die Evolution beeinflusst<\/a><span class=\"lcp_date\">  2017-04-07<\/span><\/li><li><a href=\"https:\/\/www.darksky.ch\/dss\/de\/2017\/04\/kanton-zuerich-zieht-bilanz-zum-naturschutz-gesamtkonzept\/\">Kanton Z\u00fcrich zieht Bilanz zum Naturschutz Gesamtkonzept<\/a><span class=\"lcp_date\">  2017-04-03<\/span><\/li><li><a href=\"https:\/\/www.darksky.ch\/dss\/de\/2017\/04\/zueriberg-aus-dem-gemeinderat-ueber-aktive-quartiervereine-und-helle-plakat-leuchtdrehsaeulen\/\">Z\u00fcriberg \u2013 Aus dem Gemeinderat: \u00dcber aktive Quartiervereine und helle Plakat-Leuchtdrehs\u00e4ulen<\/a><span class=\"lcp_date\">  2017-04-01<\/span><\/li><li><a href=\"https:\/\/www.darksky.ch\/dss\/de\/2017\/04\/tagesanzeiger-grelles-entsetzen-in-der-ewigen-stadt\/\">Tagesanzeiger &#8211; Grelles Entsetzen in der Ewigen Stadt<\/a><span class=\"lcp_date\">  2017-04-01<\/span><\/li><li><a href=\"https:\/\/www.darksky.ch\/dss\/de\/2017\/03\/solothurner-zeitung-strassenlampen-sollen-von-1-bis-5-uhr-nachts-ausgeschalten-werden\/\">Solothurner Zeitung \u2013 Strassenlampen sollen von 1 bis 5 Uhr nachts ausgeschalten werden<\/a><span class=\"lcp_date\">  2017-03-25<\/span><\/li><li><a href=\"https:\/\/www.darksky.ch\/dss\/de\/2017\/03\/nzz-wie-bestimmen-pflanzen-wann-sie-aufbluehen\/\">NZZ &#8211; Wie bestimmen Pflanzen, wann sie aufbl\u00fchen?<\/a><span class=\"lcp_date\">  2017-03-25<\/span><\/li><li><a href=\"https:\/\/www.darksky.ch\/dss\/de\/2017\/03\/tagesanzeiger-hier-will-jeder-am-fenster-sitzen\/\">Tagesanzeiger &#8211; Hier will jeder am Fenster sitzen<\/a><span class=\"lcp_date\">  2017-03-25<\/span><\/li><li><a href=\"https:\/\/www.darksky.ch\/dss\/de\/2017\/03\/limmattaler-zeitung-vandalen-zerstoeren-sechs-bodenleuchten-ersetzt-werden-sie-nicht\/\">Limmattaler Zeitung &#8211; Vandalen zerst\u00f6ren sechs Bodenleuchten \u2013 ersetzt werden sie nicht<\/a><span class=\"lcp_date\">  2017-03-23<\/span><\/li><li><a href=\"https:\/\/www.darksky.ch\/dss\/de\/2017\/03\/luzerner-zeitung-luzern-testet-digitale-reklameplakate\/\">Luzerner Zeitung &#8211; Luzern testet digitale Reklameplakate<\/a><span class=\"lcp_date\">  2017-03-21<\/span><\/li><li><a href=\"https:\/\/www.darksky.ch\/dss\/de\/2017\/03\/20minuten-luzern-stadt-bewilligt-digitale-werbescreens\/\">20Minuten &#8211; Luzern: Stadt bewilligt digitale Werbescreens<\/a><span class=\"lcp_date\">  2017-03-21<\/span><\/li><li><a href=\"https:\/\/www.darksky.ch\/dss\/de\/2017\/03\/20minuten-kein-frosch-leuchtet-schoener-als-dieser\/\">20Minuten &#8211; Kein Frosch leuchtet sch\u00f6ner als dieser<\/a><span class=\"lcp_date\">  2017-03-19<\/span><\/li><li><a href=\"https:\/\/www.darksky.ch\/dss\/de\/2017\/03\/anzeiger-von-wallisellen-offene-leserbriefe-zu-die-sterne-wieder-sehen-koennen\/\">Anzeiger von Wallisellen &#8211; Offene Leserbriefe zu \u00abDie Sterne wieder sehen k\u00f6nnen&#8230;\u00bb<\/a><span class=\"lcp_date\">  2017-03-16<\/span><\/li><li><a href=\"https:\/\/www.darksky.ch\/dss\/de\/2017\/03\/blick-am-abend-bilder-des-tages-hier-schreibt-der-leser\/\">Blick am Abend &#8211; Bilder des Tages: Hier schreibt der Leser<\/a><span class=\"lcp_date\">  2017-03-15<\/span><\/li><li><a href=\"https:\/\/www.darksky.ch\/dss\/de\/2017\/03\/zuercher-unterlaender-lichtverschmutzung-truebt-die-sicht-der-astronomen\/\">Z\u00fcrcher Unterl\u00e4nder \u2013 Lichtverschmutzung tr\u00fcbt die Sicht der Astronomen<\/a><span class=\"lcp_date\">  2017-03-15<\/span><\/li><li><a href=\"https:\/\/www.darksky.ch\/dss\/de\/2017\/03\/migros-magazin-richtig-oder-falsch-die-naechtliche-beleuchtung-von-gaerten-und-haeusern-kann-nachtaktiven-tieren-schaden\/\">Migros-Magazin &#8211; Richtig oder falsch? Die n\u00e4chtliche Beleuchtung von G\u00e4rten und H\u00e4usern kann nachtaktiven Tieren schaden.<\/a><span class=\"lcp_date\">  2017-03-13<\/span><\/li><li><a href=\"https:\/\/www.darksky.ch\/dss\/de\/2017\/03\/20minuten-bieler-sollen-froesche-und-kroeten-zaehlen\/\">20Minuten &#8211; Bieler sollen Fr\u00f6sche und Kr\u00f6ten z\u00e4hlen<\/a><span class=\"lcp_date\">  2017-03-10<\/span><\/li><li><a href=\"https:\/\/www.darksky.ch\/dss\/de\/2017\/03\/eldoradio-lichtverschmutzung-nimmt-zu-es-wird-ein-leitfaden-ausgearbeitet\/\">Eldoradio &#8211; Lichtverschmutzung nimmt zu: Es wird ein Leitfaden ausgearbeitet<\/a><span class=\"lcp_date\">  2017-03-08<\/span><\/li><li><a href=\"https:\/\/www.darksky.ch\/dss\/de\/2017\/03\/tageblatt-letzebuerg-luxemburg-strahlt-kuenstliches-licht\/\">Tageblatt L\u00ebtzebuerg &#8211; Luxemburg strahlt: K\u00fcnstliches Licht<\/a><span class=\"lcp_date\">  2017-03-08<\/span><\/li><li><a href=\"https:\/\/www.darksky.ch\/dss\/de\/2017\/03\/luxemburger-wort-massnahmen-gegen-lichtverschmutzung-mehr-dunkelheit-bitte\/\">Luxemburger Wort &#8211; Ma\u00dfnahmen gegen Lichtverschmutzung: Mehr Dunkelheit, bitte!<\/a><span class=\"lcp_date\">  2017-03-07<\/span><\/li><li><a href=\"https:\/\/www.darksky.ch\/dss\/de\/2017\/03\/rtl-neue-leuchten-in-schifflange-und-ein-problem-in-der-stadt-luxemburg\/\">RTL &#8211; Neue Leuchten in Schifflange und ein Problem in der Stadt Luxemburg<\/a><span class=\"lcp_date\">  2017-03-07<\/span><\/li><li><a href=\"https:\/\/www.darksky.ch\/dss\/de\/2017\/03\/lessentiel-die-naechte-in-luxemburg-werden-immer-heller\/\">L&#8217;essentiel &#8211; Die N\u00e4chte in Luxemburg werden immer heller<\/a><span class=\"lcp_date\">  2017-03-07<\/span><\/li><li><a href=\"https:\/\/www.darksky.ch\/dss\/de\/2017\/03\/umweltportal-luxembourg-studie-zu-lichtverschmutzung-in-luxemburg-besseres-licht-fuer-mehr-lebensqualitaet\/\">Umweltportal Luxembourg &#8211; Studie zu Lichtverschmutzung in Luxemburg: Besseres Licht f\u00fcr mehr Lebensqualit\u00e4t!<\/a><span class=\"lcp_date\">  2017-03-07<\/span><\/li><li><a href=\"https:\/\/www.darksky.ch\/dss\/de\/2017\/03\/20minuten-morgestraich-2017-schicken-sie-uns-bilder-von-den-licht-suendern\/\">20Minuten &#8211; Morgestraich 2017: Schicken Sie uns Bilder von den Licht-S\u00fcndern!<\/a><span class=\"lcp_date\">  2017-03-05<\/span><\/li><li><a href=\"https:\/\/www.darksky.ch\/dss\/de\/2017\/03\/ostschweiz-am-sonntag-ueber-liebe-laerm-und-licht\/\">Ostschweiz am Sonntag &#8211; \u00dcber Liebe, L\u00e4rm und Licht<\/a><span class=\"lcp_date\">  2017-03-05<\/span><\/li><li><a href=\"https:\/\/www.darksky.ch\/dss\/de\/2017\/03\/ostschweiz-am-sonntag-froesche-koennen-im-dunkeln-farben-sehen\/\">Ostschweiz am Sonntag &#8211; Fr\u00f6sche k\u00f6nnen im Dunkeln Farben sehen<\/a><span class=\"lcp_date\">  2017-03-05<\/span><\/li><li><a href=\"https:\/\/www.darksky.ch\/dss\/de\/2017\/03\/anzeiger-von-wallisellen-sterne-wieder-sehen-koennen\/\">Anzeiger von Wallisellen &#8211; Sterne wieder sehen k\u00f6nnen<\/a><span class=\"lcp_date\">  2017-03-02<\/span><\/li><li><a href=\"https:\/\/www.darksky.ch\/dss\/de\/2017\/03\/quartieranzeiger-fuer-witikon-und-umgebung-balgrist-auf-quartiervertraeglich-gedimmt\/\">Quartier-Anzeiger f\u00fcr Witikon und Umgebung &#8211; Balgrist auf quartiervertr\u00e4glich gedimmt<\/a><span class=\"lcp_date\">  2017-03-01<\/span><\/li><li><a href=\"https:\/\/www.darksky.ch\/dss\/de\/2017\/02\/20minuten-wer-schlaeft-vergisst\/\">20Minuten &#8211; Wer schl\u00e4ft, vergisst<\/a><span class=\"lcp_date\">  2017-02-24<\/span><\/li><li><a href=\"https:\/\/www.darksky.ch\/dss\/de\/2017\/02\/buendner-tagblatt-lux-ein-tueckischer-luxus\/\">B\u00fcndner Tagblatt \u2013 Lux \u2013 ein t\u00fcckischer Luxus<\/a><span class=\"lcp_date\">  2017-02-17<\/span><\/li><li><a href=\"https:\/\/www.darksky.ch\/dss\/de\/2017\/02\/umwelt-aargau-es-werde-licht-oder-auch-nicht\/\">Umwelt Aargau &#8211; Es werde Licht &#8211; oder auch nicht<\/a><span class=\"lcp_date\">  2017-02-17<\/span><\/li><li><a href=\"https:\/\/www.darksky.ch\/dss\/de\/2017\/02\/zuerichsee-zeitung-bezirk-horgen-leserbrief-pragmatischer-loesungsansatz\/\">Z\u00fcrichsee-Zeitung Bezirk Horgen &#8211; Leserbrief \u00abPragmatischer L\u00f6sungsansatz\u00bb<\/a><span class=\"lcp_date\">  2017-02-10<\/span><\/li><li><a href=\"https:\/\/www.darksky.ch\/dss\/de\/2017\/02\/20minuten-getruebte-sicht-auf-den-sternenhimmel\/\">20Minuten &#8211; Getr\u00fcbte Sicht auf den Sternenhimmel<\/a><span class=\"lcp_date\">  2017-02-09<\/span><\/li><li><a href=\"https:\/\/www.darksky.ch\/dss\/de\/2017\/02\/zuerichsee-zeitung-bezirk-horgen-thalwils-flutlichter-beschaeftigen-langnau-noch-immer\/\">Z\u00fcrichsee-Zeitung &#8211; Bezirk Horgen: Thalwils Flutlichter besch\u00e4ftigen Langnau noch immer<\/a><span class=\"lcp_date\">  2017-02-03<\/span><\/li><li><a href=\"https:\/\/www.darksky.ch\/dss\/de\/2017\/02\/20minuten-ebikon-anwohner-sahen-rot-mall-darf-nur-weiss-leuchten\/\">20Minuten &#8211; Ebikon: Anwohner sahen rot \u2013 Mall darf nur weiss leuchten<\/a><span class=\"lcp_date\">  2017-02-02<\/span><\/li><li><a href=\"https:\/\/www.darksky.ch\/dss\/de\/2017\/01\/20minuten-luzerner-hat-heimweh-nach-den-sternen\/\">20Minuten &#8211; Luzerner hat Heimweh nach den Sternen<\/a><span class=\"lcp_date\">  2017-01-31<\/span><\/li><li><a href=\"https:\/\/www.darksky.ch\/dss\/de\/2017\/01\/20minuten-vitamin-d-mangel-der-staendige-nebel-macht-krank\/\">20Minuten &#8211; Vitamin D Mangel: Der st\u00e4ndige Nebel macht krank<\/a><span class=\"lcp_date\">  2017-01-27<\/span><\/li><li><a href=\"https:\/\/www.darksky.ch\/dss\/de\/2017\/01\/20minuten-o-tannenbaum-mit-einem-monat-verspaetung\/\">20Minuten &#8211; \u00abO Tannenbaum\u00bb \u2013 mit einem Monat Versp\u00e4tung<\/a><span class=\"lcp_date\">  2017-01-25<\/span><\/li><li><a href=\"https:\/\/www.darksky.ch\/dss\/de\/2017\/01\/tagesanzeiger-der-letzte-kampf-ums-uto-kulm\/\">Tagesanzeiger &#8211; Der letzte Kampf ums Uto Kulm<\/a><span class=\"lcp_date\">  2017-01-24<\/span><\/li><li><a href=\"https:\/\/www.darksky.ch\/dss\/de\/2017\/01\/20minuten-englaender-haben-ein-recht-auf-altes-licht\/\">20Minuten &#8211; Engl\u00e4nder haben ein Recht auf \u00abaltes Licht\u00bb<\/a><span class=\"lcp_date\">  2017-01-23<\/span><\/li><li><a href=\"https:\/\/www.darksky.ch\/dss\/de\/2017\/01\/unesco-veroeffentlicht-konferenzband-zum-recht-auf-dunkelheit\/\">UNESCO ver\u00f6ffentlicht Konferenzband zum Recht auf Dunkelheit<\/a><span class=\"lcp_date\">  2017-01-22<\/span><\/li><li><a href=\"https:\/\/www.darksky.ch\/dss\/de\/2017\/01\/nzz-lichtfestival-murten-strahlt-auch-bei-dunkelheit\/\">NZZ &#8211; Lichtfestival: Murten strahlt auch bei Dunkelheit<\/a><span class=\"lcp_date\">  2017-01-14<\/span><\/li><li><a href=\"https:\/\/www.darksky.ch\/dss\/de\/2017\/01\/nzz-gestaltungsplan-uto-kulm-strengere-regeln-fuer-den-zuercher-hausberg\/\">NZZ &#8211; Gestaltungsplan Uto Kulm: Strengere Regeln f\u00fcr den Z\u00fcrcher Hausberg<\/a><span class=\"lcp_date\">  2017-01-13<\/span><\/li><li><a href=\"https:\/\/www.darksky.ch\/dss\/de\/2017\/01\/tagesanzeiger-licht-aus-auf-dem-uetliberg-der-turm-darf-nicht-mehr-leuchten\/\">Tagesanzeiger &#8211; Licht aus auf dem Uetliberg: Der Turm darf nicht mehr leuchten<\/a><span class=\"lcp_date\">  2017-01-13<\/span><\/li><li><a href=\"https:\/\/www.darksky.ch\/dss\/de\/2017\/01\/basler-zeitung-basel-setzt-auf-umstrittene-werbe-bildschirme\/\">Basler Zeitung &#8211; Basel setzt auf umstrittene Werbe-Bildschirme<\/a><span class=\"lcp_date\">  2017-01-09<\/span><\/li><li><a href=\"https:\/\/www.darksky.ch\/dss\/de\/2017\/01\/pro-natura-regio-graubuenden-die-nacht-braucht-ihre-dunkelheit\/\">pro natura regio Graub\u00fcnden &#8211; Die Nacht braucht ihre Dunkelheit<\/a><span class=\"lcp_date\">  2017-01-07<\/span><\/li><li><a href=\"https:\/\/www.darksky.ch\/dss\/de\/2017\/01\/nzz-jedem-sein-zwingli\/\">NZZ &#8211; Jedem sein Zwingli<\/a><span class=\"lcp_date\">  2017-01-05<\/span><\/li><li><a href=\"https:\/\/www.darksky.ch\/dss\/de\/2017\/01\/20minuten-oekofanatiker-zerstoeren-lichterketten-in-solothurn\/\">20Minuten &#8211; \u00d6kofanatiker zerst\u00f6ren Lichterketten in Solothurn<\/a><span class=\"lcp_date\">  2017-01-05<\/span><\/li><li><a href=\"https:\/\/www.darksky.ch\/dss\/de\/2017\/01\/nzz-wie-es-um-unsere-umwelt-steht\/\">NZZ &#8211; Wie es um unsere Umwelt steht<\/a><span class=\"lcp_date\">  2017-01-02<\/span><\/li><li><a href=\"https:\/\/www.darksky.ch\/dss\/de\/2017\/01\/schweiz-am-sonntag-umstrittene-werbebildschirme-erobern-die-schweiz\/\">Schweiz am Sonntag &#8211; Umstrittene Werbebildschirme erobern die Schweiz<\/a><span class=\"lcp_date\">  2017-01-01<\/span><\/li><\/ul> <h3>2016<\/h3><ul class=\"lcp_catlist\" id=\"lcp_instance_0\"><li><a href=\"https:\/\/www.darksky.ch\/dss\/de\/2016\/12\/20minuten-die-letzten-richtig-dunklen-orte-der-schweiz\/\">20Minuten &#8211; Die letzten richtig dunklen Orte der Schweiz<\/a><span class=\"lcp_date\">  2016-12-30<\/span><\/li><li><a href=\"https:\/\/www.darksky.ch\/dss\/de\/2016\/12\/tagesanzeiger-500-drohnen-gleichzeitig-feuerwerk-der-anderen-art\/\">Tagesanzeiger &#8211; 500 Drohnen gleichzeitig \u2013 Feuerwerk der anderen Art<\/a><span class=\"lcp_date\">  2016-12-30<\/span><\/li><li><a href=\"https:\/\/www.darksky.ch\/dss\/de\/2016\/12\/zuerichsee-zeitung-bezirk-horgen-zitat-des-quartals\/\">Z\u00fcrichsee-Zeitung Bezirk Horgen &#8211; Zitat des Quartals<\/a><span class=\"lcp_date\">  2016-12-27<\/span><\/li><li><a href=\"https:\/\/www.darksky.ch\/dss\/de\/2016\/12\/20minuten-10-lichterfeste-rund-um-die-welt\/\">20Minuten &#8211; 10 Lichterfeste rund um die Welt<\/a><span class=\"lcp_date\">  2016-12-26<\/span><\/li><li><a href=\"https:\/\/www.darksky.ch\/dss\/de\/2016\/12\/nzz-im-umgang-mit-nachtmenschen-und-morgenmenschen\/\">NZZ &#8211; Im Umgang mit Nachtmenschen und Morgenmenschen<\/a><span class=\"lcp_date\">  2016-12-23<\/span><\/li><li><a href=\"https:\/\/www.darksky.ch\/dss\/de\/2016\/12\/nzz-fenstergucken-der-grosse-adventskalender\/\">NZZ &#8211; Fenstergucken: Der grosse Adventskalender<\/a><span class=\"lcp_date\">  2016-12-17<\/span><\/li><li><a href=\"https:\/\/www.darksky.ch\/dss\/de\/2016\/12\/20minuten-laempen-wegen-laempchen\/\">20Minuten &#8211; L\u00e4mpen wegen L\u00e4mpchen<\/a><span class=\"lcp_date\">  2016-12-15<\/span><\/li><li><a href=\"https:\/\/www.darksky.ch\/dss\/de\/2016\/12\/gewerbezeitung-langnau-am-albis-advent-advent-ein-lichtlein-brennt\/\">Gewerbezeitung Langnau am Albis &#8211; Advent, Advent, ein Lichtlein brennt!<\/a><span class=\"lcp_date\">  2016-12-15<\/span><\/li><li><a href=\"https:\/\/www.darksky.ch\/dss\/de\/2016\/12\/nzz-wie-man-im-schlaf-ein-trauma-verarbeitet\/\">NZZ &#8211; Wie man im Schlaf ein Trauma verarbeitet<\/a><span class=\"lcp_date\">  2016-12-14<\/span><\/li><li><a href=\"https:\/\/www.darksky.ch\/dss\/de\/2016\/12\/nzz-laempchen-sollen-umrisse-der-bauten-anzeigen\/\">NZZ &#8211; L\u00e4mpchen sollen Umrisse der Bauten anzeigen<\/a><span class=\"lcp_date\">  2016-12-10<\/span><\/li><li><a href=\"https:\/\/www.darksky.ch\/dss\/de\/2016\/12\/tagesanzeiger-weihnachten-macht-auch-vor-stararchitektur-nicht-halt\/\">Tagesanzeiger &#8211; Weihnachten macht auch vor Stararchitektur nicht halt<\/a><span class=\"lcp_date\">  2016-12-09<\/span><\/li><li><a href=\"https:\/\/www.darksky.ch\/dss\/de\/2016\/12\/nzz-licht-mit-schattenseiten\/\">NZZ &#8211; Licht mit Schattenseiten<\/a><span class=\"lcp_date\">  2016-12-09<\/span><\/li><li><a href=\"https:\/\/www.darksky.ch\/dss\/de\/2016\/12\/nzz-weltweite-lichtverschmutzung-der-blick-aus-dem-weltall\/\">NZZ &#8211; Weltweite Lichtverschmutzung: Der Blick aus dem Weltall<\/a><span class=\"lcp_date\">  2016-12-09<\/span><\/li><li><a href=\"https:\/\/www.darksky.ch\/dss\/de\/2016\/12\/20minuten-nordlichter-ueber-lausanne\/\">20Minuten &#8211; \u00abNordlichter\u00bb \u00fcber Lausanne<\/a><span class=\"lcp_date\">  2016-12-09<\/span><\/li><li><a href=\"https:\/\/www.darksky.ch\/dss\/de\/2016\/12\/srf1-macht-des-lichts-in-der-sendung-einstein\/\">SRF1 &#8211; \u00abMacht des Lichts\u00bb in der Sendung Einstein<\/a><span class=\"lcp_date\">  2016-12-08<\/span><\/li><li><a href=\"https:\/\/www.darksky.ch\/dss\/de\/2016\/12\/tagesanzeiger-nachts-geht-in-zuerich-die-angst-um\/\">Tagesanzeiger &#8211; Nachts geht in Z\u00fcrich die Angst um<\/a><span class=\"lcp_date\">  2016-12-08<\/span><\/li><li><a href=\"https:\/\/www.darksky.ch\/dss\/de\/2016\/12\/nzz-zuercher-fuehlen-sich-in-der-nacht-unsicher\/\">NZZ &#8211; Z\u00fcrcher f\u00fchlen sich in der Nacht unsicher<\/a><span class=\"lcp_date\">  2016-12-08<\/span><\/li><li><a href=\"https:\/\/www.darksky.ch\/dss\/de\/2016\/12\/20-minuten-chamaeleon-auto-41999-leds-machen-den-lexus-zur-discokugel\/\">20 Minuten &#8211; Cham\u00e4leon-Auto: 41&#8217;999 LEDs machen den Lexus zur Discokugel<\/a><span class=\"lcp_date\">  2016-12-06<\/span><\/li><li><a href=\"https:\/\/www.darksky.ch\/dss\/de\/2016\/12\/20minuten-reflektor-brille-soll-vor-ueberwachung-schuetzen\/\">20Minuten &#8211; Reflektor-Brille soll vor \u00dcberwachung sch\u00fctzen<\/a><span class=\"lcp_date\">  2016-12-05<\/span><\/li><li><a href=\"https:\/\/www.darksky.ch\/dss\/de\/2016\/12\/umwelt-zentralschweiz-ch-zuviel-beleuchtung-ist-unerwuenscht\/\">umwelt-zentralschweiz.ch &#8211; Zuviel Beleuchtung ist unerw\u00fcnscht<\/a><span class=\"lcp_date\">  2016-12-01<\/span><\/li><li><a href=\"https:\/\/www.darksky.ch\/dss\/de\/2016\/11\/radio-srf-1-ur-vorbildlicher-kampf-gegen-die-lichtverschmutzung\/\">Radio SRF 1 &#8211; UR: Vorbildlicher Kampf gegen die Lichtverschmutzung<\/a><span class=\"lcp_date\">  2016-11-26<\/span><\/li><li><a href=\"https:\/\/www.darksky.ch\/dss\/de\/2016\/11\/css-kundenmagazin-warum-ist-das-licht-so-wichtig\/\">CSS Kundenmagazin \u2013 Warum ist das Licht so wichtig?<\/a><span class=\"lcp_date\">  2016-11-25<\/span><\/li><li><a href=\"https:\/\/www.darksky.ch\/dss\/de\/2016\/11\/nzz-advent-in-zuerich-mitten-ins-herz-oder-knapp-vorbei\/\">NZZ &#8211; Advent in Z\u00fcrich &#8211; Mitten ins Herz oder knapp vorbei<\/a><span class=\"lcp_date\">  2016-11-25<\/span><\/li><li><a href=\"https:\/\/www.darksky.ch\/dss\/de\/2016\/11\/20minuten-jetzt-glaenzen-schweizer-staedte-im-lichterzauber\/\">20Minuten &#8211; Jetzt gl\u00e4nzen Schweizer St\u00e4dte im Lichterzauber<\/a><span class=\"lcp_date\">  2016-11-24<\/span><\/li><li><a href=\"https:\/\/www.darksky.ch\/dss\/de\/2016\/11\/nzz-innere-uhr-wie-muecken-die-zeit-bestimmen\/\">NZZ &#8211; Innere Uhr &#8211; Wie M\u00fccken die Zeit bestimmen<\/a><span class=\"lcp_date\">  2016-11-22<\/span><\/li><li><a href=\"https:\/\/www.darksky.ch\/dss\/de\/2016\/11\/radio-zuerisee-interview-ueber-ritter-der-nacht-fuer-amt-fuer-umweltschutz-kanton-uri-mit-rolf-schatz\/\">Radio Z\u00fcrisee &#8211; Interview \u00fcber \u00abRitter der Nacht\u00bb f\u00fcr Amt f\u00fcr Umweltschutz, Kanton Uri mit Rolf Schatz<\/a><span class=\"lcp_date\">  2016-11-19<\/span><\/li><li><a href=\"https:\/\/www.darksky.ch\/dss\/de\/2016\/11\/urner-wochenblatt-ritter-der-nacht-geht-nach-uri\/\">Urner Wochenblatt &#8211; \u00abRitter der Nacht\u00bb geht nach Uri<\/a><span class=\"lcp_date\">  2016-11-18<\/span><\/li><li><a href=\"https:\/\/www.darksky.ch\/dss\/de\/2016\/11\/tierwelt-auszeichnung-ritter-der-nacht-fuer-kanton-uri\/\">Tierwelt &#8211; Auszeichnung \u00abRitter der Nacht\u00bb f\u00fcr Kanton Uri<\/a><span class=\"lcp_date\">  2016-11-18<\/span><\/li><li><a href=\"https:\/\/www.darksky.ch\/dss\/de\/2016\/11\/teletext-kanton-uri-ist-ritter-der-nacht\/\">Teletext &#8211; Kanton Uri ist \u00abRitter der Nacht\u00bb<\/a><span class=\"lcp_date\">  2016-11-18<\/span><\/li><li><a href=\"https:\/\/www.darksky.ch\/dss\/de\/2016\/11\/luzerner-zeitung-auszeichnung-ritter-der-nacht-geht-an-den-kanton-uri\/\">Luzerner Zeitung &#8211; Auszeichnung \u00abRitter der Nacht\u00bb geht an den Kanton Uri<\/a><span class=\"lcp_date\">  2016-11-18<\/span><\/li><li><a href=\"https:\/\/www.darksky.ch\/dss\/de\/2016\/11\/zuger-zeitung-auszeichnung-ritter-der-nacht-geht-an-den-kanton-uri\/\">Zuger Zeitung &#8211; Auszeichnung \u00abRitter der Nacht\u00bb geht an den Kanton Uri<\/a><span class=\"lcp_date\">  2016-11-18<\/span><\/li><li><a href=\"https:\/\/www.darksky.ch\/dss\/de\/2016\/11\/blick-am-abend-die-vielen-nuancen-von-dunkel\/\">Blick am Abend &#8211; Die vielen Nuancen von Dunkel<\/a><span class=\"lcp_date\">  2016-11-18<\/span><\/li><li><a href=\"https:\/\/www.darksky.ch\/dss\/de\/2016\/11\/radio-zuerisee-20-jahre-dark-sky-und-ritter-der-nacht\/\">Radio Z\u00fcrisee &#8211; 20 Jahre Dark-Sky und Ritter der Nacht<\/a><span class=\"lcp_date\">  2016-11-18<\/span><\/li><li><a href=\"https:\/\/www.darksky.ch\/dss\/de\/2016\/11\/20minuten-mit-led-lampen-gegen-die-winterdepression\/\">20Minuten &#8211; Mit LED-Lampen gegen die Winterdepression<\/a><span class=\"lcp_date\">  2016-11-14<\/span><\/li><li><a href=\"https:\/\/www.darksky.ch\/dss\/de\/2016\/11\/20minuten-ein-lichterzauber-legt-sich-ueber-australiens-outback\/\">20Minuten &#8211; Ein Lichterzauber legt sich \u00fcber Australiens Outback<\/a><span class=\"lcp_date\">  2016-11-14<\/span><\/li><li><a href=\"https:\/\/www.darksky.ch\/dss\/de\/2016\/11\/oltner-tagblatt-mega-laser-in-der-nacht-schreckt-freiaemter-auf\/\">Oltner Tagblatt &#8211; Mega-Laser in der Nacht schreckt Frei\u00e4mter auf<\/a><span class=\"lcp_date\">  2016-11-13<\/span><\/li><li><a href=\"https:\/\/www.darksky.ch\/dss\/de\/2016\/11\/zeitpunkt-gute-nacht-nacht\/\">Zeitpunkt &#8211; Gute Nacht, Nacht<\/a><span class=\"lcp_date\">  2016-11-12<\/span><\/li><li><a href=\"https:\/\/www.darksky.ch\/dss\/de\/2016\/11\/phoenix-wer-kennt-die-natuerliche-dunkelheit\/\">Phoenix &#8211; Wer kennt die nat\u00fcrliche Dunkelheit?<\/a><span class=\"lcp_date\">  2016-11-10<\/span><\/li><li><a href=\"https:\/\/www.darksky.ch\/dss\/de\/2016\/11\/direkt-kommentar-von-dark-sky-switzerland-zu-weihnachtsbeleuchtung\/\">direkt &#8211; Kommentar von Dark-Sky Switzerland zu Weihnachtsbeleuchtung<\/a><span class=\"lcp_date\">  2016-11-10<\/span><\/li><li><a href=\"https:\/\/www.darksky.ch\/dss\/de\/2016\/11\/aargauer-zeitung-zehn-kilometer-langer-laserstrahl-erstrahlt-zwischen-zeiher-homberg-und-kaistenberg\/\">Aargauer Zeitung &#8211; Zehn Kilometer langer Laserstrahl erstrahlt zwischen Zeiher Homberg und Kaistenberg<\/a><span class=\"lcp_date\">  2016-11-06<\/span><\/li><li><a href=\"https:\/\/www.darksky.ch\/dss\/de\/2016\/11\/aargauer-zeitung-vano-soleymani-schiesst-einen-zehn-kilometer-langen-laserstrahl-durchs-fricktal\/\">Aargauer Zeitung &#8211; Vano Soleymani schiesst einen zehn Kilometer langen Laserstrahl durchs Fricktal<\/a><span class=\"lcp_date\">  2016-11-03<\/span><\/li><li><a href=\"https:\/\/www.darksky.ch\/dss\/de\/2016\/11\/casanostra-aussenbeleuchtung-lichterloeschen-fuer-die-tierwelt\/\">casanostra &#8211; Aussenbeleuchtung &#8211; Lichterl\u00f6schen f\u00fcr die Tierwelt<\/a><span class=\"lcp_date\">  2016-11-02<\/span><\/li><li><a href=\"https:\/\/www.darksky.ch\/dss\/de\/2016\/10\/schriftzug-sob-suedostbahn-licht-nach-bedarf\/\">Schriftzug SOB S\u00fcdostbahn \u2013 Licht nach Bedarf<\/a><span class=\"lcp_date\">  2016-10-24<\/span><\/li><li><a href=\"https:\/\/www.darksky.ch\/dss\/de\/2016\/10\/schwarzenburger-magazin-zuviel-licht-im-dunkeln\/\">Schwarzenburger Magazin \u2013 Zuviel Licht im Dunkeln<\/a><span class=\"lcp_date\">  2016-10-17<\/span><\/li><li><a href=\"https:\/\/www.darksky.ch\/dss\/de\/2016\/10\/sonntagszeitung-es-werde-lebendiges-licht\/\">Sonntagszeitung &#8211; Es werde lebendiges Licht<\/a><span class=\"lcp_date\">  2016-10-16<\/span><\/li><li><a href=\"https:\/\/www.darksky.ch\/dss\/de\/2016\/10\/zuerichsee-zeitung-adliswil-ruestet-mit-led-lampen-auf\/\">Z\u00fcrichsee-Zeitung: Adliswil r\u00fcstet mit LED-Lampen auf<\/a><span class=\"lcp_date\">  2016-10-14<\/span><\/li><li><a href=\"https:\/\/www.darksky.ch\/dss\/de\/2016\/10\/heise-taschenlampen-selbstbau-der-helle-wahnsinn\/\">Heise &#8211; &#8222;Taschenlampen&#8220;-Selbstbau: Der helle Wahnsinn<\/a><span class=\"lcp_date\">  2016-10-10<\/span><\/li><li><a href=\"https:\/\/www.darksky.ch\/dss\/de\/2016\/10\/deutsches-bienen-journal-kunstlicht-stoert-bestaeuber\/\">Deutsches Bienen Journal \u2013 Kunstlicht st\u00f6rt Best\u00e4uber<\/a><span class=\"lcp_date\">  2016-10-03<\/span><\/li><li><a href=\"https:\/\/www.darksky.ch\/dss\/de\/2016\/10\/20minuten-darum-haben-wir-vor-dem-schlaf-haeufig-noch-durst\/\">20Minuten &#8211; Darum haben wir vor dem Schlaf h\u00e4ufig noch Durst<\/a><span class=\"lcp_date\">  2016-10-02<\/span><\/li><li><a href=\"https:\/\/www.darksky.ch\/dss\/de\/2016\/09\/schweizer-revue-in-der-erleuchteten-schweiz-erwachen-die-freunde-der-dunkelheit\/\">Schweizer Revue \u2013 In der erleuchteten Schweiz erwachen die Freunde der Dunkelheit<\/a><span class=\"lcp_date\">  2016-09-28<\/span><\/li><li><a href=\"https:\/\/www.darksky.ch\/dss\/de\/2016\/09\/baz-online-binningen-setzt-zeichen-gegen-lichtverschmutzung\/\">BAZ online &#8211; Binningen setzt Zeichen gegen Lichtverschmutzung<\/a><span class=\"lcp_date\">  2016-09-25<\/span><\/li><li><a href=\"https:\/\/www.darksky.ch\/dss\/de\/2016\/09\/telebasel-in-binningen-wird-es-in-der-nacht-dunkler\/\">Telebasel &#8211; In Binningen wird es in der Nacht dunkler<\/a><span class=\"lcp_date\">  2016-09-25<\/span><\/li><li><a href=\"https:\/\/www.darksky.ch\/dss\/de\/2016\/09\/the-washington-post-some-cities-are-taking-another-look-at-led-lighting-after-ama-warning\/\">The Washington Post &#8211; Some cities are taking another look at LED lighting after AMA warning<\/a><span class=\"lcp_date\">  2016-09-25<\/span><\/li><li><a href=\"https:\/\/www.darksky.ch\/dss\/de\/2016\/09\/tagesanzeiger-im-dienst-der-gefluegelten\/\">Tagesanzeiger &#8211; Im Dienst der Gefl\u00fcgelten<\/a><span class=\"lcp_date\">  2016-09-24<\/span><\/li><li><a href=\"https:\/\/www.darksky.ch\/dss\/de\/2016\/09\/nzz-umweltschutz-es-werde-gruen\/\">NZZ &#8211; Umweltschutz: Es werde gr\u00fcn<\/a><span class=\"lcp_date\">  2016-09-22<\/span><\/li><li><a href=\"https:\/\/www.darksky.ch\/dss\/de\/2016\/09\/spektrum-de-die-schattenseiten-des-lichts\/\">Spektrum.de \u2013 Die Schattenseiten des Lichts<\/a><span class=\"lcp_date\">  2016-09-22<\/span><\/li><li><a href=\"https:\/\/www.darksky.ch\/dss\/de\/2016\/09\/bz-die-binninger-naechte-sollen-dunkel-bleiben\/\">bz &#8211; Die Binninger N\u00e4chte sollen dunkel bleiben<\/a><span class=\"lcp_date\">  2016-09-19<\/span><\/li><li><a href=\"https:\/\/www.darksky.ch\/dss\/de\/2016\/09\/tagesanzeiger-perlen-im-zoom-fotoblog-atemberaubendes-all\/\">Tagesanzeiger \u2013 Perlen im Zoom-Fotoblog: Atemberaubendes All<\/a><span class=\"lcp_date\">  2016-09-17<\/span><\/li><li><a href=\"https:\/\/www.darksky.ch\/dss\/de\/2016\/09\/20minuten-im-schlimmsten-fall-droht-voellige-erblindung\/\">20Minuten &#8211; \u00abIm schlimmsten Fall droht v\u00f6llige Erblindung\u00bb<\/a><span class=\"lcp_date\">  2016-09-13<\/span><\/li><li><a href=\"https:\/\/www.darksky.ch\/dss\/de\/2016\/09\/der-standard-kuenstliches-licht-stoert-bestaeubung-und-samenbildung\/\">Der Standard \u2013 K\u00fcnstliches Licht st\u00f6rt Best\u00e4ubung und Samenbildung<\/a><span class=\"lcp_date\">  2016-09-12<\/span><\/li><li><a href=\"https:\/\/www.darksky.ch\/dss\/de\/2016\/09\/tagesanzeiger-auf-die-laenge-kommt-es-an\/\">Tagesanzeiger &#8211; Auf die L\u00e4nge kommt es an<\/a><span class=\"lcp_date\">  2016-09-08<\/span><\/li><li><a href=\"https:\/\/www.darksky.ch\/dss\/de\/2016\/09\/tagesanzeiger-die-leute-sollen-das-gipfelkreuz-hinterfragen\/\">Tagesanzeiger &#8211; \u00abDie Leute sollen das Gipfelkreuz hinterfragen\u00bb<\/a><span class=\"lcp_date\">  2016-09-08<\/span><\/li><li><a href=\"https:\/\/www.darksky.ch\/dss\/de\/2016\/09\/der-landbote-strassenlaternen-stoeren-die-naechtliche-bestaeubung\/\">Der Landbote \u2013 Strassenlaternen st\u00f6ren die n\u00e4chtliche Best\u00e4ubung<\/a><span class=\"lcp_date\">  2016-09-05<\/span><\/li><li><a href=\"https:\/\/www.darksky.ch\/dss\/de\/2016\/09\/tagesanzeiger-ist-eigentlich-noch-schoen-so-mit-kerzen-im-zuercher-blackout\/\">Tagesanzeiger &#8211; \u00abIst eigentlich noch sch\u00f6n so\u00bb \u2013 mit Kerzen im Z\u00fcrcher Blackout<\/a><span class=\"lcp_date\">  2016-09-05<\/span><\/li><li><a href=\"https:\/\/www.darksky.ch\/dss\/de\/2016\/09\/universitaet-bern-kuenstliches-licht-stoert-die-bestaeubung\/\">Universit\u00e4t Bern &#8211; K\u00fcnstliches Licht st\u00f6rt die Best\u00e4ubung<\/a><span class=\"lcp_date\">  2016-09-05<\/span><\/li><li><a href=\"https:\/\/www.darksky.ch\/dss\/de\/2016\/09\/tagesanzeiger-swissmill-silo-in-gruen-statt-in-grau\/\">Tagesanzeiger &#8211; Swissmill-Silo in Gr\u00fcn statt in Grau<\/a><span class=\"lcp_date\">  2016-09-02<\/span><\/li><li><a href=\"https:\/\/www.darksky.ch\/dss\/de\/2016\/08\/20minuten-mysterioese-lichter-loesen-ufo-alarm-aus\/\">20Minuten &#8211; Mysteri\u00f6se Lichter l\u00f6sen UFO-Alarm aus<\/a><span class=\"lcp_date\">  2016-08-22<\/span><\/li><li><a href=\"https:\/\/www.darksky.ch\/dss\/de\/2016\/08\/zentralschweiz-am-sonntag-der-helle-wahnsinn\/\">Zentralschweiz am Sonntag &#8211; Der helle Wahnsinn<\/a><span class=\"lcp_date\">  2016-08-21<\/span><\/li><li><a href=\"https:\/\/www.darksky.ch\/dss\/de\/2016\/08\/20minuten-reisen-dem-himmel-so-nah\/\">20Minuten &#8211; Reisen &#8211; Dem Himmel so nah<\/a><span class=\"lcp_date\">  2016-08-21<\/span><\/li><li><a href=\"https:\/\/www.darksky.ch\/dss\/de\/2016\/08\/hotel-revue-reine-farbenlehre-in-der-leuchtenstadt\/\">Hotel revue \u2013 Reine Farbenlehre in der Leuchtenstadt<\/a><span class=\"lcp_date\">  2016-08-18<\/span><\/li><li><a href=\"https:\/\/www.darksky.ch\/dss\/de\/2016\/08\/berner-zeitung-der-helle-wahnsinn\/\">Berner Zeitung &#8211; Der helle Wahnsinn<\/a><span class=\"lcp_date\">  2016-08-17<\/span><\/li><li><a href=\"https:\/\/www.darksky.ch\/dss\/de\/2016\/08\/phoenix-forum-licht-dunkel-des-einen-freud-des-andern-leid\/\">Phoenix Forum \u2013 Licht &#038; Dunkel: des einen Freud, des andern Leid<\/a><span class=\"lcp_date\">  2016-08-15<\/span><\/li><li><a href=\"https:\/\/www.darksky.ch\/dss\/de\/2016\/08\/tagesanzeiger-lichterloeschen-im-leuchtturm\/\">Tagesanzeiger &#8211; Lichterl\u00f6schen im Leuchtturm<\/a><span class=\"lcp_date\">  2016-08-10<\/span><\/li><li><a href=\"https:\/\/www.darksky.ch\/dss\/de\/2016\/08\/20minuten-licht-ausschalten-lohnt-sich-schon-fuer-minuten\/\">20Minuten &#8211; \u00abLicht ausschalten lohnt sich schon f\u00fcr Minuten\u00bb<\/a><span class=\"lcp_date\">  2016-08-07<\/span><\/li><li><a href=\"https:\/\/www.darksky.ch\/dss\/de\/2016\/08\/neue-luzerner-zeitung-es-fehlen-ueberzeugende-argumente\/\">Neue Luzerner Zeitung &#8211; \u00abEs fehlen \u00fcberzeugende Argumente\u00bb<\/a><span class=\"lcp_date\">  2016-08-06<\/span><\/li><li><a href=\"https:\/\/www.darksky.ch\/dss\/de\/2016\/08\/nzz-schlafstoerungen-erhoehen-das-schlaganfall-risiko\/\">NZZ &#8211; Schlafst\u00f6rungen erh\u00f6hen das Schlaganfall-Risiko<\/a><span class=\"lcp_date\">  2016-08-04<\/span><\/li><li><a href=\"https:\/\/www.darksky.ch\/dss\/de\/2016\/08\/nzz-voegel-schlafen-mitten-im-flug\/\">NZZ &#8211; V\u00f6gel schlafen mitten im Flug<\/a><span class=\"lcp_date\">  2016-08-04<\/span><\/li><li><a href=\"https:\/\/www.darksky.ch\/dss\/de\/2016\/08\/eschenbach-sg-aktuell-quartierbeleuchtungen\/\">Eschenbach (SG) aktuell \u2013 Quartierbeleuchtungen<\/a><span class=\"lcp_date\">  2016-08-03<\/span><\/li><li><a href=\"https:\/\/www.darksky.ch\/dss\/de\/2016\/08\/migros-magazin-warum-leuchten-die-sterne-im-dunkeln\/\">Migros-Magazin &#8211; Warum leuchten die Sterne im Dunkeln?<\/a><span class=\"lcp_date\">  2016-08-02<\/span><\/li><li><a href=\"https:\/\/www.darksky.ch\/dss\/de\/2016\/07\/die-welt-licht-in-der-nacht-macht-vorzeitig-alt\/\">Die Welt &#8211; Licht in der Nacht macht vorzeitig alt<\/a><span class=\"lcp_date\">  2016-07-19<\/span><\/li><li><a href=\"https:\/\/www.darksky.ch\/dss\/de\/2016\/07\/maturaarbeit-lichtverschmutzung-anhand-des-bahnhofs\/\">Maturaarbeit: Lichtverschmutzung anhand des Bahnhofs<\/a><span class=\"lcp_date\">  2016-07-15<\/span><\/li><li><a href=\"https:\/\/www.darksky.ch\/dss\/de\/2016\/07\/aargauer-zeitung-es-stoert-zwar-niemanden-doch-general-electric-muss-seine-leuchtreklame-dimmen\/\">Aargauer Zeitung &#8211; Es st\u00f6rt zwar niemanden, doch General Electric muss seine Leuchtreklame dimmen<\/a><span class=\"lcp_date\">  2016-07-12<\/span><\/li><li><a href=\"https:\/\/www.darksky.ch\/dss\/de\/2016\/07\/tagesanzeiger-werbung-flutlicht-die-falter-sind-dann-alle-tot\/\">Tagesanzeiger &#8211; \u00abWerbung, Flutlicht. Die Falter sind dann alle tot.\u00bb<\/a><span class=\"lcp_date\">  2016-07-12<\/span><\/li><li><a href=\"https:\/\/www.darksky.ch\/dss\/de\/2016\/07\/langenthaler-tagblatt-langenthal-ruestet-strassenlampen-auf-led-um\/\">Langenthaler Tagblatt &#8211; Langenthal r\u00fcstet Strassenlampen auf LED um<\/a><span class=\"lcp_date\">  2016-07-05<\/span><\/li><li><a href=\"https:\/\/www.darksky.ch\/dss\/de\/2016\/07\/tagesanzeiger-der-erleuchter\/\">Tagesanzeiger &#8211; Der Erleuchter<\/a><span class=\"lcp_date\">  2016-07-02<\/span><\/li><li><a href=\"https:\/\/www.darksky.ch\/dss\/de\/2016\/06\/tagesanzeiger-erstmals-eine-verurteilung-wegen-laserpointer-angriff\/\">Tagesanzeiger &#8211; Erstmals eine Verurteilung wegen Laserpointer-Angriff<\/a><span class=\"lcp_date\">  2016-06-30<\/span><\/li><li><a href=\"https:\/\/www.darksky.ch\/dss\/de\/2016\/06\/international-dark-sky-association-ama-report-affirms-human-health-impacts-from-leds\/\">International Dark-Sky Association &#8211; AMA Report Affirms Human Health Impacts from LEDs<\/a><span class=\"lcp_date\">  2016-06-21<\/span><\/li><li><a href=\"https:\/\/www.darksky.ch\/dss\/de\/2016\/06\/nzz-weisse-naechte-soll-licht-des-glueckes-nahrung-sein\/\">NZZ &#8211; Weisse N\u00e4chte: Soll Licht des Gl\u00fcckes Nahrung sein?<\/a><span class=\"lcp_date\">  2016-06-14<\/span><\/li><li><a href=\"https:\/\/www.darksky.ch\/dss\/de\/2016\/06\/spiegel-online-neue-daten-zu-lichtverschmutzung-das-ende-der-nacht\/\">Spiegel online &#8211; Neue Daten zu Lichtverschmutzung: Das Ende der Nacht<\/a><span class=\"lcp_date\">  2016-06-13<\/span><\/li><li><a href=\"https:\/\/www.darksky.ch\/dss\/de\/2016\/06\/tagesanzeiger-unsichtbares-licht-fuer-6-millionen-franken\/\">Tagesanzeiger &#8211; Unsichtbares Licht f\u00fcr 6 Millionen Franken<\/a><span class=\"lcp_date\">  2016-06-11<\/span><\/li><li><a href=\"https:\/\/www.darksky.ch\/dss\/de\/2016\/06\/nzz-lichtverschmutzung-getruebte-sicht-auf-den-sternenhimmel\/\">NZZ &#8211; Lichtverschmutzung &#8211; Getr\u00fcbte Sicht auf den Sternenhimmel<\/a><span class=\"lcp_date\">  2016-06-10<\/span><\/li><li><a href=\"https:\/\/www.darksky.ch\/dss\/de\/2016\/05\/tageblatt-luxemburg-es-ist-zu-hell-lichtverschmutzung-nun-auch-ein-thema-in-luxemburg\/\">Tageblatt Luxemburg &#8211; Es ist zu hell! Lichtverschmutzung nun auch ein Thema in Luxemburg<\/a><span class=\"lcp_date\">  2016-05-26<\/span><\/li><li><a href=\"https:\/\/www.darksky.ch\/dss\/de\/2016\/05\/wort-luxemburg-problemfall-lichtverschmutzung-zu-viel-licht\/\">Wort Luxemburg &#8211; Problemfall Lichtverschmutzung: Zu viel Licht<\/a><span class=\"lcp_date\">  2016-05-25<\/span><\/li><li><a href=\"https:\/\/www.darksky.ch\/dss\/de\/2016\/05\/bauglatt-21-meter-breit-die-groesste-leuchtschrift-der-schweiz\/\">baublatt \u2013 21 Meter breit: Die gr\u00f6sste Leuchtschrift der Schweiz<\/a><span class=\"lcp_date\">  2016-05-24<\/span><\/li><li><a href=\"https:\/\/www.darksky.ch\/dss\/de\/2016\/05\/biometeorology-studie-untersucht-dunkelheit-in-deutschen-luftkurorten\/\">Biometeorology &#8211; Studie untersucht Dunkelheit in deutschen Luftkurorten<\/a><span class=\"lcp_date\">  2016-05-20<\/span><\/li><li><a href=\"https:\/\/www.darksky.ch\/dss\/de\/2016\/05\/reformiert-hintergrund-im-zweifel-fuer-die-dunkelheit\/\">reformiert Hintergrund &#8211; Im Zweifel f\u00fcr die Dunkelheit<\/a><span class=\"lcp_date\">  2016-05-12<\/span><\/li><li><a href=\"https:\/\/www.darksky.ch\/dss\/de\/2016\/05\/reformiert-lichterstreit-in-sternenberg\/\">reformiert &#8211; Lichterstreit in Sternenberg<\/a><span class=\"lcp_date\">  2016-05-12<\/span><\/li><li><a href=\"https:\/\/www.darksky.ch\/dss\/de\/2016\/05\/nzz-das-monatstier-gluehwuermchen\/\">NZZ &#8211; Das Monatstier: Gl\u00fchw\u00fcrmchen<\/a><span class=\"lcp_date\">  2016-05-07<\/span><\/li><li><a href=\"https:\/\/www.darksky.ch\/dss\/de\/2016\/04\/nzz-die-erde-ergruent\/\">NZZ \u2013 Die Erde ergr\u00fcnt<\/a><span class=\"lcp_date\">  2016-04-27<\/span><\/li><li><a href=\"https:\/\/www.darksky.ch\/dss\/de\/2016\/04\/tagesanzeiger-licht-aus-damit-das-moor-lebt\/\">Tagesanzeiger &#8211; Licht aus \u2013 damit das Moor lebt<\/a><span class=\"lcp_date\">  2016-04-26<\/span><\/li><li><a href=\"https:\/\/www.darksky.ch\/dss\/de\/2016\/04\/rheintaler-lichtverschmutzung-soll-reduziert-werden\/\">Rheintaler &#8211; Lichtverschmutzung soll reduziert werden<\/a><span class=\"lcp_date\">  2016-04-22<\/span><\/li><li><a href=\"https:\/\/www.darksky.ch\/dss\/de\/2016\/04\/der-bund-als-letztes-dorf-der-schweiz-jetzt-geht-hier-das-licht-an\/\">Der Bund &#8211; Als letztes Dorf der Schweiz \u2013 jetzt geht hier das Licht an<\/a><span class=\"lcp_date\">  2016-04-21<\/span><\/li><li><a href=\"https:\/\/www.darksky.ch\/dss\/de\/2016\/04\/tagesanzeiger-als-letztes-dorf-der-schweiz-jetzt-geht-hier-das-licht-an\/\">Tagesanzeiger &#8211; Als letztes Dorf der Schweiz \u2013 jetzt geht hier das Licht an<\/a><span class=\"lcp_date\">  2016-04-21<\/span><\/li><li><a href=\"https:\/\/www.darksky.ch\/dss\/de\/2016\/04\/tagesanzeiger-spektakulaerer-zeitraffer-aus-dem-all\/\">Tagesanzeiger &#8211; Spektakul\u00e4rer Zeitraffer aus dem All<\/a><span class=\"lcp_date\">  2016-04-20<\/span><\/li><li><a href=\"https:\/\/www.darksky.ch\/dss\/de\/2016\/04\/blick-am-abend-warum-jagen-fledermaeuse-in-der-dunkelheit\/\">Blick am Abend &#8211; Warum jagen Flederm\u00e4use in der Dunkelheit?<\/a><span class=\"lcp_date\">  2016-04-19<\/span><\/li><li><a href=\"https:\/\/www.darksky.ch\/dss\/de\/2016\/04\/tagesanzeiger-das-licht-im-hardaupark-zieht-laermende-jugendliche-an\/\">Tagesanzeiger &#8211; Das Licht im Hardaupark zieht l\u00e4rmende Jugendliche an<\/a><span class=\"lcp_date\">  2016-04-15<\/span><\/li><li><a href=\"https:\/\/www.darksky.ch\/dss\/de\/2016\/04\/20minuten-haben-sie-den-himmel-schon-einmal-so-gesehen\/\">20Minuten &#8211; Haben Sie den Himmel schon einmal so gesehen?<\/a><span class=\"lcp_date\">  2016-04-14<\/span><\/li><li><a href=\"https:\/\/www.darksky.ch\/dss\/de\/2016\/04\/nzz-lichtscheue-stadt-motten\/\">NZZ &#8211; Lichtscheue Stadt-Motten<\/a><span class=\"lcp_date\">  2016-04-13<\/span><\/li><li><a href=\"https:\/\/www.darksky.ch\/dss\/de\/2016\/04\/zuerichsee-zeitung-der-bahnhof-jona-wird-bald-dunkler\/\">Z\u00fcrichsee Zeitung &#8211; Der Bahnhof Jona wird bald dunkler<\/a><span class=\"lcp_date\">  2016-04-13<\/span><\/li><li><a href=\"https:\/\/www.darksky.ch\/dss\/de\/2016\/04\/20minuten-lichter-loeschen-und-gestirne-bestaunen\/\">20Minuten &#8211; Lichter l\u00f6schen und Gestirne bestaunen!<\/a><span class=\"lcp_date\">  2016-04-11<\/span><\/li><li><a href=\"https:\/\/www.darksky.ch\/dss\/de\/2016\/04\/20minuten-so-leuchtend-haben-sie-zuerich-noch-nie-gesehen\/\">20Minuten &#8211; So leuchtend haben Sie Z\u00fcrich noch nie gesehen<\/a><span class=\"lcp_date\">  2016-04-07<\/span><\/li><li><a href=\"https:\/\/www.darksky.ch\/dss\/de\/2016\/04\/3sat-kuenstliche-zeit-und-innere-uhr-wie-unser-leben-aus-dem-takt-geraet\/\">3Sat &#8211; K\u00fcnstliche Zeit und innere Uhr: Wie unser Leben aus dem Takt ger\u00e4t<\/a><span class=\"lcp_date\">  2016-04-06<\/span><\/li><li><a href=\"https:\/\/www.darksky.ch\/dss\/de\/2016\/04\/quartier-anzeiger-fuer-witikon-und-umgebung-gefaehrlicher-firlefanz\/\">Quartier-Anzeiger f\u00fcr Witikon und Umgebung \u2013 Gef\u00e4hrlicher Firlefanz<\/a><span class=\"lcp_date\">  2016-04-01<\/span><\/li><li><a href=\"https:\/\/www.darksky.ch\/dss\/de\/2016\/03\/blaetter-fuer-deutsche-und-internationale-politik-schmutziges-licht-die-abschaffung-der-nacht\/\">Bl\u00e4tter f\u00fcr deutsche und internationale Politik &#8211; Schmutziges Licht: Die Abschaffung der Nacht<\/a><span class=\"lcp_date\">  2016-03-28<\/span><\/li><li><a href=\"https:\/\/www.darksky.ch\/dss\/de\/2016\/03\/tages-anzeiger-darum-sollten-jugendliche-das-handy-aus-schlafzimmer-verbannen\/\">Tages Anzeiger &#8211; Darum sollten Jugendliche das Handy aus Schlafzimmer verbannen<\/a><span class=\"lcp_date\">  2016-03-23<\/span><\/li><li><a href=\"https:\/\/www.darksky.ch\/dss\/de\/2016\/03\/tages-anzeiger-heute-um-20-30-uhr-gehen-weltweit-die-lichter-aus\/\">Tages Anzeiger &#8211; Heute um 20.30 Uhr gehen weltweit die Lichter aus<\/a><span class=\"lcp_date\">  2016-03-19<\/span><\/li><li><a href=\"https:\/\/www.darksky.ch\/dss\/de\/2016\/03\/migros-magazin-richtig-oder-falsch-die-lichtverschmutzung-in-der-schweiz-hat-in-den-letzten-20-jahren-um-70-prozent-zugenommen\/\">Migros-Magazin \u2013 Richtig oder falsch? Die Lichtverschmutzung in der Schweiz hat in den letzten 20 Jahren um 70 Prozent zugenommen.<\/a><span class=\"lcp_date\">  2016-03-07<\/span><\/li><li><a href=\"https:\/\/www.darksky.ch\/dss\/de\/2016\/03\/nzz-am-sonntag-licht-und-schatten-von-led-lampen\/\">NZZ am Sonntag \u2013 Licht und Schatten von LED-Lampen<\/a><span class=\"lcp_date\">  2016-03-04<\/span><\/li><li><a href=\"https:\/\/www.darksky.ch\/dss\/de\/2016\/02\/20minuten-zug-soll-in-neues-licht-gerueckt-werden\/\">20Minuten &#8211; Zug soll in neues Licht ger\u00fcckt werden<\/a><span class=\"lcp_date\">  2016-02-29<\/span><\/li><li><a href=\"https:\/\/www.darksky.ch\/dss\/de\/2016\/02\/aargauer-zeitung-nachts-wird-es-dunkel-auf-den-strassen-in-windisch\/\">Aargauer Zeitung &#8211; Nachts wird es dunkel auf den Strassen in Windisch<\/a><span class=\"lcp_date\">  2016-02-28<\/span><\/li><li><a href=\"https:\/\/www.darksky.ch\/dss\/de\/2016\/02\/zuerichsee-zeitung-helle-beleuchtung-am-bahnhof-jona-sorgt-fuer-unmut\/\">Z\u00fcrichsee Zeitung &#8211; Helle Beleuchtung am \u00adBahnhof Jona sorgt f\u00fcr Unmut<\/a><span class=\"lcp_date\">  2016-02-24<\/span><\/li><li><a href=\"https:\/\/www.darksky.ch\/dss\/de\/2016\/02\/max-planck-gesellschaft-hunde-und-affen-besitzen-molekuel-fuer-magnetfeld-wahrnehmung-im-auge\/\">Max-Planck Gesellschaft \u2013 Hunde und Affen besitzen Molek\u00fcl f\u00fcr Magnetfeld-Wahrnehmung im Auge<\/a><span class=\"lcp_date\">  2016-02-23<\/span><\/li><li><a href=\"https:\/\/www.darksky.ch\/dss\/de\/2016\/02\/aargauer-zeitung-das-grosse-lichterloeschen-auf-der-autobahn\/\">Aargauer Zeitung &#8211; Das grosse Lichterl\u00f6schen auf der Autobahn<\/a><span class=\"lcp_date\">  2016-02-20<\/span><\/li><li><a href=\"https:\/\/www.darksky.ch\/dss\/de\/2016\/02\/neue-zuercher-zeitung-nachtschwaermer-ja-aber-bitte-keine-leuchtreklame\/\">Neue Z\u00fcrcher Zeitung &#8211; Nachtschw\u00e4rmer ja, aber bitte keine Leuchtreklame<\/a><span class=\"lcp_date\">  2016-02-16<\/span><\/li><li><a href=\"https:\/\/www.darksky.ch\/dss\/de\/2016\/02\/bayerisches-fernsehen-der-klare-himmel-von-lue-im-val-muestair\/\">Bayerisches Fernsehen &#8211; Der klare Himmel von L\u00fc im Val M\u00fcstair<\/a><span class=\"lcp_date\">  2016-02-07<\/span><\/li><li><a href=\"https:\/\/www.darksky.ch\/dss\/de\/2016\/02\/blick-am-abend-in-windisch-hat-das-stimmvolk-die-hand-am-lichtschalter\/\">Blick am Abend &#8211; In Windisch hat das Stimmvolk die Hand am Lichtschalter<\/a><span class=\"lcp_date\">  2016-02-05<\/span><\/li><li><a href=\"https:\/\/www.darksky.ch\/dss\/de\/2016\/02\/neue-zuercher-zeitung-oeffentliche-beleuchtung-der-siegeszug-der-intelligenten-lampe\/\">Neue Z\u00fcrcher Zeitung &#8211; \u00d6ffentliche Beleuchtung: Der Siegeszug der intelligenten Lampe<\/a><span class=\"lcp_date\">  2016-02-04<\/span><\/li><li><a href=\"https:\/\/www.darksky.ch\/dss\/de\/2016\/02\/umg-lichtverschmutzung-und-nachtfalter\/\">UMG \u2013 Lichtverschmutzung und Nachtfalter<\/a><span class=\"lcp_date\">  2016-02-01<\/span><\/li><li><a href=\"https:\/\/www.darksky.ch\/dss\/de\/2016\/01\/bz-volk-entscheidet-ueber-die-lichtverschmutzung-des-nachthimmels\/\">bz &#8211; Volk entscheidet \u00fcber die Lichtverschmutzung des Nachthimmels<\/a><span class=\"lcp_date\">  2016-01-26<\/span><\/li><li><a href=\"https:\/\/www.darksky.ch\/dss\/de\/2016\/01\/20-minuten-flutlicht-erhellt-sportplatz-und-nachbardorf\/\">20 Minuten &#8211; Flutlicht erhellt Sportplatz \u2013 und Nachbardorf<\/a><span class=\"lcp_date\">  2016-01-22<\/span><\/li><li><a href=\"https:\/\/www.darksky.ch\/dss\/de\/2016\/01\/zuerichsee-zeitung-thalwiler-flutlichter-machen-in-langnau-die-nacht-zum-tag\/\">Z\u00fcrichsee Zeitung &#8211; Thalwiler Flutlichter machen in Langnau die Nacht zum Tag<\/a><span class=\"lcp_date\">  2016-01-22<\/span><\/li><li><a href=\"https:\/\/www.darksky.ch\/dss\/de\/2016\/01\/tagblatt-der-stadt-zuerich-warum-leuchtet-der-swisscom-tower-aktuell-waehrend-der-ganzen-nacht\/\">Tagblatt der Stadt Z\u00fcrich &#8211; Warum leuchtet der Swisscom Tower aktuell w\u00e4hrend der ganzen Nacht?<\/a><span class=\"lcp_date\">  2016-01-19<\/span><\/li><li><a href=\"https:\/\/www.darksky.ch\/dss\/de\/2016\/01\/electro-revue-aussenlicht-soll-nicht-ueber-die-horizontale-hinaus-abstrahlen\/\">electro revue &#8211; \u00abAussenlicht soll nicht \u00fcber die Horizontale hinaus abstrahlen!\u00bb<\/a><span class=\"lcp_date\">  2016-01-15<\/span><\/li><li><a href=\"https:\/\/www.darksky.ch\/dss\/de\/2016\/01\/techinsider-io-astronautenfotos-zeigen-lichtverschmutzung-nimmt-zu-wegen-umruestung-auf-zu-helle-leds-engl\/\">techinsider.io &#8211; Astronautenfotos zeigen Lichtverschmutzung nimmt zu wegen Umr\u00fcstung auf zu helle LEDs (engl.)<\/a><span class=\"lcp_date\">  2016-01-12<\/span><\/li><li><a href=\"https:\/\/www.darksky.ch\/dss\/de\/2016\/01\/zuerichsee-zeitung-bessere-beleuchtung-der-bahnhoefe-provoziert-kritik\/\">Z\u00fcrichsee Zeitung &#8211; Bessere Beleuchtung der Bahnh\u00f6fe provoziert Kritik<\/a><span class=\"lcp_date\">  2016-01-12<\/span><\/li><li><a href=\"https:\/\/www.darksky.ch\/dss\/de\/2016\/01\/tagesanzeiger-das-raetsel-der-schlaflosen-zuercher\/\">Tagesanzeiger &#8211; Das R\u00e4tsel der schlaflosen Z\u00fcrcher<\/a><span class=\"lcp_date\">  2016-01-08<\/span><\/li><li><a href=\"https:\/\/www.darksky.ch\/dss\/de\/2016\/01\/srf-puls-wer-nachts-schlecht-sieht-ist-selten-wirklich-blind\/\">SRF Puls \u2013 Wer nachts schlecht sieht, ist selten wirklich \u00abblind\u00bb<\/a><span class=\"lcp_date\">  2016-01-07<\/span><\/li><li><a href=\"https:\/\/www.darksky.ch\/dss\/de\/2016\/01\/neue-zuercher-zeitung-leserbrief-marianne-biedermann\/\">Neue Z\u00fcrcher Zeitung &#8211; Leserbrief Marianne Biedermann<\/a><span class=\"lcp_date\">  2016-01-05<\/span><\/li><\/ul> <h3>2015<\/h3><ul class=\"lcp_catlist\" id=\"lcp_instance_0\"><li><a href=\"https:\/\/www.darksky.ch\/dss\/de\/2015\/12\/neue-zuercher-zeitung-die-selbstgemachte-erde\/\">Neue Z\u00fcrcher Zeitung &#8211; Die selbstgemachte Erde<\/a><span class=\"lcp_date\">  2015-12-25<\/span><\/li><li><a href=\"https:\/\/www.darksky.ch\/dss\/de\/2015\/12\/wildtier-schweiz-kuenstliches-licht-an-gewaessern-auswirkungen-und-loesungsansaetze\/\">Wildtier Schweiz &#8211; K\u00fcnstliches Licht an Gew\u00e4ssern &#8211; Auswirkungen und L\u00f6sungsans\u00e4tze<\/a><span class=\"lcp_date\">  2015-12-15<\/span><\/li><li><a href=\"https:\/\/www.darksky.ch\/dss\/de\/2015\/12\/tagesanzeiger-uv-licht-galt-als-staerkungsmittel\/\">Tagesanzeiger &#8211; \u00abUV-Licht galt als St\u00e4rkungsmittel\u00bb<\/a><span class=\"lcp_date\">  2015-12-14<\/span><\/li><li><a href=\"https:\/\/www.darksky.ch\/dss\/de\/2015\/12\/pusch-thema-umwelt-lichtemissionen-reduzieren-und-strom-sparen\/\">PUSCH Thema Umwelt &#8211; Lichtemissionen reduzieren und Strom sparen<\/a><span class=\"lcp_date\">  2015-12-11<\/span><\/li><li><a href=\"https:\/\/www.darksky.ch\/dss\/de\/2015\/12\/pusch-thema-umwelt-wenn-die-nacht-zum-tag-wird\/\">PUSCH Thema Umwelt &#8211; Wenn die Nacht zum Tag wird<\/a><span class=\"lcp_date\">  2015-12-10<\/span><\/li><li><a href=\"https:\/\/www.darksky.ch\/dss\/de\/2015\/12\/langnauer-tagblatt-dunkel-wars-die-stadt-schien-helle\/\">Langnauer Tagblatt &#8211; Dunkel wars die Stadt schien helle<\/a><span class=\"lcp_date\">  2015-12-10<\/span><\/li><li><a href=\"https:\/\/www.darksky.ch\/dss\/de\/2015\/12\/zuerichsee-zeitung-weihnachtsbeleuchtung-sorgt-auch-fuer-aerger\/\">Z\u00fcrichsee Zeitung &#8211; Weihnachtsbeleuchtung sorgt auch f\u00fcr \u00c4rger<\/a><span class=\"lcp_date\">  2015-12-09<\/span><\/li><li><a href=\"https:\/\/www.darksky.ch\/dss\/de\/2015\/12\/tagesanzeiger-die-hoechste-leinwand-der-schweiz\/\">Tagesanzeiger &#8211; Die h\u00f6chste Leinwand der Schweiz<\/a><span class=\"lcp_date\">  2015-12-08<\/span><\/li><li><a href=\"https:\/\/www.darksky.ch\/dss\/de\/2015\/12\/schweizer-gemeinde-lichtverschmutzung-kann-ohne-verbot-begrenzt-werden\/\">Schweizer Gemeinde \u2013 \u00abLichtverschmutzung\u00bb kann ohne Verbot begrenzt werden<\/a><span class=\"lcp_date\">  2015-12-01<\/span><\/li><li><a href=\"https:\/\/www.darksky.ch\/dss\/de\/2015\/11\/tagesanzeiger-kanton-erlaesst-strengere-regeln-fuer-den-uetliberg\/\">Tagesanzeiger &#8211; Kanton erl\u00e4sst strengere Regeln f\u00fcr den Uetliberg<\/a><span class=\"lcp_date\">  2015-11-21<\/span><\/li><li><a href=\"https:\/\/www.darksky.ch\/dss\/de\/2015\/11\/tagesanzeiger-ein-kiosk-fuer-giusep-fry\/\">Tagesanzeiger &#8211; Ein Kiosk f\u00fcr Giusep Fry<\/a><span class=\"lcp_date\">  2015-11-21<\/span><\/li><li><a href=\"https:\/\/www.darksky.ch\/dss\/de\/2015\/11\/tagesanzeiger-licht-aus-am-uetliberg-turm\/\">Tagesanzeiger &#8211; Licht aus am Uetliberg-Turm<\/a><span class=\"lcp_date\">  2015-11-13<\/span><\/li><li><a href=\"https:\/\/www.darksky.ch\/dss\/de\/2015\/11\/tagesanzeiger-stroboshow-am-uetliberg\/\">Tagesanzeiger &#8211; Stroboshow am Uetliberg<\/a><span class=\"lcp_date\">  2015-11-09<\/span><\/li><li><a href=\"https:\/\/www.darksky.ch\/dss\/de\/2015\/10\/der-bund-park-setzt-auf-die-kraft-der-dunkelheit\/\">Der Bund &#8211; Park setzt auf die Kraft der Dunkelheit<\/a><span class=\"lcp_date\">  2015-10-30<\/span><\/li><li><a href=\"https:\/\/www.darksky.ch\/dss\/de\/2015\/10\/anzeiger-von-wallisellen-nachtruhe-heisst-auch-dunkelheit-von-22-bis-6-uhr\/\">Anzeiger von Wallisellen &#8211; Nachtruhe heisst auch Dunkelheit von 22 bis 6 Uhr<\/a><span class=\"lcp_date\">  2015-10-22<\/span><\/li><li><a href=\"https:\/\/www.darksky.ch\/dss\/de\/2015\/10\/et-licht-dunkler-himmel\/\">ET Licht &#8211; Dunkler Himmel?!<\/a><span class=\"lcp_date\">  2015-10-16<\/span><\/li><li><a href=\"https:\/\/www.darksky.ch\/dss\/de\/2015\/10\/tagesanzeiger-geblendete-piloten\/\">Tagesanzeiger &#8211; Geblendete Piloten<\/a><span class=\"lcp_date\">  2015-10-13<\/span><\/li><li><a href=\"https:\/\/www.darksky.ch\/dss\/de\/2015\/10\/tagesanzeiger-anderen-beim-nichtschlafen-zuschauen\/\">Tagesanzeiger &#8211; Anderen beim Nichtschlafen zuschauen<\/a><span class=\"lcp_date\">  2015-10-09<\/span><\/li><li><a href=\"https:\/\/www.darksky.ch\/dss\/de\/2015\/10\/20minuten-abnehmen-war-frueher-einfacher\/\">20Minuten &#8211; Abnehmen war fr\u00fcher einfacher<\/a><span class=\"lcp_date\">  2015-10-09<\/span><\/li><li><a href=\"https:\/\/www.darksky.ch\/dss\/de\/2015\/09\/nzz-navigation-von-zugvoegeln-flexibel-auch-im-hoeheren-alter\/\">NZZ &#8211; Navigation von Zugv\u00f6geln &#8211; Flexibel auch im h\u00f6heren Alter<\/a><span class=\"lcp_date\">  2015-09-29<\/span><\/li><li><a href=\"https:\/\/www.darksky.ch\/dss\/de\/2015\/09\/die-grisonide-die-nacht-braucht-ihre-dunkelheit\/\">Die Grisonide &#8211; Die Nacht braucht Ihre Dunkelheit<\/a><span class=\"lcp_date\">  2015-09-25<\/span><\/li><li><a href=\"https:\/\/www.darksky.ch\/dss\/de\/2015\/09\/az-grenchner-tagblatt-stratosphaeren-ballon-dark-sky-i-spuert-die-licht-verschmutzung-auf\/\">AZ Grenchner Tagblatt \u2013 Stratosph\u00e4ren-Ballon \u00abDark Sky I\u00bb sp\u00fcrt die Licht-Verschmutzung auf<\/a><span class=\"lcp_date\">  2015-09-23<\/span><\/li><li><a href=\"https:\/\/www.darksky.ch\/dss\/de\/2015\/09\/aargauer-zeitung-zu-teuer-und-unsicher-in-windisch-bleiben-die-strassenlampen-nachts-an\/\">Aargauer Zeitung \u2013 Zu teuer und unsicher: In Windisch bleiben die Strassenlampen nachts an<\/a><span class=\"lcp_date\">  2015-09-22<\/span><\/li><li><a href=\"https:\/\/www.darksky.ch\/dss\/de\/2015\/09\/swissinfo-looking-at-the-skies-in-a-new-light-engl\/\">swissinfo &#8211; Looking at the skies in a new light (engl.)<\/a><span class=\"lcp_date\">  2015-09-17<\/span><\/li><li><a href=\"https:\/\/www.darksky.ch\/dss\/de\/2015\/09\/nzz-beleuchtung-statt-erleuchtung\/\">NZZ &#8211; Beleuchtung statt Erleuchtung<\/a><span class=\"lcp_date\">  2015-09-15<\/span><\/li><li><a href=\"https:\/\/www.darksky.ch\/dss\/de\/2015\/09\/naturpark-diemtigtal-projekt-lichtverschmutzung-im-diemtigtal-der-universitaet-bern\/\">Naturpark Diemtigtal \u2013 Projekt &#8222;Lichtverschmutzung im Diemtigtal&#8220; der Universit\u00e4t Bern<\/a><span class=\"lcp_date\">  2015-09-14<\/span><\/li><li><a href=\"https:\/\/www.darksky.ch\/dss\/de\/2015\/09\/tagesanzeiger-so-hell-wie-24000-monde\/\">Tagesanzeiger &#8211; So hell wie 24&#8217;000 Monde<\/a><span class=\"lcp_date\">  2015-09-03<\/span><\/li><li><a href=\"https:\/\/www.darksky.ch\/dss\/de\/2015\/08\/tagesanzeiger-zielscheiben-im-naturpark\/\">Tagesanzeiger &#8211; Zielscheiben im Naturpark<\/a><span class=\"lcp_date\">  2015-08-13<\/span><\/li><li><a href=\"https:\/\/www.darksky.ch\/dss\/de\/2015\/08\/techinsider-astronauts-found-something-troubling-in-these-shots-from-space\/\">TECHInsider &#8211; Astronauts found something troubling in these shots from space<\/a><span class=\"lcp_date\">  2015-08-12<\/span><\/li><li><a href=\"https:\/\/www.darksky.ch\/dss\/de\/2015\/07\/canal-3-lichtverschmutzung-in-biel-vertreibt-nachtaktive-tiere\/\">Canal 3 &#8211; Lichtverschmutzung in Biel vertreibt nachtaktive Tiere<\/a><span class=\"lcp_date\">  2015-07-29<\/span><\/li><li><a href=\"https:\/\/www.darksky.ch\/dss\/de\/2015\/07\/der-bund-erleuchtende-erkenntnisse-in-berns-dunkelkammer\/\">Der Bund &#8211; Erleuchtende Erkenntnisse in Berns Dunkelkammer<\/a><span class=\"lcp_date\">  2015-07-23<\/span><\/li><li><a href=\"https:\/\/www.darksky.ch\/dss\/de\/2015\/07\/der-bund-kuenstliches-licht-ist-ein-treibender-faktor-fuer-die-24-stunden-gesellschaft\/\">Der Bund &#8211; \u00abK\u00fcnstliches Licht ist ein treibender Faktor f\u00fcr die 24-Stunden-Gesellschaft\u00bb<\/a><span class=\"lcp_date\">  2015-07-23<\/span><\/li><li><a href=\"https:\/\/www.darksky.ch\/dss\/de\/2015\/07\/berner-landbote-neumond-ueber-dem-gantrisch\/\">Berner Landbote &#8211; Neumond \u00fcber dem Gantrisch<\/a><span class=\"lcp_date\">  2015-07-22<\/span><\/li><li><a href=\"https:\/\/www.darksky.ch\/dss\/de\/2015\/07\/tagesanzeiger-wenn-werbeplakate-ploetzlich-sprechen-koennen\/\">Tagesanzeiger \u2013 Wenn Werbeplakate pl\u00f6tzlich sprechen k\u00f6nnen<\/a><span class=\"lcp_date\">  2015-07-16<\/span><\/li><li><a href=\"https:\/\/www.darksky.ch\/dss\/de\/2015\/07\/schweizerische-akademie-der-technischen-wissenschaften-lichtverschmutzung\/\">Schweizerische Akademie der Technischen Wissenschaften &#8211; Lichtverschmutzung<\/a><span class=\"lcp_date\">  2015-07-15<\/span><\/li><li><a href=\"https:\/\/www.darksky.ch\/dss\/de\/2015\/07\/migros-magazin-es-werde-weniger-licht\/\">Migros-Magazin \u2013 Es werde weniger Licht<\/a><span class=\"lcp_date\">  2015-07-13<\/span><\/li><li><a href=\"https:\/\/www.darksky.ch\/dss\/de\/2015\/07\/migros-magazin-ist-lichtverschmutzung-ein-problem\/\">Migros Magazin &#8211; Ist Lichtverschmutzung ein Problem?<\/a><span class=\"lcp_date\">  2015-07-13<\/span><\/li><li><a href=\"https:\/\/www.darksky.ch\/dss\/de\/2015\/07\/tagesanzeiger-die-lichterkette-die-noch-nicht-brennen-duerfte\/\">Tagesanzeiger &#8211; Die Lichterkette, die noch nicht brennen d\u00fcrfte<\/a><span class=\"lcp_date\">  2015-07-08<\/span><\/li><li><a href=\"https:\/\/www.darksky.ch\/dss\/de\/2015\/07\/blick-am-abend-das-letzte-softwarefehler-laesst-matterhorn-eine-woche-zu-frueh-erstrahlen\/\">Blick am Abend &#8211; Das Letzte &#8211; Softwarefehler l\u00e4sst Matterhorn eine Woche zu fr\u00fch erstrahlen<\/a><span class=\"lcp_date\">  2015-07-07<\/span><\/li><li><a href=\"https:\/\/www.darksky.ch\/dss\/de\/2015\/07\/tagesanzeiger-der-kunsthimmel-ueber-dem-buero\/\">Tagesanzeiger &#8211; Der Kunsthimmel \u00fcber dem B\u00fcro<\/a><span class=\"lcp_date\">  2015-07-02<\/span><\/li><li><a href=\"https:\/\/www.darksky.ch\/dss\/de\/2015\/06\/tierwelt-die-waechter-der-dunkelheit\/\">Tierwelt &#8211; Die W\u00e4chter der Dunkelheit<\/a><span class=\"lcp_date\">  2015-06-25<\/span><\/li><li><a href=\"https:\/\/www.darksky.ch\/dss\/de\/2015\/06\/tagesanzeiger-intelligente-strassenlampen-sparen-und-stoeren\/\">Tagesanzeiger &#8211; Intelligente Strassenlampen sparen \u2013 und st\u00f6ren<\/a><span class=\"lcp_date\">  2015-06-18<\/span><\/li><li><a href=\"https:\/\/www.darksky.ch\/dss\/de\/2015\/06\/zuercher-unterlaender-vorauseilendes-licht-spart-25-prozent-strom\/\">Z\u00fcrcher Unterl\u00e4nder \u2013 \u00abVorauseilendes Licht\u00bb spart 25 Prozent Strom<\/a><span class=\"lcp_date\">  2015-06-16<\/span><\/li><li><a href=\"https:\/\/www.darksky.ch\/dss\/de\/2015\/06\/die-welt-bruecke-wegen-fliegenschwarms-geschlossen\/\">Die Welt &#8211; Br\u00fccke wegen Fliegenschwarms geschlossen<\/a><span class=\"lcp_date\">  2015-06-15<\/span><\/li><li><a href=\"https:\/\/www.darksky.ch\/dss\/de\/2015\/05\/bote-der-urschweiz-kredite-fuer-licht-im-dorfkern\/\">Bote der Urschweiz  \u2013 Kredite f\u00fcr Licht im Dorfkern<\/a><span class=\"lcp_date\">  2015-05-31<\/span><\/li><li><a href=\"https:\/\/www.darksky.ch\/dss\/de\/2015\/05\/tagesanzeiger-die-bruecke-der-angst\/\">Tagesanzeiger &#8211; Die Br\u00fccke der Angst<\/a><span class=\"lcp_date\">  2015-05-21<\/span><\/li><li><a href=\"https:\/\/www.darksky.ch\/dss\/de\/2015\/05\/nzz-springspinnen-sehen-rot\/\">NZZ &#8211; Springspinnen sehen Rot<\/a><span class=\"lcp_date\">  2015-05-20<\/span><\/li><li><a href=\"https:\/\/www.darksky.ch\/dss\/de\/2015\/05\/tagesanzeiger-staedter-weiblich-unsportlich-schlaflos\/\">Tagesanzeiger &#8211; St\u00e4dter, weiblich, unsportlich, schlaflos<\/a><span class=\"lcp_date\">  2015-05-19<\/span><\/li><li><a href=\"https:\/\/www.darksky.ch\/dss\/de\/2015\/05\/tagesanzeiger-mangelnder-schlaf-gilt-immer-noch-als-kavaliersdelikt\/\">Tagesanzeiger &#8211; Mangelnder Schlaf gilt immer noch als Kavaliersdelikt<\/a><span class=\"lcp_date\">  2015-05-16<\/span><\/li><li><a href=\"https:\/\/www.darksky.ch\/dss\/de\/2015\/04\/immobilia-sia-norm-491-sofort-umsetzen\/\">Immobilia &#8211; SIA-Norm 491 sofort umsetzen<\/a><span class=\"lcp_date\">  2015-04-27<\/span><\/li><li><a href=\"https:\/\/www.darksky.ch\/dss\/de\/2015\/04\/tagesanzeiger-artenvielfalt-nimmt-ungebremst-ab\/\">Tagesanzeiger \u2013 Artenvielfalt nimmt ungebremst ab<\/a><span class=\"lcp_date\">  2015-04-21<\/span><\/li><li><a href=\"https:\/\/www.darksky.ch\/dss\/de\/2015\/04\/sueddeutsche-zeitung-auf-der-suche-nach-den-letzten-sternenhimmeln\/\">S\u00fcddeutsche Zeitung &#8211; Auf der Suche nach den letzten Sternenhimmeln<\/a><span class=\"lcp_date\">  2015-04-17<\/span><\/li><li><a href=\"https:\/\/www.darksky.ch\/dss\/de\/2015\/04\/srf-schlafstoerung-wegen-led-displays-so-kann-man-sich-schuetzen\/\">SRF &#8211; Schlafst\u00f6rung wegen LED-Displays: So kann man sich sch\u00fctzen<\/a><span class=\"lcp_date\">  2015-04-07<\/span><\/li><li><a href=\"https:\/\/www.darksky.ch\/dss\/de\/2015\/04\/aargauer-zeitung-kein-scherz-in-scherz-gibt-es-nun-eine-strassenlampe-fuer-fledermaeuse\/\">Aargauer Zeitung &#8211; Kein Scherz &#8211; in Scherz gibt es nun eine Strassenlampe f\u00fcr Flederm\u00e4use<\/a><span class=\"lcp_date\">  2015-04-07<\/span><\/li><li><a href=\"https:\/\/www.darksky.ch\/dss\/de\/2015\/04\/migros-magazin-mami-was-ist-eigentlich-lichtverschmutzung\/\">Migros Magazin &#8211; Mami, was ist eigentlich Lichtverschmutzung?<\/a><span class=\"lcp_date\">  2015-04-07<\/span><\/li><li><a href=\"https:\/\/www.darksky.ch\/dss\/de\/2015\/03\/zeit-online-die-nacht\/\">ZEIT ONLINE &#8211; Die Nacht<\/a><span class=\"lcp_date\">  2015-03-30<\/span><\/li><li><a href=\"https:\/\/www.darksky.ch\/dss\/de\/2015\/03\/nzz-licht-unterstuetzt-die-ausbreitung\/\">NZZ &#8211; Licht unterst\u00fctzt die Ausbreitung<\/a><span class=\"lcp_date\">  2015-03-25<\/span><\/li><li><a href=\"https:\/\/www.darksky.ch\/dss\/de\/2015\/03\/20minuten-pilze-leuchten-um-sich-zu-vermehren\/\">20Minuten &#8211; Pilze leuchten um sich zu vermehren<\/a><span class=\"lcp_date\">  2015-03-25<\/span><\/li><li><a href=\"https:\/\/www.darksky.ch\/dss\/de\/2015\/03\/die-welt-warum-den-menschen-die-dunkelheit-fehlt\/\">Die Welt &#8211; Warum den Menschen die Dunkelheit fehlt<\/a><span class=\"lcp_date\">  2015-03-25<\/span><\/li><li><a href=\"https:\/\/www.darksky.ch\/dss\/de\/2015\/03\/20minuten-laternen-verkuerzen-winterpause-von-voegeln\/\">20Minuten &#8211; Laternen verk\u00fcrzen Winterpause von V\u00f6geln<\/a><span class=\"lcp_date\">  2015-03-18<\/span><\/li><li><a href=\"https:\/\/www.darksky.ch\/dss\/de\/2015\/03\/basellandschaftliche-zeitung-oberwil-spart-bei-der-strassenbeleuchtung-in-der-nacht-wirds-finster\/\">Basellandschaftliche Zeitung \u2013 Oberwil spart bei der Strassenbeleuchtung: In der Nacht wirds finster<\/a><span class=\"lcp_date\">  2015-03-07<\/span><\/li><li><a href=\"https:\/\/www.darksky.ch\/dss\/de\/2015\/02\/tagesanzeiger-mehr-als-die-haelfte-der-fledermausarten-in-der-schweiz-sind-bedroht\/\">Tagesanzeiger &#8211; Mehr als die H\u00e4lfte der Fledermausarten in der Schweiz sind bedroht<\/a><span class=\"lcp_date\">  2015-02-20<\/span><\/li><li><a href=\"https:\/\/www.darksky.ch\/dss\/de\/2015\/02\/blick-am-abend-auf-den-autobahnen-geht-das-licht-aus-testphase-bis-ende-2015\/\">Blick am Abend &#8211; Auf den Autobahnen geht das Licht aus &#8211; Testphase bis Ende 2015<\/a><span class=\"lcp_date\">  2015-02-09<\/span><\/li><li><a href=\"https:\/\/www.darksky.ch\/dss\/de\/2015\/02\/srf-dunklere-autobahn-bund-schaltet-beleuchtung-vor-baregg-aus\/\">SRF &#8211; Dunklere Autobahn: Bund schaltet Beleuchtung vor Baregg aus<\/a><span class=\"lcp_date\">  2015-02-09<\/span><\/li><li><a href=\"https:\/\/www.darksky.ch\/dss\/de\/2015\/02\/srf-aeschbacher-chronobiologe-christian-cajochen\/\">SRF &#8211; Aeschbacher: Chronobiologe Christian Cajochen<\/a><span class=\"lcp_date\">  2015-02-06<\/span><\/li><li><a href=\"https:\/\/www.darksky.ch\/dss\/de\/2015\/01\/srf-warum-loeschen-nicht-alle-gemeinden-die-lichter\/\">SRF &#8211; Warum l\u00f6schen nicht alle Gemeinden die Lichter?<\/a><span class=\"lcp_date\">  2015-01-15<\/span><\/li><li><a href=\"https:\/\/www.darksky.ch\/dss\/de\/2015\/01\/der-bund-led-leuchten-kanton-zeigt-dass-es-funktioniert\/\">Der Bund \u2013 LED-Leuchten: Kanton zeigt, dass es funktioniert<\/a><span class=\"lcp_date\">  2015-01-12<\/span><\/li><li><a href=\"https:\/\/www.darksky.ch\/dss\/de\/2015\/01\/nzz-die-nacht-wird-zum-tag\/\">NZZ &#8211; Die Nacht wird zum Tag<\/a><span class=\"lcp_date\">  2015-01-08<\/span><\/li><li><a href=\"https:\/\/www.darksky.ch\/dss\/de\/2015\/01\/srf-kultur-die-schattenseiten-des-lichts\/\">SRF Kultur &#8211; Die Schattenseiten des Lichts<\/a><span class=\"lcp_date\">  2015-01-07<\/span><\/li><li><a href=\"https:\/\/www.darksky.ch\/dss\/de\/2015\/01\/suedostschweiz-keine-lichtverschmutzung-im-alpenraum\/\">S\u00fcdostschweiz &#8211; Keine Lichtverschmutzung im Alpenraum<\/a><span class=\"lcp_date\">  2015-01-06<\/span><\/li><\/ul> <h3>2014<\/h3><ul class=\"lcp_catlist\" id=\"lcp_instance_0\"><li><a href=\"https:\/\/www.darksky.ch\/dss\/de\/2014\/12\/zueriplus-tv-zuerireport-in-der-bahnhofstrasse-verstoesst-die-lichtinstallation-von-julian-opie-vor-dem-pkz-women-gegen-die-lichtnorm\/\">Z\u00fcriPlus TV &#8211; Z\u00fcriReport: In der Bahnhofstrasse verst\u00f6sst die Lichtinstallation von Julian Opie vor dem PKZ Women gegen die Lichtnorm<\/a><span class=\"lcp_date\">  2014-12-29<\/span><\/li><li><a href=\"https:\/\/www.darksky.ch\/dss\/de\/2014\/12\/beobachter-weniger-licht-kann-mehr-sein\/\">Beobachter &#8211; Weniger Licht kann mehr sein<\/a><span class=\"lcp_date\">  2014-12-24<\/span><\/li><li><a href=\"https:\/\/www.darksky.ch\/dss\/de\/2014\/12\/nzz-licht-von-e-book-geraeten-kann-innere-uhr-beeinflussen\/\">NZZ &#8211; Licht von E-Book-Ger\u00e4ten kann innere Uhr beeinflussen<\/a><span class=\"lcp_date\">  2014-12-23<\/span><\/li><li><a href=\"https:\/\/www.darksky.ch\/dss\/de\/2014\/12\/20-minuten-wer-auf-dem-ipad-liest-ist-15-stunden-laenger-wach\/\">20 Minuten &#8211; Wer auf dem iPad liest, ist 1,5 Stunden l\u00e4nger wach<\/a><span class=\"lcp_date\">  2014-12-23<\/span><\/li><li><a href=\"https:\/\/www.darksky.ch\/dss\/de\/2014\/12\/nzz-e-books-sind-keine-gute-bettlektuere\/\">NZZ &#8211; E-Books sind keine gute Bettlekt\u00fcre<\/a><span class=\"lcp_date\">  2014-12-23<\/span><\/li><li><a href=\"https:\/\/www.darksky.ch\/dss\/de\/2014\/12\/piz-48-winter-die-dunkle-nacht-gibts-nicht-mehr\/\">piz 48: Winter &#8211; Die dunkle Nacht gibts nicht mehr.<\/a><span class=\"lcp_date\">  2014-12-22<\/span><\/li><li><a href=\"https:\/\/www.darksky.ch\/dss\/de\/2014\/12\/srf-nasa-goddard-space-flight-center-hell-heller-weihnachten-engl\/\">SRF, NASA Goddard Space Flight Center &#8211; Hell, heller, Weihnachten (engl.)<\/a><span class=\"lcp_date\">  2014-12-19<\/span><\/li><li><a href=\"https:\/\/www.darksky.ch\/dss\/de\/2014\/12\/elektronik-praxis-weihnachtsbeleuchtung-laesst-staedte-bis-zu-50-heller-erstrahlen\/\">Elektronik Praxis &#8211; Weihnachtsbeleuchtung l\u00e4sst St\u00e4dte bis zu 50% heller erstrahlen<\/a><span class=\"lcp_date\">  2014-12-19<\/span><\/li><li><a href=\"https:\/\/www.darksky.ch\/dss\/de\/2014\/12\/srf1-einstein-die-dunkle-seite-des-lichts\/\">SRF1 Einstein &#8211; Die dunkle Seite des Lichts<\/a><span class=\"lcp_date\">  2014-12-18<\/span><\/li><li><a href=\"https:\/\/www.darksky.ch\/dss\/de\/2014\/12\/tages-anzeiger-144500-led-zuercher-laempli-rekord-am-casino\/\">Tages-Anzeiger &#8211; 144&#8217;500 LED \u2013 Z\u00fcrcher L\u00e4mpli-Rekord am Casino<\/a><span class=\"lcp_date\">  2014-12-12<\/span><\/li><li><a href=\"https:\/\/www.darksky.ch\/dss\/de\/2014\/12\/geroldswiler-nachrichten-weihnachtsbeleuchtung\/\">Geroldswiler Nachrichten &#8211; Weihnachtsbeleuchtung<\/a><span class=\"lcp_date\">  2014-12-11<\/span><\/li><li><a href=\"https:\/\/www.darksky.ch\/dss\/de\/2014\/12\/zeit-online-verbraucht-die-weihnachtsbeleuchtung-die-leistung-eines-atomkraftwerks\/\">Zeit Online &#8211; Verbraucht die Weihnachtsbeleuchtung die Leistung eines Atomkraftwerks?<\/a><span class=\"lcp_date\">  2014-12-09<\/span><\/li><li><a href=\"https:\/\/www.darksky.ch\/dss\/de\/2014\/12\/wilderness-die-beseitigung-der-nacht\/\">wilderness &#8211; Die Beseitigung der Nacht<\/a><span class=\"lcp_date\">  2014-12-08<\/span><\/li><li><a href=\"https:\/\/www.darksky.ch\/dss\/de\/2014\/12\/tages-anzeiger-leuchtreklame-stellt-zuercher-lucy-in-den-schatten\/\">Tages-Anzeiger &#8211; Leuchtreklame stellt Z\u00fcrcher \u00abLucy\u00bb in den Schatten<\/a><span class=\"lcp_date\">  2014-12-05<\/span><\/li><li><a href=\"https:\/\/www.darksky.ch\/dss\/de\/2014\/12\/radio-srf-1-thema-weihnachtsbeleuchtung-in-der-morgenshow\/\">Radio SRF 1 &#8211; Thema Weihnachtsbeleuchtung in der Morgenshow<\/a><span class=\"lcp_date\">  2014-12-02<\/span><\/li><li><a href=\"https:\/\/www.darksky.ch\/dss\/de\/2014\/11\/ostschweiz-am-sonntag-lichtersegen-oder-lichterflut-gastkommentar\/\">Ostschweiz am Sonntag &#8211; Lichtersegen oder Lichterflut? Gastkommentar<\/a><span class=\"lcp_date\">  2014-11-30<\/span><\/li><li><a href=\"https:\/\/www.darksky.ch\/dss\/de\/2014\/11\/tages-anzeiger-der-lichtjaeger\/\">Tages-Anzeiger &#8211; Der Lichtj\u00e4ger<\/a><span class=\"lcp_date\">  2014-11-28<\/span><\/li><li><a href=\"https:\/\/www.darksky.ch\/dss\/de\/2014\/11\/schaffhauser-nachrichten-der-himmel-ueber-der-schweiz-ist-zu-hell\/\">Schaffhauser Nachrichten &#8211; Der Himmel \u00fcber der Schweiz ist zu hell<\/a><span class=\"lcp_date\">  2014-11-27<\/span><\/li><li><a href=\"https:\/\/www.darksky.ch\/dss\/de\/2014\/11\/freiburger-nachrichten-gegen-das-behoerdliche-lichterloeschen\/\">Freiburger Nachrichten \u2013 Gegen das beh\u00f6rdliche Lichterl\u00f6schen<\/a><span class=\"lcp_date\">  2014-11-07<\/span><\/li><li><a href=\"https:\/\/www.darksky.ch\/dss\/de\/2014\/11\/frankfurter-allgemeine-fort-mit-den-alten-funzeln\/\">Frankfurter Allgemeine &#8211; Fort mit den alten Funzeln<\/a><span class=\"lcp_date\">  2014-11-01<\/span><\/li><li><a href=\"https:\/\/www.darksky.ch\/dss\/de\/2014\/10\/aargauer-zeitung-warum-dunkelheit-gut-ist\/\">Aargauer Zeitung &#8211; Warum Dunkelheit gut ist<\/a><span class=\"lcp_date\">  2014-10-31<\/span><\/li><li><a href=\"https:\/\/www.darksky.ch\/dss\/de\/2014\/10\/elektro-revue-led-aussenbeleuchtung-effizient-und-umweltvertraeglich\/\">Elektro Revue &#8211; LED Aussenbeleuchtung &#8211; effizient und umweltvertr\u00e4glich<\/a><span class=\"lcp_date\">  2014-10-29<\/span><\/li><li><a href=\"https:\/\/www.darksky.ch\/dss\/de\/2014\/10\/nzz-in-bachs-gehen-die-lichter-aus\/\">NZZ &#8211; In Bachs gehen die Lichter aus<\/a><span class=\"lcp_date\">  2014-10-16<\/span><\/li><li><a href=\"https:\/\/www.darksky.ch\/dss\/de\/2014\/10\/tages-anzeiger-aus-spargruenden-licht-aus-um-23-uhr\/\">Tages Anzeiger &#8211; Aus Spargr\u00fcnden Licht aus um 23 Uhr<\/a><span class=\"lcp_date\">  2014-10-15<\/span><\/li><li><a href=\"https:\/\/www.darksky.ch\/dss\/de\/2014\/10\/wochenspiegel-buelach-in-steinmaur-ist-um-23-uhr-lichterloeschen\/\">Wochenspiegel B\u00fclach &#8211; In Steinmaur ist um 23 Uhr Lichterl\u00f6schen<\/a><span class=\"lcp_date\">  2014-10-15<\/span><\/li><li><a href=\"https:\/\/www.darksky.ch\/dss\/de\/2014\/10\/migros-magazin-lichtspektakel-auf-dem-bundeshausplatz\/\">Migros-Magazin \u2013 Lichtspektakel auf dem Bundeshausplatz<\/a><span class=\"lcp_date\">  2014-10-06<\/span><\/li><li><a href=\"https:\/\/www.darksky.ch\/dss\/de\/2014\/10\/wohnwirtschaft-hev-aargau-weihnachts-und-aussenbeleuchtung-was-ist-erlaubt\/\">Wohnwirtschaft HEV Aargau &#8211; Weihnachts- und Aussenbeleuchtung \u2013 was ist erlaubt?<\/a><span class=\"lcp_date\">  2014-10-01<\/span><\/li><li><a href=\"https:\/\/www.darksky.ch\/dss\/de\/2014\/10\/natuerlich-online-licht-aus\/\">nat\u00fcrlich online &#8211; Licht aus!<\/a><span class=\"lcp_date\">  2014-10-01<\/span><\/li><li><a href=\"https:\/\/www.darksky.ch\/dss\/de\/2014\/09\/neue-zuercher-zeitung-warum-leises-licht-besser-ankommt-als-lautes\/\">Neue Z\u00fcrcher Zeitung &#8211; Warum leises Licht besser ankommt als lautes<\/a><span class=\"lcp_date\">  2014-09-13<\/span><\/li><li><a href=\"https:\/\/www.darksky.ch\/dss\/de\/2014\/09\/haus-magazin-aussenbeleuchtung-mit-led-effizient-und-umweltvertraeglich\/\">Haus Magazin &#8211; Aussenbeleuchtung mit LED &#8211; effizient und umweltvertr\u00e4glich<\/a><span class=\"lcp_date\">  2014-09-01<\/span><\/li><li><a href=\"https:\/\/www.darksky.ch\/dss\/de\/2014\/08\/was-kostet-ein-blick-auf-die-sterne\/\">Was kostet ein Blick auf die Sterne?<\/a><span class=\"lcp_date\">  2014-08-29<\/span><\/li><li><a href=\"https:\/\/www.darksky.ch\/dss\/de\/2014\/08\/neue-zuercher-zeitung-was-kostet-ein-blick-auf-die-sterne\/\">Neue Z\u00fcrcher Zeitung &#8211; Was kostet ein Blick auf die Sterne?<\/a><span class=\"lcp_date\">  2014-08-29<\/span><\/li><li><a href=\"https:\/\/www.darksky.ch\/dss\/de\/2014\/08\/berner-zeitung-der-regionale-naturpark-gantrisch-will-seinen-nachthimmel-zertifizieren\/\">Berner Zeitung &#8211; Der Regionale Naturpark Gantrisch will seinen Nachthimmel zertifizieren<\/a><span class=\"lcp_date\">  2014-08-29<\/span><\/li><li><a href=\"https:\/\/www.darksky.ch\/dss\/de\/2014\/08\/tagesanzeiger-wir-lassen-das-zuercher-opernhaus-einstuerzen\/\">Tagesanzeiger \u2013 \u00abWir lassen das Z\u00fcrcher Opernhaus einst\u00fcrzen\u00bb<\/a><span class=\"lcp_date\">  2014-08-08<\/span><\/li><li><a href=\"https:\/\/www.darksky.ch\/dss\/de\/2014\/08\/natuerlich-online-schlafen-licht-aus\/\">nat\u00fcrlich online &#8211; Schlafen: Licht aus!<\/a><span class=\"lcp_date\">  2014-08-07<\/span><\/li><li><a href=\"https:\/\/www.darksky.ch\/dss\/de\/2014\/08\/lichter-loeschen-fuer-einen-leuchtenden-sternenhimmel\/\">Lichter l\u00f6schen f\u00fcr einen leuchtenden Sternenhimmel<\/a><span class=\"lcp_date\">  2014-08-04<\/span><\/li><li><a href=\"https:\/\/www.darksky.ch\/dss\/de\/2014\/08\/zuerichsee-zeitung-bezirk-meilen-lichter-loeschen-fuer-einen-leuchtenden-sternenhimmel\/\">Z\u00fcrichsee-Zeitung Bezirk Meilen &#8211; Lichter l\u00f6schen f\u00fcr einen leuchtenden Sternenhimmel<\/a><span class=\"lcp_date\">  2014-08-04<\/span><\/li><li><a href=\"https:\/\/www.darksky.ch\/dss\/de\/2014\/07\/beobachter-amtl-bew-flachbildschirm\/\">Beobachter \u2013 Amtl. bew. Flachbildschirm<\/a><span class=\"lcp_date\">  2014-07-11<\/span><\/li><li><a href=\"https:\/\/www.darksky.ch\/dss\/de\/2014\/07\/schweizer-familie-freie-sicht-aufs-sternenmeer\/\">Schweizer Familie \u2013 Freie Sicht aufs Sternenmeer<\/a><span class=\"lcp_date\">  2014-07-01<\/span><\/li><li><a href=\"https:\/\/www.darksky.ch\/dss\/de\/2014\/06\/blick-am-abend-ekz-testet-intelligente-laternen\/\">Blick am Abend &#8211; EKZ testet intelligente Laternen<\/a><span class=\"lcp_date\">  2014-06-13<\/span><\/li><li><a href=\"https:\/\/www.darksky.ch\/dss\/de\/2014\/06\/annabelle-angst-vor-der-dunkelheit-die-dunkle-seite-der-nacht\/\">Annabelle &#8211; Angst vor der Dunkelheit: Die dunkle Seite der Nacht<\/a><span class=\"lcp_date\">  2014-06-05<\/span><\/li><li><a href=\"https:\/\/www.darksky.ch\/dss\/de\/2014\/05\/baublatt-lichtemissionen-weniger-ist-mehr-sia-norm-491-mehr-klarheit-fuer-die-praxis\/\">baublatt &#8211; Lichtemissionen: Weniger ist mehr; SIA-Norm 491: Mehr Klarheit f\u00fcr die Praxis<\/a><span class=\"lcp_date\">  2014-05-23<\/span><\/li><li><a href=\"https:\/\/www.darksky.ch\/dss\/de\/2014\/05\/frankfurter-allgemeine-die-naechte-werden-noch-heller\/\">Frankfurter Allgemeine &#8211; Die N\u00e4chte werden noch heller<\/a><span class=\"lcp_date\">  2014-05-18<\/span><\/li><li><a href=\"https:\/\/www.darksky.ch\/dss\/de\/2014\/05\/sueddeutsche-zeitung-weniger-licht-mehr-sicht\/\">S\u00fcddeutsche Zeitung &#8211; Weniger Licht, mehr Sicht<\/a><span class=\"lcp_date\">  2014-05-13<\/span><\/li><li><a href=\"https:\/\/www.darksky.ch\/dss\/de\/2014\/05\/zeit-online-wirres-flattern-im-elektrosmog\/\">Zeit online \u2013 Wirres Flattern im Elektrosmog<\/a><span class=\"lcp_date\">  2014-05-08<\/span><\/li><li><a href=\"https:\/\/www.darksky.ch\/dss\/de\/2014\/04\/nzz-am-sonntag-widerstand-gegen-lichtshow\/\">NZZ am Sonntag &#8211; Widerstand gegen Lichtshow<\/a><span class=\"lcp_date\">  2014-04-27<\/span><\/li><li><a href=\"https:\/\/www.darksky.ch\/dss\/de\/2014\/04\/neue-zuercher-zeitung-zu-helle-bahnhof-beleuchtung\/\">Neue Z\u00fcrcher Zeitung &#8211; Zu helle Bahnhof-Beleuchtung<\/a><span class=\"lcp_date\">  2014-04-24<\/span><\/li><li><a href=\"https:\/\/www.darksky.ch\/dss\/de\/2014\/04\/tages-anzeiger-der-zu-helle-bahnhof\/\">Tages Anzeiger &#8211; Der zu helle Bahnhof<\/a><span class=\"lcp_date\">  2014-04-23<\/span><\/li><li><a href=\"https:\/\/www.darksky.ch\/dss\/de\/2014\/04\/tagesanzeiger-wir-gehen-immer-an-die-grenze-des-lichts\/\">Tagesanzeiger \u2013 \u00abWir gehen immer an die Grenze des Lichts\u00bb<\/a><span class=\"lcp_date\">  2014-04-10<\/span><\/li><li><a href=\"https:\/\/www.darksky.ch\/dss\/de\/2014\/04\/zuercher-wald-kleine-lichter-im-lichten-wald\/\">Z\u00fcrcher Wald \u2013 Kleine Lichter im Lichten Wald<\/a><span class=\"lcp_date\">  2014-04-01<\/span><\/li><li><a href=\"https:\/\/www.darksky.ch\/dss\/de\/2014\/03\/radio-bern-1-beleuchtung-bundeshaus-bern\/\">Radio Bern 1 &#8211; Beleuchtung Bundeshaus Bern<\/a><span class=\"lcp_date\">  2014-03-25<\/span><\/li><li><a href=\"https:\/\/www.darksky.ch\/dss\/de\/2014\/03\/zuerichsee-zeitung-wenn-das-licht-niemals-ausgeht\/\">Z\u00fcrichsee Zeitung &#8211; Wenn das Licht niemals ausgeht<\/a><span class=\"lcp_date\">  2014-03-20<\/span><\/li><li><a href=\"https:\/\/www.darksky.ch\/dss\/de\/2014\/03\/das-magazin-bis-ans-ende-der-nacht-%c2%b7-was-lehrt-uns-die-finsternis\/\">Das Magazin \u2013 Bis ans Ende der Nacht \u00b7 Was lehrt uns die Finsternis?<\/a><span class=\"lcp_date\">  2014-03-15<\/span><\/li><li><a href=\"https:\/\/www.darksky.ch\/dss\/de\/2014\/03\/tages-anzeiger-neue-kunst-bringt-sehr-viel-licht-ins-dunkel\/\">Tages Anzeiger &#8211; Neue Kunst bringt sehr viel Licht ins Dunkel<\/a><span class=\"lcp_date\">  2014-03-05<\/span><\/li><li><a href=\"https:\/\/www.darksky.ch\/dss\/de\/2014\/02\/sternenparks-in-deutschland-westhavelland-und-eifel\/\">Sternenparks in Deutschland: Westhavelland und Eifel<\/a><span class=\"lcp_date\">  2014-02-27<\/span><\/li><li><a href=\"https:\/\/www.darksky.ch\/dss\/de\/2014\/02\/blick-am-abend-protest-gegen-stromfresser\/\">Blick am Abend &#8211; Protest gegen Stromfresser<\/a><span class=\"lcp_date\">  2014-02-27<\/span><\/li><li><a href=\"https:\/\/www.darksky.ch\/dss\/de\/2014\/02\/die-schaedliche-helligkeit\/\">Die sch\u00e4dliche Helligkeit<\/a><span class=\"lcp_date\">  2014-02-27<\/span><\/li><li><a href=\"https:\/\/www.darksky.ch\/dss\/de\/2014\/02\/nzzdomizil-haus-und-recht-wann-kann-man-gegen-lichtverschmutzung-vorgehen\/\">NZZdomizil &#8211; Haus und Recht: Wann kann man gegen Lichtverschmutzung vorgehen?<\/a><span class=\"lcp_date\">  2014-02-14<\/span><\/li><li><a href=\"https:\/\/www.darksky.ch\/dss\/de\/2014\/02\/tessiner-zeitung-nur-im-dunkeln-ist-wirklich-gut-funkeln\/\">Tessiner Zeitung: Nur im Dunkeln ist wirklich gut Funkeln!<\/a><span class=\"lcp_date\">  2014-02-07<\/span><\/li><li><a href=\"https:\/\/www.darksky.ch\/dss\/de\/2014\/02\/wwf-magazin-20141-strassen-unter-strom\/\">WWF-Magazin 2014\/1 \u2013 Strassen unter Strom<\/a><span class=\"lcp_date\">  2014-02-06<\/span><\/li><li><a href=\"https:\/\/www.darksky.ch\/dss\/de\/2014\/02\/aargauer-zeitung-in-baden-wird-es-bald-richtig-dunkel-in-der-nacht\/\">Aargauer Zeitung &#8211; In Baden wird es bald richtig dunkel in der Nacht<\/a><span class=\"lcp_date\">  2014-02-04<\/span><\/li><li><a href=\"https:\/\/www.darksky.ch\/dss\/de\/2014\/01\/es-werde-dunkel\/\">Es werde Dunkel!<\/a><span class=\"lcp_date\">  2014-01-26<\/span><\/li><li><a href=\"https:\/\/www.darksky.ch\/dss\/de\/2014\/01\/nzz-am-sonntag-gesellschaft-es-werde-dunkel\/\">NZZ am Sonntag &#8211; Gesellschaft Es werde Dunkel!<\/a><span class=\"lcp_date\">  2014-01-26<\/span><\/li><li><a href=\"https:\/\/www.darksky.ch\/dss\/de\/2014\/01\/schweiz-am-sonntag-aargau-wie-hell-sollen-die-schloesser-strahlen\/\">Schweiz am Sonntag: Aargau: Wie hell sollen die Schl\u00f6sser strahlen?<\/a><span class=\"lcp_date\">  2014-01-12<\/span><\/li><\/ul> <h3>2013<\/h3><ul class=\"lcp_catlist\" id=\"lcp_instance_0\"><li><a href=\"https:\/\/www.darksky.ch\/dss\/de\/2013\/12\/baz-online-zuviel-licht-kann-zur-plage-werden\/\">BAZ Online: Zuviel Licht kann zur Plage werden<\/a><span class=\"lcp_date\">  2013-12-28<\/span><\/li><li><a href=\"https:\/\/www.darksky.ch\/dss\/de\/2013\/12\/nzz-keine-lichterketten-nach-22-uhr\/\">NZZ: Keine Lichterketten nach 22 Uhr<\/a><span class=\"lcp_date\">  2013-12-28<\/span><\/li><li><a href=\"https:\/\/www.darksky.ch\/dss\/de\/2013\/12\/bundesgerichtsurteil-bestaetigt-nachtruhe-fuer-lichter\/\">Bundesgerichtsurteil best\u00e4tigt Nachtruhe f\u00fcr Lichter<\/a><span class=\"lcp_date\">  2013-12-27<\/span><\/li><li><a href=\"https:\/\/www.darksky.ch\/dss\/de\/2013\/12\/sf1-10vor10-nachtruhe-fuer-lichter\/\">SF1, 10vor10: Nachtruhe f\u00fcr Lichter<\/a><span class=\"lcp_date\">  2013-12-27<\/span><\/li><li><a href=\"https:\/\/www.darksky.ch\/dss\/de\/2013\/12\/tages-anzeiger-bundesrichter-ziehen-lichterketten-den-stecker\/\">Tages-Anzeiger: Bundesrichter ziehen Lichterketten den Stecker<\/a><span class=\"lcp_date\">  2013-12-27<\/span><\/li><li><a href=\"https:\/\/www.darksky.ch\/dss\/de\/2013\/12\/20-minuten-bundesgericht-zieht-lichterketten-den-stecker\/\">20 Minuten: Bundesgericht zieht Lichterketten den Stecker<\/a><span class=\"lcp_date\">  2013-12-27<\/span><\/li><li><a href=\"https:\/\/www.darksky.ch\/dss\/de\/2013\/12\/baz-online-bundesrichter-ziehen-lichterketten-den-stecker\/\">BAZ Online: Bundesrichter ziehen Lichterketten den Stecker<\/a><span class=\"lcp_date\">  2013-12-27<\/span><\/li><li><a href=\"https:\/\/www.darksky.ch\/dss\/de\/2013\/12\/aargauer-zeitung-weihnachts-beleuchtung-lichtverschmutzungs-gegner-freut-bundesgerichtsurteil\/\">Aargauer Zeitung: Weihnachts-Beleuchtung: Lichtverschmutzungs-Gegner freut Bundesgerichtsurteil<\/a><span class=\"lcp_date\">  2013-12-27<\/span><\/li><li><a href=\"https:\/\/www.darksky.ch\/dss\/de\/2013\/12\/radio-argovia-streit-wegen-weihnachtsbeleuchtung\/\">Radio Argovia: Streit wegen Weihnachtsbeleuchtung<\/a><span class=\"lcp_date\">  2013-12-27<\/span><\/li><li><a href=\"https:\/\/www.darksky.ch\/dss\/de\/2013\/12\/hotelrevue-fokus-dunkle-naechte-sind-vorbei\/\">Hotelrevue fokus: Dunkle N\u00e4chte sind vorbei<\/a><span class=\"lcp_date\">  2013-12-19<\/span><\/li><li><a href=\"https:\/\/www.darksky.ch\/dss\/de\/2013\/12\/nzz-artenvielfalt-falsch-eingeschaetzt\/\">NZZ \u2013 Artenvielfalt falsch eingesch\u00e4tzt<\/a><span class=\"lcp_date\">  2013-12-02<\/span><\/li><li><a href=\"https:\/\/www.darksky.ch\/dss\/de\/2013\/11\/beobachter-da-warens-nur-noch-vier\/\">Beobachter \u2013 Da warens nur noch vier<\/a><span class=\"lcp_date\">  2013-11-26<\/span><\/li><li><a href=\"https:\/\/www.darksky.ch\/dss\/de\/2013\/11\/electro-revue-lichtverschmutzung-vermeiden\/\">electro revue &#8211; Lichtverschmutzung vermeiden<\/a><span class=\"lcp_date\">  2013-11-25<\/span><\/li><li><a href=\"https:\/\/www.darksky.ch\/dss\/de\/2013\/11\/kundenmagazin-ekz-hell-genug-um-dunkel-zu-sein\/\">Kundenmagazin EKZ: Hell genug, um dunkel zu sein<\/a><span class=\"lcp_date\">  2013-11-25<\/span><\/li><li><a href=\"https:\/\/www.darksky.ch\/dss\/de\/2013\/11\/leserbrief-anzeiger-von-wallisellen-fledermaus-ist-empfindlich-auf-lichtqualitaet\/\">Leserbrief \u00abAnzeiger von Wallisellen\u00bb: Fledermaus ist empfindlich auf Lichtqualit\u00e4t<\/a><span class=\"lcp_date\">  2013-11-21<\/span><\/li><li><a href=\"https:\/\/www.darksky.ch\/dss\/de\/2013\/11\/umwelt-magazin-des-bafu-wenn-die-nacht-zum-tag-wird\/\">Umwelt-Magazin des BAFU: Wenn die Nacht zum Tag wird<\/a><span class=\"lcp_date\">  2013-11-19<\/span><\/li><li><a href=\"https:\/\/www.darksky.ch\/dss\/de\/2013\/11\/bz-binninger-initiative-gegen-lichtverschmutzung-bleibt-in-der-warteschlaufe\/\">bz &#8211; Binninger Initiative gegen Lichtverschmutzung bleibt in der Warteschlaufe<\/a><span class=\"lcp_date\">  2013-11-14<\/span><\/li><li><a href=\"https:\/\/www.darksky.ch\/dss\/de\/2013\/11\/energeia-weiss-ist-nicht-gleich-weiss\/\">energeia. \u2013 Weiss ist nicht gleich weiss<\/a><span class=\"lcp_date\">  2013-11-01<\/span><\/li><li><a href=\"https:\/\/www.darksky.ch\/dss\/de\/2013\/10\/anzeiger-von-wallisellen-kirchenasyl-fuer-bedrohte-tiere\/\">Anzeiger von Wallisellen \u2013 \u00abKirchenasyl\u00bb f\u00fcr bedrohte Tiere<\/a><span class=\"lcp_date\">  2013-10-17<\/span><\/li><li><a href=\"https:\/\/www.darksky.ch\/dss\/de\/2013\/08\/nzz-mit-dem-gesetz-gegen-unnoetige-lichtemissionen\/\">NZZ: Mit dem Gesetz gegen unn\u00f6tige Lichtemissionen<\/a><span class=\"lcp_date\">  2013-08-23<\/span><\/li><li><a href=\"https:\/\/www.darksky.ch\/dss\/de\/2013\/07\/srf-puls-lichtempfindlichkeit-durch-medikamente\/\">SRF Puls \u2013 Lichtempfindlichkeit durch Medikamente<\/a><span class=\"lcp_date\">  2013-07-10<\/span><\/li><li><a href=\"https:\/\/www.darksky.ch\/dss\/de\/2013\/07\/podcast-sternengeschichten-lichtverschmutzung-die-zerstoerung-der-nacht\/\">Podcast Sternengeschichten: Lichtverschmutzung &#8211; Die Zerst\u00f6rung der Nacht<\/a><span class=\"lcp_date\">  2013-07-05<\/span><\/li><li><a href=\"https:\/\/www.darksky.ch\/dss\/de\/2013\/06\/baublatt-wacher-geist-bei-schwachem-licht\/\">Baublatt \u2013 Wacher Geist bei schwachem Licht<\/a><span class=\"lcp_date\">  2013-06-21<\/span><\/li><li><a href=\"https:\/\/www.darksky.ch\/dss\/de\/2013\/05\/dark-sky-switzerland-fuer-einleuchtende-dunkelheit\/\">Dark-Sky Switzerland f\u00fcr einleuchtende Dunkelheit<\/a><span class=\"lcp_date\">  2013-05-28<\/span><\/li><li><a href=\"https:\/\/www.darksky.ch\/dss\/de\/2013\/05\/zuerichsee-zeitung-die-naechte-sollen-dunkler-sein\/\">Z\u00fcrichsee-Zeitung &#8211; Die N\u00e4chte sollen dunkler sein<\/a><span class=\"lcp_date\">  2013-05-13<\/span><\/li><li><a href=\"https:\/\/www.darksky.ch\/dss\/de\/2013\/05\/zuerichsee-zeitung-dem-licht-den-kampf-angesagt\/\">Z\u00fcrichsee-Zeitung: Dem Licht den Kampf angesagt<\/a><span class=\"lcp_date\">  2013-05-11<\/span><\/li><li><a href=\"https:\/\/www.darksky.ch\/dss\/de\/2013\/05\/zuerichsee-zeitung-wenn-licht-stoert-statt-nuetzt\/\">Z\u00fcrichsee-Zeitung: Wenn Licht st\u00f6rt statt n\u00fctzt<\/a><span class=\"lcp_date\">  2013-05-02<\/span><\/li><li><a href=\"https:\/\/www.darksky.ch\/dss\/de\/2013\/05\/schweizer-gemeinde-umwelt-kommunale-massnahmen-gegen-die-lichtverschmutzung\/\">Schweizer Gemeinde \u2013 Umwelt: Kommunale Massnahmen gegen die Lichtverschmutzung<\/a><span class=\"lcp_date\">  2013-05-01<\/span><\/li><li><a href=\"https:\/\/www.darksky.ch\/dss\/de\/2013\/04\/zeit-online-stadtlicht-vertreibt-fledermaeuse\/\">ZEIT ONLINE &#8211; Stadtlicht vertreibt Flederm\u00e4use<\/a><span class=\"lcp_date\">  2013-04-10<\/span><\/li><li><a href=\"https:\/\/www.darksky.ch\/dss\/de\/2013\/04\/spektrum-vom-licht-vergraemt\/\">Spektrum &#8211; Vom Licht vergr\u00e4mt<\/a><span class=\"lcp_date\">  2013-04-09<\/span><\/li><li><a href=\"https:\/\/www.darksky.ch\/dss\/de\/2013\/04\/zuerichsee-zeitung-wenn-scheinwerfer-den-himmel-statt-das-spielfeld-beleuchten\/\">Z\u00fcrichsee-Zeitung: Wenn Scheinwerfer den Himmel statt das Spielfeld beleuchten<\/a><span class=\"lcp_date\">  2013-04-09<\/span><\/li><li><a href=\"https:\/\/www.darksky.ch\/dss\/de\/2013\/04\/aargauer-zeitung-die-naechte-in-den-alpen-werden-immer-heller\/\">Aargauer Zeitung: Die N\u00e4chte in den Alpen werden immer heller<\/a><span class=\"lcp_date\">  2013-04-09<\/span><\/li><li><a href=\"https:\/\/www.darksky.ch\/dss\/de\/2013\/04\/20-minuten-in-den-alpen-wird-die-nacht-zum-tag\/\">20 Minuten: In den Alpen wird die Nacht zum Tag<\/a><span class=\"lcp_date\">  2013-04-08<\/span><\/li><li><a href=\"https:\/\/www.darksky.ch\/dss\/de\/2013\/04\/tages-anzeiger-lichtverschmutzung-in-den-alpen-wird-zum-problem\/\">Tages Anzeiger: \u00abLichtverschmutzung\u00bb in den Alpen wird zum Problem<\/a><span class=\"lcp_date\">  2013-04-08<\/span><\/li><li><a href=\"https:\/\/www.darksky.ch\/dss\/de\/2013\/03\/welt-krebs-und-depression-lichtverschmutzung-koennte-krankheiten-foerdern\/\">Welt &#8211; Krebs und Depression: Lichtverschmutzung k\u00f6nnte Krankheiten f\u00f6rdern<\/a><span class=\"lcp_date\">  2013-03-24<\/span><\/li><li><a href=\"https:\/\/www.darksky.ch\/dss\/de\/2013\/03\/scientific-american-blinded-by-the-light-wrecked-up-by-our-juice-another-citizen-of-the-night\/\">Scientific American: Blinded by the Light: Wrecked Up by Our Juice, Another Citizen of the Night<\/a><span class=\"lcp_date\">  2013-03-05<\/span><\/li><li><a href=\"https:\/\/www.darksky.ch\/dss\/de\/2013\/03\/luxlumina-tierfreundlicher-umgang-mit-licht\/\">luxlumina \u2013 Tierfreundlicher Umgang mit Licht<\/a><span class=\"lcp_date\">  2013-03-01<\/span><\/li><li><a href=\"https:\/\/www.darksky.ch\/dss\/de\/2013\/02\/srf-4-kuenstliches-licht-behindert-natuerliches-leben\/\">SRF 4: K\u00fcnstliches Licht behindert nat\u00fcrliches Leben<\/a><span class=\"lcp_date\">  2013-02-27<\/span><\/li><li><a href=\"https:\/\/www.darksky.ch\/dss\/de\/2013\/02\/bundesrat-schlaegt-massnahmen-gegen-lichtemissionen-vor\/\">Bundesrat schl\u00e4gt Massnahmen gegen Lichtemissionen vor<\/a><span class=\"lcp_date\">  2013-02-18<\/span><\/li><li><a href=\"https:\/\/www.darksky.ch\/dss\/de\/2013\/02\/migros-vivai-was-ist-eigentlich-lichtverschmutzung\/\">Migros Vivai: Was ist eigentlich&#8230; Lichtverschmutzung?<\/a><span class=\"lcp_date\">  2013-02-04<\/span><\/li><\/ul> <h3>2012<\/h3><ul class=\"lcp_catlist\" id=\"lcp_instance_0\"><li><a href=\"https:\/\/www.darksky.ch\/dss\/de\/2012\/12\/spiegel-online-die-grosse-flacker-folter\/\">Spiegel Online: Die grosse Flacker-Folter<\/a><span class=\"lcp_date\">  2012-12-26<\/span><\/li><li><a href=\"https:\/\/www.darksky.ch\/dss\/de\/2012\/12\/srf-die-schattenseiten-greller-naechte\/\">SRF: Die Schattenseiten greller N\u00e4chte<\/a><span class=\"lcp_date\">  2012-12-06<\/span><\/li><li><a href=\"https:\/\/www.darksky.ch\/dss\/de\/2012\/12\/raiffeisen-panorama-wenn-die-nacht-zum-tag-wird\/\">Raiffeisen Panorama: Wenn die Nacht zum Tag wird<\/a><span class=\"lcp_date\">  2012-12-01<\/span><\/li><li><a href=\"https:\/\/www.darksky.ch\/dss\/de\/2012\/11\/aee-landquart-und-igis-52-stromeinsparung-dank-led-strassenbeleuchtung\/\">AEE: Landquart und Igis: 52% Stromeinsparung dank LED-Strassenbeleuchtung<\/a><span class=\"lcp_date\">  2012-11-19<\/span><\/li><li><a href=\"https:\/\/www.darksky.ch\/dss\/de\/2012\/11\/der-freitag-lichtverschmutzung-beguenstigt-depressionen\/\">Der Freitag: Lichtverschmutzung beg\u00fcnstigt Depressionen<\/a><span class=\"lcp_date\">  2012-11-12<\/span><\/li><li><a href=\"https:\/\/www.darksky.ch\/dss\/de\/2012\/10\/stuttgarter-zeitung-folgenreiche-lichtverschmutzung\/\">Stuttgarter Zeitung: Folgenreiche Lichtverschmutzung<\/a><span class=\"lcp_date\">  2012-10-14<\/span><\/li><li><a href=\"https:\/\/www.darksky.ch\/dss\/de\/2012\/09\/taz-finstere-ecken-und-helle-flecken\/\">TAZ: Finstere Ecken und helle Flecken<\/a><span class=\"lcp_date\">  2012-09-22<\/span><\/li><li><a href=\"https:\/\/www.darksky.ch\/dss\/de\/2012\/09\/berliner-zeitung-berlin-bei-nacht-schoen-schreckliches-licht\/\">Berliner Zeitung: Berlin bei Nacht: Sch\u00f6n schreckliches Licht<\/a><span class=\"lcp_date\">  2012-09-10<\/span><\/li><li><a href=\"https:\/\/www.darksky.ch\/dss\/de\/2012\/09\/rheinmainextra-wie-die-nacht-zum-tag-wird\/\">RheinMainExtra: Wie die Nacht zum Tag wird<\/a><span class=\"lcp_date\">  2012-09-08<\/span><\/li><li><a href=\"https:\/\/www.darksky.ch\/dss\/de\/2012\/08\/suedtirol-online-zu-viel-licht-richtlinien-gegen-lichtverschmutzung-in-kraft\/\">S\u00fcdtirol Online: Zu viel Licht: Richtlinien gegen Lichtverschmutzung in Kraft<\/a><span class=\"lcp_date\">  2012-08-24<\/span><\/li><li><a href=\"https:\/\/www.darksky.ch\/dss\/de\/2012\/08\/farbimpulse-de-bozen-richtlinien-gegen-lichtverschmutzung-in-kraft-2\/\">Farbimpulse.de: Bozen: Richtlinien gegen Lichtverschmutzung in Kraft<\/a><span class=\"lcp_date\">  2012-08-24<\/span><\/li><li><a href=\"https:\/\/www.darksky.ch\/dss\/de\/2012\/08\/rp-online-die-nacht-ist-nicht-mehr-schwarz\/\">RP-Online: Die Nacht ist nicht mehr schwarz<\/a><span class=\"lcp_date\">  2012-08-22<\/span><\/li><li><a href=\"https:\/\/www.darksky.ch\/dss\/de\/2012\/08\/farbimpulse-de-bozen-richtlinien-gegen-lichtverschmutzung-in-kraft\/\">Farbimpulse.de: Nachts sind alle Katzen rot<\/a><span class=\"lcp_date\">  2012-08-22<\/span><\/li><li><a href=\"https:\/\/www.darksky.ch\/dss\/de\/2012\/08\/farbimpulse-de-radiobeitrag-nachts-sind-alle-katzen-rot\/\">Farbimpulse.de: Radiobeitrag \u00abNachts sind alle Katzen rot\u00bb<\/a><span class=\"lcp_date\">  2012-08-22<\/span><\/li><li><a href=\"https:\/\/www.darksky.ch\/dss\/de\/2012\/08\/afrika-travel-einzigartiger-nachthimmel-namibias-ausgezeichnet\/\">Afrika Travel: Einzigartiger Nachthimmel Namibias ausgezeichnet<\/a><span class=\"lcp_date\">  2012-08-19<\/span><\/li><li><a href=\"https:\/\/www.darksky.ch\/dss\/de\/2012\/08\/schwaebische-de-zu-viel-licht-verdunkelt-sicht\/\">Schw\u00e4bische.de: Zu viel Licht \u00abverdunkelt\u00bb Sicht<\/a><span class=\"lcp_date\">  2012-08-13<\/span><\/li><li><a href=\"https:\/\/www.darksky.ch\/dss\/de\/2012\/08\/die-welt-der-nachthimmel-der-hauptstadt-wird-blau\/\">Die Welt: Der Nachthimmel der Hauptstadt wird blau<\/a><span class=\"lcp_date\">  2012-08-13<\/span><\/li><li><a href=\"https:\/\/www.darksky.ch\/dss\/de\/2012\/08\/spiegel-online-rot-glueht-die-nacht\/\">Spiegel Online: Rot gl\u00fcht die Nacht<\/a><span class=\"lcp_date\">  2012-08-10<\/span><\/li><li><a href=\"https:\/\/www.darksky.ch\/dss\/de\/2012\/08\/der-standard-wir-veraendern-die-farbe-des-nachthimmels-ein-zweites-mal\/\">Der Standard: Wir ver\u00e4ndern die Farbe des Nachthimmels ein zweites Mal<\/a><span class=\"lcp_date\">  2012-08-06<\/span><\/li><li><a href=\"https:\/\/www.darksky.ch\/dss\/de\/2012\/07\/der-westen-naechtliches-licht-foerdert-depressionen\/\">Der Westen: N\u00e4chtliches Licht f\u00f6rdert Depressionen<\/a><span class=\"lcp_date\">  2012-07-25<\/span><\/li><li><a href=\"https:\/\/www.darksky.ch\/dss\/de\/2012\/07\/saechsische-zeitung-naechtliches-licht-foerdert-depressionen\/\">S\u00e4chsische Zeitung: N\u00e4chtliches Licht f\u00f6rdert Depressionen<\/a><span class=\"lcp_date\">  2012-07-24<\/span><\/li><li><a href=\"https:\/\/www.darksky.ch\/dss\/de\/2012\/07\/basler-zeitung-basel-erscheint-in-neuem-licht\/\">Basler Zeitung \u2013 Basel erscheint in neuem Licht<\/a><span class=\"lcp_date\">  2012-07-18<\/span><\/li><li><a href=\"https:\/\/www.darksky.ch\/dss\/de\/2012\/05\/swr-radiobeitrag-zu-einfluss-der-lichtverschmutzung-auf-amseln\/\">SWR: Radiobeitrag zu Einfluss der Lichtverschmutzung auf Amseln<\/a><span class=\"lcp_date\">  2012-05-24<\/span><\/li><li><a href=\"https:\/\/www.darksky.ch\/dss\/de\/2012\/04\/reutlinger-anzeiger-leuchtende-sterne-ueber-der-schwaebischen-alb\/\">Reutlinger Anzeiger: Leuchtende Sterne \u00fcber der Schw\u00e4bischen Alb<\/a><span class=\"lcp_date\">  2012-04-23<\/span><\/li><li><a href=\"https:\/\/www.darksky.ch\/dss\/de\/2012\/04\/techfieber-sanierungsfall-strassenbeleuchtung\/\">Techfieber: Sanierungsfall Strassenbeleuchtung<\/a><span class=\"lcp_date\">  2012-04-16<\/span><\/li><li><a href=\"https:\/\/www.darksky.ch\/dss\/de\/2012\/04\/bild-er-will-in-stuttgart-das-licht-ausknipsen\/\">Bild: Er will in Stuttgart das Licht ausknipsen<\/a><span class=\"lcp_date\">  2012-04-11<\/span><\/li><li><a href=\"https:\/\/www.darksky.ch\/dss\/de\/2012\/04\/frankfurter-neue-presse-lernen-mit-mehr-dunkelheit-zu-leben\/\">Frankfurter Neue Presse: \u00abLernen, mit mehr Dunkelheit zu leben\u00bb<\/a><span class=\"lcp_date\">  2012-04-06<\/span><\/li><li><a href=\"https:\/\/www.darksky.ch\/dss\/de\/2012\/03\/sterne-und-weltraum-frankreichs-schaufenster-kuenftig-dunkel-bei-nacht\/\">Sterne und Weltraum: Frankreichs Schaufenster k\u00fcnftig dunkel bei Nacht<\/a><span class=\"lcp_date\">  2012-03-30<\/span><\/li><li><a href=\"https:\/\/www.darksky.ch\/dss\/de\/2012\/03\/frankfurter-rundschau-zu-viel-stadtbeleuchtung-quaelt-mensch-und-tier\/\">Frankfurter Rundschau: Zu viel Stadtbeleuchtung qu\u00e4lt Mensch und Tier<\/a><span class=\"lcp_date\">  2012-03-30<\/span><\/li><li><a href=\"https:\/\/www.darksky.ch\/dss\/de\/2012\/03\/german-china-org-shanghai-will-lichtverschmutzung-reduzieren\/\">German.China.org: Shanghai will Lichtverschmutzung reduzieren<\/a><span class=\"lcp_date\">  2012-03-28<\/span><\/li><li><a href=\"https:\/\/www.darksky.ch\/dss\/de\/2012\/03\/dradio-ein-sternenpark-im-hartz\/\">dRadio: Ein Sternenpark im Hartz?<\/a><span class=\"lcp_date\">  2012-03-27<\/span><\/li><li><a href=\"https:\/\/www.darksky.ch\/dss\/de\/2012\/03\/zio-ch-schweizer-premiere-der-wwz-und-gemeinde-baar\/\">ZIO.ch: Schweizer Premiere der WWZ und Gemeinde Baar<\/a><span class=\"lcp_date\">  2012-03-14<\/span><\/li><li><a href=\"https:\/\/www.darksky.ch\/dss\/de\/2012\/03\/tiroler-tageszeitung-die-dunkle-seite-heller-naechte\/\">Tiroler Tageszeitung: Die dunkle Seite heller N\u00e4chte<\/a><span class=\"lcp_date\">  2012-03-14<\/span><\/li><li><a href=\"https:\/\/www.darksky.ch\/dss\/de\/2012\/03\/the-city-dark-film-ueber-lichtverschmutzung\/\">&#8222;THE CITY DARK&#8220; &#8211; Film \u00fcber Lichtverschmutzung<\/a><span class=\"lcp_date\">  2012-03-13<\/span><\/li><li><a href=\"https:\/\/www.darksky.ch\/dss\/de\/2012\/03\/the-intelligence-klimaschutz-durch-vorauslaufende-strassenbeleuchtung\/\">The Intelligence: Klimaschutz durch vorauslaufende Strassenbeleuchtung<\/a><span class=\"lcp_date\">  2012-03-09<\/span><\/li><li><a href=\"https:\/\/www.darksky.ch\/dss\/de\/2012\/02\/suedostschweiz-die-energiestaedte-loeschen-das-licht-nachts-nur-teilweise\/\">S\u00fcdostschweiz \u2013 Die Energiest\u00e4dte l\u00f6schen das Licht nachts nur teilweise<\/a><span class=\"lcp_date\">  2012-02-27<\/span><\/li><li><a href=\"https:\/\/www.darksky.ch\/dss\/de\/2012\/02\/reutlinger-general-anzeiger-wer-schuetzt-den-dunklen-nachthimmel-vor-licht\/\">Reutlinger General Anzeiger: Wer sch\u00fctzt den dunklen Nachthimmel vor Licht?<\/a><span class=\"lcp_date\">  2012-02-24<\/span><\/li><li><a href=\"https:\/\/www.darksky.ch\/dss\/de\/2012\/02\/schwarzwaelder-bote-lichtverschmutzung-versteckt-sterne\/\">Schwarzw\u00e4lder Bote: Lichtverschmutzung versteckt Sterne<\/a><span class=\"lcp_date\">  2012-02-20<\/span><\/li><li><a href=\"https:\/\/www.darksky.ch\/dss\/de\/2012\/02\/provinz-bozen-lichtverschmutzung-vorarbeiten-fuer-effizientere-aussenbeleuchtung\/\">Provinz Bozen: Lichtverschmutzung: Vorarbeiten f\u00fcr effizientere Aussenbeleuchtung<\/a><span class=\"lcp_date\">  2012-02-20<\/span><\/li><li><a href=\"https:\/\/www.darksky.ch\/dss\/de\/2012\/02\/bayrischer-rundfunk-krank-durch-kunstlicht\/\">Bayrischer Rundfunk: Krank durch Kunstlicht<\/a><span class=\"lcp_date\">  2012-02-20<\/span><\/li><li><a href=\"https:\/\/www.darksky.ch\/dss\/de\/2012\/02\/liechtenstein-macht-licht-aus\/\">Liechtenstein macht Licht aus<\/a><span class=\"lcp_date\">  2012-02-14<\/span><\/li><li><a href=\"https:\/\/www.darksky.ch\/dss\/de\/2012\/02\/aargauer-zeitung-svp-einwohnerrat-will-in-baden-nur-noch-led-strassenlampen\/\">Aargauer Zeitung: SVP-Einwohnerrat will in Baden nur noch LED-Strassenlampen<\/a><span class=\"lcp_date\">  2012-02-10<\/span><\/li><li><a href=\"https:\/\/www.darksky.ch\/dss\/de\/2012\/02\/blue-lux-lichtverschmutzung-negativer-einfluss-auf-unsere-tiere\/\">Blue Lux: Lichtverschmutzung &#8211; Negativer Einfluss auf unsere Tiere<\/a><span class=\"lcp_date\">  2012-02-05<\/span><\/li><li><a href=\"https:\/\/www.darksky.ch\/dss\/de\/2012\/02\/kloteneranzeiger-es-werde-dunkel-ueber-kloten\/\">KlotenerAnzeiger: Es werde dunkel \u00fcber Kloten<\/a><span class=\"lcp_date\">  2012-02-02<\/span><\/li><li><a href=\"https:\/\/www.darksky.ch\/dss\/de\/2012\/02\/nachhaltigleben-ch-wir-muessen-den-blick-auf-die-sterne-zurueck-erobern\/\">nachhaltigleben.ch: \u00abWir m\u00fcssen den Blick auf die Sterne zur\u00fcck erobern\u00bb<\/a><span class=\"lcp_date\">  2012-02-01<\/span><\/li><li><a href=\"https:\/\/www.darksky.ch\/dss\/de\/2012\/01\/gplus-lichtverschmutzung-im-garten-kein-thema\/\">G&#8217;Plus \u2013 Lichtverschmutzung: im Garten (k)ein Thema?<\/a><span class=\"lcp_date\">  2012-01-30<\/span><\/li><li><a href=\"https:\/\/www.darksky.ch\/dss\/de\/2012\/01\/wormser-zeitung-der-rhythmus-von-tag-und-nacht\/\">Wormser Zeitung: Der Rhythmus von Tag und Nacht<\/a><span class=\"lcp_date\">  2012-01-17<\/span><\/li><li><a href=\"https:\/\/www.darksky.ch\/dss\/de\/2012\/01\/stadtredaktion-macht-lichtverschmutzung-jugendliche-hellwach\/\">Stadtredaktion: Macht Lichtverschmutzung Jugendliche hellwach?<\/a><span class=\"lcp_date\">  2012-01-17<\/span><\/li><li><a href=\"https:\/\/www.darksky.ch\/dss\/de\/2012\/01\/main-spitze-mehr-klagen-ueber-lichtverschmutzung\/\">Main Spitze: Mehr Klagen \u00fcber Lichtverschmutzung<\/a><span class=\"lcp_date\">  2012-01-17<\/span><\/li><li><a href=\"https:\/\/www.darksky.ch\/dss\/de\/2012\/01\/heidelberger-hochschule-macht-lichtverschmutzung-jugendliche-hellwach\/\">Heidelberger Hochschule: Macht Lichtverschmutzung Jugendliche hellwach?<\/a><span class=\"lcp_date\">  2012-01-17<\/span><\/li><li><a href=\"https:\/\/www.darksky.ch\/dss\/de\/2012\/01\/blue-lux-lichtverschmutzung-eine-ernsthafte-bedrohung-des-nachthimmels\/\">Blue Lux: Lichtverschmutzung, eine ernsthafte Bedrohung des Nachthimmels<\/a><span class=\"lcp_date\">  2012-01-14<\/span><\/li><li><a href=\"https:\/\/www.darksky.ch\/dss\/de\/2012\/01\/berliner-zeitung-wie-lichtsmog-auf-die-berliner-wirkt\/\">Berliner Zeitung: Wie Lichtsmog auf die Berliner wirkt<\/a><span class=\"lcp_date\">  2012-01-04<\/span><\/li><li><a href=\"https:\/\/www.darksky.ch\/dss\/de\/2012\/01\/badische-zeitung-die-dunkelheit-in-uns-menschen\/\">Badische Zeitung: Die Dunkelheit in uns Menschen<\/a><span class=\"lcp_date\">  2012-01-04<\/span><\/li><\/ul> <h3>2011<\/h3><ul class=\"lcp_catlist\" id=\"lcp_instance_0\"><li><a href=\"https:\/\/www.darksky.ch\/dss\/de\/2011\/12\/zuercher-unterlaender-led-strassenlampen-gemeinden-kritisieren-ekz\/\">Z\u00fcrcher Unterl\u00e4nder: LED-Strassenlampen: Gemeinden kritisieren EKZ<\/a><span class=\"lcp_date\">  2011-12-30<\/span><\/li><li><a href=\"https:\/\/www.darksky.ch\/dss\/de\/2011\/12\/nzz-neues-licht-unter-den-sternen\/\">NZZ: Neues Licht unter den Sternen<\/a><span class=\"lcp_date\">  2011-12-29<\/span><\/li><li><a href=\"https:\/\/www.darksky.ch\/dss\/de\/2011\/12\/wdr-wenn-die-nacht-verloren-geht\/\">WDR: Wenn die Nacht verloren geht<\/a><span class=\"lcp_date\">  2011-12-28<\/span><\/li><li><a href=\"https:\/\/www.darksky.ch\/dss\/de\/2011\/12\/suedkurier-stille-nacht-helle-nacht\/\">S\u00fcdkurier: Stille Nacht, helle Nacht<\/a><span class=\"lcp_date\">  2011-12-24<\/span><\/li><li><a href=\"https:\/\/www.darksky.ch\/dss\/de\/2011\/12\/zuercher-unterlaender-gemeinden-zoegern-noch-mit-led-strassenlampen\/\">Z\u00fcrcher Unterl\u00e4nder: Gemeinden z\u00f6gern noch mit LED-Strassenlampen<\/a><span class=\"lcp_date\">  2011-12-23<\/span><\/li><li><a href=\"https:\/\/www.darksky.ch\/dss\/de\/2011\/12\/zuerichsee-zeitung-langnau-testet-strassenlampen-der-zukunft\/\">Z\u00fcrichsee-Zeitung: Langnau testet Strassenlampen der Zukunft<\/a><span class=\"lcp_date\">  2011-12-13<\/span><\/li><li><a href=\"https:\/\/www.darksky.ch\/dss\/de\/2011\/12\/nuernberger-zeitung-kann-zu-viel-licht-krank-machen\/\">N\u00fcrnberger Zeitung: Kann zu viel Licht krank machen?<\/a><span class=\"lcp_date\">  2011-12-09<\/span><\/li><li><a href=\"https:\/\/www.darksky.ch\/dss\/de\/2011\/12\/baublatt-igis-setzt-auf-led\/\">Baublatt: Igis setzt auf LED<\/a><span class=\"lcp_date\">  2011-12-02<\/span><\/li><li><a href=\"https:\/\/www.darksky.ch\/dss\/de\/2011\/12\/deutsche-welle-die-schattenseite-des-lichts\/\">Deutsche Welle: Die Schattenseite des Lichts<\/a><span class=\"lcp_date\">  2011-12-01<\/span><\/li><li><a href=\"https:\/\/www.darksky.ch\/dss\/de\/2011\/11\/suedwest-presse-die-erhabenheit-der-sterne\/\">S\u00fcdwest Presse: Die Erhabenheit der Sterne<\/a><span class=\"lcp_date\">  2011-11-30<\/span><\/li><li><a href=\"https:\/\/www.darksky.ch\/dss\/de\/2011\/11\/nzz-wenn-das-dunkel-verschwindet\/\">NZZ &#8211; Wenn das Dunkel verschwindet<\/a><span class=\"lcp_date\">  2011-11-29<\/span><\/li><li><a href=\"https:\/\/www.darksky.ch\/dss\/de\/2011\/11\/suedostschweiz-ch-als-erste-gemeinde-hat-igis-nur-noch-led\/\">S\u00fcdostschweiz.ch: Als erste Gemeinde hat Igis nur noch LED<\/a><span class=\"lcp_date\">  2011-11-28<\/span><\/li><li><a href=\"https:\/\/www.darksky.ch\/dss\/de\/2011\/11\/kleine-zeitung-das-ende-der-nacht\/\">Kleine Zeitung: Das Ende der Nacht<\/a><span class=\"lcp_date\">  2011-11-28<\/span><\/li><li><a href=\"https:\/\/www.darksky.ch\/dss\/de\/2011\/11\/braunschweiger-zeitung-kritik-an-beleuchtung-von-denkmaelern\/\">Braunschweiger Zeitung: Kritik an Beleuchtung von Denkm\u00e4lern<\/a><span class=\"lcp_date\">  2011-11-11<\/span><\/li><li><a href=\"https:\/\/www.darksky.ch\/dss\/de\/2011\/11\/maerkische-allgemeine-in-ferchesar-soll-das-wissenschaftsprojekt-verlust-der-nacht-getestet-werden\/\">M\u00e4rkische Allgemeine: In Ferchesar soll das Wissenschaftsprojekt \u00abVerlust der Nacht\u00bb getestet werden<\/a><span class=\"lcp_date\">  2011-11-10<\/span><\/li><li><a href=\"https:\/\/www.darksky.ch\/dss\/de\/2011\/11\/echo-online-sternenlicht-park-auf-der-wasserkuppe\/\">Echo Online: Sternenlicht-Park auf der Wasserkuppe<\/a><span class=\"lcp_date\">  2011-11-08<\/span><\/li><li><a href=\"https:\/\/www.darksky.ch\/dss\/de\/2011\/10\/allgemeine-zeitung-weit-aber-noch-nicht-am-ziel\/\">Allgemeine Zeitung: Weit, aber noch nicht am Ziel<\/a><span class=\"lcp_date\">  2011-10-21<\/span><\/li><li><a href=\"https:\/\/www.darksky.ch\/dss\/de\/2011\/10\/taz-berlin-verliert-die-nacht\/\">TAZ: Berlin verliert die Nacht<\/a><span class=\"lcp_date\">  2011-10-03<\/span><\/li><li><a href=\"https:\/\/www.darksky.ch\/dss\/de\/2011\/09\/zuerichsee-zeitung-staefa-loescht-lichter-und-spart-strom\/\">Z\u00fcrichsee Zeitung: St\u00e4fa l\u00f6scht Lichter und spart Strom<\/a><span class=\"lcp_date\">  2011-09-24<\/span><\/li><li><a href=\"https:\/\/www.darksky.ch\/dss\/de\/2011\/09\/allgemeine-zeitung-wie-hell-muss-die-nacht-sein\/\">Allgemeine Zeitung: Wie hell muss die Nacht sein?<\/a><span class=\"lcp_date\">  2011-09-16<\/span><\/li><li><a href=\"https:\/\/www.darksky.ch\/dss\/de\/2011\/09\/morgenweb-licht-verwirrt-tiere\/\">Morgenweb: Licht verwirrt Tiere<\/a><span class=\"lcp_date\">  2011-09-10<\/span><\/li><li><a href=\"https:\/\/www.darksky.ch\/dss\/de\/2011\/09\/swr-radiobeitrag-zu-lichtverschmutzung\/\">SWR: Radiobeitrag zu Lichtverschmutzung<\/a><span class=\"lcp_date\">  2011-09-09<\/span><\/li><li><a href=\"https:\/\/www.darksky.ch\/dss\/de\/2011\/08\/vaterland-auch-in-gamprin-geht-nachts-das-licht-aus\/\">Vaterland: Auch in Gamprin geht nachts das Licht aus<\/a><span class=\"lcp_date\">  2011-08-26<\/span><\/li><li><a href=\"https:\/\/www.darksky.ch\/dss\/de\/2011\/08\/neue-zuger-zeitung-beleuchtung-wird-nachts-reduziert\/\">Neue Zuger Zeitung: Beleuchtung wird nachts reduziert<\/a><span class=\"lcp_date\">  2011-08-20<\/span><\/li><li><a href=\"https:\/\/www.darksky.ch\/dss\/de\/2011\/08\/rz-online-lichtverschmutzung-auf-dem-klein-matterhorn\/\">RZ Online: Lichtverschmutzung auf dem Klein Matterhorn<\/a><span class=\"lcp_date\">  2011-08-18<\/span><\/li><li><a href=\"https:\/\/www.darksky.ch\/dss\/de\/2011\/08\/bieler-tagblatt-naturschuetzer-fuerchten-um-kleines-matterhorn\/\">Bieler Tagblatt: Natursch\u00fctzer f\u00fcrchten um Kleines Matterhorn<\/a><span class=\"lcp_date\">  2011-08-18<\/span><\/li><li><a href=\"https:\/\/www.darksky.ch\/dss\/de\/2011\/08\/zuerichsee-zeitung-wenn-es-hell-ist-sieht-man-nichts\/\">Z\u00fcrichsee Zeitung: Wenn es hell ist, sieht man nichts<\/a><span class=\"lcp_date\">  2011-08-13<\/span><\/li><li><a href=\"https:\/\/www.darksky.ch\/dss\/de\/2011\/07\/berner-zeitung-gemeinde-verpflichtet-sich-zu-oeko-standards\/\">Berner Zeitung: Gemeinde verpflichtet sich zu \u00d6ko-Standards<\/a><span class=\"lcp_date\">  2011-07-27<\/span><\/li><li><a href=\"https:\/\/www.darksky.ch\/dss\/de\/2011\/07\/coopzeitung-kunstlicht-die-verlorene-nacht\/\">Coopzeitung \u2013 Kunstlicht: Die verlorene Nacht<\/a><span class=\"lcp_date\">  2011-07-20<\/span><\/li><li><a href=\"https:\/\/www.darksky.ch\/dss\/de\/2011\/06\/coop-zeitung-kunstlicht-die-verlorene-nacht\/\">Coop Zeitung: Kunstlicht: Die verlorene Nacht<\/a><span class=\"lcp_date\">  2011-06-28<\/span><\/li><li><a href=\"https:\/\/www.darksky.ch\/dss\/de\/2011\/06\/20-minuten-bewegungsmelder-fuer-berns-lampen\/\">20 Minuten: Bewegungsmelder f\u00fcr Berns Lampen?<\/a><span class=\"lcp_date\">  2011-06-09<\/span><\/li><li><a href=\"https:\/\/www.darksky.ch\/dss\/de\/2011\/05\/blick-am-abend-stromspar-trick-holland\/\">Blick am Abend: Stromspar-Trick Holland<\/a><span class=\"lcp_date\">  2011-05-26<\/span><\/li><li><a href=\"https:\/\/www.darksky.ch\/dss\/de\/2011\/05\/frankfurter-rundschau-licht-nur-nach-bedarf\/\">Frankfurter Rundschau: Licht nur nach Bedarf<\/a><span class=\"lcp_date\">  2011-05-25<\/span><\/li><li><a href=\"https:\/\/www.darksky.ch\/dss\/de\/2011\/05\/nuernberger-nachrichten-parkhaus-mit-unerwuenschter-strahlkraft\/\">N\u00fcrnberger Nachrichten: Parkhaus mit unerw\u00fcnschter Strahlkraft<\/a><span class=\"lcp_date\">  2011-05-17<\/span><\/li><li><a href=\"https:\/\/www.darksky.ch\/dss\/de\/2011\/05\/neue-luzerner-zeitung-stadt-zug-wird-in-neues-licht-gerueckt\/\">Neue Luzerner Zeitung: Stadt Zug wird in neues Licht ger\u00fcckt<\/a><span class=\"lcp_date\">  2011-05-11<\/span><\/li><li><a href=\"https:\/\/www.darksky.ch\/dss\/de\/2011\/05\/suedkurier-licht-aus-bitte\/\">S\u00fcdkurier: Licht aus, bitte!<\/a><span class=\"lcp_date\">  2011-05-04<\/span><\/li><li><a href=\"https:\/\/www.darksky.ch\/dss\/de\/2011\/04\/welt-online-nie-wieder-nacht\/\">Welt Online: Nie wieder Nacht<\/a><span class=\"lcp_date\">  2011-04-23<\/span><\/li><li><a href=\"https:\/\/www.darksky.ch\/dss\/de\/2011\/04\/nha-de-kampf-gegen-das-licht\/\">NHA.de: Kampf gegen das Licht<\/a><span class=\"lcp_date\">  2011-04-17<\/span><\/li><li><a href=\"https:\/\/www.darksky.ch\/dss\/de\/2011\/04\/basler-zeitung-gemeinde-gibt-leuchtendes-beispiel\/\">Basler Zeitung: Gemeinde gibt leuchtendes Beispiel<\/a><span class=\"lcp_date\">  2011-04-15<\/span><\/li><li><a href=\"https:\/\/www.darksky.ch\/dss\/de\/2011\/04\/comprendes-katalanische-justiz-spart-strom\/\">Comprendes: Katalanische Justiz spart Strom<\/a><span class=\"lcp_date\">  2011-04-06<\/span><\/li><li><a href=\"https:\/\/www.darksky.ch\/dss\/de\/2011\/04\/pressedienst-bozen-landesregierung-ok-fuer-gesetzentwurf-zu-lichtverschmutzung-und-verwaltung\/\">Pressedienst Bozen: Landesregierung: OK f\u00fcr Gesetzentwurf zu Lichtverschmutzung und Verwaltung<\/a><span class=\"lcp_date\">  2011-04-04<\/span><\/li><li><a href=\"https:\/\/www.darksky.ch\/dss\/de\/2011\/04\/st-galler-tagblatt-neue-strasse-ist-zu-dunkel\/\">St. Galler Tagblatt: Neue Strasse ist zu dunkel<\/a><span class=\"lcp_date\">  2011-04-03<\/span><\/li><li><a href=\"https:\/\/www.darksky.ch\/dss\/de\/2011\/04\/sueddeutsche-falscher-mond\/\">S\u00fcddeutsche: Falscher Mond<\/a><span class=\"lcp_date\">  2011-04-02<\/span><\/li><li><a href=\"https:\/\/www.darksky.ch\/dss\/de\/2011\/04\/geo-licht-aus\/\">GEO \u2013 Licht aus!<\/a><span class=\"lcp_date\">  2011-04-01<\/span><\/li><li><a href=\"https:\/\/www.darksky.ch\/dss\/de\/2011\/03\/thurgauer-zeitung-kirche-soll-dunkel-bleiben\/\">Thurgauer Zeitung: Kirche soll dunkel bleiben<\/a><span class=\"lcp_date\">  2011-03-22<\/span><\/li><li><a href=\"https:\/\/www.darksky.ch\/dss\/de\/2011\/03\/tagesspiegel-wenn-es-nachts-nicht-dunkel-wird\/\">Tagesspiegel: Wenn es nachts nicht dunkel wird<\/a><span class=\"lcp_date\">  2011-03-21<\/span><\/li><li><a href=\"https:\/\/www.darksky.ch\/dss\/de\/2011\/03\/kurier-at-krebsrisiko-lichtverschmutzung\/\">kurier.at: Krebsrisiko Lichtverschmutzung<\/a><span class=\"lcp_date\">  2011-03-13<\/span><\/li><li><a href=\"https:\/\/www.darksky.ch\/dss\/de\/2011\/02\/tages-anzeiger-angst-um-schueler-zell-beleuchtet-veloweg\/\">Tages-Anzeiger: Angst um Sch\u00fcler: Zell beleuchtet Veloweg<\/a><span class=\"lcp_date\">  2011-02-09<\/span><\/li><li><a href=\"https:\/\/www.darksky.ch\/dss\/de\/2011\/02\/sueddeutsche-das-ende-der-nacht\/\">S\u00fcddeutsche: Das Ende der Nacht<\/a><span class=\"lcp_date\">  2011-02-04<\/span><\/li><li><a href=\"https:\/\/www.darksky.ch\/dss\/de\/2011\/02\/neue-luzerner-zeitung-zug-geht-gegen-riesige-lichtstrahlen-vor\/\">Neue Luzerner Zeitung: Zug geht gegen riesige Lichtstrahlen vor<\/a><span class=\"lcp_date\">  2011-02-02<\/span><\/li><li><a href=\"https:\/\/www.darksky.ch\/dss\/de\/2011\/01\/hhe-wohin-ist-die-milchstrasse-verschwunden\/\">HHE \u2013 Wohin ist die Milchstra\u00dfe verschwunden?<\/a><span class=\"lcp_date\">  2011-01-06<\/span><\/li><li><a href=\"https:\/\/www.darksky.ch\/dss\/de\/2011\/01\/nordbayrische-nachrichten-wohin-ist-die-milchstrasse-verschwunden\/\">Nordbayrische Nachrichten: Wohin ist die Milchstrasse verschwunden?<\/a><span class=\"lcp_date\">  2011-01-05<\/span><\/li><\/ul> <h3>2010<\/h3><ul class=\"lcp_catlist\" id=\"lcp_instance_0\"><li><a href=\"https:\/\/www.darksky.ch\/dss\/de\/2010\/11\/salzburger-fenster-lichterschmuck-im-advent-immer-greller-immer-mehr\/\">Salzburger Fenster: Lichterschmuck im Advent: Immer greller, immer mehr<\/a><span class=\"lcp_date\">  2010-11-29<\/span><\/li><li><a href=\"https:\/\/www.darksky.ch\/dss\/de\/2010\/11\/basler-zeitung-die-kandelaber-sollen-fallen\/\">Basler Zeitung: Die Kandelaber sollen fallen<\/a><span class=\"lcp_date\">  2010-11-27<\/span><\/li><li><a href=\"https:\/\/www.darksky.ch\/dss\/de\/2010\/11\/chomer-baer-o%cc%88ffentliche-beleuchtung-licht-und-schatten\/\">Chomer B\u00e4r \u2013 O\u0308ffentliche Beleuchtung \u2013 Licht und Schatten<\/a><span class=\"lcp_date\">  2010-11-10<\/span><\/li><li><a href=\"https:\/\/www.darksky.ch\/dss\/de\/2010\/11\/verein-der-sternwarte-rotgrueb-ruemlang-tritt-dark-sky-switzerland-bei\/\">Verein der Sternwarte Rotgrueb R\u00fcmlang tritt Dark-Sky Switzerland bei<\/a><span class=\"lcp_date\">  2010-11-02<\/span><\/li><li><a href=\"https:\/\/www.darksky.ch\/dss\/de\/2010\/10\/energie-apero-schwyz-grosse-effizienzpotenziale-bei-haushaltgera%cc%88ten-und-beleuchtung\/\">Energie Ap\u00e9ro Schwyz \u2013 Grosse Effizienzpotenziale bei Haushaltgera\u0308ten und Beleuchtung<\/a><span class=\"lcp_date\">  2010-10-26<\/span><\/li><li><a href=\"https:\/\/www.darksky.ch\/dss\/de\/2010\/10\/zuerichsee-zeitung-gesundheitsschaeden-moeglich\/\">Z\u00fcrichsee-Zeitung \u2013 \u00abGesundheitssch\u00e4den m\u00f6glich\u00bb<\/a><span class=\"lcp_date\">  2010-10-25<\/span><\/li><li><a href=\"https:\/\/www.darksky.ch\/dss\/de\/2010\/10\/neue-zuger-zeitung-der-nachthimmel-soll-keine-werbeflaeche-sein\/\">Neue Zuger Zeitung: Der Nachthimmel soll keine Werbefl\u00e4che sein<\/a><span class=\"lcp_date\">  2010-10-25<\/span><\/li><li><a href=\"https:\/\/www.darksky.ch\/dss\/de\/2010\/10\/schweizer-gemeinde-kampf-gegen-die-lichtverschmutzung\/\">Schweizer Gemeinde: Kampf gegen die Lichtverschmutzung<\/a><span class=\"lcp_date\">  2010-10-01<\/span><\/li><li><a href=\"https:\/\/www.darksky.ch\/dss\/de\/2010\/09\/wissenschaft-aktuell-kunstlicht-laesst-voegel-frueher-traellern\/\">Wissenschaft aktuell: Kunstlicht l\u00e4sst V\u00f6gel fr\u00fcher tr\u00e4llern<\/a><span class=\"lcp_date\">  2010-09-17<\/span><\/li><li><a href=\"https:\/\/www.darksky.ch\/dss\/de\/2010\/09\/max-planck-gesellschaft-brutgeschaeft-im-falschen-licht\/\">Max Planck Gesellschaft: Brutgesch\u00e4ft im falschen Licht<\/a><span class=\"lcp_date\">  2010-09-16<\/span><\/li><li><a href=\"https:\/\/www.darksky.ch\/dss\/de\/2010\/09\/welt-online-laternen-verhelfen-blaumeisen-zum-seitensprung\/\">Welt Online: Laternen verhelfen Blaumeisen zum Seitensprung<\/a><span class=\"lcp_date\">  2010-09-16<\/span><\/li><li><a href=\"https:\/\/www.darksky.ch\/dss\/de\/2010\/09\/frankfurter-rundschau-heller-wahnsinn\/\">Frankfurter Rundschau: Heller Wahnsinn<\/a><span class=\"lcp_date\">  2010-09-07<\/span><\/li><li><a href=\"https:\/\/www.darksky.ch\/dss\/de\/2010\/09\/krone-at-wo-sind-all-die-sterne-hin\/\">Krone.at: Wo sind all die Sterne hin?<\/a><span class=\"lcp_date\">  2010-09-03<\/span><\/li><li><a href=\"https:\/\/www.darksky.ch\/dss\/de\/2010\/08\/pressetext-led-lampen-lassen-stromverbrauch-steigen\/\">Pressetext: LED-Lampen lassen Stromverbrauch steigen<\/a><span class=\"lcp_date\">  2010-08-27<\/span><\/li><li><a href=\"https:\/\/www.darksky.ch\/dss\/de\/2010\/06\/berner-zeitung-ein-dorf-im-dunkeln\/\">Berner Zeitung: Ein Dorf im Dunkeln<\/a><span class=\"lcp_date\">  2010-06-10<\/span><\/li><li><a href=\"https:\/\/www.darksky.ch\/dss\/de\/2010\/05\/tessiner-zeitung-helle-nacht-und-dunkle-sterne\/\">Tessiner Zeitung \u2013 Helle Nacht und dunkle Sterne<\/a><span class=\"lcp_date\">  2010-05-21<\/span><\/li><li><a href=\"https:\/\/www.darksky.ch\/dss\/de\/2010\/05\/jetzt-de-ein-anruf-bei\/\">jetzt.de: Ein Anruf bei&#8230;<\/a><span class=\"lcp_date\">  2010-05-07<\/span><\/li><li><a href=\"https:\/\/www.darksky.ch\/dss\/de\/2010\/05\/tages-anzeiger-walliseller-beharrt-auf-recht-auf-dunkelheit\/\">Tages-Anzeiger: Walliseller beharrt auf Recht auf Dunkelheit<\/a><span class=\"lcp_date\">  2010-05-06<\/span><\/li><li><a href=\"https:\/\/www.darksky.ch\/dss\/de\/2010\/05\/nuernberger-nachrichten-unesco-soll-oesterreichischen-dorfhimmel-schuetzen\/\">N\u00fcrnberger Nachrichten: UNESCO soll \u00f6sterreichischen Dorfhimmel sch\u00fctzen<\/a><span class=\"lcp_date\">  2010-05-04<\/span><\/li><li><a href=\"https:\/\/www.darksky.ch\/dss\/de\/2010\/04\/zuger-woche-die-zuger-nacht-ist-zu-hell\/\">Zuger Woche: \u00abDie Zuger Nacht ist zu hell\u00bb<\/a><span class=\"lcp_date\">  2010-04-28<\/span><\/li><li><a href=\"https:\/\/www.darksky.ch\/dss\/de\/2010\/04\/gemeinde-jonschwil-lichtverschmutzung-was-ist-das\/\">Gemeinde Jonschwil \u2013 Lichtverschmutzung: Was ist das?<\/a><span class=\"lcp_date\">  2010-04-23<\/span><\/li><li><a href=\"https:\/\/www.darksky.ch\/dss\/de\/2010\/04\/neue-luzerner-zeitung-der-stadt-zug-ist-ein-licht-aufgegangen\/\">Neue Luzerner Zeitung: \u00abDer Stadt Zug ist ein Licht aufgegangen\u00bb<\/a><span class=\"lcp_date\">  2010-04-19<\/span><\/li><li><a href=\"https:\/\/www.darksky.ch\/dss\/de\/2010\/03\/umweltnetz-ch-earth-hour-2010-in-zuerich\/\">umweltnetz.ch \u2013 Earth Hour 2010 in Z\u00fcrich<\/a><span class=\"lcp_date\">  2010-03-28<\/span><\/li><li><a href=\"https:\/\/www.darksky.ch\/dss\/de\/2010\/03\/liechtensteiner-vaterland-wenn-die-nacht-zum-tag-wird\/\">Liechtensteiner Vaterland: \u00abWenn die Nacht zum Tag wird\u00bb<\/a><span class=\"lcp_date\">  2010-03-23<\/span><\/li><li><a href=\"https:\/\/www.darksky.ch\/dss\/de\/2010\/03\/st-galler-tagblatt-dark-sky-zaehlt-450-mitglieder\/\">St. Galler Tagblatt \u2013 Dark Sky z\u00e4hlt 450 Mitglieder<\/a><span class=\"lcp_date\">  2010-03-04<\/span><\/li><li><a href=\"https:\/\/www.darksky.ch\/dss\/de\/2010\/03\/tagblatt-st-gallen-wenn-die-nacht-zum-tag-wird\/\">Tagblatt St.Gallen: \u00abWenn die Nacht zum Tag wird\u00bb<\/a><span class=\"lcp_date\">  2010-03-04<\/span><\/li><li><a href=\"https:\/\/www.darksky.ch\/dss\/de\/2010\/02\/suedostschweiz-wenn-die-nacht-zum-tag-wird\/\">S\u00fcdostschweiz: \u00abWenn die Nacht zum Tag wird\u00bb<\/a><span class=\"lcp_date\">  2010-02-17<\/span><\/li><li><a href=\"https:\/\/www.darksky.ch\/dss\/de\/2010\/02\/basler-zeitung-wann-gehen-die-lichter-aus-herr-schwarz\/\">Basler Zeitung: \u00abWann gehen die Lichter aus, Herr Schwarz?\u00bb<\/a><span class=\"lcp_date\">  2010-02-13<\/span><\/li><li><a href=\"https:\/\/www.darksky.ch\/dss\/de\/2010\/02\/berner-zeitung-berner-led-anlage-ueberzeugt-coop\/\">Berner Zeitung: \u00abBerner LED-Anlage \u00fcberzeugt Coop\u00bb<\/a><span class=\"lcp_date\">  2010-02-12<\/span><\/li><li><a href=\"https:\/\/www.darksky.ch\/dss\/de\/2010\/02\/nachhaltigkeit-org-energieeffiziente-lichtwerbung\/\">Nachhaltigkeit.org: \u00abEnergieeffiziente Lichtwerbung\u00bb<\/a><span class=\"lcp_date\">  2010-02-11<\/span><\/li><li><a href=\"https:\/\/www.darksky.ch\/dss\/de\/2010\/02\/basler-zeitung-gegen-erleuchteten-nachthimmel\/\">Basler Zeitung: \u00abGegen erleuchteten Nachthimmel\u00bb<\/a><span class=\"lcp_date\">  2010-02-05<\/span><\/li><li><a href=\"https:\/\/www.darksky.ch\/dss\/de\/2010\/02\/vilan24-ch-mastrilser-nacht-und-lichtruhe-ist-wieder-intakt\/\">vilan24.ch \u2013 Mastrilser Nacht- und Lichtruhe ist wieder intakt<\/a><span class=\"lcp_date\">  2010-02-04<\/span><\/li><li><a href=\"https:\/\/www.darksky.ch\/dss\/de\/2010\/02\/basler-zeitung-nacht-soll-wieder-zur-nacht-werden\/\">Basler Zeitung: \u00abNacht soll wieder zur Nacht werden\u00bb<\/a><span class=\"lcp_date\">  2010-02-03<\/span><\/li><li><a href=\"https:\/\/www.darksky.ch\/dss\/de\/2010\/02\/radio-basel-beitrag-von-radio-basel-zu-lichtverschmutzung\/\">Radio Basel: \u00abBeitrag von Radio Basel zu Lichtverschmutzung\u00bb<\/a><span class=\"lcp_date\">  2010-02-03<\/span><\/li><li><a href=\"https:\/\/www.darksky.ch\/dss\/de\/2010\/01\/steinhausen-aspekte-sterne-lu%cc%88gen-nicht\/\">Steinhausen aspekte \u2013 Sterne lu\u0308gen nicht<\/a><span class=\"lcp_date\">  2010-01-19<\/span><\/li><li><a href=\"https:\/\/www.darksky.ch\/dss\/de\/2010\/01\/tt-com-nachtskilauf-wird-beschraenkt\/\">tt.com: \u00abNachtskilauf wird beschr\u00e4nkt\u00bb<\/a><span class=\"lcp_date\">  2010-01-16<\/span><\/li><li><a href=\"https:\/\/www.darksky.ch\/dss\/de\/2010\/01\/suedostschweiz-in-mastrils-ist-nachts-wieder-nacht\/\">S\u00fcdostschweiz: In Mastrils ist nachts wieder Nacht<\/a><span class=\"lcp_date\">  2010-01-15<\/span><\/li><li><a href=\"https:\/\/www.darksky.ch\/dss\/de\/2010\/01\/berner-zeitung-ischi-will-den-stecker-ziehen\/\">Berner Zeitung: \u00abIschi will den Stecker ziehen\u00bb<\/a><span class=\"lcp_date\">  2010-01-13<\/span><\/li><li><a href=\"https:\/\/www.darksky.ch\/dss\/de\/2010\/01\/suedostschweiz-licht-hingegen-hoert-nicht-einfach-auf\/\">S\u00fcdostschweiz: \u00abLicht hingegen h\u00f6rt nicht einfach auf\u00bb<\/a><span class=\"lcp_date\">  2010-01-09<\/span><\/li><li><a href=\"https:\/\/www.darksky.ch\/dss\/de\/2010\/01\/suedostschweiz-wie-in-mastrils-die-nacht-zum-tag-wird\/\">S\u00fcdostschweiz: \u00abWie in Mastrils die Nacht zum Tag wird\u00bb<\/a><span class=\"lcp_date\">  2010-01-06<\/span><\/li><li><a href=\"https:\/\/www.darksky.ch\/dss\/de\/2010\/01\/neue-zuger-zeitung-jetzt-heissts-schon-um-22-uhr-licht-aus\/\">Neue Zuger Zeitung: \u00abJetzt heissts schon um 22 Uhr: Licht aus\u00bb<\/a><span class=\"lcp_date\">  2010-01-06<\/span><\/li><li><a href=\"https:\/\/www.darksky.ch\/dss\/de\/2010\/01\/ewb-direkt-die-nacht-wird-zum-tag\/\">ewb DiREKT \u2013 Die Nacht wird zum Tag<\/a><span class=\"lcp_date\">  2010-01-04<\/span><\/li><li><a href=\"https:\/\/www.darksky.ch\/dss\/de\/2010\/01\/unesco-2010-jahr-der-biodiversitaet\/\">Unesco 2010 \u2013 Jahr der Biodiversit\u00e4t<\/a><span class=\"lcp_date\">  2010-01-01<\/span><\/li><li><a href=\"https:\/\/www.darksky.ch\/dss\/de\/2010\/01\/der-standard-folgen-der-lichtverschmutzung-jenseits-der-astronomie\/\">Der Standard: \u00abFolgen der Lichtverschmutzung jenseits der Astronomie\u00bb<\/a><span class=\"lcp_date\">  2010-01-01<\/span><\/li><\/ul> <h3>2009<\/h3><ul class=\"lcp_catlist\" id=\"lcp_instance_0\"><li><a href=\"https:\/\/www.darksky.ch\/dss\/de\/2009\/12\/nzz-wir-fordern-keine-absolute-dunkelheit\/\">NZZ: \u00abWir fordern keine absolute Dunkelheit\u00bb<\/a><span class=\"lcp_date\">  2009-12-10<\/span><\/li><li><a href=\"https:\/\/www.darksky.ch\/dss\/de\/2009\/12\/swr-neue-led-strassenlampen-gegen-lichtverschmutzung\/\">SWR: Neue LED-Stra\u00dfenlampen, Gegen Lichtverschmutzung<\/a><span class=\"lcp_date\">  2009-12-09<\/span><\/li><li><a href=\"https:\/\/www.darksky.ch\/dss\/de\/2009\/12\/energiedetektive-thema-licht\/\">Energiedetektive \u2013 Thema Licht<\/a><span class=\"lcp_date\">  2009-12-09<\/span><\/li><li><a href=\"https:\/\/www.darksky.ch\/dss\/de\/2009\/12\/immoscout24-lichtverschmutzung-oder-stimmungsmacher\/\">Immoscout24: Lichtverschmutzung oder Stimmungsmacher?<\/a><span class=\"lcp_date\">  2009-12-02<\/span><\/li><li><a href=\"https:\/\/www.darksky.ch\/dss\/de\/2009\/12\/schweizer-gemeinde-energieeffizient-zu-hellen-strassen\/\">Schweizer Gemeinde: \u00abEnergieeffizient zu hellen Strassen\u00bb<\/a><span class=\"lcp_date\">  2009-12-01<\/span><\/li><li><a href=\"https:\/\/www.darksky.ch\/dss\/de\/2009\/12\/berner-zeitung-strom-sparen-geld-ausgeben\/\">Berner Zeitung: Strom sparen, Geld ausgeben<\/a><span class=\"lcp_date\">  2009-12-01<\/span><\/li><li><a href=\"https:\/\/www.darksky.ch\/dss\/de\/2009\/11\/nuernberger-nachrichten-puma-komplex-ist-anwohnern-ein-dorn-im-auge\/\">N\u00fcrnberger Nachrichten: Puma-Komplex ist Anwohnern ein Dorn im Auge<\/a><span class=\"lcp_date\">  2009-11-21<\/span><\/li><li><a href=\"https:\/\/www.darksky.ch\/dss\/de\/2009\/11\/lippische-landeszeitung-lob-von-den-freunden-der-finsternis\/\">Lippische Landeszeitung: Lob von den Freunden der Finsternis<\/a><span class=\"lcp_date\">  2009-11-21<\/span><\/li><li><a href=\"https:\/\/www.darksky.ch\/dss\/de\/2009\/11\/badische-zeitung-strassenlaternen-gehen-per-knopfdruck-an\/\">Badische Zeitung: Strassenlaternen gehen per Knopfdruck an<\/a><span class=\"lcp_date\">  2009-11-11<\/span><\/li><li><a href=\"https:\/\/www.darksky.ch\/dss\/de\/2009\/11\/urner-wochenblatt-neue-strassenbeleuchtung-spart-energie\/\">Urner Wochenblatt: Neue Strassenbeleuchtung spart Energie<\/a><span class=\"lcp_date\">  2009-11-07<\/span><\/li><li><a href=\"https:\/\/www.darksky.ch\/dss\/de\/2009\/11\/neue-luzerner-zeitung-statt-normale-nun-led-strassenlampen\/\">Neue Luzerner Zeitung: Statt \u00abnormale\u00bb nun LED-Strassenlampen<\/a><span class=\"lcp_date\">  2009-11-05<\/span><\/li><li><a href=\"https:\/\/www.darksky.ch\/dss\/de\/2009\/09\/zentralschweiz-am-sonntag-zuger-nachthimmel-zu-hell\/\">Zentralschweiz am Sonntag: Zuger Nachthimmel zu hell<\/a><span class=\"lcp_date\">  2009-09-27<\/span><\/li><li><a href=\"https:\/\/www.darksky.ch\/dss\/de\/2009\/09\/radio-prag-tschechienpolen-dark-sky-reservat-fuer-sternengucker-geplant\/\">Radio Prag: Tschechien\/Polen \u2013 Dark-Sky Reservat f\u00fcr Sternengucker geplant<\/a><span class=\"lcp_date\">  2009-09-20<\/span><\/li><li><a href=\"https:\/\/www.darksky.ch\/dss\/de\/2009\/09\/tagesspiegel-der-tierfreund-macht-das-licht-aus\/\">Tagesspiegel: Der Tierfreund macht das Licht aus<\/a><span class=\"lcp_date\">  2009-09-19<\/span><\/li><li><a href=\"https:\/\/www.darksky.ch\/dss\/de\/2009\/09\/a-z-ch-flughafen-zuerich-wegen-lichtverschmutzung-in-der-kritik\/\">a-z.ch: Flughafen Z\u00fcrich wegen Lichtverschmutzung in der Kritik<\/a><span class=\"lcp_date\">  2009-09-19<\/span><\/li><li><a href=\"https:\/\/www.darksky.ch\/dss\/de\/2009\/09\/zuercher-unterlaender-blendend-hell-nach-mitternacht\/\">Z\u00fcrcher Unterl\u00e4nder: Blendend hell nach Mitternacht<\/a><span class=\"lcp_date\">  2009-09-12<\/span><\/li><li><a href=\"https:\/\/www.darksky.ch\/dss\/de\/2009\/09\/welt-online-wenn-das-licht-die-sterne-schluckt\/\">Welt Online: Wenn das Licht die Sterne schluckt<\/a><span class=\"lcp_date\">  2009-09-11<\/span><\/li><li><a href=\"https:\/\/www.darksky.ch\/dss\/de\/2009\/08\/das-ende-der-nacht-ein-buch-zu-lichtverschmutzung\/\">\u00abDas Ende der Nacht\u00bb &#8211; Ein Buch zu Lichtverschmutzung<\/a><span class=\"lcp_date\">  2009-08-19<\/span><\/li><li><a href=\"https:\/\/www.darksky.ch\/dss\/de\/2009\/08\/pressetext-de-trotz-wirtschaftskrise-extreme-lichtverschmutzung\/\">Pressetext.de: Trotz Wirtschaftskrise extreme Lichtverschmutzung<\/a><span class=\"lcp_date\">  2009-08-17<\/span><\/li><li><a href=\"https:\/\/www.darksky.ch\/dss\/de\/2009\/08\/st-galler-tagblatt-wie-dunkel-soll-die-nacht-sein\/\">St. Galler Tagblatt: Wie dunkel soll die Nacht sein?<\/a><span class=\"lcp_date\">  2009-08-11<\/span><\/li><li><a href=\"https:\/\/www.darksky.ch\/dss\/de\/2009\/08\/st-galler-tagblatt-licht-aus-auch-in-lindau\/\">St. Galler Tagblatt: Licht aus \u2013 auch in Lindau<\/a><span class=\"lcp_date\">  2009-08-11<\/span><\/li><li><a href=\"https:\/\/www.darksky.ch\/dss\/de\/2009\/06\/pr-inside-starkes-licht-bringt-fledermaeuse-aus-der-flugbahn\/\">PR Inside: Starkes Licht bringt Flederm\u00e4use aus der Flugbahn<\/a><span class=\"lcp_date\">  2009-06-25<\/span><\/li><li><a href=\"https:\/\/www.darksky.ch\/dss\/de\/2009\/06\/naturschutz-ch-schaedigt-licht-die-natur\/\">naturschutz.ch \u2013 Sch\u00e4digt Licht die Natur?<\/a><span class=\"lcp_date\">  2009-06-23<\/span><\/li><li><a href=\"https:\/\/www.darksky.ch\/dss\/de\/2009\/06\/badische-zeitung-wo-die-nacht-zum-tage-wird\/\">Badische Zeitung: Wo die Nacht zum Tage wird<\/a><span class=\"lcp_date\">  2009-06-20<\/span><\/li><li><a href=\"https:\/\/www.darksky.ch\/dss\/de\/2009\/06\/handelsblatt-com-einfach-mal-das-licht-ausmachen\/\">Handelsblatt.com: Einfach mal das Licht ausmachen<\/a><span class=\"lcp_date\">  2009-06-02<\/span><\/li><li><a href=\"https:\/\/www.darksky.ch\/dss\/de\/2009\/05\/spiegel-online-macht-das-licht-aus\/\">Spiegel online: Macht das Licht aus!<\/a><span class=\"lcp_date\">  2009-05-24<\/span><\/li><li><a href=\"https:\/\/www.darksky.ch\/dss\/de\/2009\/05\/deutschlandfunk-verlust-der-nacht\/\">Deutschlandfunk: Verlust der Nacht<\/a><span class=\"lcp_date\">  2009-05-14<\/span><\/li><li><a href=\"https:\/\/www.darksky.ch\/dss\/de\/2009\/05\/br-online-1000-stern-am-himmel-stehn-nicht-zu-sehn\/\">BR online: 1000 Stern&#8216; am Himmel steh&#8217;n, nicht zu seh&#8217;n<\/a><span class=\"lcp_date\">  2009-05-07<\/span><\/li><li><a href=\"https:\/\/www.darksky.ch\/dss\/de\/2009\/04\/der-bund-das-tram-erscheint-in-guenstigem-licht\/\">Der Bund: Das Tram erscheint in g\u00fcnstigem Licht<\/a><span class=\"lcp_date\">  2009-04-11<\/span><\/li><li><a href=\"https:\/\/www.darksky.ch\/dss\/de\/2009\/04\/tages-anzeiger-sternstunden-auf-dem-eschenmosen\/\">Tages-Anzeiger: Sternstunden auf dem Eschenmosen<\/a><span class=\"lcp_date\">  2009-04-05<\/span><\/li><li><a href=\"https:\/\/www.darksky.ch\/dss\/de\/2009\/03\/zuercher-unterlaender-dunkelheit-ist-heute-ein-luxusgut\/\">Z\u00fcrcher Unterl\u00e4nder: Dunkelheit ist heute ein Luxusgut<\/a><span class=\"lcp_date\">  2009-03-27<\/span><\/li><li><a href=\"https:\/\/www.darksky.ch\/dss\/de\/2009\/03\/der-westen-lichtverschmutzung-in-der-eu-waechst-der-widerstand\/\">Der Westen: Lichtverschmutzung: In der EU w\u00e4chst der Widerstand<\/a><span class=\"lcp_date\">  2009-03-27<\/span><\/li><li><a href=\"https:\/\/www.darksky.ch\/dss\/de\/2009\/03\/braunschweiger-zeitung-an-der-alten-grenze-gibts-noch-gute-plaetze\/\">Braunschweiger Zeitung: An der alten Grenze gibt\u2019s noch gute Pl\u00e4tze<\/a><span class=\"lcp_date\">  2009-03-27<\/span><\/li><li><a href=\"https:\/\/www.darksky.ch\/dss\/de\/2009\/03\/koelnische-rundschau-vor-lauter-licht-kein-leuchten\/\">K\u00f6lnische Rundschau: Vor lauter Licht kein Leuchten<\/a><span class=\"lcp_date\">  2009-03-26<\/span><\/li><li><a href=\"https:\/\/www.darksky.ch\/dss\/de\/2009\/03\/stuttgarter-nachrichten-leuchten-in-der-nacht\/\">Stuttgarter Nachrichten: Leuchten in der Nacht<\/a><span class=\"lcp_date\">  2009-03-26<\/span><\/li><li><a href=\"https:\/\/www.darksky.ch\/dss\/de\/2009\/03\/persoenlich-com-gegen-lichtverschmutzung-mobil-gemacht\/\">persoenlich.com: Gegen Lichtverschmutzung mobil gemacht<\/a><span class=\"lcp_date\">  2009-03-24<\/span><\/li><li><a href=\"https:\/\/www.darksky.ch\/dss\/de\/2009\/03\/migros-magazin-haetten-sies-gewusst-lichtverschmutzung\/\">Migros Magazin: H\u00e4tten Sies gewusst? Lichtverschmutzung<\/a><span class=\"lcp_date\">  2009-03-16<\/span><\/li><li><a href=\"https:\/\/www.darksky.ch\/dss\/de\/2009\/03\/tages-anzeiger-ein-besseres-gefuehl-aber-hellere-naechte\/\">Tages-Anzeiger: Ein besseres Gef\u00fchl, aber hellere N\u00e4chte<\/a><span class=\"lcp_date\">  2009-03-12<\/span><\/li><li><a href=\"https:\/\/www.darksky.ch\/dss\/de\/2009\/03\/thurgauer-zeitung-kreuzlingen-und-konstanz-greifen-nach-den-sternen\/\">Thurgauer Zeitung: Kreuzlingen und Konstanz greifen nach den Sternen<\/a><span class=\"lcp_date\">  2009-03-11<\/span><\/li><li><a href=\"https:\/\/www.darksky.ch\/dss\/de\/2009\/03\/baz-online-sternenhimmel-als-weltkulturerbe\/\">BAZ online: Sternenhimmel als Weltkulturerbe<\/a><span class=\"lcp_date\">  2009-03-02<\/span><\/li><li><a href=\"https:\/\/www.darksky.ch\/dss\/de\/2009\/03\/bayrischer-rundfunk-wie-motten-um-das-licht\/\">Bayrischer Rundfunk: Wie Motten um das Licht<\/a><span class=\"lcp_date\">  2009-03-02<\/span><\/li><li><a href=\"https:\/\/www.darksky.ch\/dss\/de\/2009\/03\/orion-sag-mir-wo-die-sterne-leuchten-%c2%b7-anzahl-sterne-zaehlen\/\">Orion \u2013 Sag mir, wo die Sterne leuchten \u00b7 Anzahl Sterne z\u00e4hlen<\/a><span class=\"lcp_date\">  2009-03-01<\/span><\/li><li><a href=\"https:\/\/www.darksky.ch\/dss\/de\/2009\/02\/waldeckische-landeszeitung-die-strassenlampe-der-zukunft-kommt\/\">Waldeckische Landeszeitung: Die Strassenlampe der Zukunft kommt<\/a><span class=\"lcp_date\">  2009-02-24<\/span><\/li><li><a href=\"https:\/\/www.darksky.ch\/dss\/de\/2009\/02\/heilbronner-stimme-sicherheitsrisiko-oder-einsparung\/\">Heilbronner Stimme: Sicherheitsrisiko oder Einsparung?<\/a><span class=\"lcp_date\">  2009-02-20<\/span><\/li><li><a href=\"https:\/\/www.darksky.ch\/dss\/de\/2009\/02\/60pro-van-gogh-und-die-farben-der-nacht\/\">60pro: Van Gogh und die Farben der Nacht<\/a><span class=\"lcp_date\">  2009-02-20<\/span><\/li><li><a href=\"https:\/\/www.darksky.ch\/dss\/de\/2009\/02\/bieler-tagblatt-beleuchtung-der-ladengeschaefte-in-der-kritik\/\">Bieler Tagblatt: Beleuchtung der Ladengesch\u00e4fte in der Kritik<\/a><span class=\"lcp_date\">  2009-02-15<\/span><\/li><li><a href=\"https:\/\/www.darksky.ch\/dss\/de\/2009\/02\/newsadhoc-neue-beleuchtungskonzepte-sollen-lichtverschmutzung-verringern\/\">NewsAdhoc: Neue Beleuchtungskonzepte sollen \u00abLichtverschmutzung\u00bb verringern<\/a><span class=\"lcp_date\">  2009-02-13<\/span><\/li><li><a href=\"https:\/\/www.darksky.ch\/dss\/de\/2009\/02\/tages-anzeiger-streit-um-kreisel-in-horgen\/\">Tages-Anzeiger: Streit um Kreisel in Horgen<\/a><span class=\"lcp_date\">  2009-02-11<\/span><\/li><li><a href=\"https:\/\/www.darksky.ch\/dss\/de\/2009\/02\/astronews-konzept-gegen-zu-helle-naechte\/\">AstroNews: Konzept gegen zu helle N\u00e4chte<\/a><span class=\"lcp_date\">  2009-02-10<\/span><\/li><li><a href=\"https:\/\/www.darksky.ch\/dss\/de\/2009\/02\/spiegel-der-tod-der-nacht\/\">Spiegel: Der Tod der Nacht<\/a><span class=\"lcp_date\">  2009-02-09<\/span><\/li><li><a href=\"https:\/\/www.darksky.ch\/dss\/de\/2009\/02\/bieler-tagblatt-grossraetin-will-uebermaessige-lichtverschmutzung-eindaemmen\/\">Bieler Tagblatt: Grossr\u00e4tin will \u00fcberm\u00e4ssige Lichtverschmutzung eind\u00e4mmen<\/a><span class=\"lcp_date\">  2009-02-01<\/span><\/li><li><a href=\"https:\/\/www.darksky.ch\/dss\/de\/2009\/01\/frankfurter-allgemeine-die-rueckkehr-des-schwarzen-himmels\/\">Frankfurter Allgemeine: Die R\u00fcckkehr des schwarzen Himmels<\/a><span class=\"lcp_date\">  2009-01-21<\/span><\/li><li><a href=\"https:\/\/www.darksky.ch\/dss\/de\/2009\/01\/br-online-lichtmuell-verwirrt-tiere\/\">BR online: Lichtm\u00fcll verwirrt Tiere<\/a><span class=\"lcp_date\">  2009-01-20<\/span><\/li><li><a href=\"https:\/\/www.darksky.ch\/dss\/de\/2009\/01\/welt-online-warum-hamburg-die-milchstrasse-kaum-noch-sieht\/\">Welt online: Warum Hamburg die Milchstrasse kaum noch sieht<\/a><span class=\"lcp_date\">  2009-01-20<\/span><\/li><li><a href=\"https:\/\/www.darksky.ch\/dss\/de\/2009\/01\/sueddeutsche-irrlichter-der-grossstadt\/\">S\u00fcddeutsche: Irrlichter der Grossstadt<\/a><span class=\"lcp_date\">  2009-01-20<\/span><\/li><li><a href=\"https:\/\/www.darksky.ch\/dss\/de\/2009\/01\/der-westen-faszinierende-begegnung-mit-dem-sternenhimmel\/\">Der Westen: Faszinierende Begegnung mit dem Sternenhimmel<\/a><span class=\"lcp_date\">  2009-01-13<\/span><\/li><\/ul> <h3>2008<\/h3><ul class=\"lcp_catlist\" id=\"lcp_instance_0\"><li><a href=\"https:\/\/www.darksky.ch\/dss\/de\/2008\/12\/die-tageszeitung-alles-ist-erleuchtet\/\">Die Tageszeitung: Alles ist erleuchtet<\/a><span class=\"lcp_date\">  2008-12-22<\/span><\/li><li><a href=\"https:\/\/www.darksky.ch\/dss\/de\/2008\/12\/tages-anzeiger-reine-stromverschwendung-glaubenstreit-im-land-der-leuchten\/\">Tages-Anzeiger: \u00abReine Stromverschwendung\u00bb: Glaubenstreit im Land der Leuchten<\/a><span class=\"lcp_date\">  2008-12-19<\/span><\/li><li><a href=\"https:\/\/www.darksky.ch\/dss\/de\/2008\/12\/tages-anzeiger-erster-teil-des-eulachparks-eroeffnet\/\">Tages-Anzeiger: Erster Teil des Eulachparks er\u00f6ffnet<\/a><span class=\"lcp_date\">  2008-12-18<\/span><\/li><li><a href=\"https:\/\/www.darksky.ch\/dss\/de\/2008\/12\/baz-online-grossverteiler-wirbt-im-xxl-format\/\">BAZ online: Grossverteiler wirbt im XXL-Format<\/a><span class=\"lcp_date\">  2008-12-17<\/span><\/li><li><a href=\"https:\/\/www.darksky.ch\/dss\/de\/2008\/12\/zsz-es-wird-uebermaessig-beleuchtet\/\">ZSZ: \u00abEs wird \u00fcberm\u00e4ssig beleuchtet\u00bb<\/a><span class=\"lcp_date\">  2008-12-15<\/span><\/li><li><a href=\"https:\/\/www.darksky.ch\/dss\/de\/2008\/12\/neues-deutschland-zuviel-strom-und-zuviel-licht\/\">Neues Deutschland: Zuviel Strom und zuviel Licht<\/a><span class=\"lcp_date\">  2008-12-08<\/span><\/li><li><a href=\"https:\/\/www.darksky.ch\/dss\/de\/2008\/12\/sf-10vor10-wie-viel-beleuchtung-braucht-der-mensch\/\">SF 10vor10: Wie viel Beleuchtung braucht der Mensch?<\/a><span class=\"lcp_date\">  2008-12-05<\/span><\/li><li><a href=\"https:\/\/www.darksky.ch\/dss\/de\/2008\/12\/spiegel-online-es-werde-nacht\/\">Spiegel online: Es werde Nacht!<\/a><span class=\"lcp_date\">  2008-12-04<\/span><\/li><li><a href=\"https:\/\/www.darksky.ch\/dss\/de\/2008\/11\/az-fricktal-wenn-die-nacht-zum-tage-wird\/\">AZ Fricktal: Wenn die Nacht zum Tage wird<\/a><span class=\"lcp_date\">  2008-11-21<\/span><\/li><li><a href=\"https:\/\/www.darksky.ch\/dss\/de\/2008\/11\/az-freiamt-wenn-es-nachts-nicht-mehr-dunkel-wird\/\">AZ Freiamt: Wenn es nachts nicht mehr dunkel wird<\/a><span class=\"lcp_date\">  2008-11-21<\/span><\/li><li><a href=\"https:\/\/www.darksky.ch\/dss\/de\/2008\/11\/national-geographic-lichtverschmutzung-gefaehrdet-mensch-und-tiere\/\">National Geographic: Lichtverschmutzung gef\u00e4hrdet Mensch und Tiere<\/a><span class=\"lcp_date\">  2008-11-20<\/span><\/li><li><a href=\"https:\/\/www.darksky.ch\/dss\/de\/2008\/11\/wenn-es-nachts-nicht-dunkel-wird\/\">Wenn es nachts nicht dunkel wird<\/a><span class=\"lcp_date\">  2008-11-19<\/span><\/li><li><a href=\"https:\/\/www.darksky.ch\/dss\/de\/2008\/11\/schaffhauser-nachrichten-licht-bis-mitternacht-dann-ist-ende-feuer\/\">Schaffhauser Nachrichten: Licht bis Mitternacht \u2013 dann ist Ende Feuer<\/a><span class=\"lcp_date\">  2008-11-15<\/span><\/li><li><a href=\"https:\/\/www.darksky.ch\/dss\/de\/2008\/11\/sueddeutsche-sag-mir-wo-die-sterne-sind\/\">S\u00fcddeutsche: Sag mir wo die Sterne sind<\/a><span class=\"lcp_date\">  2008-11-03<\/span><\/li><li><a href=\"https:\/\/www.darksky.ch\/dss\/de\/2008\/11\/mittelbayrische-zeitung-stadtraete-geben-dem-neuen-lichtplan-ihren-segen\/\">Mittelbayrische Zeitung: Stadtr\u00e4te geben dem neuen Lichtplan ihren Segen<\/a><span class=\"lcp_date\">  2008-11-02<\/span><\/li><li><a href=\"https:\/\/www.darksky.ch\/dss\/de\/2008\/11\/basler-zeitung-und-new-york-schlaeft-doch\/\">Basler Zeitung: Und New York schl\u00e4ft doch<\/a><span class=\"lcp_date\">  2008-11-02<\/span><\/li><li><a href=\"https:\/\/www.darksky.ch\/dss\/de\/2008\/10\/zeitlupe-verhaengnisvolles-lichtermeer\/\">Zeitlupe: Verh\u00e4ngnisvolles Lichtermeer<\/a><span class=\"lcp_date\">  2008-10-23<\/span><\/li><li><a href=\"https:\/\/www.darksky.ch\/dss\/de\/2008\/10\/frankfurter-rundschau-das-licht-der-zukunft\/\">Frankfurter Rundschau: Das Licht der Zukunft<\/a><span class=\"lcp_date\">  2008-10-22<\/span><\/li><li><a href=\"https:\/\/www.darksky.ch\/dss\/de\/2008\/10\/nzz-leuchtenstreit-in-luzern-teilweise-entschaerft\/\">NZZ: Leuchtenstreit in Luzern teilweise entsch\u00e4rft<\/a><span class=\"lcp_date\">  2008-10-21<\/span><\/li><li><a href=\"https:\/\/www.darksky.ch\/dss\/de\/2008\/10\/reutlinger-general-anzeiger-abschalten-lohnt-sich-doch\/\">Reutlinger General-Anzeiger: Abschalten lohnt sich doch<\/a><span class=\"lcp_date\">  2008-10-18<\/span><\/li><li><a href=\"https:\/\/www.darksky.ch\/dss\/de\/2008\/10\/neue-luzerner-zeitung-umgeruestete-leuchten-als-stelen-alternativen\/\">Neue Luzerner Zeitung: Umger\u00fcstete Leuchten als Stelen-Alternativen<\/a><span class=\"lcp_date\">  2008-10-17<\/span><\/li><li><a href=\"https:\/\/www.darksky.ch\/dss\/de\/2008\/10\/aargauer-zeitung-aarau-licht-aus-zum-schutz-der-zugvoegel\/\">Aargauer Zeitung: Aarau: Licht aus zum Schutz der Zugv\u00f6gel<\/a><span class=\"lcp_date\">  2008-10-01<\/span><\/li><li><a href=\"https:\/\/www.darksky.ch\/dss\/de\/2008\/09\/mittellandzeitung-wenn-licht-die-umwelt-verschmutzt\/\">Mittellandzeitung \u2013 Wenn Licht die Umwelt verschmutzt<\/a><span class=\"lcp_date\">  2008-09-26<\/span><\/li><li><a href=\"https:\/\/www.darksky.ch\/dss\/de\/2008\/08\/tages-anzeiger-beleuchtungsplan-soll-opfikon-ins-rechte-licht-ruecken\/\">Tages-Anzeiger: Beleuchtungsplan soll Opfikon ins rechte Licht r\u00fccken<\/a><span class=\"lcp_date\">  2008-08-30<\/span><\/li><li><a href=\"https:\/\/www.darksky.ch\/dss\/de\/2008\/08\/neue-luzerner-zeitung-lichtverschmutzung-soll-eingedaemmt-werden\/\">Neue Luzerner Zeitung: Lichtverschmutzung soll einged\u00e4mmt werden<\/a><span class=\"lcp_date\">  2008-08-27<\/span><\/li><li><a href=\"https:\/\/www.darksky.ch\/dss\/de\/2008\/07\/neue-luzerner-zeitung-damit-die-nacht-nicht-zum-tag-wird\/\">Neue Luzerner Zeitung: Damit die Nacht nicht zum Tag wird<\/a><span class=\"lcp_date\">  2008-07-15<\/span><\/li><li><a href=\"https:\/\/www.darksky.ch\/dss\/de\/2008\/06\/ddp-die-city-stresst-und-stinkt\/\">ddp: Die City stresst und stinkt<\/a><span class=\"lcp_date\">  2008-06-23<\/span><\/li><li><a href=\"https:\/\/www.darksky.ch\/dss\/de\/2008\/06\/suedostschweiz-lichtverschmutzung-den-kampf-angesagt\/\">S\u00fcdostschweiz: Lichtverschmutzung den Kampf angesagt<\/a><span class=\"lcp_date\">  2008-06-17<\/span><\/li><li><a href=\"https:\/\/www.darksky.ch\/dss\/de\/2008\/05\/geographieblog-lichtverschmutzung-nimmt-in-den-usa-dramatisch-zu\/\">Geographieblog: Lichtverschmutzung nimmt in den USA dramatisch zu<\/a><span class=\"lcp_date\">  2008-05-17<\/span><\/li><li><a href=\"https:\/\/www.darksky.ch\/dss\/de\/2008\/05\/beobachter-das-protzen-mit-licht-nimmt-zu\/\">Beobachter: \u00abDas Protzen mit Licht nimmt zu\u00bb<\/a><span class=\"lcp_date\">  2008-05-01<\/span><\/li><li><a href=\"https:\/\/www.darksky.ch\/dss\/de\/2008\/04\/neue-luzerner-zeitung-sie-lassen-sich-kuenftig-nicht-mehr-blenden\/\">Neue Luzerner Zeitung: Sie lassen sich k\u00fcnftig nicht mehr blenden<\/a><span class=\"lcp_date\">  2008-04-30<\/span><\/li><li><a href=\"https:\/\/www.darksky.ch\/dss\/de\/2008\/04\/zuercher-oberlaender-nachthimmel-vor-licht-schuetzen\/\">Z\u00fcrcher Oberl\u00e4nder: Nachthimmel vor Licht sch\u00fctzen<\/a><span class=\"lcp_date\">  2008-04-28<\/span><\/li><li><a href=\"https:\/\/www.darksky.ch\/dss\/de\/2008\/04\/nzz-knipst-die-lichterstadt-aus\/\">NZZ: Knipst die Lichterstadt aus!<\/a><span class=\"lcp_date\">  2008-04-19<\/span><\/li><li><a href=\"https:\/\/www.darksky.ch\/dss\/de\/2008\/04\/wiesbadener-tagblatt-schattenseiten-des-lichts-thematisiert\/\">Wiesbadener Tagblatt: Schattenseiten des Lichts thematisiert<\/a><span class=\"lcp_date\">  2008-04-14<\/span><\/li><li><a href=\"https:\/\/www.darksky.ch\/dss\/de\/2008\/04\/diepresse-com-lichtkonzept-fuer-wien-schluss-mit-kunterbunt\/\">DiePresse.com: Lichtkonzept f\u00fcr Wien: \u00abSchluss mit kunterbunt\u00bb<\/a><span class=\"lcp_date\">  2008-04-14<\/span><\/li><li><a href=\"https:\/\/www.darksky.ch\/dss\/de\/2008\/04\/schaffhauser-nachrichten-in-eschenz-brennen-20-strassenlampen-zuviel\/\">Schaffhauser Nachrichten: In Eschenz brennen 20 Strassenlampen zuviel<\/a><span class=\"lcp_date\">  2008-04-01<\/span><\/li><li><a href=\"https:\/\/www.darksky.ch\/dss\/de\/2008\/03\/bieler-tagblatt-naechtliche-beleuchtung-als-gefahr-fuer-voegel\/\">Bieler Tagblatt: N\u00e4chtliche Beleuchtung als Gefahr f\u00fcr V\u00f6gel<\/a><span class=\"lcp_date\">  2008-03-10<\/span><\/li><li><a href=\"https:\/\/www.darksky.ch\/dss\/de\/2008\/01\/20minuten-auch-private-sollen-lichtverschmutzung-bekaempfen\/\">20Minuten: Auch Private sollen Lichtverschmutzung bek\u00e4mpfen<\/a><span class=\"lcp_date\">  2008-01-31<\/span><\/li><li><a href=\"https:\/\/www.darksky.ch\/dss\/de\/2008\/01\/zuerichsee-zeitung-man-wird-ganz-einfach-krank\/\">Z\u00fcrichsee-Zeitung &#8211; \u00abMan wird ganz einfach krank\u00bb<\/a><span class=\"lcp_date\">  2008-01-17<\/span><\/li><li><a href=\"https:\/\/www.darksky.ch\/dss\/de\/2008\/01\/haustech-nicht-alles-licht-ist-auch-sinnvoll\/\">Haustech &#8211; Nicht alles Licht ist auch sinnvoll \u2026<\/a><span class=\"lcp_date\">  2008-01-13<\/span><\/li><li><a href=\"https:\/\/www.darksky.ch\/dss\/de\/2008\/01\/news-ch-watt-dor-fuer-innovativste-energieprojekte-vergeben\/\">news.ch: \u00abWatt d&#8217;Or\u00bb f\u00fcr innovativste Energieprojekte vergeben<\/a><span class=\"lcp_date\">  2008-01-08<\/span><\/li><li><a href=\"https:\/\/www.darksky.ch\/dss\/de\/2008\/01\/bfe-gewinner-des-watt-dor-2008\/\">BFE: Gewinner des Watt d&#8217;Or 2008<\/a><span class=\"lcp_date\">  2008-01-08<\/span><\/li><\/ul> <h3>2007<\/h3><ul class=\"lcp_catlist\" id=\"lcp_instance_0\"><li><a href=\"https:\/\/www.darksky.ch\/dss\/de\/2007\/12\/kirchenbote-der-die-sterne-vermisst\/\">Kirchenbote: Der die Sterne vermisst<\/a><span class=\"lcp_date\">  2007-12-20<\/span><\/li><li><a href=\"https:\/\/www.darksky.ch\/dss\/de\/2007\/12\/gplus-lichtverschmutzung-aus-oekologischer-sicht\/\">g&#8217;plus \u2013 Lichtverschmutzung aus \u00f6kologischer Sicht<\/a><span class=\"lcp_date\">  2007-12-11<\/span><\/li><li><a href=\"https:\/\/www.darksky.ch\/dss\/de\/2007\/12\/beitrag-auf-radio-argovia\/\">Beitrag auf Radio Argovia<\/a><span class=\"lcp_date\">  2007-12-11<\/span><\/li><li><a href=\"https:\/\/www.darksky.ch\/dss\/de\/2007\/12\/nzz-auf-der-suche-nach-der-verlorenen-nacht\/\">NZZ: Auf der Suche nach der verlorenen Nacht<\/a><span class=\"lcp_date\">  2007-12-10<\/span><\/li><li><a href=\"https:\/\/www.darksky.ch\/dss\/de\/2007\/12\/tages-anzeiger-lichterloeschen-fuer-den-klimaschutz\/\">Tages-Anzeiger: Lichterl\u00f6schen f\u00fcr den Klimaschutz<\/a><span class=\"lcp_date\">  2007-12-07<\/span><\/li><li><a href=\"https:\/\/www.darksky.ch\/dss\/de\/2007\/11\/sonntagsblick-fuenf-minuten-fuers-klima\/\">SonntagsBlick: F\u00fcnf Minuten f\u00fcrs Klima<\/a><span class=\"lcp_date\">  2007-11-25<\/span><\/li><li><a href=\"https:\/\/www.darksky.ch\/dss\/de\/2007\/11\/tages-anzeiger-rentierschlitten-statt-sternenhimmel\/\">Tages-Anzeiger: Rentierschlitten statt Sternenhimmel<\/a><span class=\"lcp_date\">  2007-11-21<\/span><\/li><li><a href=\"https:\/\/www.darksky.ch\/dss\/de\/2007\/11\/migros-magazin-sag-mir-wo-die-sterne-sind\/\">Migros Magazin: Sag mir wo die Sterne sind<\/a><span class=\"lcp_date\">  2007-11-19<\/span><\/li><li><a href=\"https:\/\/www.darksky.ch\/dss\/de\/2007\/11\/tages-anzeiger-in-coldrerio-soll-die-nacht-nacht-sein\/\">Tages-Anzeiger: In Coldrerio soll die Nacht Nacht sein<\/a><span class=\"lcp_date\">  2007-11-11<\/span><\/li><li><a href=\"https:\/\/www.darksky.ch\/dss\/de\/2007\/11\/tages-anzeiger-vor-lauter-lichter-sind-kaum-mehr-sterne-zu-sehen\/\">Tages-Anzeiger: Vor lauter Lichter sind kaum mehr Sterne zu sehen<\/a><span class=\"lcp_date\">  2007-11-11<\/span><\/li><li><a href=\"https:\/\/www.darksky.ch\/dss\/de\/2007\/11\/welt-online-wie-strassenlaternen-den-blick-ins-all-verderben\/\">Welt Online: Wie Strassenlaternen den Blick ins All verderben<\/a><span class=\"lcp_date\">  2007-11-10<\/span><\/li><li><a href=\"https:\/\/www.darksky.ch\/dss\/de\/2007\/09\/spektrum-mit-kompass-auf-mottenjagd\/\">Spektrum \u2013 Mit Kompass auf Mottenjagd<\/a><span class=\"lcp_date\">  2007-09-12<\/span><\/li><li><a href=\"https:\/\/www.darksky.ch\/dss\/de\/2007\/07\/tages-anzeiger-buelach-geht-gegen-lichtverschmutzung-vor\/\">Tages-Anzeiger: B\u00fclach geht gegen Lichtverschmutzung vor<\/a><span class=\"lcp_date\">  2007-07-19<\/span><\/li><li><a href=\"https:\/\/www.darksky.ch\/dss\/de\/2007\/02\/nzz-hell-erleuchtete-naechte-als-gefahr-fuer-tier-und-mensch\/\">NZZ: Hell erleuchtete N\u00e4chte als Gefahr f\u00fcr Tier und Mensch<\/a><span class=\"lcp_date\">  2007-02-28<\/span><\/li><li><a href=\"https:\/\/www.darksky.ch\/dss\/de\/2007\/02\/10vor10-lichtverschmutzung-coldrerio\/\">10vor10: Lichtverschmutzung Coldrerio<\/a><span class=\"lcp_date\">  2007-02-27<\/span><\/li><\/ul> <h3>2006<\/h3><ul class=\"lcp_catlist\" id=\"lcp_instance_0\"><li><a href=\"https:\/\/www.darksky.ch\/dss\/de\/2006\/12\/migros-magazin-visueller-sondermuell\/\">Migros-Magazin &#8211; Visueller Sonderm\u00fcll<\/a><span class=\"lcp_date\">  2006-12-27<\/span><\/li><li><a href=\"https:\/\/www.darksky.ch\/dss\/de\/2006\/04\/wochen-zeitung-fuer-das-emmental-und-entlebuch-himmelsstrahler-werden-verboten\/\">Wochen-Zeitung f\u00fcr das Emmental und Entlebuch \u2013 Himmelsstrahler werden verboten<\/a><span class=\"lcp_date\">  2006-04-13<\/span><\/li><li><a href=\"https:\/\/www.darksky.ch\/dss\/de\/2006\/02\/10vor10-lichtverschmutzung-die-nacht-wird-immer-heller\/\">10vor10: Lichtverschmutzung: Die Nacht wird immer heller<\/a><span class=\"lcp_date\">  2006-02-26<\/span><\/li><li><a href=\"https:\/\/www.darksky.ch\/dss\/de\/2006\/02\/sonntags-blick-magazin-lichtsmog-schmutzige-naechte\/\">Sonntags-Blick Magazin \u2013 Lichtsmog: Schmutzige N\u00e4chte<\/a><span class=\"lcp_date\">  2006-02-05<\/span><\/li><\/ul> <h3>2005<\/h3><ul class=\"lcp_catlist\" id=\"lcp_instance_0\"><li><a href=\"https:\/\/www.darksky.ch\/dss\/de\/2005\/10\/orion-lichtverschmutzung-in-der-schweiz-pollution-lumineuse-en-suisse-inquinamento-luminoso-in-svizzera\/\">Orion &#8211; Lichtverschmutzung in der Schweiz, Pollution lumineuse en Suisse, Inquinamento luminoso in Svizzera<\/a><span class=\"lcp_date\">  2005-10-01<\/span><\/li><li><a href=\"https:\/\/www.darksky.ch\/dss\/de\/2005\/07\/nzz-dunklere-naechte-in-sicht\/\">NZZ &#8211; Dunklere N\u00e4chte in Sicht<\/a><span class=\"lcp_date\">  2005-07-09<\/span><\/li><li><a href=\"https:\/\/www.darksky.ch\/dss\/de\/2005\/06\/naturschutz-ch-liestal-gegen-lichtverschmutzung\/\">naturschutz.ch \u2013 Liestal gegen Lichtverschmutzung<\/a><span class=\"lcp_date\">  2005-06-08<\/span><\/li><li><a href=\"https:\/\/www.darksky.ch\/dss\/de\/2005\/06\/zeitung-im-espace-mittelland-schweiz-ist-nachts-zu-hell\/\">Zeitung im Espace Mittelland \u2013 Schweiz ist nachts zu hell<\/a><span class=\"lcp_date\">  2005-06-07<\/span><\/li><\/ul> <h3>2004<\/h3><ul class=\"lcp_catlist\" id=\"lcp_instance_0\"><li><a href=\"https:\/\/www.darksky.ch\/dss\/de\/2004\/08\/skybeamer-sind-in-der-schweiz-verboten\/\">Skybeamer sind in der Schweiz verboten<\/a><span class=\"lcp_date\">  2004-08-12<\/span><\/li><li><a href=\"https:\/\/www.darksky.ch\/dss\/de\/2004\/06\/gesundheits-und-umwelttechnik-magazin-im-kampf-gegen-die-lichtverschmutzung\/\">Gesundheits- und Umwelttechnik Magazin \u2013 Im Kampf gegen die Lichtverschmutzung<\/a><span class=\"lcp_date\">  2004-06-01<\/span><\/li><li><a href=\"https:\/\/www.darksky.ch\/dss\/de\/2004\/02\/swissinfo-artenvielfalt-von-bedeutung-fuer-zukunft-der-erde\/\">swissinfo \u2013 Artenvielfalt von Bedeutung f\u00fcr Zukunft der Erde<\/a><span class=\"lcp_date\">  2004-02-20<\/span><\/li><\/ul> <h3>2003<\/h3><ul class=\"lcp_catlist\" id=\"lcp_instance_0\"><li><a href=\"https:\/\/www.darksky.ch\/dss\/de\/2003\/04\/wiler-zeitung-licht-kann-helfen-aber-auch-stoeren\/\">Wiler Zeitung \u2013 Licht kann helfen, aber auch st\u00f6ren<\/a><span class=\"lcp_date\">  2003-04-23<\/span><\/li><li><a href=\"https:\/\/www.darksky.ch\/dss\/de\/2003\/02\/zuercher-unterlaender-abfalllicht-macht-die-nacht-zum-tag\/\">Z\u00fcrcher Unterl\u00e4nder &#8211; \u00abAbfalllicht\u00bb macht die Nacht zum Tag<\/a><span class=\"lcp_date\">  2003-02-17<\/span><\/li><\/ul> <h3>2002<\/h3><ul class=\"lcp_catlist\" id=\"lcp_instance_0\"><li><a href=\"https:\/\/www.darksky.ch\/dss\/de\/2002\/10\/beobachter-bundesbahnen-zu-viel-licht-ins-dunkle\/\">Beobachter \u2013 Bundesbahnen: Zu viel Licht ins Dunkle<\/a><span class=\"lcp_date\">  2002-10-14<\/span><\/li><li><a href=\"https:\/\/www.darksky.ch\/dss\/de\/2002\/06\/nzz-am-sonntag-die-rettung-der-milchstrasse\/\">NZZ am Sonntag \u2013 Die Rettung der Milchstrasse<\/a><span class=\"lcp_date\">  2002-06-30<\/span><\/li><li><a href=\"https:\/\/www.darksky.ch\/dss\/de\/2002\/05\/nzz-prag-verbietet-die-lichtverschmutzung\/\">NZZ &#8211; Prag verbietet die Lichtverschmutzung<\/a><span class=\"lcp_date\">  2002-05-31<\/span><\/li><\/ul> <h3>2001<\/h3><ul class=\"lcp_catlist\" id=\"lcp_instance_0\"><li><a href=\"https:\/\/www.darksky.ch\/dss\/de\/2001\/05\/gesetz-gegen-lichtverschmutzung-in-katalonien-einstimmig-angenommen\/\">Gesetz gegen Lichtverschmutzung in Katalonien einstimmig angenommen<\/a><span class=\"lcp_date\">  2001-05-17<\/span><\/li><li><a href=\"https:\/\/www.darksky.ch\/dss\/de\/2001\/04\/lichtverschmutzung-wie-die-nacht-zum-tag-wird\/\">Lichtverschmutzung &#8211; Wie die Nacht zum Tag wird<\/a><span class=\"lcp_date\">  2001-04-25<\/span><\/li><\/ul> <ul class=\"lcp_catlist\" id=\"lcp_instance_0\"><\/ul> <h3>1999<\/h3><ul class=\"lcp_catlist\" id=\"lcp_instance_0\"><li><a href=\"https:\/\/www.darksky.ch\/dss\/de\/1999\/11\/mehr-licht-mehr-sicherheit\/\">Mehr Licht &#8211; mehr Sicherheit?<\/a><span class=\"lcp_date\">  1999-11-29<\/span><\/li><li><a href=\"https:\/\/www.darksky.ch\/dss\/de\/1999\/11\/sag-mir-wo-die-sterne-sind\/\">Sag\u00b4 mir wo die Sterne sind&#8230;<\/a><span class=\"lcp_date\">  1999-11-15<\/span><\/li><\/ul> <h3>1998<\/h3><ul class=\"lcp_catlist\" id=\"lcp_instance_0\"><li><a href=\"https:\/\/www.darksky.ch\/dss\/de\/1998\/10\/skybeamer-leuchttuerme-im-mittelland\/\">Skybeamer: Leuchtt\u00fcrme im Mittelland<\/a><span class=\"lcp_date\">  1998-10-01<\/span><\/li><li><a href=\"https:\/\/www.darksky.ch\/dss\/de\/1998\/07\/lichtverschmutzung-unter-der-lupe\/\">Lichtverschmutzung unter der Lupe<\/a><span class=\"lcp_date\">  1998-07-01<\/span><\/li><li><a href=\"https:\/\/www.darksky.ch\/dss\/de\/1998\/05\/stoerung-naechtlich-ziehender-voegel-durch-kuenstliche-lichtquellen\/\">St\u00f6rung n\u00e4chtlich ziehender V\u00f6gel durch k\u00fcnstliche Lichtquellen<\/a><span class=\"lcp_date\">  1998-05-01<\/span><\/li><\/ul> <h3>1997<\/h3><ul class=\"lcp_catlist\" id=\"lcp_instance_0\"><li><a href=\"https:\/\/www.darksky.ch\/dss\/de\/1997\/04\/pilatus-by-night\/\">Pilatus by Night<\/a><span class=\"lcp_date\">  1997-04-26<\/span><\/li><\/ul> <ul class=\"lcp_catlist\" id=\"lcp_instance_0\"><\/ul><\/p>\n<p>&nbsp;<\/p>\n","protected":false},"excerpt":{"rendered":"<p>&nbsp;<\/p>\n","protected":false},"author":2,"featured_media":0,"parent":13,"menu_order":5,"comment_status":"closed","ping_status":"closed","template":"","meta":{"_acf_changed":false,"footnotes":""},"class_list":["post-846","page","type-page","status-publish","hentry"],"acf":[],"_links":{"self":[{"href":"https:\/\/www.darksky.ch\/dss\/de\/wp-json\/wp\/v2\/pages\/846","targetHints":{"allow":["GET"]}}],"collection":[{"href":"https:\/\/www.darksky.ch\/dss\/de\/wp-json\/wp\/v2\/pages"}],"about":[{"href":"https:\/\/www.darksky.ch\/dss\/de\/wp-json\/wp\/v2\/types\/page"}],"author":[{"embeddable":true,"href":"https:\/\/www.darksky.ch\/dss\/de\/wp-json\/wp\/v2\/users\/2"}],"replies":[{"embeddable":true,"href":"https:\/\/www.darksky.ch\/dss\/de\/wp-json\/wp\/v2\/comments?post=846"}],"version-history":[{"count":12,"href":"https:\/\/www.darksky.ch\/dss\/de\/wp-json\/wp\/v2\/pages\/846\/revisions"}],"predecessor-version":[{"id":5041,"href":"https:\/\/www.darksky.ch\/dss\/de\/wp-json\/wp\/v2\/pages\/846\/revisions\/5041"}],"up":[{"embeddable":true,"href":"https:\/\/www.darksky.ch\/dss\/de\/wp-json\/wp\/v2\/pages\/13"}],"wp:attachment":[{"href":"https:\/\/www.darksky.ch\/dss\/de\/wp-json\/wp\/v2\/media?parent=846"}],"curies":[{"name":"wp","href":"https:\/\/api.w.org\/{rel}","templated":true}]}}